{"id":53,"date":"2016-08-02T22:14:32","date_gmt":"2016-08-02T20:14:32","guid":{"rendered":"http:\/\/powstaniewielkopolskie.pl\/nowa\/?page_id=53"},"modified":"2024-12-11T00:12:41","modified_gmt":"2024-12-10T23:12:41","slug":"statut","status":"publish","type":"page","link":"https:\/\/powstaniewielkopolskie.pl\/nowa\/?page_id=53","title":{"rendered":"Statut TPPW"},"content":{"rendered":"<p align=\"CENTER\"><span style=\"font-family: Calibri, sans-serif;\"><span style=\"font-size: large;\"><b>STATUT<\/b><\/span><\/span><\/p>\n<p align=\"CENTER\"><span style=\"font-family: Calibri, sans-serif;\"><span style=\"font-size: large;\"><b>Towarzystwa Pami\u0119ci Powstania Wielkopolskiego 1918\/1919<\/b><\/span><\/span><\/p>\n<p align=\"CENTER\"><span style=\"font-family: Calibri, sans-serif;\"><span style=\"font-size: large;\"><b>Rozdzia\u0142 I<\/b><\/span><\/span><\/p>\n<p align=\"CENTER\"><span style=\"font-family: Calibri, sans-serif;\"><span style=\"font-size: large;\"><b>Postanowienia og\u00f3lne<\/b><\/span><\/span><\/p>\n<p align=\"CENTER\"><span style=\"font-family: Calibri, sans-serif;\"><span style=\"font-size: large;\">\u00a71<\/span><\/span><\/p>\n<p align=\"JUSTIFY\"><span style=\"font-family: Calibri, sans-serif;\"><span style=\"font-size: large;\">Towarzystwo Pami\u0119ci Powstania Wielkopolskiego 1918\/1919 zwane dalej \u201eTowarzystwem&#8221; dzia\u0142a na mocy ustawy<br \/>\nz dnia 7 kwietnia 1989 roku \u201ePrawo o stowarzyszeniach&#8221; oraz niniejszego statutu.<\/span><\/span><\/p>\n<p align=\"CENTER\"><span style=\"font-family: Calibri, sans-serif;\"><span style=\"font-size: large;\">\u00a72<\/span><\/span><\/p>\n<p align=\"JUSTIFY\"><span style=\"font-family: Calibri, sans-serif;\"><span style=\"font-size: large;\">Towarzystwo jest stowarzyszeniem zarejestrowanym i posiada osobowo\u015b\u0107 prawn\u0105.<\/span><\/span><\/p>\n<p align=\"CENTER\"><span style=\"font-family: Calibri, sans-serif;\"><span style=\"font-size: large;\">\u00a73<\/span><\/span><\/p>\n<p align=\"JUSTIFY\"><span style=\"font-family: Calibri, sans-serif;\"><span style=\"font-size: large;\">Terenem dzia\u0142ania Towarzystwa jest obszar Rzeczpospolitej Polskiej, a siedzib\u0105 jego naczelnych w\u0142adz jest miasto Pozna\u0144.<\/span><\/span><\/p>\n<p align=\"CENTER\"><span style=\"font-family: Calibri, sans-serif;\"><span style=\"font-size: large;\">\u00a74<\/span><\/span><\/p>\n<p align=\"JUSTIFY\">\u00a0<span style=\"font-family: Times New Roman, serif;\"><span style=\"font-size: medium;\"><span style=\"font-family: Calibri, sans-serif;\"><span style=\"font-size: large;\">Dzia\u0142alno\u015b\u0107 Towarzystwa opiera si\u0119 na pracy spo\u0142ecznej cz\u0142onk\u00f3w.<\/span><\/span><\/span><\/span><\/p>\n<p align=\"CENTER\"><span style=\"font-family: Calibri, sans-serif;\"><span style=\"font-size: large;\">\u00a75<\/span><\/span><\/p>\n<ol>\n<li>\n<p align=\"JUSTIFY\"><span style=\"font-family: Calibri, sans-serif;\"><span style=\"font-size: large;\">Jednostkami organizacyjnymi Towarzystwa s\u0105: Oddzia\u0142y, Ko\u0142a i Kluby.<\/span><\/span><\/p>\n<\/li>\n<li>\n<p align=\"JUSTIFY\"><span style=\"font-family: Calibri, sans-serif;\"><span style=\"font-size: large;\">Obszar dzia\u0142ania Oddzia\u0142u okre\u015bla Zarz\u0105d G\u0142\u00f3wny.<\/span><\/span><\/p>\n<\/li>\n<li>\n<p align=\"JUSTIFY\"><span style=\"font-family: Calibri, sans-serif;\"><span style=\"font-size: large;\">Na wniosek k\u00f3\u0142 dzia\u0142aj\u0105cych w tym samym powiecie lub powiatach s\u0105siaduj\u0105cych Zarz\u0105d Oddzia\u0142u mo\u017ce powo\u0142a\u0107 Powiatow\u0105 lub Mi\u0119dzypowiatow\u0105 Rad\u0119 Koordynacyjn\u0105, okre\u015blaj\u0105c jednocze\u015bnie zasady jej dzia\u0142ania lub przyzna\u0107 jednemu z K\u00f3\u0142 dzia\u0142aj\u0105cych na tym terenie funkcj\u0119 koordynacyjn\u0105.<\/span><\/span><\/p>\n<\/li>\n<li>\n<p align=\"JUSTIFY\"><span style=\"font-family: Times New Roman, serif;\"><span style=\"font-size: medium;\"><span style=\"font-size: large;\">Z<\/span><span style=\"font-family: Calibri, sans-serif;\"><span style=\"font-size: large;\">arz\u0105d Oddzia\u0142u mo\u017ce w zale\u017cno\u015bci od potrzeb powo\u0142a\u0107 regionalnych pe\u0142nomocnik\u00f3w dzia\u0142alno\u015bci Towarzystwa na okre\u015blonym terenie. Zasady ich dzia\u0142ania okre\u015bla Zarz\u0105d Oddzia\u0142u.<\/span><\/span><\/span><\/span><\/p>\n<\/li>\n<\/ol>\n<p align=\"CENTER\"><span style=\"font-family: Calibri, sans-serif;\"><span style=\"font-size: large;\">\u00a76<\/span><\/span><\/p>\n<ol>\n<li>\n<p align=\"JUSTIFY\"><span style=\"font-family: Calibri, sans-serif;\"><span style=\"font-size: large;\">Odznak\u0105 organizacyjn\u0105 Towarzystwa jest rozetka (bia\u0142o-czerwona kokarda)<br \/>\nz nadrukiem w \u015brodku rozetki, w cz\u0119\u015bci czerwonej \u201eTPPW\u201d. <\/span><\/span><\/p>\n<\/li>\n<li>\n<p align=\"JUSTIFY\"><span style=\"font-family: Calibri, sans-serif;\"><span style=\"font-size: large;\">Zarz\u0105d G\u0142\u00f3wny i Zarz\u0105dy Oddzia\u0142\u00f3w mog\u0105 ustanawia\u0107 odznaki honorowe<br \/>\ni pami\u0105tkowe dla dzia\u0142aczy i sympatyk\u00f3w Towarzystwa. Wzory i regulaminy zatwierdza Zarz\u0105d G\u0142\u00f3wny.<\/span><\/span><\/p>\n<\/li>\n<li>\n<p align=\"JUSTIFY\"><span style=\"font-family: Calibri, sans-serif;\"><span style=\"font-size: large;\">Towarzystwo mo\u017ce u\u017cywa\u0107 logo i piecz\u0119ci na zasadach okre\u015blonych<br \/>\nw przepisach szczeg\u00f3\u0142owych. <\/span><\/span><\/p>\n<\/li>\n<\/ol>\n<p align=\"CENTER\"><span style=\"font-family: Calibri, sans-serif;\"><span style=\"font-size: large;\">\u00a77<\/span><\/span><\/p>\n<ol>\n<li>\n<p align=\"JUSTIFY\"><span style=\"font-family: Calibri, sans-serif;\"><span style=\"font-size: large;\">Towarzystwo, jego Oddzia\u0142y, Ko\u0142a i Kluby mog\u0105 posiada\u0107 sztandar.<\/span><\/span><\/p>\n<\/li>\n<li>\n<p align=\"JUSTIFY\"><span style=\"font-family: Calibri, sans-serif;\"><span style=\"font-size: large;\">Prawo posiadania sztandaru nadaje Zarz\u0105d G\u0142\u00f3wny.<\/span><\/span><\/p>\n<\/li>\n<li>\n<p align=\"JUSTIFY\"><span style=\"font-family: Calibri, sans-serif;\"><span style=\"font-size: large;\">Sztandar musi odpowiada\u0107 wzorom ustalonym przez Zarz\u0105d G\u0142\u00f3wny.<\/span><\/span><\/p>\n<\/li>\n<\/ol>\n<p align=\"CENTER\"><span style=\"font-family: Calibri, sans-serif;\"><span style=\"font-size: large;\">\u00a78<\/span><\/span><\/p>\n<p align=\"JUSTIFY\"><span style=\"font-family: Calibri, sans-serif;\"><span style=\"font-size: large;\">Towarzystwo mo\u017ce by\u0107 cz\u0142onkiem krajowych i mi\u0119dzynarodowych organizacji,<br \/>\no tym samym lub podobnym profilu dzia\u0142ania.<\/span><\/span><\/p>\n<p align=\"CENTER\"><span style=\"font-family: Calibri, sans-serif;\"><span style=\"font-size: large;\"><b>Rozdzia\u0142 II<\/b><\/span><\/span><\/p>\n<p align=\"CENTER\"><span style=\"font-family: Calibri, sans-serif;\"><span style=\"font-size: large;\"><b>Cele i sposoby dzia\u0142ania<\/b><\/span><\/span><\/p>\n<p align=\"CENTER\"><span style=\"font-family: Calibri, sans-serif;\"><span style=\"font-size: large;\">\u00a79<\/span><\/span><\/p>\n<p align=\"JUSTIFY\"><span style=\"font-family: Calibri, sans-serif;\"><span style=\"font-size: large;\">Celem Towarzystwa jest:<\/span><\/span><\/p>\n<p align=\"JUSTIFY\"><span style=\"font-family: Calibri, sans-serif;\"><span style=\"font-size: large;\">1\/ krzewienie wiedzy i kultywowanie pami\u0119ci o zwyci\u0119skim Powstaniu Wielkopolskim, w wyniku kt\u00f3rego wyzwolone zosta\u0142y ziemie stanowi\u0105ce kolebk\u0119 Pa\u0144stwa Polskiego,<\/span><\/span><\/p>\n<p align=\"JUSTIFY\"><span style=\"font-family: Calibri, sans-serif;\"><span style=\"font-size: large;\">2\/ popularyzowanie w\u015br\u00f3d spo\u0142ecze\u0144stwa, a zw\u0142aszcza w\u015br\u00f3d m\u0142odego pokolenia warto\u015bci, kt\u00f3re przy\u015bwieca\u0142y bohaterskim czynom i \u017cyciu Powsta\u0144c\u00f3w.<\/span><\/span><\/p>\n<p align=\"CENTER\"><span style=\"font-family: Calibri, sans-serif;\"><span style=\"font-size: large;\">\u00a710<\/span><\/span><\/p>\n<p align=\"JUSTIFY\"><span style=\"font-family: Calibri, sans-serif;\"><span style=\"font-size: large;\">Towarzystwo realizuje swoje cele poprzez:<\/span><\/span><\/p>\n<p align=\"JUSTIFY\"><span style=\"font-family: Calibri, sans-serif;\"><span style=\"font-size: large;\">1\/ organizowanie odczyt\u00f3w i prelekcji popularyzuj\u0105cych dzieje Powstania, sylwetki jego uczestnik\u00f3w i dow\u00f3dc\u00f3w,<\/span><\/span><\/p>\n<p align=\"JUSTIFY\"><span style=\"font-family: Calibri, sans-serif;\"><span style=\"font-size: large;\">2\/ inspirowanie dzia\u0142alno\u015bci badawczej i wydawniczej oraz publikacji w prasie, radiu i telewizji dotycz\u0105cej historii i tradycji Powstania Wielkopolskiego,<\/span><\/span><\/p>\n<p align=\"JUSTIFY\"><span style=\"font-family: Calibri, sans-serif;\"><span style=\"font-size: large;\">3\/ wsp\u00f3\u0142dzia\u0142anie z w\u0142adzami pa\u0144stwowymi i samorz\u0105dowymi w organizowaniu obchod\u00f3w rocznic wybuchu Powstania oraz w zapewnieniu opieki nad pomnikami i miejscami pami\u0119ci zrywu Ludu Wielkopolskiego, <\/span><\/span><\/p>\n<p align=\"JUSTIFY\"><span style=\"font-family: Calibri, sans-serif;\"><span style=\"font-size: large;\">4\/ organizowanie i wsp\u00f3\u0142organizowanie konkurs\u00f3w, wystaw i innych imprez s\u0142u\u017c\u0105cych upowszechnianiu wiedzy o Powstaniu Wielkopolskim i jego uczestnikach,<\/span><\/span><\/p>\n<p align=\"JUSTIFY\"><span style=\"font-family: Calibri, sans-serif;\"><span style=\"font-size: large;\">5\/ nabywanie i przyjmowanie dar\u00f3w lub w depozyt dokument\u00f3w, dzie\u0142 sztuki, fotografii i innych przedmiot\u00f3w maj\u0105cych zwi\u0105zek z Powstaniem Wielkopolskim; wsp\u00f3\u0142praca w tym zakresie z muzeami, instytucjami nauki<br \/>\ni kultury,<\/span><\/span><\/p>\n<p align=\"JUSTIFY\"><span style=\"font-family: Calibri, sans-serif;\"><span style=\"font-size: large;\">6\/\u00a0 interesowanie si\u0119 losami rodzin uczestnik\u00f3w Powstania Wielkopolskiego, podejmowanie, w zale\u017cno\u015bci od potrzeb, odpowiednich dzia\u0142a\u0144, inspirowanie<br \/>\ndo tej dzia\u0142alno\u015bci w\u0142adz pa\u0144stwowych i samorz\u0105dowych,<\/span><\/span><\/p>\n<p align=\"JUSTIFY\"><span style=\"font-family: Calibri, sans-serif;\"><span style=\"font-size: large;\">7\/ wspieranie wychowawczej dzia\u0142alno\u015bci szk\u00f3\u0142, jednostek harcerskich i innych instytucji nosz\u0105cych imi\u0119 Powsta\u0144c\u00f3w Wielkopolskich, <\/span><\/span><\/p>\n<p align=\"JUSTIFY\"><span style=\"font-family: Calibri, sans-serif;\"><span style=\"font-size: large;\">8\/\u00a0\u00a0 prowadzenie w tej dziedzinie dzia\u0142alno\u015bci wydawniczej, <\/span><\/span><\/p>\n<p align=\"JUSTIFY\"><span style=\"font-family: Calibri, sans-serif;\"><span style=\"font-size: large;\">9\/\u00a0 utrzymywanie kontakt\u00f3w i wsp\u00f3\u0142pracy z pokrewnymi stowarzyszeniami<br \/>\ni instytucjami w kraju i zagranic\u0105,<\/span><\/span><\/p>\n<p align=\"JUSTIFY\"><span style=\"font-family: Calibri, sans-serif;\"><span style=\"font-size: large;\">10\/ inne formy dzia\u0142alno\u015bci zgodne z prawem i statutem Towarzystwa.<\/span><\/span><\/p>\n<p align=\"CENTER\"><span style=\"font-family: Calibri, sans-serif;\"><span style=\"font-size: large;\"><b>Rozdzia\u0142 III<\/b><\/span><\/span><\/p>\n<p align=\"CENTER\"><span style=\"font-family: Calibri, sans-serif;\"><span style=\"font-size: large;\"><b>Cz\u0142onkowie, ich prawa i obowi\u0105zki<\/b><\/span><\/span><\/p>\n<p align=\"CENTER\"><span style=\"font-family: Calibri, sans-serif;\"><span style=\"font-size: large;\">\u00a711<\/span><\/span><\/p>\n<p align=\"JUSTIFY\"><span style=\"font-family: Calibri, sans-serif;\"><span style=\"font-size: large;\">Towarzystwo skupia przedstawicieli rodzin zwi\u0105zanych z uczestnikami Powstania Wielkopolskiego oraz wszystkich, kt\u00f3rym bliskie s\u0105 idee i cele Towarzystwa.<\/span><\/span><\/p>\n<p align=\"CENTER\"><span style=\"font-family: Calibri, sans-serif;\"><span style=\"font-size: large;\">\u00a712<\/span><\/span><\/p>\n<ol>\n<li>\n<p align=\"JUSTIFY\"><span style=\"font-family: Calibri, sans-serif;\"><span style=\"font-size: large;\">Cz\u0142onkami Towarzystwa mog\u0105 by\u0107 osoby fizyczne i prawne.<\/span><\/span><\/p>\n<\/li>\n<li>\n<p align=\"JUSTIFY\"><span style=\"font-family: Calibri, sans-serif;\"><span style=\"font-size: large;\">Osoba prawna mo\u017ce by\u0107 jedynie wspieraj\u0105cym cz\u0142onkiem Towarzystwa.<\/span><\/span><\/p>\n<\/li>\n<\/ol>\n<p align=\"CENTER\"><span style=\"font-family: Calibri, sans-serif;\"><span style=\"font-size: large;\">\u00a713<\/span><\/span><\/p>\n<p align=\"JUSTIFY\"><span style=\"font-family: Calibri, sans-serif;\"><span style=\"font-size: large;\">Cz\u0142onkowie Towarzystwa dziel\u0105 si\u0119 na:<\/span><\/span><\/p>\n<p align=\"JUSTIFY\"><span style=\"font-family: Calibri, sans-serif;\"><span style=\"font-size: large;\">1\/ cz\u0142onk\u00f3w zwyczajnych, <\/span><\/span><\/p>\n<p align=\"JUSTIFY\"><span style=\"font-family: Calibri, sans-serif;\"><span style=\"font-size: large;\">2\/ cz\u0142onk\u00f3w wspieraj\u0105cych,<\/span><\/span><\/p>\n<p align=\"JUSTIFY\"><span style=\"font-family: Calibri, sans-serif;\"><span style=\"font-size: large;\">3\/ cz\u0142onk\u00f3w honorowych.<\/span><\/span><\/p>\n<p align=\"CENTER\"><span style=\"font-family: Calibri, sans-serif;\"><span style=\"font-size: large;\">\u00a714<\/span><\/span><\/p>\n<ol>\n<li>\n<p align=\"JUSTIFY\"><span style=\"font-family: Calibri, sans-serif;\"><span style=\"font-size: large;\">Cz\u0142onkiem zwyczajnym Towarzystwa mo\u017ce by\u0107:<\/span><\/span><\/p>\n<\/li>\n<\/ol>\n<p align=\"JUSTIFY\"><span style=\"font-family: Calibri, sans-serif;\"><span style=\"font-size: large;\">1\/ obywatel polski lub cudzoziemiec, maj\u0105cy pe\u0142n\u0105 zdolno\u015b\u0107 do czynno\u015bci prawnych i nie pozbawiony praw publicznych,<\/span><\/span><\/p>\n<p align=\"JUSTIFY\"><span style=\"font-family: Calibri, sans-serif;\"><span style=\"font-size: large;\">2\/ ma\u0142oletni w wieku od 16 do 18 lat, maj\u0105cy ograniczon\u0105 zdolno\u015b\u0107 do czynno\u015bci prawnych,<\/span><\/span><\/p>\n<p align=\"JUSTIFY\"><span style=\"font-family: Calibri, sans-serif;\"><span style=\"font-size: large;\">3\/\u00a0 ma\u0142oletni poni\u017cej 16 lat za zgod\u0105 jego przedstawicieli ustawowych.<\/span><\/span><\/p>\n<ol start=\"2\">\n<li>\n<p align=\"JUSTIFY\"><span style=\"font-family: Calibri, sans-serif;\"><span style=\"font-size: large;\">Ma\u0142oletni cz\u0142onkowie zwyczajni:<\/span><\/span><\/p>\n<\/li>\n<\/ol>\n<p align=\"JUSTIFY\"><span style=\"font-family: Calibri, sans-serif;\"><span style=\"font-size: large;\">1\/ w wieku poni\u017cej 16 lat nie posiadaj\u0105 biernego i czynnego prawa wyborczego,<\/span><\/span><\/p>\n<p align=\"JUSTIFY\"><span style=\"font-family: Calibri, sans-serif;\"><span style=\"font-size: large;\">2\/ w wieku od 16 do 18 lat, maj\u0105cy ograniczon\u0105 zdolno\u015b\u0107 do czynno\u015bci prawnych, maj\u0105 prawo wybiera\u0107 i by\u0107 wybierani do w\u0142adz Towarzystwa z tym, \u017ce w\u00a0sk\u0142adzie ka\u017cdej z tych w\u0142adz wi\u0119kszo\u015b\u0107 musz\u0105 stanowi\u0107 osoby o pe\u0142nej zdolno\u015bci do czynno\u015bci prawnych,<\/span><\/span><\/p>\n<p align=\"JUSTIFY\"><span style=\"font-family: Calibri, sans-serif;\"><span style=\"font-size: large;\">3\/ ma\u0142oletni cz\u0142onkowie Towarzystwa mog\u0105 tworzy\u0107 odr\u0119bne kluby.<\/span><\/span><\/p>\n<p align=\"CENTER\"><span style=\"font-family: Calibri, sans-serif;\"><span style=\"font-size: large;\">\u00a715<\/span><\/span><\/p>\n<p align=\"JUSTIFY\"><span style=\"font-family: Calibri, sans-serif;\"><span style=\"font-size: large;\">Cz\u0142onk\u00f3w zwyczajnych przyjmuj\u0105 w drodze uchwa\u0142y zarz\u0105dy K\u00f3\u0142 i Klub\u00f3w<br \/>\nna podstawie pisemnej deklaracji.<\/span><\/span><\/p>\n<p align=\"CENTER\"><span style=\"font-family: Calibri, sans-serif;\"><span style=\"font-size: large;\">\u00a716<\/span><\/span><\/p>\n<p align=\"JUSTIFY\"><span style=\"font-family: Calibri, sans-serif;\"><span style=\"font-size: large;\">Cz\u0142onkiem wspieraj\u0105cym mo\u017ce by\u0107 osoba fizyczna posiadaj\u0105ca pe\u0142n\u0105 zdolno\u015b\u0107<br \/>\ndo czynno\u015bci prawnych lub osoba prawna zainteresowana statutow\u0105 dzia\u0142alno\u015bci\u0105 Towarzystwa, kt\u00f3ra zadeklarowa\u0142a na jego rzecz pomoc finansow\u0105, rzeczow\u0105 lub dzia\u0142ania programowe. Osoba prawna dzia\u0142a w Towarzystwie poprzez swojego przedstawiciela. Cz\u0142onkiem wspieraj\u0105cym mog\u0105 by\u0107 instytucje, zak\u0142ady pracy, szko\u0142y, dru\u017cyny harcerskie i inne plac\u00f3wki spo\u0142eczno &#8211; wychowawcze, kt\u00f3re pragn\u0105 realizowa\u0107 cele Towarzystwa.<\/span><\/span><\/p>\n<p align=\"CENTER\"><span style=\"font-family: Calibri, sans-serif;\"><span style=\"font-size: large;\">\u00a717<\/span><\/span><\/p>\n<p align=\"JUSTIFY\"><span style=\"font-family: Calibri, sans-serif;\"><span style=\"font-size: large;\">Cz\u0142onkiem honorowym mo\u017ce by\u0107 osoba, kt\u00f3ra wnios\u0142a wybitny wk\u0142ad w rozw\u00f3j idei Towarzystwa.<\/span><\/span><\/p>\n<p align=\"CENTER\"><span style=\"font-family: Calibri, sans-serif;\"><span style=\"font-size: large;\">\u00a718<\/span><\/span><\/p>\n<p align=\"JUSTIFY\"><span style=\"font-family: Calibri, sans-serif;\"><span style=\"font-size: large;\">Cz\u0142onkowie zwyczajni, wspieraj\u0105cy i honorowi nale\u017c\u0105 do w\u0142a\u015bciwego ogniwa organizacyjnego Towarzystwa.<\/span><\/span><\/p>\n<p align=\"CENTER\"><span style=\"font-family: Calibri, sans-serif;\"><span style=\"font-size: large;\">\u00a719<\/span><\/span><\/p>\n<p align=\"JUSTIFY\"><span style=\"font-family: Calibri, sans-serif;\"><span style=\"font-size: large;\">Nadanie godno\u015bci cz\u0142onka honorowego i tytu\u0142u honorowego nast\u0119puje<br \/>\nna podstawie uchwa\u0142y\u00a0 Krajowego Zjazdu Delegat\u00f3w.<\/span><\/span><\/p>\n<p align=\"CENTER\"><span style=\"font-family: Calibri, sans-serif;\"><span style=\"font-size: large;\">\u00a720<\/span><\/span><\/p>\n<ol>\n<li>\n<p align=\"JUSTIFY\"><span style=\"font-family: Calibri, sans-serif;\"><span style=\"font-size: large;\">Cz\u0142onkowie Towarzystwa zobowi\u0105zani s\u0105 do:<\/span><\/span><\/p>\n<\/li>\n<\/ol>\n<p align=\"JUSTIFY\"><span style=\"font-family: Calibri, sans-serif;\"><span style=\"font-size: large;\">1\/ realizacji cel\u00f3w Towarzystwa,<\/span><\/span><\/p>\n<p align=\"JUSTIFY\"><span style=\"font-family: Calibri, sans-serif;\"><span style=\"font-size: large;\">2\/ przestrzegania postanowie\u0144 statutu i uchwa\u0142 w\u0142adz Towarzystwa, <\/span><\/span><\/p>\n<p align=\"JUSTIFY\"><span style=\"font-family: Calibri, sans-serif;\"><span style=\"font-size: large;\">3\/ dbania o rozw\u00f3j Towarzystwa przez czynny udzia\u0142 w jego pracach, <\/span><\/span><\/p>\n<p align=\"JUSTIFY\"><span style=\"font-family: Calibri, sans-serif;\"><span style=\"font-size: large;\">4\/ regularnego op\u0142acania sk\u0142adek cz\u0142onkowskich.<\/span><\/span><\/p>\n<ol start=\"2\">\n<li>\n<p align=\"JUSTIFY\"><span style=\"font-family: Calibri, sans-serif;\"><span style=\"font-size: large;\">Cz\u0142onkowie wspieraj\u0105cy zobowi\u0105zani s\u0105 do regularnego wywi\u0105zywania si\u0119<br \/>\nz\u00a0deklarowanych \u015bwiadcze\u0144 lub dzia\u0142a\u0144 oraz do przestrzegania uchwa\u0142 Towarzystwa.<\/span><\/span><\/p>\n<\/li>\n<\/ol>\n<p align=\"CENTER\"><span style=\"font-family: Calibri, sans-serif;\"><span style=\"font-size: large;\">\u00a721<\/span><\/span><\/p>\n<ol>\n<li>\n<p align=\"JUSTIFY\"><span style=\"font-family: Calibri, sans-serif;\"><span style=\"font-size: large;\">Cz\u0142onkowie zwyczajni maj\u0105 prawo do: <\/span><\/span><\/p>\n<\/li>\n<\/ol>\n<p align=\"JUSTIFY\"><span style=\"font-family: Calibri, sans-serif;\"><span style=\"font-size: large;\">1\/\u00a0 udzia\u0142u w pracach Towarzystwa,<\/span><\/span><\/p>\n<p align=\"JUSTIFY\"><span style=\"font-family: Calibri, sans-serif;\"><span style=\"font-size: large;\">2\/\u00a0 korzystania z czynnego i biernego prawa wyborczego, <\/span><\/span><\/p>\n<p align=\"JUSTIFY\"><span style=\"font-family: Calibri, sans-serif;\"><span style=\"font-size: large;\">3\/\u00a0 korzystania z urz\u0105dze\u0144, \u015bwiadcze\u0144 i pomocy Towarzystwa, <\/span><\/span><\/p>\n<p align=\"JUSTIFY\"><span style=\"font-family: Calibri, sans-serif;\"><span style=\"font-size: large;\">4\/\u00a0 wyst\u0119powania z wnioskami i postulatami do w\u0142adz Towarzystwa<br \/>\ni otrzymywania odpowiedzi.<\/span><\/span><\/p>\n<ol start=\"2\">\n<li>\n<p align=\"JUSTIFY\"><span style=\"font-family: Calibri, sans-serif;\"><span style=\"font-size: large;\">Cz\u0142onkowie honorowi korzystaj\u0105 z wszystkich uprawnie\u0144 cz\u0142onk\u00f3w zwyczajnych.<\/span><\/span><\/p>\n<\/li>\n<li>\n<p align=\"JUSTIFY\"><span style=\"font-family: Calibri, sans-serif;\"><span style=\"font-size: large;\">Cz\u0142onkowie wspieraj\u0105cy prawni korzystaj\u0105 z wszelkich uprawnie\u0144 cz\u0142onk\u00f3w zwyczajnych poprzez swego przedstawiciela, za wyj\u0105tkiem czynnego prawa wyborczego.<\/span><\/span><\/p>\n<\/li>\n<li>\n<p align=\"JUSTIFY\"><span style=\"font-family: Calibri, sans-serif;\"><span style=\"font-size: large;\">Cz\u0142onkowie wspieraj\u0105cy fizyczni korzystaj\u0105 z wszelkich uprawnie\u0144 cz\u0142onk\u00f3w zwyczajnych, za wyj\u0105tkiem czynnego prawa wyborczego.<\/span><\/span><\/p>\n<\/li>\n<\/ol>\n<p align=\"CENTER\"><span style=\"font-family: Calibri, sans-serif;\"><span style=\"font-size: large;\">\u00a722<\/span><\/span><\/p>\n<ol>\n<li>\n<p align=\"JUSTIFY\"><span style=\"font-family: Calibri, sans-serif;\"><span style=\"font-size: large;\">Cz\u0142onkostwo Towarzystwa ustaje na skutek:<\/span><\/span><\/p>\n<\/li>\n<\/ol>\n<p align=\"JUSTIFY\"><span style=\"font-family: Calibri, sans-serif;\"><span style=\"font-size: large;\">1\/\u00a0 dobrowolnej rezygnacji z Towarzystwa zg\u0142oszonej pisemnie,<\/span><\/span><\/p>\n<p align=\"JUSTIFY\"><span style=\"font-family: Calibri, sans-serif;\"><span style=\"font-size: large;\">2\/\u00a0 skre\u015blenia z listy cz\u0142onk\u00f3w Towarzystwa na podstawie uchwa\u0142y Zarz\u0105du G\u0142\u00f3wnego,<\/span><\/span><\/p>\n<p align=\"JUSTIFY\"><span style=\"font-family: Calibri, sans-serif;\"><span style=\"font-size: large;\">3\/\u00a0 zgonu cz\u0142onka lub utraty osobowo\u015bci prawnej przez cz\u0142onka wspieraj\u0105cego, b\u0119d\u0105cego osob\u0105 prawn\u0105, <\/span><\/span><\/p>\n<p align=\"JUSTIFY\"><span style=\"font-family: Calibri, sans-serif;\"><span style=\"font-size: large;\">4\/\u00a0 rozwi\u0105zania Towarzystwa.<\/span><\/span><\/p>\n<ol start=\"2\">\n<li>\n<p align=\"JUSTIFY\"><span style=\"font-family: Calibri, sans-serif;\"><span style=\"font-size: large;\">Skre\u015blenie z listy cz\u0142onk\u00f3w Towarzystwa nast\u0119puje z uzasadnionych przyczyn,<br \/>\na zw\u0142aszcza w przypadku nie przestrzegania statutu, regulamin\u00f3w i uchwa\u0142 w\u0142adz oraz nieusprawiedliwionego nie op\u0142acania sk\u0142adek b\u0105d\u017a nie wywi\u0105zania si\u0119 z podj\u0119tych zobowi\u0105za\u0144.<\/span><\/span><\/p>\n<\/li>\n<li>\n<p align=\"JUSTIFY\"><span style=\"font-family: Calibri, sans-serif;\"><span style=\"font-size: large;\">Skre\u015blonemu cz\u0142onkowi przys\u0142uguje prawo odwo\u0142ania si\u0119 do G\u0142\u00f3wnego S\u0105du<br \/>\nKole\u017ce\u0144skiego i do Krajowego Zjazdu Delegat\u00f3w Towarzystwa.<\/span><\/span><\/p>\n<\/li>\n<\/ol>\n<p align=\"CENTER\"><span style=\"font-family: Calibri, sans-serif;\"><span style=\"font-size: large;\"><b>Rozdzia\u0142 IV<\/b><\/span><\/span><\/p>\n<p align=\"CENTER\"><span style=\"font-family: Calibri, sans-serif;\"><span style=\"font-size: large;\"><b>W\u0142adze Naczelne Towarzystwa<\/b><\/span><\/span><\/p>\n<p align=\"CENTER\"><span style=\"font-family: Calibri, sans-serif;\"><span style=\"font-size: large;\">\u00a723<\/span><\/span><\/p>\n<ol>\n<li>\n<p align=\"JUSTIFY\"><span style=\"font-family: Calibri, sans-serif;\"><span style=\"font-size: large;\">W\u0142adzami naczelnymi Towarzystwa s\u0105: Krajowy Zjazd Delegat\u00f3w, Zarz\u0105d G\u0142\u00f3wny, G\u0142\u00f3wna Komisja Rewizyjna i G\u0142\u00f3wny S\u0105d Kole\u017ce\u0144ski.<\/span><\/span><\/p>\n<\/li>\n<li>\n<p align=\"JUSTIFY\"><span style=\"font-family: Calibri, sans-serif;\"><span style=\"font-size: large;\">Kadencja w\u0142adz trwa 5 lat, a wyb\u00f3r odbywa si\u0119 w glosowaniu tajnym lub jawnym, w zale\u017cno\u015bci od ka\u017cdorazowej uchwa\u0142y Krajowego Zjazdu Delegat\u00f3w. <\/span><\/span><\/p>\n<\/li>\n<li>\n<p align=\"JUSTIFY\"><span style=\"font-family: Calibri, sans-serif;\"><span style=\"font-size: large;\">Delegaci na Krajowy Zjazd Delegat\u00f3w zachowuj\u0105 mandat przez okres kadencji.<\/span><\/span><\/p>\n<\/li>\n<li>\n<p align=\"JUSTIFY\"><span style=\"font-family: Calibri, sans-serif;\"><span style=\"font-size: large;\">W razie ust\u0105pienia cz\u0142onka w\u0142adzy Towarzystwa w czasie trwania kadencji, w\u0142adza ta ma prawo dokooptowania innego cz\u0142onka z tym, \u017ce liczba cz\u0142onk\u00f3w dokooptowanych nie mo\u017ce przekroczy\u0107 \u00bd og\u00f3lnej liczby cz\u0142onk\u00f3w pochodz\u0105cych z wyboru.<\/span><\/span><\/p>\n<\/li>\n<\/ol>\n<p align=\"CENTER\"><span style=\"font-family: Calibri, sans-serif;\"><span style=\"font-size: large;\"><b>Krajowy Zjazd Delegat\u00f3w<\/b><\/span><\/span><\/p>\n<p align=\"CENTER\"><span style=\"font-family: Calibri, sans-serif;\"><span style=\"font-size: large;\">\u00a724<\/span><\/span><\/p>\n<ol>\n<li>\n<p align=\"JUSTIFY\"><span style=\"font-family: Calibri, sans-serif;\"><span style=\"font-size: large;\">Najwy\u017csz\u0105 w\u0142adz\u0105 Towarzystwa jest Krajowy Zjazd Delegat\u00f3w.<\/span><\/span><\/p>\n<\/li>\n<li>\n<p align=\"JUSTIFY\"><span style=\"font-family: Calibri, sans-serif;\"><span style=\"font-size: large;\">Krajowy Zjazd Delegat\u00f3w mo\u017ce by\u0107 zwyczajny lub nadzwyczajny.<\/span><\/span><\/p>\n<\/li>\n<li>\n<p align=\"JUSTIFY\"><span style=\"font-family: Calibri, sans-serif;\"><span style=\"font-size: large;\">Zjazd jest wa\u017cny przy obecno\u015bci, co najmniej po\u0142owy og\u00f3lnej liczby wybranych delegat\u00f3w na Zjazd lub w drugim terminie bez wzgl\u0119du na liczb\u0119 obecnych delegat\u00f3w.<\/span><\/span><\/p>\n<\/li>\n<\/ol>\n<p align=\"CENTER\"><span style=\"font-family: Calibri, sans-serif;\"><span style=\"font-size: large;\">\u00a725<\/span><\/span><\/p>\n<p align=\"JUSTIFY\"><span style=\"font-family: Calibri, sans-serif;\"><span style=\"font-size: large;\">Zwyczajny Krajowy Zjazd Delegat\u00f3w zwo\u0142uje Zarz\u0105d G\u0142\u00f3wny, co 5 lat.<\/span><\/span><\/p>\n<p align=\"CENTER\"><span style=\"font-family: Calibri, sans-serif;\"><span style=\"font-size: large;\">\u00a726<\/span><\/span><\/p>\n<p align=\"JUSTIFY\"><span style=\"font-family: Calibri, sans-serif;\"><span style=\"font-size: large;\">Zarz\u0105d G\u0142\u00f3wny og\u0142asza co najmniej miesi\u0105c przed terminem Krajowego Zjazdu Delegat\u00f3w dat\u0119, miejsce i porz\u0105dek dzienny obrad Zjazdu.<\/span><\/span><\/p>\n<p align=\"CENTER\"><span style=\"font-family: Calibri, sans-serif;\"><span style=\"font-size: large;\">\u00a727<\/span><\/span><\/p>\n<p align=\"JUSTIFY\"><span style=\"font-family: Calibri, sans-serif;\"><span style=\"font-size: large;\">Nadzwyczajny Zjazd Delegat\u00f3w zwo\u0142uje Zarz\u0105d G\u0142\u00f3wny z w\u0142asnej inicjatywy,<br \/>\nna \u017c\u0105danie G\u0142\u00f3wnej Komisji Rewizyjnej lub na \u017c\u0105danie co najmniej jednej trzeciej liczby oddzia\u0142\u00f3w terenowych.<\/span><\/span><\/p>\n<p align=\"CENTER\"><span style=\"font-family: Calibri, sans-serif;\"><span style=\"font-size: large;\">\u00a728<\/span><\/span><\/p>\n<p align=\"JUSTIFY\"><span style=\"font-family: Calibri, sans-serif;\"><span style=\"font-size: large;\">Zarz\u0105d G\u0142\u00f3wny zwo\u0142uje nadzwyczajny Zjazd Delegat\u00f3w w terminie trzech miesi\u0119cy od dnia podj\u0119cia uchwa\u0142y. Nadzwyczajny Zjazd Delegat\u00f3w obraduje nad sprawami, dla kt\u00f3rych zosta\u0142 zwo\u0142any.<\/span><\/span><\/p>\n<p align=\"CENTER\"><span style=\"font-family: Calibri, sans-serif;\"><span style=\"font-size: large;\">\u00a729<\/span><\/span><\/p>\n<ol>\n<li>\n<p align=\"JUSTIFY\"><span style=\"font-family: Calibri, sans-serif;\"><span style=\"font-size: large;\">W Krajowym Zje\u017adzie Delegat\u00f3w udzia\u0142 bior\u0105:<\/span><\/span><\/p>\n<\/li>\n<\/ol>\n<p align=\"JUSTIFY\"><span style=\"font-family: Calibri, sans-serif;\"><span style=\"font-size: large;\">1\/ z g\u0142osem stanowi\u0105cym delegaci wybrani na Zjazdach Oddzia\u0142\u00f3w lub na Walnych Zebraniach K\u00f3\u0142 wed\u0142ug klucza wyborczego ustalonego ka\u017cdorazowo przez Zarz\u0105d G\u0142\u00f3wny,<\/span><\/span><\/p>\n<p align=\"JUSTIFY\"><span style=\"font-family: Calibri, sans-serif;\"><span style=\"font-size: large;\">2\/ z g\u0142osem doradczym cz\u0142onkowie ust\u0119puj\u0105cych w\u0142adz naczelnych<br \/>\ni przedstawiciele prawnych cz\u0142onk\u00f3w wspieraj\u0105cych &#8211; o ile nie zostali wybrani delegatami oraz zaproszeni go\u015bcie.<\/span><\/span><\/p>\n<ol start=\"2\">\n<li>\n<p align=\"JUSTIFY\"><span style=\"font-family: Calibri, sans-serif;\"><span style=\"font-size: large;\">Uchwa\u0142y Krajowego Zjazdu Delegat\u00f3w zapadaj\u0105 zwyk\u0142\u0105 wi\u0119kszo\u015bci\u0105 g\u0142os\u00f3w, je\u017celi\u00a0dalsze postanowienia statutu nie stanowi\u0105 inaczej.<\/span><\/span><\/p>\n<\/li>\n<\/ol>\n<p align=\"CENTER\"><span style=\"font-family: Calibri, sans-serif;\"><span style=\"font-size: large;\">\u00a730<\/span><\/span><\/p>\n<p align=\"JUSTIFY\"><span style=\"font-family: Calibri, sans-serif;\"><span style=\"font-size: large;\">Do kompetencji Krajowego Zjazdu Delegat\u00f3w nale\u017cy: <\/span><\/span><\/p>\n<p align=\"JUSTIFY\"><span style=\"font-family: Calibri, sans-serif;\"><span style=\"font-size: large;\">1\/\u00a0\u00a0 uchwalenie programu dzia\u0142ania Towarzystwa,<\/span><\/span><\/p>\n<p align=\"JUSTIFY\"><span style=\"font-family: Calibri, sans-serif;\"><span style=\"font-size: large;\">2\/ rozpatrzenie i zatwierdzenie sprawozdania Zarz\u0105du G\u0142\u00f3wnego, G\u0142\u00f3wnej Komisji Rewizyjnej i G\u0142\u00f3wnego S\u0105du Kole\u017ce\u0144skiego, <\/span><\/span><\/p>\n<p align=\"JUSTIFY\"><span style=\"font-family: Calibri, sans-serif;\"><span style=\"font-size: large;\">3\/\u00a0 udzielenie absolutorium ust\u0119puj\u0105cemu Zarz\u0105dowi G\u0142\u00f3wnemu na wniosek G\u0142\u00f3wnej Komisji Rewizyjnej,<\/span><\/span><\/p>\n<p align=\"JUSTIFY\"><span style=\"font-family: Calibri, sans-serif;\"><span style=\"font-size: large;\">4\/\u00a0\u00a0 wyb\u00f3r Zarz\u0105du G\u0142\u00f3wnego, G\u0142\u00f3wnej Komisji Rewizyjnej i G\u0142\u00f3wnego S\u0105du Kole\u017ce\u0144skiego,<\/span><\/span><\/p>\n<p align=\"JUSTIFY\"><span style=\"font-family: Calibri, sans-serif;\"><span style=\"font-size: large;\">5\/\u00a0 rozpatrzenie wniosk\u00f3w zg\u0142oszonych przez w\u0142adze krajowe Towarzystwa, Oddzia\u0142y Ko\u0142a i Kluby oraz delegat\u00f3w,<\/span><\/span><\/p>\n<p align=\"JUSTIFY\"><span style=\"font-family: Calibri, sans-serif;\"><span style=\"font-size: large;\">6\/ rozpatrzenie odwo\u0142a\u0144 cz\u0142onk\u00f3w od uchwa\u0142 Zarz\u0105du G\u0142\u00f3wnego w przedmiocie skre\u015ble\u0144 oraz kar na\u0142o\u017conych przez S\u0105d Kole\u017ce\u0144ski w przypadku sporu powsta\u0142ego mi\u0119dzy cz\u0142onkami na tle dzia\u0142alno\u015bci Towarzystwa,<\/span><\/span><\/p>\n<p align=\"JUSTIFY\"><span style=\"font-family: Calibri, sans-serif;\"><span style=\"font-size: large;\">7\/\u00a0 nadawanie lub pozbawianie cz\u0142onkostwa honorowego i godno\u015bci honorowej, <\/span><\/span><\/p>\n<p align=\"JUSTIFY\"><span style=\"font-family: Calibri, sans-serif;\"><span style=\"font-size: large;\">8\/\u00a0 uchwalanie zmian statutu,<\/span><\/span><\/p>\n<p align=\"JUSTIFY\"><span style=\"font-family: Calibri, sans-serif;\"><span style=\"font-size: large;\">9\/\u00a0 podejmowanie uchwa\u0142y o rozwi\u0105zaniu Towarzystwa.<\/span><\/span><\/p>\n<p align=\"CENTER\"><span style=\"font-family: Calibri, sans-serif;\"><span style=\"font-size: large;\"><b>Zarz\u0105d G\u0142\u00f3wny<\/b><\/span><\/span><\/p>\n<p align=\"CENTER\"><span style=\"font-family: Calibri, sans-serif;\"><span style=\"font-size: large;\">\u00a731<\/span><\/span><\/p>\n<p align=\"JUSTIFY\"><span style=\"font-family: Calibri, sans-serif;\"><span style=\"font-size: large;\">Zarz\u0105d G\u0142\u00f3wny sk\u0142ada si\u0119 z 31-45 cz\u0142onk\u00f3w wybranych przez Krajowy Zjazd Delegat\u00f3w.<\/span><\/span><\/p>\n<p align=\"CENTER\"><span style=\"font-family: Calibri, sans-serif;\"><span style=\"font-size: large;\">\u00a732<\/span><\/span><\/p>\n<p align=\"JUSTIFY\"><span style=\"font-family: Calibri, sans-serif;\"><span style=\"font-size: large;\">Cz\u0142onkowie Zarz\u0105du G\u0142\u00f3wnego wybieraj\u0105 ze swego grona zwyk\u0142\u0105 wi\u0119kszo\u015bci\u0105 g\u0142os\u00f3w Prezydium sk\u0142adaj\u0105ce si\u0119 z 7-11 cz\u0142onk\u00f3w, spo\u015br\u00f3d kt\u00f3rych wybrani zostaj\u0105 prezes, 1 &#8211; 3 wiceprezes\u00f3w, sekretarz generalny i skarbnik.<\/span><\/span><\/p>\n<p align=\"CENTER\"><span style=\"font-family: Calibri, sans-serif;\"><span style=\"font-size: large;\">\u00a733<\/span><\/span><\/p>\n<p align=\"JUSTIFY\"><span style=\"font-family: Calibri, sans-serif;\"><span style=\"font-size: large;\">Do uprawnie\u0144 i obowi\u0105zk\u00f3w Zarz\u0105du G\u0142\u00f3wnego nale\u017cy:<\/span><\/span><\/p>\n<p align=\"JUSTIFY\"><span style=\"font-family: Calibri, sans-serif;\"><span style=\"font-size: large;\">1\/\u00a0 reprezentowanie Towarzystwa na zewn\u0105trz i dzia\u0142anie w jego imieniu, <\/span><\/span><\/p>\n<p align=\"JUSTIFY\"><span style=\"font-family: Calibri, sans-serif;\"><span style=\"font-size: large;\">2\/\u00a0 kierowanie dzia\u0142alno\u015bci\u0105 Towarzystwa zgodnie z postanowieniami statutu, uchwa\u0142ami i wytycznymi Krajowego Zjazdu, \u00a0\u00a0\u00a0\u00a0 <\/span><\/span><\/p>\n<p align=\"JUSTIFY\"><span style=\"font-family: Calibri, sans-serif;\"><span style=\"font-size: large;\">3\/\u00a0 zwo\u0142ywanie zwyczajnych i nadzwyczajnych Krajowych Zjazd\u00f3w Delegat\u00f3w,<\/span><\/span><\/p>\n<p align=\"JUSTIFY\"><span style=\"font-family: Calibri, sans-serif;\"><span style=\"font-size: large;\">4\/\u00a0 powo\u0142ywanie, zawieszanie i rozwi\u0105zywanie: oddzia\u0142\u00f3w oraz w szczeg\u00f3lnych przypadkach k\u00f3\u0142 i klub\u00f3w,<\/span><\/span><\/p>\n<p align=\"JUSTIFY\"><span style=\"font-family: Calibri, sans-serif;\"><span style=\"font-size: large;\">5\/\u00a0 realizowanie uchwa\u0142 Zjazdu, przyjmowanie kierunk\u00f3w programowej dzia\u0142alno\u015bci,<\/span><\/span><\/p>\n<p align=\"JUSTIFY\"><span style=\"font-family: Calibri, sans-serif;\"><span style=\"font-size: large;\">6\/\u00a0 zatwierdzanie rocznych plan\u00f3w finansowych Towarzystwa i przyjmowanie sprawozdania z dzia\u0142alno\u015bci,<\/span><\/span><\/p>\n<p align=\"JUSTIFY\"><span style=\"font-family: Calibri, sans-serif;\"><span style=\"font-size: large;\">7\/\u00a0 powo\u0142ywanie komisji problemowych, zgodnie z potrzebami, i ustalanie ich regulamin\u00f3w,<\/span><\/span><\/p>\n<p align=\"JUSTIFY\"><span style=\"font-family: Calibri, sans-serif;\"><span style=\"font-size: large;\">8\/ rozpatrywanie odwo\u0142a\u0144 cz\u0142onk\u00f3w i zarz\u0105d\u00f3w K\u00f3\u0142, Klub\u00f3w od decyzji Zarz\u0105du Oddzia\u0142u i postanowie\u0144 S\u0105du Kole\u017ce\u0144skiego,<\/span><\/span><\/p>\n<p align=\"JUSTIFY\"><span style=\"font-family: Calibri, sans-serif;\"><span style=\"font-size: large;\">9\/ odwo\u0142ywanie cz\u0142onk\u00f3w Zarz\u0105du G\u0142\u00f3wnego i cz\u0142onk\u00f3w Zarz\u0105du Oddzia\u0142\u00f3w, je\u017celi ich dzia\u0142alno\u015b\u0107 jest niezgodna z obowi\u0105zuj\u0105cymi przepisami, statutem lub uchwa\u0142ami w\u0142adz naczelnych Towarzystwa, <\/span><\/span><\/p>\n<p align=\"JUSTIFY\"><span style=\"font-family: Calibri, sans-serif;\"><span style=\"font-size: large;\">10\/ zawieszanie w czynno\u015bciach Zarz\u0105d\u00f3w Oddzia\u0142\u00f3w, je\u017celi ich dzia\u0142alno\u015b\u0107 jest niezgodna z obowi\u0105zuj\u0105cymi przepisami, statutem lub uchwa\u0142ami w\u0142adz naczelnych Towarzystwa, <\/span><\/span><\/p>\n<p align=\"JUSTIFY\"><span style=\"font-family: Calibri, sans-serif;\"><span style=\"font-size: large;\">11\/ wyst\u0119powanie z wnioskami o nadawanie godno\u015bci cz\u0142onka honorowego Towarzystwa i tytu\u0142u honorowego,<\/span><\/span><\/p>\n<p align=\"JUSTIFY\"><span style=\"font-family: Calibri, sans-serif;\"><span style=\"font-size: large;\">12\/ ustanawianie odznak, odznacze\u0144 i tytu\u0142\u00f3w honorowych Towarzystwa, <\/span><\/span><\/p>\n<p align=\"JUSTIFY\"><span style=\"font-family: Calibri, sans-serif;\"><span style=\"font-size: large;\">13\/ podejmowanie uchwa\u0142 w sprawie sk\u0142adek cz\u0142onkowskich i okre\u015blenie ich wysoko\u015bci,<\/span><\/span><\/p>\n<p align=\"JUSTIFY\"><span style=\"font-family: Calibri, sans-serif;\"><span style=\"font-size: large;\">14\/ przyjmowanie cz\u0142onk\u00f3w wspieraj\u0105cych,<\/span><\/span><\/p>\n<p align=\"JUSTIFY\"><span style=\"font-family: Calibri, sans-serif;\"><span style=\"font-size: large;\">15\/ rozpatrywanie uwag i wniosk\u00f3w G\u0142\u00f3wnej Komisji Rewizyjnej b\u0119d\u0105cych wynikiem przeprowadzonej kontroli.<\/span><\/span><\/p>\n<p align=\"CENTER\"><span style=\"font-family: Calibri, sans-serif;\"><span style=\"font-size: large;\">\u00a734<\/span><\/span><\/p>\n<ol>\n<li>\n<p align=\"JUSTIFY\"><span style=\"font-family: Calibri, sans-serif;\"><span style=\"font-size: large;\">Uchwa\u0142y Zarz\u0105du G\u0142\u00f3wnego zapadaj\u0105 wi\u0119kszo\u015bci\u0105 g\u0142os\u00f3w przy obecno\u015bci<br \/>\nco najmniej po\u0142owy cz\u0142onk\u00f3w Zarz\u0105du G\u0142\u00f3wnego, w tym prezesa lub jednego<br \/>\nz wiceprezes\u00f3w. W razie r\u00f3wno\u015bci g\u0142os\u00f3w decyduje g\u0142os przewodnicz\u0105cego zebrania.<\/span><\/span><\/p>\n<\/li>\n<li>\n<p align=\"JUSTIFY\"><span style=\"font-family: Calibri, sans-serif;\"><span style=\"font-size: large;\">Zebrania Zarz\u0105du G\u0142\u00f3wnego odbywaj\u0105 si\u0119 w miar\u0119 potrzeby, nie rzadziej jednak ni\u017c raz na p\u00f3\u0142 roku.<\/span><\/span><\/p>\n<\/li>\n<\/ol>\n<p align=\"CENTER\"><span style=\"font-family: Calibri, sans-serif;\"><span style=\"font-size: large;\">\u00a735<\/span><\/span><\/p>\n<ol>\n<li>\n<p align=\"JUSTIFY\"><span style=\"font-family: Calibri, sans-serif;\"><span style=\"font-size: large;\">Prezydium Zarz\u0105du G\u0142\u00f3wnego jest organem wykonawczym i kieruje bie\u017c\u0105c\u0105 dzia\u0142alno\u015bci\u0105 Towarzystwa.<\/span><\/span><\/p>\n<\/li>\n<li>\n<p align=\"JUSTIFY\"><span style=\"font-family: Calibri, sans-serif;\"><span style=\"font-size: large;\">Zarz\u0105d G\u0142\u00f3wny, mo\u017ce upowa\u017cni\u0107 Prezydium do za\u0142atwiania spraw b\u0119d\u0105cych<br \/>\nw kompetencjach Zarz\u0105du, za wyj\u0105tkiem zagadnie\u0144 zawartych w \u00a733 &#8211; punktach 3,6,12 i 13.<\/span><\/span><\/p>\n<\/li>\n<li>\n<p align=\"JUSTIFY\"><span style=\"font-family: Calibri, sans-serif;\"><span style=\"font-size: large;\">Prezydium zbiera si\u0119 w miar\u0119 potrzeby, nie rzadziej jednak ni\u017c raz na kwarta\u0142.<\/span><\/span><\/p>\n<\/li>\n<\/ol>\n<p align=\"CENTER\"><span style=\"font-family: Calibri, sans-serif;\"><span style=\"font-size: large;\"><b>G\u0142\u00f3wna Komisja Rewizyjna<\/b><\/span><\/span><\/p>\n<p align=\"CENTER\"><span style=\"font-family: Calibri, sans-serif;\"><span style=\"font-size: large;\">\u00a736<\/span><\/span><\/p>\n<ol>\n<li>\n<p align=\"JUSTIFY\"><span style=\"font-family: Calibri, sans-serif;\"><span style=\"font-size: large;\">G\u0142\u00f3wna Komisja Rewizyjna wybierana jest przez Krajowy Zjazd Delegat\u00f3w<br \/>\nna okres 5 lat i sk\u0142ada si\u0119 z 5 &#8211; 7 cz\u0142onk\u00f3w, kt\u00f3rzy spo\u015br\u00f3d siebie wybieraj\u0105 przewodnicz\u0105cego, jego zast\u0119pc\u0119 i sekretarza.<\/span><\/span><\/p>\n<\/li>\n<li>\n<p align=\"JUSTIFY\"><span style=\"font-family: Calibri, sans-serif;\"><span style=\"font-size: large;\">Osoby kandyduj\u0105ce do Komisji Rewizyjnej nie mog\u0105 by\u0107:<\/span><\/span><\/p>\n<\/li>\n<\/ol>\n<ul>\n<li>\n<p align=\"JUSTIFY\"><span style=\"font-family: Calibri, sans-serif;\"><span style=\"font-size: large;\">Cz\u0142onkami organu zarz\u0105dzaj\u0105cego ani pozostawa\u0107 z nimi w stosunku pokrewie\u0144stwa,\u00a0 powinowactwa lub podleg\u0142o\u015bci z tytu\u0142u zatrudnienia,<\/span><\/span><\/p>\n<\/li>\n<li>\n<p align=\"JUSTIFY\"><span style=\"font-family: Calibri, sans-serif;\"><span style=\"font-size: large;\">skazani prawomocnym wyrokiem za przest\u0119pstwa z winy umy\u015blnej.<\/span><\/span><\/p>\n<\/li>\n<\/ul>\n<p align=\"CENTER\"><span style=\"font-family: Calibri, sans-serif;\"><span style=\"font-size: large;\">\u00a737<\/span><\/span><\/p>\n<ol>\n<li>\n<p align=\"JUSTIFY\"><span style=\"font-family: Calibri, sans-serif;\"><span style=\"font-size: large;\">Do uprawnie\u0144 i obowi\u0105zk\u00f3w G\u0142\u00f3wnej Komisji Rewizyjnej nale\u017cy:<\/span><\/span><\/p>\n<\/li>\n<\/ol>\n<p align=\"JUSTIFY\"><span style=\"font-family: Calibri, sans-serif;\"><span style=\"font-size: large;\">1\/ przeprowadzenie przynajmniej raz w roku kontroli ca\u0142okszta\u0142tu dzia\u0142alno\u015bci Towarzystwa, ze szczeg\u00f3lnym uwzgl\u0119dnieniem gospodarki finansowej, pod wzgl\u0119dem rzetelno\u015bci, gospodarno\u015bci i dyscypliny finansowej,<\/span><\/span><\/p>\n<p align=\"JUSTIFY\"><span style=\"font-family: Calibri, sans-serif;\"><span style=\"font-size: large;\">2\/\u00a0 wyst\u0119powanie do Zarz\u0105du G\u0142\u00f3wnego z wnioskami wynikaj\u0105cymi z ustale\u0144 kontroli i \u017c\u0105danie wyja\u015bnie\u0144, w ramach obowi\u0105zuj\u0105cych przepis\u00f3w i statutu Towarzystwa,<\/span><\/span><\/p>\n<p align=\"JUSTIFY\"><span style=\"font-family: Calibri, sans-serif;\"><span style=\"font-size: large;\">3\/ sk\u0142adanie ze swej dzia\u0142alno\u015bci sprawozdania na Krajowym Zje\u017adzie Delegat\u00f3w<br \/>\ni zg\u0142oszenie wniosku w sprawie absolutorium ust\u0119puj\u0105cemu Zarz\u0105dowi G\u0142\u00f3wnemu,<\/span><\/span><\/p>\n<p align=\"JUSTIFY\"><span style=\"font-family: Calibri, sans-serif;\"><span style=\"font-size: large;\">4\/\u00a0 wyst\u0119powanie do Zarz\u0105du G\u0142\u00f3wnego o zwo\u0142anie nadzwyczajnego Zjazdu Delegat\u00f3w w przypadkach szczeg\u00f3lnej wagi, <\/span><\/span><\/p>\n<p align=\"JUSTIFY\"><span style=\"font-family: Calibri, sans-serif;\"><span style=\"font-size: large;\">5\/\u00a0 czuwanie nad nale\u017cytym funkcjonowaniem komisji rewizyjnych Oddzia\u0142\u00f3w<br \/>\ni K\u00f3\u0142.<\/span><\/span><\/p>\n<ol start=\"2\">\n<li>\n<p align=\"JUSTIFY\"><span style=\"font-family: Calibri, sans-serif;\"><span style=\"font-size: large;\">Przewodnicz\u0105cy G\u0142\u00f3wnej Komisji Rewizyjnej lub jego zast\u0119pca bierze udzia\u0142<br \/>\nw zebraniach Zarz\u0105du G\u0142\u00f3wnego i Prezydium z g\u0142osem doradczym.<\/span><\/span><\/p>\n<\/li>\n<\/ol>\n<p align=\"CENTER\"><span style=\"font-family: Calibri, sans-serif;\"><span style=\"font-size: large;\"><b>G\u0142\u00f3wny S\u0105d Kole\u017ce\u0144ski<\/b><\/span><\/span><\/p>\n<p align=\"CENTER\"><span style=\"font-family: Calibri, sans-serif;\"><span style=\"font-size: large;\">\u00a738<\/span><\/span><\/p>\n<ol>\n<li>\n<p align=\"JUSTIFY\"><span style=\"font-family: Calibri, sans-serif;\"><span style=\"font-size: large;\">Krajowy Zjazd Delegat\u00f3w wybiera, ze swego grona na 5-letni\u0105 kadencj\u0119 G\u0142\u00f3wny S\u0105d Kole\u017ce\u0144ski w sk\u0142adzie 3-5 cz\u0142onk\u00f3w, kt\u00f3rzy spo\u015br\u00f3d siebie wybieraj\u0105 przewodnicz\u0105cego i sekretarza.<\/span><\/span><\/p>\n<\/li>\n<li>\n<p align=\"JUSTIFY\"><span style=\"font-family: Calibri, sans-serif;\"><span style=\"font-size: large;\">Do uprawnie\u0144 i obowi\u0105zk\u00f3w S\u0105du Kole\u017ce\u0144skiego nale\u017cy:<\/span><\/span><\/p>\n<\/li>\n<\/ol>\n<p align=\"JUSTIFY\"><span style=\"font-family: Calibri, sans-serif;\"><span style=\"font-size: large;\">1\/\u00a0 rozpatrywanie spor\u00f3w powsta\u0142ych w obr\u0119bie Towarzystwa pomi\u0119dzy jego cz\u0142onkami oraz mi\u0119dzy cz\u0142onkami i ogniwami Towarzystwa poszczeg\u00f3lnych szczebli zarz\u0105dzania,<\/span><\/span><\/p>\n<p align=\"JUSTIFY\"><span style=\"font-family: Calibri, sans-serif;\"><span style=\"font-size: large;\">2\/\u00a0 rozpatrywanie odwo\u0142a\u0144 od decyzji S\u0105d\u00f3w Kole\u017ce\u0144skich Oddzia\u0142u,<\/span><\/span><\/p>\n<p align=\"JUSTIFY\"><span style=\"font-family: Calibri, sans-serif;\"><span style=\"font-size: large;\">3\/\u00a0 nak\u0142adanie nast\u0119puj\u0105cych kar:<\/span><\/span><\/p>\n<ul>\n<li>\n<p align=\"JUSTIFY\"><span style=\"font-family: Calibri, sans-serif;\"><span style=\"font-size: large;\">upomnienie,<\/span><\/span><\/p>\n<\/li>\n<li>\n<p align=\"JUSTIFY\"><span style=\"font-family: Calibri, sans-serif;\"><span style=\"font-size: large;\">nagana,<\/span><\/span><\/p>\n<\/li>\n<li>\n<p align=\"JUSTIFY\"><span style=\"font-family: Calibri, sans-serif;\"><span style=\"font-size: large;\">zawieszenie w prawach cz\u0142onkowskich na okres od 3 miesi\u0119cy do 1 roku,<\/span><\/span><\/p>\n<\/li>\n<li>\n<p align=\"JUSTIFY\"><span style=\"font-family: Calibri, sans-serif;\"><span style=\"font-size: large;\">wykluczenie z Towarzystw, <\/span><\/span><\/p>\n<\/li>\n<\/ul>\n<p align=\"JUSTIFY\"><span style=\"font-family: Calibri, sans-serif;\"><span style=\"font-size: large;\">4\/ opiniowanie zg\u0142oszonych przez Zarz\u0105d G\u0142\u00f3wny spraw dotycz\u0105cych dzia\u0142alno\u015bci Zarz\u0105d\u00f3w Oddzia\u0142\u00f3w, K\u00f3\u0142 i Klub\u00f3w niezgodnych z przepisami prawnymi, statutem<br \/>\ni uchwa\u0142ami w\u0142adz naczelnych Towarzystwa,<\/span><\/span><\/p>\n<p align=\"JUSTIFY\"><span style=\"font-family: Calibri, sans-serif;\"><span style=\"font-size: large;\">5\/\u00a0 sk\u0142adanie ze swej dzia\u0142alno\u015bci sprawozdania na Krajowym Zje\u017adzie Delegat\u00f3w.<\/span><\/span><\/p>\n<ol start=\"3\">\n<li>\n<p align=\"JUSTIFY\"><span style=\"font-family: Calibri, sans-serif;\"><span style=\"font-size: large;\">S\u0105d Kole\u017ce\u0144ski dzia\u0142a w oparciu o przyj\u0119ty regulamin.<\/span><\/span><\/p>\n<\/li>\n<\/ol>\n<p align=\"CENTER\"><span style=\"font-family: Calibri, sans-serif;\"><span style=\"font-size: large;\"><b>Rozdzia\u0142 V<\/b><\/span><\/span><\/p>\n<p align=\"CENTER\"><span style=\"font-family: Calibri, sans-serif;\"><span style=\"font-size: large;\"><b>Oddzia\u0142y Towarzystwa<\/b><\/span><\/span><\/p>\n<p align=\"CENTER\"><span style=\"font-family: Calibri, sans-serif;\"><span style=\"font-size: large;\">\u00a739<\/span><\/span><\/p>\n<ol>\n<li>\n<p align=\"JUSTIFY\"><span style=\"font-family: Calibri, sans-serif;\"><span style=\"font-size: large;\">Oddzia\u0142y Towarzystwa powo\u0142uje Zarz\u0105d G\u0142\u00f3wny.<\/span><\/span><\/p>\n<\/li>\n<li>\n<p align=\"JUSTIFY\"><span style=\"font-family: Calibri, sans-serif;\"><span style=\"font-size: large;\">Obszar dzia\u0142ania Oddzia\u0142u i miejsce siedziby ustala Zarz\u0105d G\u0142\u00f3wny<br \/>\nw porozumieniu z Zarz\u0105dem Oddzia\u0142u.<\/span><\/span><\/p>\n<\/li>\n<li>\n<p align=\"JUSTIFY\"><span style=\"font-family: Calibri, sans-serif;\"><span style=\"font-size: large;\">Do powo\u0142ania Oddzia\u0142u wymagana jest liczba co najmniej 3 K\u00f3\u0142, Klub\u00f3w.<\/span><\/span><\/p>\n<\/li>\n<\/ol>\n<p align=\"CENTER\"><span style=\"font-family: Calibri, sans-serif;\"><span style=\"font-size: large;\">\u00a740<\/span><\/span><\/p>\n<ol>\n<li>\n<p align=\"JUSTIFY\"><span style=\"font-family: Calibri, sans-serif;\"><span style=\"font-size: large;\">W\u0142adzami Oddzia\u0142u s\u0105:<\/span><\/span><\/p>\n<\/li>\n<\/ol>\n<p align=\"JUSTIFY\"><span style=\"font-family: Calibri, sans-serif;\"><span style=\"font-size: large;\">1\/\u00a0 Zjazd Delegat\u00f3w Oddzia\u0142u,<\/span><\/span><\/p>\n<p align=\"JUSTIFY\"><span style=\"font-family: Calibri, sans-serif;\"><span style=\"font-size: large;\">2\/\u00a0 Zarz\u0105d Oddzia\u0142u,<\/span><\/span><\/p>\n<p align=\"JUSTIFY\"><span style=\"font-family: Calibri, sans-serif;\"><span style=\"font-size: large;\">3\/\u00a0 Komisja Rewizyjna Oddzia\u0142u,<\/span><\/span><\/p>\n<p align=\"JUSTIFY\"><span style=\"font-family: Calibri, sans-serif;\"><span style=\"font-size: large;\">4\/\u00a0 S\u0105d Kole\u017ce\u0144ski Oddzia\u0142u \u2013 je\u017celi Zjazd Oddzia\u0142u dokona jego wyboru.<\/span><\/span><\/p>\n<ol start=\"2\">\n<li>\n<p align=\"JUSTIFY\"><span style=\"font-family: Calibri, sans-serif;\"><span style=\"font-size: large;\">Kadencja w\u0142adz Oddzia\u0142u trwa 5 lat, a ich wyb\u00f3r odbywa si\u0119 w g\u0142osowaniu jawnym lub tajnym, w zale\u017cno\u015bci od ka\u017cdorazowej uchwa\u0142y Zjazdu Delegat\u00f3w Oddzia\u0142u. <\/span><\/span><\/p>\n<\/li>\n<li>\n<p align=\"JUSTIFY\"><span style=\"font-family: Calibri, sans-serif;\"><span style=\"font-size: large;\">W razie ust\u0105pienia cz\u0142onka w\u0142adzy Oddzia\u0142u w czasie trwania kadencji, w\u0142adza ta ma prawo dokooptowa\u0107 innego cz\u0142onka, z tym, \u017ce liczba cz\u0142onk\u00f3w dokooptowanych nie mo\u017ce przekroczy\u0107 \u00bd \u00a0og\u00f3lnej liczby w\u0142adzy.<\/span><\/span><\/p>\n<\/li>\n<\/ol>\n<p align=\"CENTER\"><span style=\"font-family: Calibri, sans-serif;\"><span style=\"font-size: large;\">\u00a741<\/span><\/span><\/p>\n<ol>\n<li>\n<p align=\"JUSTIFY\"><span style=\"font-family: Calibri, sans-serif;\"><span style=\"font-size: large;\">Najwy\u017csz\u0105 w\u0142adz\u0105 Oddzia\u0142u jest Zjazd Delegat\u00f3w Oddzia\u0142u.<\/span><\/span><\/p>\n<\/li>\n<li>\n<p align=\"JUSTIFY\"><span style=\"font-family: Calibri, sans-serif;\"><span style=\"font-size: large;\">Zjazd Delegat\u00f3w mo\u017ce by\u0107 zwyczajny lub nadzwyczajny.<\/span><\/span><\/p>\n<\/li>\n<li>\n<p align=\"JUSTIFY\"><span style=\"font-family: Calibri, sans-serif;\"><span style=\"font-size: large;\">O terminie, miejscu i porz\u0105dku obrad Zjazdu Delegat\u00f3w Zarz\u0105d Oddzia\u0142u zawiadamia<br \/>\ndelegat\u00f3w pisemnie, co najmniej 14 dni przed jego terminem.<\/span><\/span><\/p>\n<\/li>\n<li>\n<p align=\"JUSTIFY\"><span style=\"font-family: Calibri, sans-serif;\"><span style=\"font-size: large;\">Zjazd Oddzia\u0142u, jest wa\u017cny przy obecno\u015bci co najmniej po\u0142owy wybranych delegat\u00f3w lub w drugim terminie bez wzgl\u0119du na liczb\u0119 obecnych delegat\u00f3w.<\/span><\/span><\/p>\n<\/li>\n<\/ol>\n<p align=\"CENTER\"><span style=\"font-family: Calibri, sans-serif;\"><span style=\"font-size: large;\">\u00a742<\/span><\/span><\/p>\n<ol>\n<li>\n<p align=\"JUSTIFY\"><span style=\"font-family: Calibri, sans-serif;\"><span style=\"font-size: large;\">W Zje\u017adzie Delegat\u00f3w Oddzia\u0142u udzia\u0142 bior\u0105:<\/span><\/span><\/p>\n<\/li>\n<\/ol>\n<p align=\"JUSTIFY\"><span style=\"font-family: Calibri, sans-serif;\"><span style=\"font-size: large;\">1\/ z g\u0142osem stanowi\u0105cym delegaci K\u00f3\u0142 i Klub\u00f3w wed\u0142ug regulaminu wyborczego przyj\u0119tego przez Zarz\u0105d G\u0142\u00f3wny w konsultacji z Oddzia\u0142em, <\/span><\/span><\/p>\n<p align=\"JUSTIFY\"><span style=\"font-family: Calibri, sans-serif;\"><span style=\"font-size: large;\">2\/ z g\u0142osem doradczym cz\u0142onkowie ust\u0119puj\u0105cych w\u0142adz Oddzia\u0142u, przedstawiciele cz\u0142onk\u00f3w wspieraj\u0105cych &#8211; o ile nie zostali wybrani delegatami, przedstawiciele w\u0142adz Towarzystwa oraz zaproszeni go\u015bcie,<\/span><\/span><\/p>\n<ol start=\"2\">\n<li>\n<p align=\"JUSTIFY\"><span style=\"font-family: Calibri, sans-serif;\"><span style=\"font-size: large;\">Uchwa\u0142y Zjazdu Delegat\u00f3w Oddzia\u0142u zapadaj\u0105 zwyk\u0142\u0105 wi\u0119kszo\u015bci\u0105 g\u0142os\u00f3w.<\/span><\/span><\/p>\n<\/li>\n<\/ol>\n<p align=\"CENTER\"><span style=\"font-family: Calibri, sans-serif;\"><span style=\"font-size: large;\">\u00a743<\/span><\/span><\/p>\n<p align=\"JUSTIFY\"><span style=\"font-family: Calibri, sans-serif;\"><span style=\"font-size: large;\">Do kompetencji Zjazdu Delegat\u00f3w Oddzia\u0142u nale\u017cy:<\/span><\/span><\/p>\n<p align=\"JUSTIFY\"><span style=\"font-family: Calibri, sans-serif;\"><span style=\"font-size: large;\">1\/ uchwalanie programu dzia\u0142alno\u015bci Oddzia\u0142u zgodnie z postanowieniem statutu<br \/>\ni uchwa\u0142ami w\u0142adz Towarzystwa,<\/span><\/span><\/p>\n<p align=\"JUSTIFY\"><span style=\"font-family: Calibri, sans-serif;\"><span style=\"font-size: large;\">2\/ rozpatrywanie i przyjmowanie sprawozda\u0144 z dzia\u0142alno\u015bci Zarz\u0105du Oddzia\u0142u<br \/>\ni Komisji Rewizyjnej,<\/span><\/span><\/p>\n<p align=\"JUSTIFY\"><span style=\"font-family: Calibri, sans-serif;\"><span style=\"font-size: large;\">3\/ udzielanie absolutorium ust\u0119puj\u0105cemu Zarz\u0105dowi Oddzia\u0142u na wniosek Komisji Rewizyjnej,<\/span><\/span><\/p>\n<p align=\"JUSTIFY\"><span style=\"font-family: Calibri, sans-serif;\"><span style=\"font-size: large;\">4\/ dokonanie wyboru Zarz\u0105du Oddzia\u0142u i Komisji Rewizyjnej na 4-letni\u0105 kadencj\u0119 oraz delegat\u00f3w na Krajowy Zjazd Delegat\u00f3w,<\/span><\/span><\/p>\n<p align=\"JUSTIFY\"><span style=\"font-family: Calibri, sans-serif;\"><span style=\"font-size: large;\">5\/ rozpatrywanie wniosk\u00f3w zg\u0142oszonych przez delegat\u00f3w, Zarz\u0105dy K\u00f3\u0142, Klub\u00f3w<br \/>\ni w\u0142adze naczelne Towarzystwa,<\/span><\/span><\/p>\n<p align=\"JUSTIFY\"><span style=\"font-family: Calibri, sans-serif;\"><span style=\"font-size: large;\">6\/ \u00a0 uchwalanie wniosk\u00f3w na Krajowy Zjazd Delegat\u00f3w,<\/span><\/span><\/p>\n<p align=\"JUSTIFY\"><span style=\"font-family: Calibri, sans-serif;\"><span style=\"font-size: large;\">7\/\u00a0 podejmowanie innych uchwa\u0142, kt\u00f3re wymagaj\u0105 decyzji Zjazdu Oddzia\u0142u.<\/span><\/span><\/p>\n<p align=\"CENTER\"><span style=\"font-family: Calibri, sans-serif;\"><span style=\"font-size: large;\">\u00a744<\/span><\/span><\/p>\n<p align=\"JUSTIFY\"><span style=\"font-family: Calibri, sans-serif;\"><span style=\"font-size: large;\">Zarz\u0105d Oddzia\u0142u sk\u0142ada si\u0119 z 7-15 cz\u0142onk\u00f3w wybranych na Zje\u017adzie Oddzia\u0142u.<\/span><\/span><\/p>\n<p align=\"CENTER\"><span style=\"font-family: Calibri, sans-serif;\"><span style=\"font-size: large;\">\u00a745<\/span><\/span><\/p>\n<p align=\"JUSTIFY\"><span style=\"font-family: Calibri, sans-serif;\"><span style=\"font-size: large;\">Do zakresu dzia\u0142ania Zarz\u0105du Oddzia\u0142u nale\u017cy: <\/span><\/span><\/p>\n<p align=\"JUSTIFY\"><span style=\"font-family: Calibri, sans-serif;\"><span style=\"font-size: large;\">1\/\u00a0 realizowanie uchwa\u0142 Zjazdu,<\/span><\/span><\/p>\n<p align=\"JUSTIFY\"><span style=\"font-family: Calibri, sans-serif;\"><span style=\"font-size: large;\">2\/\u00a0 reprezentowanie Oddzia\u0142u i realizowanie cel\u00f3w Towarzystwa na swoim terenie,<\/span><\/span><\/p>\n<p align=\"JUSTIFY\"><span style=\"font-family: Calibri, sans-serif;\"><span style=\"font-size: large;\">3\/ uchwalanie plan\u00f3w dzia\u0142alno\u015bci Towarzystwa oraz zatwierdzanie sprawozda\u0144<br \/>\nz ich wykonania, <\/span><\/span><\/p>\n<p align=\"JUSTIFY\"><span style=\"font-family: Calibri, sans-serif;\"><span style=\"font-size: large;\">4\/\u00a0 zwo\u0142ywanie Zjazd\u00f3w Oddzia\u0142\u00f3w,<\/span><\/span><\/p>\n<p align=\"JUSTIFY\"><span style=\"font-family: Calibri, sans-serif;\"><span style=\"font-size: large;\">5\/\u00a0 podejmowanie uchwa\u0142 w sprawach nie zastrze\u017conych do zakresu uprawnie\u0144 innych w\u0142adz Towarzystwa,<\/span><\/span><\/p>\n<p align=\"JUSTIFY\"><span style=\"font-family: Calibri, sans-serif;\"><span style=\"font-size: large;\">6\/ uchylanie uchwa\u0142 zebra\u0144 cz\u0142onk\u00f3w K\u00f3\u0142, je\u017celi s\u0105 one sprzeczne<br \/>\nz obowi\u0105zuj\u0105cymi przepisami, statutem lub uchwa\u0142ami w\u0142adz naczelnych<br \/>\ni Oddzia\u0142\u00f3w Towarzystwa,<\/span><\/span><\/p>\n<p align=\"JUSTIFY\"><span style=\"font-family: Calibri, sans-serif;\"><span style=\"font-size: large;\">7\/ odwo\u0142ywanie cz\u0142onk\u00f3w Zarz\u0105d\u00f3w K\u00f3\u0142, je\u017celi ich dzia\u0142alno\u015b\u0107 jest niezgodna z\u00a0obowi\u0105zuj\u0105cymi przepisami, statutem lub uchwa\u0142ami w\u0142adz naczelnych i\u00a0Oddzia\u0142u Towarzystwa. W przypadku zawieszenia Zarz\u0105du Kola, Zarz\u0105d Oddzia\u0142u powo\u0142uje tymczasowy Zarz\u0105d Ko\u0142a, sk\u0142adaj\u0105cy si\u0119 z 3 cz\u0142onk\u00f3w Towarzystwa, kt\u00f3rzy sprawuj\u0105 funkcj\u0119 do czas wyboru nowego Zarz\u0105du Ko\u0142a,<\/span><\/span><\/p>\n<p align=\"JUSTIFY\"><span style=\"font-family: Calibri, sans-serif;\"><span style=\"font-size: large;\">8\/\u00a0 powo\u0142ywanie, koordynacja i kontrola pracy K\u00f3\u0142,<\/span><\/span><\/p>\n<p align=\"JUSTIFY\"><span style=\"font-family: Calibri, sans-serif;\"><span style=\"font-size: large;\">9\/\u00a0 zwo\u0142ywanie nadzwyczajnych Zebra\u0144 Cz\u0142onk\u00f3w K\u00f3\u0142, <\/span><\/span><\/p>\n<p align=\"JUSTIFY\"><span style=\"font-family: Calibri, sans-serif;\"><span style=\"font-size: large;\">10\/ przyjmowanie cz\u0142onk\u00f3w wspieraj\u0105cych.<\/span><\/span><\/p>\n<p align=\"CENTER\"><span style=\"font-family: Calibri, sans-serif;\"><span style=\"font-size: large;\">\u00a746<\/span><\/span><\/p>\n<ol>\n<li>\n<p align=\"JUSTIFY\"><span style=\"font-family: Calibri, sans-serif;\"><span style=\"font-size: large;\">Zarz\u0105d Oddzia\u0142u wybiera ze swojego grona Prezydium Zarz\u0105du Oddzia\u0142u<br \/>\nw liczbie 5-7 cz\u0142onk\u00f3w, w tym prezesa, wiceprezesa\/\u00f3w, skarbnika i sekretarza. <\/span><\/span><\/p>\n<\/li>\n<li>\n<p align=\"JUSTIFY\"><span style=\"font-family: Calibri, sans-serif;\"><span style=\"font-size: large;\">Prezydium Zarz\u0105du Oddzia\u0142u jest organem wykonawczym i kieruje bie\u017c\u0105c\u0105 prac\u0105 Oddzia\u0142u. <\/span><\/span><\/p>\n<\/li>\n<li>\n<p align=\"JUSTIFY\"><span style=\"font-family: Calibri, sans-serif;\"><span style=\"font-size: large;\">Zarz\u0105d Oddzia\u0142u ustala zakres uprawnie\u0144 i obowi\u0105zk\u00f3w b\u0119d\u0105cych w gestii Prezydium.<\/span><\/span><\/p>\n<\/li>\n<\/ol>\n<p align=\"CENTER\"><span style=\"font-family: Calibri, sans-serif;\"><span style=\"font-size: large;\">\u00a747<\/span><\/span><\/p>\n<ol>\n<li>\n<p align=\"JUSTIFY\"><span style=\"font-family: Calibri, sans-serif;\"><span style=\"font-size: large;\">Zjazd Oddzia\u0142u wybiera Komisj\u0119 Rewizyjn\u0105 w sk\u0142adzie 3-5 cz\u0142onk\u00f3w, kt\u00f3rzy spo\u015br\u00f3d siebie wybieraj\u0105 przewodnicz\u0105cego i sekretarza.<\/span><\/span><\/p>\n<\/li>\n<li>\n<p align=\"JUSTIFY\"><span style=\"font-family: Calibri, sans-serif;\"><span style=\"font-size: large;\">Przewodnicz\u0105cy lub sekretarz Komisji Rewizyjnej bierze udzia\u0142 w zebraniach Zarz\u0105du Oddzia\u0142u z g\u0142osem doradczym.<\/span><\/span><\/p>\n<\/li>\n<li>\n<p align=\"JUSTIFY\"><span style=\"font-family: Calibri, sans-serif;\"><span style=\"font-size: large;\">Do uprawnie\u0144 i obowi\u0105zk\u00f3w Oddzia\u0142owej Komisji Rewizyjnej nale\u017cy:<\/span><\/span><\/p>\n<\/li>\n<\/ol>\n<p align=\"JUSTIFY\"><span style=\"font-family: Calibri, sans-serif;\"><span style=\"font-size: large;\">1\/\u00a0 przeprowadzanie przynajmniej raz w roku kontroli ca\u0142okszta\u0142tu dzia\u0142alno\u015bci Zarz\u0105du Oddzia\u0142u i jego terenowych ogniw, ze szczeg\u00f3lnym uwzgl\u0119dnieniem gospodarki finansowej pod wzgl\u0119dem rzetelno\u015bci, gospodarno\u015bci i dyscypliny finansowej,<\/span><\/span><\/p>\n<p align=\"JUSTIFY\"><span style=\"font-family: Calibri, sans-serif;\"><span style=\"font-size: large;\">2\/ wyst\u0119powanie do Zarz\u0105du Oddzia\u0142u z wnioskami wynikaj\u0105cymi z ustale\u0144 kontroli i \u017c\u0105danie wyja\u015bnie\u0144 w ramach obowi\u0105zuj\u0105cych przepis\u00f3w i statutu Towarzystwa,<\/span><\/span><\/p>\n<p align=\"JUSTIFY\"><span style=\"font-family: Calibri, sans-serif;\"><span style=\"font-size: large;\">3\/\u00a0 sk\u0142adanie sprawozda\u0144, ze swej dzia\u0142alno\u015bci na Zje\u017adzie Delegat\u00f3w Oddzia\u0142u,<\/span><\/span><\/p>\n<p align=\"JUSTIFY\"><span style=\"font-family: Calibri, sans-serif;\"><span style=\"font-size: large;\">4\/ wyst\u0119powanie do Zarz\u0105du Oddzia\u0142u o zwo\u0142anie nadzwyczajnego Zjazdu Delegat\u00f3w Oddzia\u0142u,<\/span><\/span><\/p>\n<p align=\"JUSTIFY\"><span style=\"font-family: Calibri, sans-serif;\"><span style=\"font-size: large;\">5\/ czuwanie nad nale\u017cytym funkcjonowaniem Komisji Rewizyjnych K\u00f3\u0142, a tam gdzie ich nie ma wype\u0142nianie ich funkcji.<\/span><\/span><\/p>\n<p align=\"CENTER\"><span style=\"font-family: Calibri, sans-serif;\"><span style=\"font-size: large;\">\u00a748<\/span><\/span><\/p>\n<ol>\n<li>\n<p align=\"JUSTIFY\"><span style=\"font-family: Calibri, sans-serif;\"><span style=\"font-size: large;\">Zjazd Oddzia\u0142u mo\u017ce wybra\u0107 S\u0105d Kole\u017ce\u0144ski Oddzia\u0142u w sk\u0142adzie 3-5 cz\u0142onk\u00f3w, kt\u00f3rzy spo\u015br\u00f3d siebie wybieraj\u0105 przewodnicz\u0105cego i sekretarza.<\/span><\/span><\/p>\n<\/li>\n<li>\n<p align=\"JUSTIFY\"><span style=\"font-family: Calibri, sans-serif;\"><span style=\"font-size: large;\">Do uprawnie\u0144 i obowi\u0105zk\u00f3w S\u0105du Kole\u017ce\u0144skiego Oddzia\u0142u nale\u017cy:<\/span><\/span><\/p>\n<\/li>\n<\/ol>\n<p align=\"JUSTIFY\"><span style=\"font-family: Calibri, sans-serif;\"><span style=\"font-size: large;\">1\/ rozpatrywanie spor\u00f3w powsta\u0142ych pomi\u0119dzy cz\u0142onkami, oraz mi\u0119dzy cz\u0142onkami,<br \/>\na ogniwami Towarzystwa wchodz\u0105cymi w sk\u0142ad danego Oddzia\u0142u,<\/span><\/span><\/p>\n<p align=\"JUSTIFY\"><span style=\"font-family: Calibri, sans-serif;\"><span style=\"font-size: large;\">2\/\u00a0 nak\u0142adanie nast\u0119puj\u0105cych kar:<\/span><\/span><\/p>\n<ul>\n<li>\n<p align=\"JUSTIFY\"><span style=\"font-family: Calibri, sans-serif;\"><span style=\"font-size: large;\">upomnienie,<\/span><\/span><\/p>\n<\/li>\n<li>\n<p align=\"JUSTIFY\"><span style=\"font-family: Calibri, sans-serif;\"><span style=\"font-size: large;\">nagana,<\/span><\/span><\/p>\n<\/li>\n<li>\n<p align=\"JUSTIFY\"><span style=\"font-family: Calibri, sans-serif;\"><span style=\"font-size: large;\">zawieszenie w prawach cz\u0142onka,<\/span><\/span><\/p>\n<\/li>\n<li>\n<p align=\"JUSTIFY\"><span style=\"font-family: Calibri, sans-serif;\"><span style=\"font-size: large;\">wykluczenie z Towarzystwa.<\/span><\/span><\/p>\n<\/li>\n<\/ul>\n<p align=\"JUSTIFY\"><span style=\"font-family: Calibri, sans-serif;\"><span style=\"font-size: large;\">3\/ opiniowanie spraw dotycz\u0105cych dzia\u0142alno\u015bci K\u00f3\u0142 i Klub\u00f3w wchodz\u0105cych w sk\u0142ad danego Oddzia\u0142u, niezgodnych z przepisami prawnymi, statutem i uchwa\u0142ami Towarzystwa<\/span><\/span><\/p>\n<p align=\"JUSTIFY\"><span style=\"font-family: Calibri, sans-serif;\"><span style=\"font-size: large;\">4\/ sk\u0142adanie na Zje\u017adzie Oddzia\u0142u i przesy\u0142anie do G\u0142\u00f3wnego S\u0105du Kole\u017ce\u0144skiego sprawozda\u0144 ze swej dzia\u0142alno\u015bci. <\/span><\/span><\/p>\n<p align=\"CENTER\"><span style=\"font-family: Calibri, sans-serif;\"><span style=\"font-size: large;\"><b>Rozdzia\u0142 VI<\/b><\/span><\/span><\/p>\n<p align=\"CENTER\"><span style=\"font-family: Calibri, sans-serif;\"><span style=\"font-size: large;\"><b>Ko\u0142a \u2013 Kluby<\/b><\/span><\/span><\/p>\n<p align=\"CENTER\"><span style=\"font-family: Calibri, sans-serif;\"><span style=\"font-size: large;\">\u00a749<\/span><\/span><\/p>\n<ol>\n<li>\n<p align=\"JUSTIFY\"><span style=\"font-family: Calibri, sans-serif;\"><span style=\"font-size: large;\">Ko\u0142o i Klub stanowi\u0105 podstawow\u0105 jednostk\u0119 organizacyjn\u0105 Towarzystwa.<\/span><\/span><\/p>\n<\/li>\n<li>\n<p align=\"JUSTIFY\"><span style=\"font-family: Calibri, sans-serif;\"><span style=\"font-size: large;\">Ko\u0142a i Kluby powo\u0142uje Zarz\u0105d Oddzia\u0142u, wzgl\u0119dnie Zarz\u0105d G\u0142\u00f3wny<br \/>\nna obszarach nie obj\u0119tych dzia\u0142alno\u015bci\u0105 Oddzia\u0142u.<\/span><\/span><\/p>\n<\/li>\n<li>\n<p align=\"JUSTIFY\"><span style=\"font-family: Calibri, sans-serif;\"><span style=\"font-size: large;\">Ko\u0142a dzia\u0142aj\u0105 na terenie miast, dzielnic, gmin i wsi.<\/span><\/span><\/p>\n<\/li>\n<li>\n<p align=\"JUSTIFY\"><span style=\"font-family: Calibri, sans-serif;\"><span style=\"font-size: large;\">Ko\u0142a lub Kluby mog\u0105 by\u0107 tak\u017ce powo\u0142ywane w szko\u0142ach b\u0105d\u017a w ramach innych stowarzysze\u0144 spo\u0142ecznych.<\/span><\/span><\/p>\n<\/li>\n<li>\n<p align=\"JUSTIFY\"><span style=\"font-family: Calibri, sans-serif;\"><span style=\"font-size: large;\">Do powo\u0142ania Ko\u0142a, Klubu wymagana jest liczba co najmniej pi\u0119ciu cz\u0142onk\u00f3w.<\/span><\/span><\/p>\n<\/li>\n<li>\n<p align=\"JUSTIFY\"><span style=\"font-family: Calibri, sans-serif;\"><span style=\"font-size: large;\">Ko\u0142a i Kluby dzia\u0142aj\u0105 na tych samych zasadach przewidzianych statutem Towarzystwa.<\/span><\/span><\/p>\n<\/li>\n<li>\n<p align=\"JUSTIFY\"><span style=\"font-family: Calibri, sans-serif;\"><span style=\"font-size: large;\">Ko\u0142a i Kluby mog\u0105 posiada\u0107 swojego patrona \u2013 imi\u0119 wybrane spo\u015br\u00f3d bohater\u00f3w Powstania Wielkopolskiego.<\/span><\/span><\/p>\n<\/li>\n<\/ol>\n<p align=\"CENTER\"><span style=\"font-family: Calibri, sans-serif;\"><span style=\"font-size: large;\">\u00a750<\/span><\/span><\/p>\n<ol>\n<li>\n<p align=\"JUSTIFY\"><span style=\"font-family: Calibri, sans-serif;\"><span style=\"font-size: large;\">W\u0142adzami Kola s\u0105:<\/span><\/span><\/p>\n<\/li>\n<\/ol>\n<p align=\"JUSTIFY\"><span style=\"font-family: Calibri, sans-serif;\"><span style=\"font-size: large;\">1\/\u00a0 Walne Zebranie Cz\u0142onk\u00f3w Ko\u0142a, <\/span><\/span><\/p>\n<p align=\"JUSTIFY\"><span style=\"font-family: Calibri, sans-serif;\"><span style=\"font-size: large;\">2\/\u00a0 Zarz\u0105d Ko\u0142a,<\/span><\/span><\/p>\n<p align=\"JUSTIFY\"><span style=\"font-family: Calibri, sans-serif;\"><span style=\"font-size: large;\">3\/\u00a0 Komisja Rewizyjna Ko\u0142a.<\/span><\/span><\/p>\n<ol start=\"2\">\n<li>\n<p align=\"JUSTIFY\"><span style=\"font-family: Calibri, sans-serif;\"><span style=\"font-size: large;\">Kadencja w\u0142adz Kola trwa 5 lat, a ich wyb\u00f3r odbywa si\u0119 w g\u0142osowaniu jawnym lub tajnym, w zale\u017cno\u015bci od ka\u017cdorazowej uchwa\u0142y Walnego Zebrania Cz\u0142onk\u00f3w Ko\u0142a.<\/span><\/span><\/p>\n<\/li>\n<li>\n<p align=\"JUSTIFY\"><span style=\"font-family: Calibri, sans-serif;\"><span style=\"font-size: large;\">W razie ust\u0105pienia cz\u0142onka w\u0142adzy Ko\u0142a w czasie trwania kadencji, w\u0142adza ta ma prawo dokooptowania innego cz\u0142onka, z tym, \u017ce liczba cz\u0142onk\u00f3w dokooptowanych nie mo\u017ce przekroczy\u0107 1\/2 liczby cz\u0142onk\u00f3w tej w\u0142adzy.<\/span><\/span><\/p>\n<\/li>\n<\/ol>\n<p align=\"CENTER\"><span style=\"font-family: Calibri, sans-serif;\"><span style=\"font-size: large;\">\u00a751<\/span><\/span><\/p>\n<ol>\n<li>\n<p align=\"JUSTIFY\"><span style=\"font-family: Calibri, sans-serif;\"><span style=\"font-size: large;\">Najwy\u017csz\u0105 w\u0142adz\u0105 Ko\u0142a jest Walne Zebranie Cz\u0142onk\u00f3w Ko\u0142a.<\/span><\/span><\/p>\n<\/li>\n<li>\n<p align=\"JUSTIFY\"><span style=\"font-family: Calibri, sans-serif;\"><span style=\"font-size: large;\">Walne Zebranie Cz\u0142onk\u00f3w Ko\u0142a mo\u017ce by\u0107 zwyczajne lub nadzwyczajne.<\/span><\/span><\/p>\n<\/li>\n<\/ol>\n<p align=\"CENTER\"><span style=\"font-family: Calibri, sans-serif;\"><span style=\"font-size: large;\">\u00a752<\/span><\/span><\/p>\n<p align=\"JUSTIFY\"><span style=\"font-family: Calibri, sans-serif;\"><span style=\"font-size: large;\">Do kompetencji Walnego Zebrania Cz\u0142onk\u00f3w Ko\u0142a nale\u017cy:<\/span><\/span><\/p>\n<p align=\"JUSTIFY\"><span style=\"font-family: Calibri, sans-serif;\"><span style=\"font-size: large;\">1\/ uchwalanie program\u00f3w dzia\u0142ania, zgodnie z postanowieniami statutu, uchwa\u0142ami i wytycznymi w\u0142adz naczelnych i Oddzia\u0142\u00f3w Towarzystwa, <\/span><\/span><\/p>\n<p align=\"JUSTIFY\"><span style=\"font-family: Calibri, sans-serif;\"><span style=\"font-size: large;\">2\/\u00a0 wyb\u00f3r w\u0142adz Ko\u0142a oraz delegat\u00f3w na Zjazd Delegat\u00f3w Oddzia\u0142u, <\/span><\/span><\/p>\n<p align=\"JUSTIFY\"><span style=\"font-family: Calibri, sans-serif;\"><span style=\"font-size: large;\">3\/\u00a0 rozpatrywanie i przyjmowanie sprawozda\u0144 z dzia\u0142alno\u015bci Zarz\u0105du Ko\u0142a,<\/span><\/span><\/p>\n<p align=\"JUSTIFY\"><span style=\"font-family: Calibri, sans-serif;\"><span style=\"font-size: large;\">4\/\u00a0 udzielanie absolutorium Zarz\u0105dowi Ko\u0142a, na wniosek Komisji Rewizyjnej Ko\u0142a,<\/span><\/span><\/p>\n<p align=\"JUSTIFY\"><span style=\"font-family: Calibri, sans-serif;\"><span style=\"font-size: large;\">5\/\u00a0 rozpatrywanie wniosk\u00f3w zg\u0142oszonych przez w\u0142adze Oddzia\u0142u i Ko\u0142a oraz cz\u0142onk\u00f3w Ko\u0142a.<\/span><\/span><\/p>\n<p align=\"CENTER\"><span style=\"font-family: Calibri, sans-serif;\"><span style=\"font-size: large;\">\u00a753<\/span><\/span><\/p>\n<ol>\n<li>\n<p align=\"JUSTIFY\"><span style=\"font-family: Calibri, sans-serif;\"><span style=\"font-size: large;\">W Walnym Zebraniu Cz\u0142onk\u00f3w Ko\u0142a udzia\u0142 bior\u0105 z g\u0142osem stanowi\u0105cym wszyscy cz\u0142onkowie Ko\u0142a, a z g\u0142osem doradczym przedstawiciele Zarz\u0105du Oddzia\u0142u<br \/>\ni zaproszeni go\u015bcie.<\/span><\/span><\/p>\n<\/li>\n<li>\n<p align=\"JUSTIFY\"><span style=\"font-family: Calibri, sans-serif;\"><span style=\"font-size: large;\">Uchwa\u0142y Walnego Zebrania Cz\u0142onk\u00f3w Ko\u0142a zapadaj\u0105 zwyk\u0142\u0105 wi\u0119kszo\u015bci\u0105 g\u0142os\u00f3w, przy obecno\u015bci, w pierwszym terminie co najmniej po\u0142owy og\u00f3lnej liczby cz\u0142onk\u00f3w Ko\u0142a, a w drugim terminie &#8211; bez wzgl\u0119du na liczb\u0119 obecnych cz\u0142onk\u00f3w Ko\u0142a.<\/span><\/span><\/p>\n<\/li>\n<li>\n<p align=\"JUSTIFY\"><span style=\"font-family: Calibri, sans-serif;\"><span style=\"font-size: large;\">O terminie, miejscu i porz\u0105dku obrad Walnego Zebrania Cz\u0142onk\u00f3w Kola, Zarz\u0105d Ko\u0142a zawiadamia cz\u0142onk\u00f3w pisemnie, co najmniej na 14 dni przed jego terminem.<\/span><\/span><\/p>\n<\/li>\n<\/ol>\n<p align=\"CENTER\"><span style=\"font-family: Calibri, sans-serif;\"><span style=\"font-size: large;\">\u00a754<\/span><\/span><\/p>\n<ol>\n<li>\n<p align=\"JUSTIFY\"><span style=\"font-family: Calibri, sans-serif;\"><span style=\"font-size: large;\">Nadzwyczajne Walne Zebranie Cz\u0142onk\u00f3w Ko\u0142a zwo\u0142uje Zarz\u0105d Ko\u0142a z w\u0142asnej inicjatywy oraz na wniosek: <\/span><\/span><\/p>\n<\/li>\n<\/ol>\n<p align=\"JUSTIFY\"><span style=\"font-family: Calibri, sans-serif;\"><span style=\"font-size: large;\">1\/\u00a0 Zarz\u0105du Oddzia\u0142u,<\/span><\/span><\/p>\n<p align=\"JUSTIFY\"><span style=\"font-family: Calibri, sans-serif;\"><span style=\"font-size: large;\">2\/\u00a0 Komisji Rewizyjnej Oddzia\u0142u, <\/span><\/span><\/p>\n<p align=\"JUSTIFY\"><span style=\"font-family: Calibri, sans-serif;\"><span style=\"font-size: large;\">3\/\u00a0 Komisji Rewizyjnej Ko\u0142a,<\/span><\/span><\/p>\n<p align=\"JUSTIFY\"><span style=\"font-family: Calibri, sans-serif;\"><span style=\"font-size: large;\">4\/\u00a0 1\/3 liczby cz\u0142onk\u00f3w Ko\u0142a.<\/span><\/span><\/p>\n<p align=\"JUSTIFY\"><span style=\"font-family: Calibri, sans-serif;\"><span style=\"font-size: large;\">Wniosek Zarz\u0105du Oddzia\u0142u, Komisji Rewizyjnej Oddzia\u0142u lub Ko\u0142a oraz cz\u0142onk\u00f3w Ko\u0142a powinien okre\u015bla\u0107 sprawy, kt\u00f3re ma rozpatrzy\u0107 Nadzwyczajne Walne Zebranie Cz\u0142onk\u00f3w Kola.<\/span><\/span><\/p>\n<ol start=\"2\">\n<li>\n<p align=\"JUSTIFY\"><span style=\"font-family: Calibri, sans-serif;\"><span style=\"font-size: large;\">Nadzwyczajne Walne Zebranie Cz\u0142onk\u00f3w Ko\u0142a jest zwo\u0142ywane przez Zarz\u0105d Ko\u0142a w terminie 30 dni od daty zg\u0142oszenia wniosku i obraduje nad sprawami dla kt\u00f3rych zosta\u0142o zwo\u0142ane.<\/span><\/span><\/p>\n<\/li>\n<\/ol>\n<p align=\"CENTER\"><span style=\"font-family: Calibri, sans-serif;\"><span style=\"font-size: large;\">\u00a755<\/span><\/span><\/p>\n<ol>\n<li>\n<p align=\"JUSTIFY\"><span style=\"font-family: Calibri, sans-serif;\"><span style=\"font-size: large;\">Zarz\u0105d Ko\u0142a sk\u0142ada si\u0119 z 3-9 cz\u0142onk\u00f3w.<\/span><\/span><\/p>\n<\/li>\n<li>\n<p align=\"JUSTIFY\"><span style=\"font-family: Calibri, sans-serif;\"><span style=\"font-size: large;\">Zarz\u0105d wybiera spo\u015br\u00f3d siebie prezesa, sekretarza i skarbnika.<\/span><\/span><\/p>\n<\/li>\n<li>\n<p align=\"JUSTIFY\"><span style=\"font-family: Calibri, sans-serif;\"><span style=\"font-size: large;\">Zebrania Zarz\u0105du Kola powinny odbywa\u0107 si\u0119 w miar\u0119 potrzeb, nie rzadziej jednak ni\u017c dwa razy w roku.<\/span><\/span><\/p>\n<\/li>\n<\/ol>\n<p align=\"CENTER\"><span style=\"font-family: Calibri, sans-serif;\"><span style=\"font-size: large;\">\u00a756<\/span><\/span><\/p>\n<p align=\"JUSTIFY\"><span style=\"font-family: Calibri, sans-serif;\"><span style=\"font-size: large;\">Do uprawnie\u0144 i obowi\u0105zk\u00f3w Zarz\u0105du Ko\u0142a nale\u017cy:<\/span><\/span><\/p>\n<p align=\"JUSTIFY\"><span style=\"font-family: Calibri, sans-serif;\"><span style=\"font-size: large;\">1\/\u00a0 reprezentowanie Ko\u0142a i realizacja cel\u00f3w Towarzystwa na swoim terenie,<\/span><\/span><\/p>\n<p align=\"JUSTIFY\"><span style=\"font-family: Calibri, sans-serif;\"><span style=\"font-size: large;\">2\/ wsp\u00f3\u0142praca z w\u0142adzami lokalnymi i szko\u0142ami, zw\u0142aszcza nosz\u0105cymi imiona bohater\u00f3w Powstania Wielkopolskiego,<\/span><\/span><\/p>\n<p align=\"JUSTIFY\"><span style=\"font-family: Calibri, sans-serif;\"><span style=\"font-size: large;\">3\/ kierowanie dzia\u0142alno\u015bci\u0105 Ko\u0142a zgodnie z postanowieniami statutu, uchwa\u0142ami<br \/>\ni wytycznymi w\u0142adz naczelnych i oddzia\u0142owych Towarzystwa, <\/span><\/span><\/p>\n<p align=\"JUSTIFY\"><span style=\"font-family: Calibri, sans-serif;\"><span style=\"font-size: large;\">4\/ uchwalenie rocznych plan\u00f3w dzia\u0142alno\u015bci programowo-organizacyjnej oraz sk\u0142adanie Zarz\u0105dowi Oddzia\u0142u okresowych sprawozda\u0144 z tej dzia\u0142alno\u015bci,<\/span><\/span><\/p>\n<p align=\"JUSTIFY\"><span style=\"font-family: Calibri, sans-serif;\"><span style=\"font-size: large;\">5\/\u00a0 przyjmowanie cz\u0142onk\u00f3w.<\/span><\/span><\/p>\n<p align=\"CENTER\"><span style=\"font-family: Calibri, sans-serif;\"><span style=\"font-size: large;\">\u00a757<\/span><\/span><\/p>\n<ol>\n<li>\n<p align=\"JUSTIFY\"><span style=\"font-family: Calibri, sans-serif;\"><span style=\"font-size: large;\">Komisja Rewizyjna Ko\u0142a sk\u0142ada si\u0119 z 3 cz\u0142onk\u00f3w, kt\u00f3rzy spo\u015br\u00f3d siebie wybieraj\u0105 przewodnicz\u0105cego i sekretarza.<\/span><\/span><\/p>\n<\/li>\n<li>\n<p align=\"JUSTIFY\"><span style=\"font-family: Calibri, sans-serif;\"><span style=\"font-size: large;\">W Ko\u0142ach, w kt\u00f3rych nie s\u0105 powo\u0142ane Komisje Rewizyjne, czynno\u015bci wymienione w \u00a758 dokonuje Komisja Rewizyjna Oddzia\u0142u lub Zebranie Ko\u0142a,<br \/>\na w Ko\u0142ach podleg\u0142ych bezpo\u015brednio pod Zarz\u0105d G\u0142\u00f3wny \u2013 G\u0142\u00f3wna Komisja Rewizyjna lub Zebranie Ko\u0142a.<\/span><\/span><\/p>\n<\/li>\n<\/ol>\n<p align=\"CENTER\"><span style=\"font-family: Calibri, sans-serif;\"><span style=\"font-size: large;\">\u00a758<\/span><\/span><\/p>\n<ol>\n<li>\n<p align=\"JUSTIFY\"><span style=\"font-family: Calibri, sans-serif;\"><span style=\"font-size: large;\">Do uprawnie\u0144 i obowi\u0105zk\u00f3w Komisji Rewizyjnej Ko\u0142a nale\u017cy:<\/span><\/span><\/p>\n<\/li>\n<\/ol>\n<p align=\"JUSTIFY\"><span style=\"font-family: Calibri, sans-serif;\"><span style=\"font-size: large;\">1\/ przeprowadzanie co najmniej raz w roku kontroli ca\u0142okszta\u0142tu dzia\u0142alno\u015bci Ko\u0142a,<br \/>\nze szczeg\u00f3lnym uwzgl\u0119dnieniem gospodarki finansowej, pod wzgl\u0119dem rzetelno\u015bci gospodarno\u015bci i dyscypliny finansowej,<\/span><\/span><\/p>\n<p align=\"JUSTIFY\"><span style=\"font-family: Calibri, sans-serif;\"><span style=\"font-size: large;\">2\/\u00a0 wyst\u0119powanie do Zarz\u0105du Ko\u0142a z wnioskami wynikaj\u0105cymi z ustale\u0144 kontroli<br \/>\ni \u017c\u0105dania wyja\u015bnie\u0144 oraz usuni\u0119cia stwierdzonych uchybie\u0144, w ramach obowi\u0105zuj\u0105cych przepis\u00f3w i statutu Towarzystwa, <\/span><\/span><\/p>\n<p align=\"JUSTIFY\"><span style=\"font-family: Calibri, sans-serif;\"><span style=\"font-size: large;\">3\/\u00a0 sporz\u0105dzanie sprawozda\u0144 ze swojej dzia\u0142alno\u015bci i wyst\u0119powanie na Walnym Zebraniu Cz\u0142onk\u00f3w Ko\u0142a z wnioskiem o udzielenie absolutorium dla ust\u0119puj\u0105cego Zarz\u0105du Ko\u0142a,<\/span><\/span><\/p>\n<p align=\"JUSTIFY\"><span style=\"font-family: Calibri, sans-serif;\"><span style=\"font-size: large;\">4\/ przewodnicz\u0105cy Komisji Rewizyjnej Ko\u0142a lub sekretarz bierze udzia\u0142 w zebraniu Zarz\u0105du Ko\u0142a z g\u0142osem doradczym. <\/span><\/span><\/p>\n<p align=\"CENTER\"><span style=\"font-family: Calibri, sans-serif;\"><span style=\"font-size: large;\"><b>Rozdzia\u0142 VII<\/b><\/span><\/span><\/p>\n<p align=\"CENTER\"><span style=\"font-family: Calibri, sans-serif;\"><span style=\"font-size: large;\"><b>Maj\u0105tek Towarzystwa<\/b><\/span><\/span><\/p>\n<p align=\"CENTER\"><span style=\"font-family: Calibri, sans-serif;\"><span style=\"font-size: large;\">\u00a759<\/span><\/span><\/p>\n<p align=\"JUSTIFY\"><span style=\"font-family: Calibri, sans-serif;\"><span style=\"font-size: large;\">Maj\u0105tek Towarzystwa stanowi\u0105 nieruchomo\u015bci, ruchomo\u015bci i fundusze.<\/span><\/span><\/p>\n<p align=\"CENTER\"><span style=\"font-family: Calibri, sans-serif;\"><span style=\"font-size: large;\">\u00a760<\/span><\/span><\/p>\n<p align=\"JUSTIFY\"><span style=\"font-family: Calibri, sans-serif;\"><span style=\"font-size: large;\">Na fundusz Towarzystwa sk\u0142adaj\u0105 si\u0119:<\/span><\/span><\/p>\n<p align=\"JUSTIFY\"><span style=\"font-family: Calibri, sans-serif;\"><span style=\"font-size: large;\">1\/\u00a0 wp\u0142ywy z wpisowego i sk\u0142adek cz\u0142onkowskich,<\/span><\/span><\/p>\n<p align=\"JUSTIFY\"><span style=\"font-family: Calibri, sans-serif;\"><span style=\"font-size: large;\">2\/\u00a0 dotacje, zapisy i darowizny, <\/span><\/span><\/p>\n<p align=\"JUSTIFY\"><span style=\"font-family: Calibri, sans-serif;\"><span style=\"font-size: large;\">3\/\u00a0 wp\u0142ywy z dzia\u0142alno\u015bci statutowej.<\/span><\/span><\/p>\n<p align=\"CENTER\"><span style=\"font-family: Calibri, sans-serif;\"><span style=\"font-size: large;\">\u00a761<\/span><\/span><\/p>\n<ol>\n<li>\n<p align=\"JUSTIFY\"><span style=\"font-family: Calibri, sans-serif;\"><span style=\"font-size: large;\">Zasady prowadzenia gospodarki finansowej Towarzystwa ustala Zarz\u0105d G\u0142\u00f3wny.<\/span><\/span><\/p>\n<\/li>\n<li>\n<p align=\"JUSTIFY\"><span style=\"font-family: Calibri, sans-serif;\"><span style=\"font-size: large;\">Gospodarka finansowa Towarzystwa obejmuje mi\u0119dzy innymi zasady zabraniaj\u0105ce:<\/span><\/span><\/p>\n<\/li>\n<\/ol>\n<p align=\"JUSTIFY\"><span style=\"font-family: Calibri, sans-serif;\"><span style=\"font-size: large;\">1\/\u00a0 udzielania po\u017cyczek lub zabezpieczenia zobowi\u0105za\u0144 maj\u0105tkiem organizacji<br \/>\nw stosunku do jej cz\u0142onk\u00f3w, cz\u0142onk\u00f3w organ\u00f3w lub pracownik\u00f3w oraz osobom, z kt\u00f3rymi pracownicy pozostaj\u0105<br \/>\nw zwi\u0105zku ma\u0142\u017ce\u0144skim lub w stosunku pokrewie\u0144stwa lub powinowactwa w linii prostej, pokrewie\u0144stwa lub powinowactwa w linii bocznej do drugiego stopnia albo zwi\u0105zani z tytu\u0142u przysposobienia, opieki lub kurateli zwane dalej \u201eosobami bliskimi&#8221;,<\/span><\/span><\/p>\n<p align=\"JUSTIFY\"><span style=\"font-family: Calibri, sans-serif;\"><span style=\"font-size: large;\">2\/\u00a0 przekazywania maj\u0105tku Towarzystwa na rzecz jego cz\u0142onk\u00f3w, cz\u0142onk\u00f3w organ\u00f3w lub pracownik\u00f3w oraz os\u00f3b bliskich, na zasadach innych ni\u017c<br \/>\nw stosunku do os\u00f3b trzecich, w szczeg\u00f3lno\u015bci, je\u017celi przekazanie to nast\u0119puje bezp\u0142atnie lub na preferencyjnych warunkach,<\/span><\/span><\/p>\n<p align=\"JUSTIFY\"><span style=\"font-family: Calibri, sans-serif;\"><span style=\"font-size: large;\">3\/ wykorzystywania maj\u0105tku na rzecz cz\u0142onk\u00f3w, cz\u0142onk\u00f3w organ\u00f3w lub pracownik\u00f3w oraz ich os\u00f3b bliskich<br \/>\nna zasadach innych ni\u017c w stosunku do os\u00f3b trzecich,<\/span><\/span><\/p>\n<p align=\"JUSTIFY\"><span style=\"font-family: Calibri, sans-serif;\"><span style=\"font-size: large;\">4\/ zakupu na szczeg\u00f3lnych zasadach towar\u00f3w lub us\u0142ug od podmiot\u00f3w, w\u00a0kt\u00f3rych uczestnicz\u0105 cz\u0142onkowie Towarzystwa, cz\u0142onkowie jego organ\u00f3w lub pracownicy oraz od os\u00f3b bliskich.<\/span><\/span><\/p>\n<p align=\"CENTER\"><span style=\"font-family: Calibri, sans-serif;\"><span style=\"font-size: large;\">\u00a762<\/span><\/span><\/p>\n<ol>\n<li>\n<p align=\"JUSTIFY\"><span style=\"font-family: Calibri, sans-serif;\"><span style=\"font-size: large;\">W\u0142adze Oddzia\u0142u Towarzystwa s\u0105 obowi\u0105zane zarz\u0105dza\u0107 maj\u0105tkiem Towarzystwa zgodnie z zasadami ustalonymi przez Zarz\u0105d G\u0142\u00f3wny.<\/span><\/span><\/p>\n<\/li>\n<li>\n<p align=\"JUSTIFY\"><span style=\"font-family: Calibri, sans-serif;\"><span style=\"font-size: large;\">Zarz\u0105d G\u0142\u00f3wny nie odpowiada za zobowi\u0105zania Oddzia\u0142\u00f3w, K\u00f3\u0142 i Klub\u00f3w, chyba \u017ce co innego wynika<br \/>\nz czynno\u015bci prawnych.<\/span><\/span><\/p>\n<\/li>\n<\/ol>\n<p align=\"CENTER\"><span style=\"font-family: Calibri, sans-serif;\"><span style=\"font-size: large;\">\u00a763<\/span><\/span><\/p>\n<p align=\"JUSTIFY\"><span style=\"font-family: Calibri, sans-serif;\"><span style=\"font-size: large;\">O\u015bwiadczenia w imieniu Towarzystwa sk\u0142ada prezes lub wiceprezes lub sekretarz generalny z tym zastrze\u017ceniem,<br \/>\n\u017ce dla wa\u017cno\u015bci o\u015bwiadcze\u0144 dotycz\u0105cych praw lub obowi\u0105zk\u00f3w maj\u0105tkowych Towarzystwa wymagane jest wsp\u00f3\u0142dzia\u0142anie dw\u00f3ch cz\u0142onk\u00f3w Prezydium Zarz\u0105du G\u0142\u00f3wnego, przy czym ka\u017cdorazowo co najmniej jednym z nich musi by\u0107 prezes albo skarbnik.<\/span><\/span><\/p>\n<p align=\"CENTER\"><span style=\"font-family: Calibri, sans-serif;\"><span style=\"font-size: large;\"><b>Rozdzia\u0142 VIII<\/b><\/span><\/span><\/p>\n<p align=\"CENTER\"><span style=\"font-family: Calibri, sans-serif;\"><span style=\"font-size: large;\"><b>Zmiana statutu i rozwi\u0105zanie Towarzystwa<\/b><\/span><\/span><\/p>\n<p align=\"CENTER\"><span style=\"font-family: Calibri, sans-serif;\"><span style=\"font-size: large;\">\u00a764<\/span><\/span><\/p>\n<ol>\n<li>\n<p align=\"JUSTIFY\"><span style=\"font-family: Calibri, sans-serif;\"><span style=\"font-size: large;\">Zmiana statutu i rozwi\u0105zanie Towarzystwa mo\u017ce nast\u0105pi\u0107 na podstawie uchwa\u0142y zwyczajnego lub nadzwyczajnego Krajowego Zjazdu Delegat\u00f3w, podj\u0119tej wi\u0119kszo\u015bci\u0105 2\/3 g\u0142os\u00f3w w obecno\u015bci co najmniej po\u0142owy z og\u00f3lnej liczby os\u00f3b uprawnionych do g\u0142osowania\u00a0 w pierwszym terminie, a w drugim terminie bez wzgl\u0119du na ilo\u015b\u0107 uprawnionych os\u00f3b obecnych na Zje\u017adzie.<\/span><\/span><\/p>\n<\/li>\n<li>\n<p align=\"JUSTIFY\"><span style=\"font-family: Calibri, sans-serif;\"><span style=\"font-size: large;\">Wraz z uchwa\u0142\u0105 o rozwi\u0105zaniu Towarzystwa Krajowy Zjazd Delegat\u00f3w decyduje o przeznaczeniu maj\u0105tku Towarzystwa i powo\u0142uje komisj\u0119 likwidacyjn\u0105.<\/span><\/span><\/p>\n<\/li>\n<li>\n<p align=\"JUSTIFY\"><span style=\"font-family: Calibri, sans-serif;\"><span style=\"font-size: large;\">Uchwa\u0142a Zjazdu o przeznaczeniu maj\u0105tku Towarzystwa wymaga zatwierdzenia przez w\u0142adz\u0119 rejestracyjn\u0105.<\/span><\/span><\/p>\n<\/li>\n<\/ol>\n<p align=\"CENTER\"><span style=\"font-family: Calibri, sans-serif;\"><span style=\"font-size: large;\">\u00a765<\/span><\/span><\/p>\n<p align=\"JUSTIFY\"><span style=\"font-family: Calibri, sans-serif;\"><span style=\"font-size: large;\">Wszelkie zmiany w statucie uchwalone przez Krajowy Zjazd Delegat\u00f3w obowi\u0105zuj\u0105 po zatwierdzeniu przez w\u0142adz\u0119 rejestracyjn\u0105.<\/span><\/span><\/p>\n<p style=\"text-align: center;\" align=\"JUSTIFY\"><span style=\"font-family: Calibri, sans-serif;\"><span style=\"font-size: large;\">Tekst jednolity statutu uwzgl\u0119dniaj\u0105cy zmiany wprowadzone w dniu 25 maja 2024\u00a0r. przez VIII Krajowy Zjazd Towarzystwa Pami\u0119ci Powstania Wielkopolskiego 1918\/1919.<\/span><\/span><\/p>\n<p align=\"JUSTIFY\">\n<div data-animation=\"pulse\" data-icons-animation=\"no-animation\" data-overlay=\"on\" data-change-size=\"\" data-button-size=\"0.7\" style=\"font-size:0.7em;display:none;\" class=\"supsystic-social-sharing supsystic-social-sharing-package-flat supsystic-social-sharing-hide-on-homepage supsystic-social-sharing-content supsystic-social-sharing-content-align-center\" data-text=\"\"><a class=\"social-sharing-button sharer-flat sharer-flat-2 counter-standard digg\" target=\"_blank\" title=\"Digg\" href=\"http:\/\/digg.com\/submit?url=https%3A%2F%2Fpowstaniewielkopolskie.pl%2Fnowa%2F%3Fpage_id%3D53&title=Statut+TPPW\" data-nid=\"8\" data-name=\"\" data-pid=\"1\" data-post-id=\"53\" data-url=\"https:\/\/powstaniewielkopolskie.pl\/nowa\/wp-admin\/admin-ajax.php\" data-url=\"https:\/\/powstaniewielkopolskie.pl\/nowa\/wp-admin\/admin-ajax.php\" data-description=\"Statut TPPW\" rel=\"nofollow\"><i class=\"fa fa-fw fa-digg\"><\/i><div class=\"counter-wrap standard\"><span class=\"counter\">5<\/span><\/div><\/a><a class=\"social-sharing-button sharer-flat sharer-flat-2 counter-standard mail\" target=\"_blank\" title=\"Mail\" href=\"#\" data-nid=\"16\" data-name=\"\" data-pid=\"1\" data-post-id=\"53\" data-url=\"https:\/\/powstaniewielkopolskie.pl\/nowa\/wp-admin\/admin-ajax.php\" data-url=\"https:\/\/powstaniewielkopolskie.pl\/nowa\/wp-admin\/admin-ajax.php\" data-description=\"Statut TPPW\" rel=\"nofollow\"><i class=\"fa fa-fw fa-envelope-o\"><\/i><div class=\"counter-wrap standard\"><span class=\"counter\">5<\/span><\/div><\/a><a class=\"social-sharing-button sharer-flat sharer-flat-2 counter-standard facebook\" target=\"_blank\" title=\"Facebook\" href=\"http:\/\/www.facebook.com\/sharer.php?u=https%3A%2F%2Fpowstaniewielkopolskie.pl%2Fnowa%2F%3Fpage_id%3D53\" data-nid=\"1\" data-name=\"\" data-pid=\"1\" data-post-id=\"53\" data-url=\"https:\/\/powstaniewielkopolskie.pl\/nowa\/wp-admin\/admin-ajax.php\" data-url=\"https:\/\/powstaniewielkopolskie.pl\/nowa\/wp-admin\/admin-ajax.php\" data-description=\"Statut TPPW\" rel=\"nofollow\"><i class=\"fa fa-fw fa-facebook\"><\/i><div class=\"counter-wrap standard\"><span class=\"counter\">4<\/span><\/div><\/a><a class=\"social-sharing-button sharer-flat sharer-flat-2 counter-standard whatsapp\" target=\"_blank\" title=\"WhatsApp\" href=\"whatsapp:\/\/send?text=https%3A%2F%2Fpowstaniewielkopolskie.pl%2Fnowa%2F%3Fpage_id%3D53\" data-nid=\"18\" data-name=\"\" data-pid=\"1\" data-post-id=\"53\" data-url=\"https:\/\/powstaniewielkopolskie.pl\/nowa\/wp-admin\/admin-ajax.php\" data-url=\"https:\/\/powstaniewielkopolskie.pl\/nowa\/wp-admin\/admin-ajax.php\" data-description=\"Statut TPPW\" rel=\"nofollow\"><i class=\"fa fa-fw fa-whatsapp\"><\/i><div class=\"counter-wrap standard\"><span class=\"counter\">1<\/span><\/div><\/a><a class=\"social-sharing-button sharer-flat sharer-flat-2 counter-standard twitter\" target=\"_blank\" title=\"Twitter\" href=\"https:\/\/twitter.com\/share?url=https%3A%2F%2Fpowstaniewielkopolskie.pl%2Fnowa%2F%3Fpage_id%3D53&text=Statut+TPPW\" data-nid=\"2\" data-name=\"\" data-pid=\"1\" data-post-id=\"53\" data-url=\"https:\/\/powstaniewielkopolskie.pl\/nowa\/wp-admin\/admin-ajax.php\" data-url=\"https:\/\/powstaniewielkopolskie.pl\/nowa\/wp-admin\/admin-ajax.php\" data-description=\"Statut TPPW\" rel=\"nofollow\"><i class=\"fa fa-fw fa-twitter\"><\/i><div class=\"counter-wrap standard\"><span class=\"counter\">1<\/span><\/div><\/a><a class=\"social-sharing-button sharer-flat sharer-flat-2 counter-standard googleplus\" target=\"_blank\" title=\"Google+\" href=\"https:\/\/plus.google.com\/share?url=https%3A%2F%2Fpowstaniewielkopolskie.pl%2Fnowa%2F%3Fpage_id%3D53\" data-nid=\"3\" data-name=\"\" data-pid=\"1\" data-post-id=\"53\" data-url=\"https:\/\/powstaniewielkopolskie.pl\/nowa\/wp-admin\/admin-ajax.php\" data-url=\"https:\/\/powstaniewielkopolskie.pl\/nowa\/wp-admin\/admin-ajax.php\" data-description=\"Statut TPPW\" rel=\"nofollow\"><i class=\"fa fa-fw fa-google-plus\"><\/i><div class=\"counter-wrap standard\"><span class=\"counter\">1<\/span><\/div><\/a><\/div>","protected":false},"excerpt":{"rendered":"<p>STATUT Towarzystwa Pami\u0119ci Powstania Wielkopolskiego 1918\/1919 Rozdzia\u0142 I Postanowienia og\u00f3lne \u00a71 Towarzystwo Pami\u0119ci Powstania Wielkopolskiego 1918\/1919 zwane dalej \u201eTowarzystwem&#8221; dzia\u0142a na mocy ustawy z dnia 7 kwietnia 1989 roku \u201ePrawo o stowarzyszeniach&#8221;<a class=\"moretag\" href=\"https:\/\/powstaniewielkopolskie.pl\/nowa\/?page_id=53\">Czytaj wi\u0119cej&#8230;<\/a><\/p>\n<div data-animation=\"pulse\" data-icons-animation=\"no-animation\" data-overlay=\"on\" data-change-size=\"\" data-button-size=\"0.7\" style=\"font-size:0.7em;display:none;\" class=\"supsystic-social-sharing supsystic-social-sharing-package-flat supsystic-social-sharing-hide-on-homepage supsystic-social-sharing-content supsystic-social-sharing-content-align-center\" data-text=\"\"><a class=\"social-sharing-button sharer-flat sharer-flat-2 counter-standard digg\" target=\"_blank\" title=\"Digg\" href=\"http:\/\/digg.com\/submit?url=https%3A%2F%2Fpowstaniewielkopolskie.pl%2Fnowa%2F%3Fpage_id%3D53&title=Statut+TPPW\" data-nid=\"8\" data-name=\"\" data-pid=\"1\" data-post-id=\"53\" data-url=\"https:\/\/powstaniewielkopolskie.pl\/nowa\/wp-admin\/admin-ajax.php\" data-url=\"https:\/\/powstaniewielkopolskie.pl\/nowa\/wp-admin\/admin-ajax.php\" data-description=\"Statut TPPW\" rel=\"nofollow\"><i class=\"fa fa-fw fa-digg\"><\/i><div class=\"counter-wrap standard\"><span class=\"counter\">5<\/span><\/div><\/a><a class=\"social-sharing-button sharer-flat sharer-flat-2 counter-standard mail\" target=\"_blank\" title=\"Mail\" href=\"#\" data-nid=\"16\" data-name=\"\" data-pid=\"1\" data-post-id=\"53\" data-url=\"https:\/\/powstaniewielkopolskie.pl\/nowa\/wp-admin\/admin-ajax.php\" data-url=\"https:\/\/powstaniewielkopolskie.pl\/nowa\/wp-admin\/admin-ajax.php\" data-description=\"Statut TPPW\" rel=\"nofollow\"><i class=\"fa fa-fw fa-envelope-o\"><\/i><div class=\"counter-wrap standard\"><span class=\"counter\">5<\/span><\/div><\/a><a class=\"social-sharing-button sharer-flat sharer-flat-2 counter-standard facebook\" target=\"_blank\" title=\"Facebook\" href=\"http:\/\/www.facebook.com\/sharer.php?u=https%3A%2F%2Fpowstaniewielkopolskie.pl%2Fnowa%2F%3Fpage_id%3D53\" data-nid=\"1\" data-name=\"\" data-pid=\"1\" data-post-id=\"53\" data-url=\"https:\/\/powstaniewielkopolskie.pl\/nowa\/wp-admin\/admin-ajax.php\" data-url=\"https:\/\/powstaniewielkopolskie.pl\/nowa\/wp-admin\/admin-ajax.php\" data-description=\"Statut TPPW\" rel=\"nofollow\"><i class=\"fa fa-fw fa-facebook\"><\/i><div class=\"counter-wrap standard\"><span class=\"counter\">4<\/span><\/div><\/a><a class=\"social-sharing-button sharer-flat sharer-flat-2 counter-standard whatsapp\" target=\"_blank\" title=\"WhatsApp\" href=\"whatsapp:\/\/send?text=https%3A%2F%2Fpowstaniewielkopolskie.pl%2Fnowa%2F%3Fpage_id%3D53\" data-nid=\"18\" data-name=\"\" data-pid=\"1\" data-post-id=\"53\" data-url=\"https:\/\/powstaniewielkopolskie.pl\/nowa\/wp-admin\/admin-ajax.php\" data-url=\"https:\/\/powstaniewielkopolskie.pl\/nowa\/wp-admin\/admin-ajax.php\" data-description=\"Statut TPPW\" rel=\"nofollow\"><i class=\"fa fa-fw fa-whatsapp\"><\/i><div class=\"counter-wrap standard\"><span class=\"counter\">1<\/span><\/div><\/a><a class=\"social-sharing-button sharer-flat sharer-flat-2 counter-standard twitter\" target=\"_blank\" title=\"Twitter\" href=\"https:\/\/twitter.com\/share?url=https%3A%2F%2Fpowstaniewielkopolskie.pl%2Fnowa%2F%3Fpage_id%3D53&text=Statut+TPPW\" data-nid=\"2\" data-name=\"\" data-pid=\"1\" data-post-id=\"53\" data-url=\"https:\/\/powstaniewielkopolskie.pl\/nowa\/wp-admin\/admin-ajax.php\" data-url=\"https:\/\/powstaniewielkopolskie.pl\/nowa\/wp-admin\/admin-ajax.php\" data-description=\"Statut TPPW\" rel=\"nofollow\"><i class=\"fa fa-fw fa-twitter\"><\/i><div class=\"counter-wrap standard\"><span class=\"counter\">1<\/span><\/div><\/a><a class=\"social-sharing-button sharer-flat sharer-flat-2 counter-standard googleplus\" target=\"_blank\" title=\"Google+\" href=\"https:\/\/plus.google.com\/share?url=https%3A%2F%2Fpowstaniewielkopolskie.pl%2Fnowa%2F%3Fpage_id%3D53\" data-nid=\"3\" data-name=\"\" data-pid=\"1\" data-post-id=\"53\" data-url=\"https:\/\/powstaniewielkopolskie.pl\/nowa\/wp-admin\/admin-ajax.php\" data-url=\"https:\/\/powstaniewielkopolskie.pl\/nowa\/wp-admin\/admin-ajax.php\" data-description=\"Statut TPPW\" rel=\"nofollow\"><i class=\"fa fa-fw fa-google-plus\"><\/i><div class=\"counter-wrap standard\"><span class=\"counter\">1<\/span><\/div><\/a><\/div>","protected":false},"author":1,"featured_media":0,"parent":27,"menu_order":0,"comment_status":"closed","ping_status":"closed","template":"","meta":{"footnotes":""},"_links":{"self":[{"href":"https:\/\/powstaniewielkopolskie.pl\/nowa\/index.php?rest_route=\/wp\/v2\/pages\/53"}],"collection":[{"href":"https:\/\/powstaniewielkopolskie.pl\/nowa\/index.php?rest_route=\/wp\/v2\/pages"}],"about":[{"href":"https:\/\/powstaniewielkopolskie.pl\/nowa\/index.php?rest_route=\/wp\/v2\/types\/page"}],"author":[{"embeddable":true,"href":"https:\/\/powstaniewielkopolskie.pl\/nowa\/index.php?rest_route=\/wp\/v2\/users\/1"}],"replies":[{"embeddable":true,"href":"https:\/\/powstaniewielkopolskie.pl\/nowa\/index.php?rest_route=%2Fwp%2Fv2%2Fcomments&post=53"}],"version-history":[{"count":7,"href":"https:\/\/powstaniewielkopolskie.pl\/nowa\/index.php?rest_route=\/wp\/v2\/pages\/53\/revisions"}],"predecessor-version":[{"id":9747,"href":"https:\/\/powstaniewielkopolskie.pl\/nowa\/index.php?rest_route=\/wp\/v2\/pages\/53\/revisions\/9747"}],"up":[{"embeddable":true,"href":"https:\/\/powstaniewielkopolskie.pl\/nowa\/index.php?rest_route=\/wp\/v2\/pages\/27"}],"wp:attachment":[{"href":"https:\/\/powstaniewielkopolskie.pl\/nowa\/index.php?rest_route=%2Fwp%2Fv2%2Fmedia&parent=53"}],"curies":[{"name":"wp","href":"https:\/\/api.w.org\/{rel}","templated":true}]}}