{"id":374,"date":"2017-04-19T14:08:04","date_gmt":"2017-04-19T12:08:04","guid":{"rendered":"http:\/\/powstaniewielkopolskie.pl\/nowa\/?page_id=374"},"modified":"2017-06-02T13:14:02","modified_gmt":"2017-06-02T11:14:02","slug":"aktualnosci","status":"publish","type":"page","link":"https:\/\/powstaniewielkopolskie.pl\/nowa\/?page_id=374","title":{"rendered":"Kronika"},"content":{"rendered":"<div class=\"tx-blog tx-post-row tx-masonry\"><div class=\"tx-blog-item tx-post-col-1\"><div class=\"tx-border-box\"><div class=\"tx-blog-img\"><a href=\"https:\/\/powstaniewielkopolskie.pl\/nowa\/wp-content\/uploads\/2026\/04\/IMG_4686-bis.jpg\" class=\"tx-colorbox\"><img decoding=\"async\" src=\"https:\/\/powstaniewielkopolskie.pl\/nowa\/wp-content\/uploads\/2026\/04\/IMG_4686-bis-600x360.jpg\" alt=\"\" class=\"blog-image\" \/><\/a><span class=\"tx-post-comm\"><span>0<\/span><\/span><\/div><div class=\"tx-post-content\"><h3 class=\"tx-post-title\"><a href=\"https:\/\/powstaniewielkopolskie.pl\/nowa\/?p=11562\">X edycja Turnieju Historycznego w Pile<\/a><\/h3><div style=\"height: 16px;\"><\/div><div class=\"tx-blog-content\">23 kwietnia 2026 r. &#8211; z okazji 107. rocznicy wybuchu Powstania Wielkopolskiego, w sali gimnastycznej Szko\u0142y Podstawowej nr 5 im. Dzieci Polskich w Pile odby\u0142a si\u0119 X edycja Turnieju Historycznego Jeden z<a class=\"moretag\" href=\"https:\/\/powstaniewielkopolskie.pl\/nowa\/?p=11562\">Czytaj wi\u0119cej...<\/a><\/div><div class=\"tx-meta\"><span class=\"tx-author\">By : <a href=\"https:\/\/powstaniewielkopolskie.pl\/nowa\/?author=4\">piotr<\/a><\/span><span class=\"tx-date\"> | kwi 30, 2026<\/span><\/div><\/div><\/div><\/div><div class=\"tx-blog-item tx-post-col-1\"><div class=\"tx-border-box\"><div class=\"tx-blog-img\"><a href=\"https:\/\/powstaniewielkopolskie.pl\/nowa\/wp-content\/uploads\/2026\/04\/672684926_1721152255931948_922394357675451887_n-1050x1400.jpg\" class=\"tx-colorbox\"><img decoding=\"async\" src=\"https:\/\/powstaniewielkopolskie.pl\/nowa\/wp-content\/uploads\/2026\/04\/672684926_1721152255931948_922394357675451887_n-600x360.jpg\" alt=\"\" class=\"blog-image\" \/><\/a><span class=\"tx-post-comm\"><span>0<\/span><\/span><\/div><div class=\"tx-post-content\"><h3 class=\"tx-post-title\"><a href=\"https:\/\/powstaniewielkopolskie.pl\/nowa\/?p=11551\">Wyk\u0142ad go\u015bcinny w Muzeum Powstania Wielkopolskiego<\/a><\/h3><div style=\"height: 16px;\"><\/div><div class=\"tx-blog-content\">18 kwietnia 2026 r. &#8211; w Muzeum Powstania Wielkopolskiego w Poznaniu, oddziale Wielkopolskiego Muzeum Niepodleg\u0142o\u015bci, dr hab. Arkadiusz S\u0142abig, profesor Uniwersytetu Pomorskiego w S\u0142upsku, dzia\u0142acz Towarzystwa Pami\u0119ci Powstania Wielkopolskiego 1918\/1919, wyg\u0142osi\u0142 prelekcj\u0119<a class=\"moretag\" href=\"https:\/\/powstaniewielkopolskie.pl\/nowa\/?p=11551\">Czytaj wi\u0119cej...<\/a><\/div><div class=\"tx-meta\"><span class=\"tx-author\">By : <a href=\"https:\/\/powstaniewielkopolskie.pl\/nowa\/?author=4\">piotr<\/a><\/span><span class=\"tx-date\"> | kwi 25, 2026<\/span><\/div><\/div><\/div><\/div><div class=\"tx-blog-item tx-post-col-1\"><div class=\"tx-border-box\"><div class=\"tx-blog-img\"><a href=\"https:\/\/powstaniewielkopolskie.pl\/nowa\/wp-content\/uploads\/2026\/04\/2123-bis.jpg\" class=\"tx-colorbox\"><img decoding=\"async\" src=\"https:\/\/powstaniewielkopolskie.pl\/nowa\/wp-content\/uploads\/2026\/04\/2123-bis-600x360.jpg\" alt=\"\" class=\"blog-image\" \/><\/a><span class=\"tx-post-comm\"><span>0<\/span><\/span><\/div><div class=\"tx-post-content\"><h3 class=\"tx-post-title\"><a href=\"https:\/\/powstaniewielkopolskie.pl\/nowa\/?p=11544\">Sesja popularnonaukowa \u201eZiemianie i ich wk\u0142ad w niepodleg\u0142o\u015b\u0107 Krajny i Pa\u0142uk&#8221;<\/a><\/h3><div style=\"height: 16px;\"><\/div><div class=\"tx-blog-content\">17 kwietnia 2026 r. &#8211; Szubi\u0144skie Towarzystwo Kulturalne wraz z partnerami &#8211; Muzeum Ziemi Szubi\u0144skiej i Towarzystwem Pami\u0119ci Powstania Wielkopolskiego w Szubinie &#8211; zaprosili na sesj\u0119 popularnonaukow\u0105 w Szubinie. Tematem spotkania, kt\u00f3re<a class=\"moretag\" href=\"https:\/\/powstaniewielkopolskie.pl\/nowa\/?p=11544\">Czytaj wi\u0119cej...<\/a><\/div><div class=\"tx-meta\"><span class=\"tx-author\">By : <a href=\"https:\/\/powstaniewielkopolskie.pl\/nowa\/?author=4\">piotr<\/a><\/span><span class=\"tx-date\"> | kwi 25, 2026<\/span><\/div><\/div><\/div><\/div><div class=\"tx-blog-item tx-post-col-1\"><div class=\"tx-border-box\"><div class=\"tx-blog-img\"><a href=\"https:\/\/powstaniewielkopolskie.pl\/nowa\/wp-content\/uploads\/2026\/04\/IMG_20260420_121536-bis1-1.jpg\" class=\"tx-colorbox\"><img decoding=\"async\" src=\"https:\/\/powstaniewielkopolskie.pl\/nowa\/wp-content\/uploads\/2026\/04\/IMG_20260420_121536-bis1-1-600x360.jpg\" alt=\"\" class=\"blog-image\" \/><\/a><span class=\"tx-post-comm\"><span>0<\/span><\/span><\/div><div class=\"tx-post-content\"><h3 class=\"tx-post-title\"><a href=\"https:\/\/powstaniewielkopolskie.pl\/nowa\/?p=11522\">Uroczysto\u015b\u0107 w Rogo\u017anie<\/a><\/h3><div style=\"height: 16px;\"><\/div><div class=\"tx-blog-content\">17 kwietnia 2026 r. &#8211; w Rogo\u017anie na Placu Karola Marcinkowskiego uroczy\u015bcie ods\u0142oni\u0119to \u0141aweczk\u0119 Wojciechy Dutkiewicz (1896-1990) &#8211; nauczycielki, uczestniczki Powstania Wielkopolskiego, aktywnej dzia\u0142aczki spo\u0142ecznej, pe\u0142nej \u017cyczliwo\u015bci i oddania drugiemu cz\u0142owiekowi, jednej<a class=\"moretag\" href=\"https:\/\/powstaniewielkopolskie.pl\/nowa\/?p=11522\">Czytaj wi\u0119cej...<\/a><\/div><div class=\"tx-meta\"><span class=\"tx-author\">By : <a href=\"https:\/\/powstaniewielkopolskie.pl\/nowa\/?author=4\">piotr<\/a><\/span><span class=\"tx-date\"> | kwi 20, 2026<\/span><\/div><\/div><\/div><\/div><div class=\"tx-blog-item tx-post-col-1\"><div class=\"tx-border-box\"><div class=\"tx-blog-img\"><a href=\"https:\/\/powstaniewielkopolskie.pl\/nowa\/wp-content\/uploads\/2026\/04\/17-kwietnia-2026-NOK-1400x1050.jpg\" class=\"tx-colorbox\"><img decoding=\"async\" src=\"https:\/\/powstaniewielkopolskie.pl\/nowa\/wp-content\/uploads\/2026\/04\/17-kwietnia-2026-NOK-600x360.jpg\" alt=\"\" class=\"blog-image\" \/><\/a><span class=\"tx-post-comm\"><span>0<\/span><\/span><\/div><div class=\"tx-post-content\"><h3 class=\"tx-post-title\"><a href=\"https:\/\/powstaniewielkopolskie.pl\/nowa\/?p=11515\">II Forum Regionalist\u00f3w Powiatu Nowotomyskiego<\/a><\/h3><div style=\"height: 16px;\"><\/div><div class=\"tx-blog-content\">17 kwietnia 2026 r. \u2013 zorganizowane zosta\u0142o II Forum Regionalist\u00f3w Powiatu Nowotomyskiego. Podczas obrad g\u0142os zabra\u0142 wiceprezes ZG TPPW 1918\/1919 dr Zdzis\u0142aw Ko\u015bcia\u0144ski, kt\u00f3ry m\u00f3wi\u0142 o nazewnictwie ulic, rond, pomnikach i tablicach<a class=\"moretag\" href=\"https:\/\/powstaniewielkopolskie.pl\/nowa\/?p=11515\">Czytaj wi\u0119cej...<\/a><\/div><div class=\"tx-meta\"><span class=\"tx-author\">By : <a href=\"https:\/\/powstaniewielkopolskie.pl\/nowa\/?author=4\">piotr<\/a><\/span><span class=\"tx-date\"> | kwi 20, 2026<\/span><\/div><\/div><\/div><\/div><div class=\"tx-blog-item tx-post-col-1\"><div class=\"tx-border-box\"><div class=\"tx-blog-img\"><a href=\"https:\/\/powstaniewielkopolskie.pl\/nowa\/wp-content\/uploads\/2026\/04\/IMG_8165-bis.jpg\" class=\"tx-colorbox\"><img decoding=\"async\" src=\"https:\/\/powstaniewielkopolskie.pl\/nowa\/wp-content\/uploads\/2026\/04\/IMG_8165-bis-600x360.jpg\" alt=\"\" class=\"blog-image\" \/><\/a><span class=\"tx-post-comm\"><span>0<\/span><\/span><\/div><div class=\"tx-post-content\"><h3 class=\"tx-post-title\"><a href=\"https:\/\/powstaniewielkopolskie.pl\/nowa\/?p=11501\">Marsz szlakiem Powstania Wielkopolskiego<\/a><\/h3><div style=\"height: 16px;\"><\/div><div class=\"tx-blog-content\">15 kwietnia 2026 r. &#8211; uczniowie klasy mundurowej 2a (profil policyjny) z III Liceum Og\u00f3lnokszta\u0142c\u0105cego im. Juliusza S\u0142owackiego w Lesznie wzi\u0119li udzia\u0142 w marszu terenowym na trasie K\u0105kolewo \u2013 Trzebania \u2013 Karczma<a class=\"moretag\" href=\"https:\/\/powstaniewielkopolskie.pl\/nowa\/?p=11501\">Czytaj wi\u0119cej...<\/a><\/div><div class=\"tx-meta\"><span class=\"tx-author\">By : <a href=\"https:\/\/powstaniewielkopolskie.pl\/nowa\/?author=4\">piotr<\/a><\/span><span class=\"tx-date\"> | kwi 17, 2026<\/span><\/div><\/div><\/div><\/div><div class=\"tx-blog-item tx-post-col-1\"><div class=\"tx-border-box\"><div class=\"tx-blog-img\"><a href=\"https:\/\/powstaniewielkopolskie.pl\/nowa\/wp-content\/uploads\/2026\/04\/a867c851-edec-492a-983f-7544adcebf45-bis.jpg\" class=\"tx-colorbox\"><img decoding=\"async\" src=\"https:\/\/powstaniewielkopolskie.pl\/nowa\/wp-content\/uploads\/2026\/04\/a867c851-edec-492a-983f-7544adcebf45-bis-600x360.jpg\" alt=\"\" class=\"blog-image\" \/><\/a><span class=\"tx-post-comm\"><span>0<\/span><\/span><\/div><div class=\"tx-post-content\"><h3 class=\"tx-post-title\"><a href=\"https:\/\/powstaniewielkopolskie.pl\/nowa\/?p=11507\">IV Gorajskie Seminarium Historyczne<\/a><\/h3><div style=\"height: 16px;\"><\/div><div class=\"tx-blog-content\">14 kwietnia 2026 r. &#8211; w zabytkowej czytelni gorajskiego zamku odby\u0142a si\u0119 czwarta edycja seminarium historycznego \u2013 przedsi\u0119wzi\u0119cia popularyzuj\u0105cego histori\u0119 regionaln\u0105 w\u015br\u00f3d m\u0142odzie\u017cy, integruj\u0105cego \u015brodowisko lokalnych historyk\u00f3w i muzealnik\u00f3w oraz promuj\u0105cego Zesp\u00f3\u0142<a class=\"moretag\" href=\"https:\/\/powstaniewielkopolskie.pl\/nowa\/?p=11507\">Czytaj wi\u0119cej...<\/a><\/div><div class=\"tx-meta\"><span class=\"tx-author\">By : <a href=\"https:\/\/powstaniewielkopolskie.pl\/nowa\/?author=4\">piotr<\/a><\/span><span class=\"tx-date\"> | kwi 17, 2026<\/span><\/div><\/div><\/div><\/div><div class=\"tx-blog-item tx-post-col-1\"><div class=\"tx-border-box\"><div class=\"tx-blog-img\"><a href=\"https:\/\/powstaniewielkopolskie.pl\/nowa\/wp-content\/uploads\/2026\/04\/Ple-nr-5-w-Nowym-Tomyslu-bis.jpg\" class=\"tx-colorbox\"><img decoding=\"async\" src=\"https:\/\/powstaniewielkopolskie.pl\/nowa\/wp-content\/uploads\/2026\/04\/Ple-nr-5-w-Nowym-Tomyslu-bis-600x360.jpg\" alt=\"\" class=\"blog-image\" \/><\/a><span class=\"tx-post-comm\"><span>0<\/span><\/span><\/div><div class=\"tx-post-content\"><h3 class=\"tx-post-title\"><a href=\"https:\/\/powstaniewielkopolskie.pl\/nowa\/?p=11498\">Spotkanie w nowotomyskim przedszkolu<\/a><\/h3><div style=\"height: 16px;\"><\/div><div class=\"tx-blog-content\">13 kwietnia 2026 r. &#8211; odby\u0142o si\u0119 w Przedszkolu nr 5 &#8222;S\u0142oneczko&#8221; w Nowym Tomy\u015blu spotkanie z wiceprezesem Towarzystwa Pami\u0119ci Powstania Wielkopolskiego 1918\/1919 dr. Zdzis\u0142awem Ko\u015bcia\u0144skim , kt\u00f3ry jest historykiem, regionalist\u0105 i<a class=\"moretag\" href=\"https:\/\/powstaniewielkopolskie.pl\/nowa\/?p=11498\">Czytaj wi\u0119cej...<\/a><\/div><div class=\"tx-meta\"><span class=\"tx-author\">By : <a href=\"https:\/\/powstaniewielkopolskie.pl\/nowa\/?author=4\">piotr<\/a><\/span><span class=\"tx-date\"> | kwi 17, 2026<\/span><\/div><\/div><\/div><\/div><div class=\"tx-blog-item tx-post-col-1\"><div class=\"tx-border-box\"><div class=\"tx-blog-img\"><a href=\"https:\/\/powstaniewielkopolskie.pl\/nowa\/wp-content\/uploads\/2026\/04\/20260412_130621_0011-bis.jpg\" class=\"tx-colorbox\"><img decoding=\"async\" src=\"https:\/\/powstaniewielkopolskie.pl\/nowa\/wp-content\/uploads\/2026\/04\/20260412_130621_0011-bis-600x360.jpg\" alt=\"\" class=\"blog-image\" \/><\/a><span class=\"tx-post-comm\"><span>0<\/span><\/span><\/div><div class=\"tx-post-content\"><h3 class=\"tx-post-title\"><a href=\"https:\/\/powstaniewielkopolskie.pl\/nowa\/?p=11471\">W Lw\u00f3wku uczczono pami\u0119\u0107 ofiar Zbrodni Katy\u0144skiej<\/a><\/h3><div style=\"height: 16px;\"><\/div><div class=\"tx-blog-content\">12 kwietnia 2026 r. &#8211; w ko\u015bciele parafialnym w Lw\u00f3wku odby\u0142a si\u0119 Uroczysto\u015b\u0107 Katy\u0144ska. Wydarzenie by\u0142o okazj\u0105 do oddania ho\u0142du ofiarom Zbrodni Katy\u0144skiej oraz upami\u0119tnienia Polak\u00f3w pomordowanych przez Sowiet\u00f3w w 1940 roku.<a class=\"moretag\" href=\"https:\/\/powstaniewielkopolskie.pl\/nowa\/?p=11471\">Czytaj wi\u0119cej...<\/a><\/div><div class=\"tx-meta\"><span class=\"tx-author\">By : <a href=\"https:\/\/powstaniewielkopolskie.pl\/nowa\/?author=4\">piotr<\/a><\/span><span class=\"tx-date\"> | kwi 16, 2026<\/span><\/div><\/div><\/div><\/div><div class=\"tx-blog-item tx-post-col-1\"><div class=\"tx-border-box\"><div class=\"tx-blog-img\"><a href=\"https:\/\/powstaniewielkopolskie.pl\/nowa\/wp-content\/uploads\/2026\/04\/BS1_0327-bis.jpg\" class=\"tx-colorbox\"><img decoding=\"async\" src=\"https:\/\/powstaniewielkopolskie.pl\/nowa\/wp-content\/uploads\/2026\/04\/BS1_0327-bis-600x360.jpg\" alt=\"\" class=\"blog-image\" \/><\/a><span class=\"tx-post-comm\"><span>0<\/span><\/span><\/div><div class=\"tx-post-content\"><h3 class=\"tx-post-title\"><a href=\"https:\/\/powstaniewielkopolskie.pl\/nowa\/?p=11490\">Wycieczka sulechowskiego Ko\u0142a TPPW<\/a><\/h3><div style=\"height: 16px;\"><\/div><div class=\"tx-blog-content\">11 kwietnia 2026 r. &#8211; sulechowskie ko\u0142o TPPW zorganizowa\u0142o wycieczk\u0119 historyczn\u0105, w ramach cyklu &#8211; Szlakiem Powstania Wielkopolskiego 1918-1919, do Gniezna, realizuj\u0105c ofert\u0119 zadania publicznego Gminy Sulech\u00f3w. Uczestnikami by\u0142a grupa cz\u0142onk\u00f3w ko\u0142a<a class=\"moretag\" href=\"https:\/\/powstaniewielkopolskie.pl\/nowa\/?p=11490\">Czytaj wi\u0119cej...<\/a><\/div><div class=\"tx-meta\"><span class=\"tx-author\">By : <a href=\"https:\/\/powstaniewielkopolskie.pl\/nowa\/?author=4\">piotr<\/a><\/span><span class=\"tx-date\"> | kwi 16, 2026<\/span><\/div><\/div><\/div><\/div><div class=\"tx-blog-item tx-post-col-1\"><div class=\"tx-border-box\"><div class=\"tx-blog-img\"><a href=\"https:\/\/powstaniewielkopolskie.pl\/nowa\/wp-content\/uploads\/2026\/04\/671637252_122119312083181565_316458566595447674_n-bis.jpg\" class=\"tx-colorbox\"><img decoding=\"async\" src=\"https:\/\/powstaniewielkopolskie.pl\/nowa\/wp-content\/uploads\/2026\/04\/671637252_122119312083181565_316458566595447674_n-bis-600x360.jpg\" alt=\"\" class=\"blog-image\" \/><\/a><span class=\"tx-post-comm\"><span>0<\/span><\/span><\/div><div class=\"tx-post-content\"><h3 class=\"tx-post-title\"><a href=\"https:\/\/powstaniewielkopolskie.pl\/nowa\/?p=11481\">Uroczyste oznaczenie mogi\u0142 Powsta\u0144c\u00f3w Wielkopolskich w Brennie<\/a><\/h3><div style=\"height: 16px;\"><\/div><div class=\"tx-blog-content\">10 kwietnia 2026 r. &#8211; odby\u0142a si\u0119, zorganizowana przez Ko\u0142o TPPW w Wijewie, uroczysto\u015b\u0107 oznaczenia tabliczkami pami\u0105tkowymi grob\u00f3w Powsta\u0144c\u00f3w Wielkopolskich, spoczywaj\u0105cych na Cmentarzu Parafialnym w Brennie. Rozpocz\u0119\u0142a j\u0105 msza \u015bwi\u0119ta sprawowana przez<a class=\"moretag\" href=\"https:\/\/powstaniewielkopolskie.pl\/nowa\/?p=11481\">Czytaj wi\u0119cej...<\/a><\/div><div class=\"tx-meta\"><span class=\"tx-author\">By : <a href=\"https:\/\/powstaniewielkopolskie.pl\/nowa\/?author=4\">piotr<\/a><\/span><span class=\"tx-date\"> | kwi 13, 2026<\/span><\/div><\/div><\/div><\/div><div class=\"tx-blog-item tx-post-col-1\"><div class=\"tx-border-box\"><div class=\"tx-blog-img\"><a href=\"https:\/\/powstaniewielkopolskie.pl\/nowa\/wp-content\/uploads\/2026\/04\/DSC_7887-bis.jpg\" class=\"tx-colorbox\"><img decoding=\"async\" src=\"https:\/\/powstaniewielkopolskie.pl\/nowa\/wp-content\/uploads\/2026\/04\/DSC_7887-bis-600x360.jpg\" alt=\"\" class=\"blog-image\" \/><\/a><span class=\"tx-post-comm\"><span>0<\/span><\/span><\/div><div class=\"tx-post-content\"><h3 class=\"tx-post-title\"><a href=\"https:\/\/powstaniewielkopolskie.pl\/nowa\/?p=11466\">XII Marsz Katy\u0144ski w Wolsztynie<\/a><\/h3><div style=\"height: 16px;\"><\/div><div class=\"tx-blog-content\">10 kwietnia 2026 r. &#8211; Stowarzyszenie Mi\u0142o\u015bnik\u00f3w Historii Wojskowo\u015bci oraz Instytut Pami\u0119ci Narodowej Oddzia\u0142 w Poznaniu byli organizatorami XII Marszu Katy\u0144skiego ulicami Wolsztyna. Uczczono w ten spos\u00f3b pami\u0119\u0107 22 tysi\u0119cy polskich je\u0144c\u00f3w<a class=\"moretag\" href=\"https:\/\/powstaniewielkopolskie.pl\/nowa\/?p=11466\">Czytaj wi\u0119cej...<\/a><\/div><div class=\"tx-meta\"><span class=\"tx-author\">By : <a href=\"https:\/\/powstaniewielkopolskie.pl\/nowa\/?author=4\">piotr<\/a><\/span><span class=\"tx-date\"> | kwi 13, 2026<\/span><\/div><\/div><\/div><\/div><div class=\"tx-blog-item tx-post-col-1\"><div class=\"tx-border-box\"><div class=\"tx-blog-img\"><a href=\"https:\/\/powstaniewielkopolskie.pl\/nowa\/wp-content\/uploads\/2026\/04\/9981d3e2-4cf7-45f5-bf8f-e3f9a1f3d997-bis.jpg\" class=\"tx-colorbox\"><img decoding=\"async\" src=\"https:\/\/powstaniewielkopolskie.pl\/nowa\/wp-content\/uploads\/2026\/04\/9981d3e2-4cf7-45f5-bf8f-e3f9a1f3d997-bis-600x360.jpg\" alt=\"\" class=\"blog-image\" \/><\/a><span class=\"tx-post-comm\"><span>0<\/span><\/span><\/div><div class=\"tx-post-content\"><h3 class=\"tx-post-title\"><a href=\"https:\/\/powstaniewielkopolskie.pl\/nowa\/?p=11452\">Uroczysto\u015b\u0107 w Forcie VII w Poznaniu<\/a><\/h3><div style=\"height: 16px;\"><\/div><div class=\"tx-blog-content\">9 kwietnia 2026 r. &#8211; w Forcie VII w Poznaniu, pierwszym na ziemiach polskich nazistowskim obozie koncentracyjnym, uczczono pami\u0119\u0107 ofiar okupacji niemieckiej 1939 \u2013 1945. Organizatorami uroczysto\u015bci byli Przewodnicz\u0105cy Rady Miasta Poznania<a class=\"moretag\" href=\"https:\/\/powstaniewielkopolskie.pl\/nowa\/?p=11452\">Czytaj wi\u0119cej...<\/a><\/div><div class=\"tx-meta\"><span class=\"tx-author\">By : <a href=\"https:\/\/powstaniewielkopolskie.pl\/nowa\/?author=4\">piotr<\/a><\/span><span class=\"tx-date\"> | kwi 10, 2026<\/span><\/div><\/div><\/div><\/div><div class=\"tx-blog-item tx-post-col-1\"><div class=\"tx-border-box\"><div class=\"tx-blog-img\"><a href=\"https:\/\/powstaniewielkopolskie.pl\/nowa\/wp-content\/uploads\/2026\/04\/20260408_1118061-bis.jpg\" class=\"tx-colorbox\"><img decoding=\"async\" src=\"https:\/\/powstaniewielkopolskie.pl\/nowa\/wp-content\/uploads\/2026\/04\/20260408_1118061-bis-600x360.jpg\" alt=\"\" class=\"blog-image\" \/><\/a><span class=\"tx-post-comm\"><span>0<\/span><\/span><\/div><div class=\"tx-post-content\"><h3 class=\"tx-post-title\"><a href=\"https:\/\/powstaniewielkopolskie.pl\/nowa\/?p=11463\">Posiedzenie Rady Wielkopolskiego Muzeum Niepodleg\u0142o\u015bci<\/a><\/h3><div style=\"height: 16px;\"><\/div><div class=\"tx-blog-content\">8 kwietnia 2026 r. &#8211; odby\u0142o si\u0119 posiedzenie Rady Wielkopolskiego Muzeum Niepodleg\u0142o\u015bci (WMN). Najwa\u017cniejszym punktem obrad by\u0142o podsumowanie intensywnego okresu inwestycyjnego oraz formalne zatwierdzenie dokument\u00f3w sprawozdawczych i planistycznych. W obradach uczestniczy\u0142, cz\u0142onek<a class=\"moretag\" href=\"https:\/\/powstaniewielkopolskie.pl\/nowa\/?p=11463\">Czytaj wi\u0119cej...<\/a><\/div><div class=\"tx-meta\"><span class=\"tx-author\">By : <a href=\"https:\/\/powstaniewielkopolskie.pl\/nowa\/?author=4\">piotr<\/a><\/span><span class=\"tx-date\"> | kwi 9, 2026<\/span><\/div><\/div><\/div><\/div><div class=\"tx-blog-item tx-post-col-1\"><div class=\"tx-border-box\"><div class=\"tx-blog-img\"><a href=\"https:\/\/powstaniewielkopolskie.pl\/nowa\/wp-content\/uploads\/2026\/04\/20260330_1127371-bis.jpg\" class=\"tx-colorbox\"><img decoding=\"async\" src=\"https:\/\/powstaniewielkopolskie.pl\/nowa\/wp-content\/uploads\/2026\/04\/20260330_1127371-bis-600x360.jpg\" alt=\"\" class=\"blog-image\" \/><\/a><span class=\"tx-post-comm\"><span>0<\/span><\/span><\/div><div class=\"tx-post-content\"><h3 class=\"tx-post-title\"><a href=\"https:\/\/powstaniewielkopolskie.pl\/nowa\/?p=11446\">Spotkanie z histori\u0105 w Zespole Szk\u00f3\u0142 nr 1 w Zb\u0105szyniu<\/a><\/h3><div style=\"height: 16px;\"><\/div><div class=\"tx-blog-content\">30 marca 2026 r. &#8211; w Zespole Szk\u00f3\u0142 nr 1 w Zb\u0105szyniu ponad trzystu m\u0142odych ludzi z klas licealnych i zawodowych uczestniczy\u0142o w spotkaniu z histori\u0105. By\u0142a to wyj\u0105tkowa okazja do pog\u0142\u0119bienia<a class=\"moretag\" href=\"https:\/\/powstaniewielkopolskie.pl\/nowa\/?p=11446\">Czytaj wi\u0119cej...<\/a><\/div><div class=\"tx-meta\"><span class=\"tx-author\">By : <a href=\"https:\/\/powstaniewielkopolskie.pl\/nowa\/?author=4\">piotr<\/a><\/span><span class=\"tx-date\"> | kwi 3, 2026<\/span><\/div><\/div><\/div><\/div><div class=\"tx-blog-item tx-post-col-1\"><div class=\"tx-border-box\"><div class=\"tx-blog-img\"><a href=\"https:\/\/powstaniewielkopolskie.pl\/nowa\/wp-content\/uploads\/2026\/03\/Zrzut-ekranu-2026-03-21-065350.png\" class=\"tx-colorbox\"><img decoding=\"async\" src=\"https:\/\/powstaniewielkopolskie.pl\/nowa\/wp-content\/uploads\/2026\/03\/Zrzut-ekranu-2026-03-21-065350-600x360.png\" alt=\"\" class=\"blog-image\" \/><\/a><span class=\"tx-post-comm\"><span>0<\/span><\/span><\/div><div class=\"tx-post-content\"><h3 class=\"tx-post-title\"><a href=\"https:\/\/powstaniewielkopolskie.pl\/nowa\/?p=11430\">Spotkanie Rodzin Powsta\u0144c\u00f3w Wielkopolskich w Zielonej G\u00f3rze<\/a><\/h3><div style=\"height: 16px;\"><\/div><div class=\"tx-blog-content\">16 marca 2026 r. &#8211; w Zielonej G\u00f3rze odby\u0142o si\u0119 \u201espotkanie pokole\u0144&#8221; rodzin Powsta\u0144c\u00f3w Wielkopolskich. Zosta\u0142o zorganizowane ju\u017c po raz czternasty. Prezentacj\u0119 przedstawiaj\u0105c\u0105 histori\u0119 Powstania Wielkopolskiego przygotowa\u0142y uczennice Centrum Kszta\u0142cenia Zawodowego i<a class=\"moretag\" href=\"https:\/\/powstaniewielkopolskie.pl\/nowa\/?p=11430\">Czytaj wi\u0119cej...<\/a><\/div><div class=\"tx-meta\"><span class=\"tx-author\">By : <a href=\"https:\/\/powstaniewielkopolskie.pl\/nowa\/?author=4\">piotr<\/a><\/span><span class=\"tx-date\"> | mar 21, 2026<\/span><\/div><\/div><\/div><\/div><div class=\"tx-blog-item tx-post-col-1\"><div class=\"tx-border-box\"><div class=\"tx-blog-img\"><a href=\"https:\/\/powstaniewielkopolskie.pl\/nowa\/wp-content\/uploads\/2026\/03\/IMG-20260316-WA0011-bis-1.jpg\" class=\"tx-colorbox\"><img decoding=\"async\" src=\"https:\/\/powstaniewielkopolskie.pl\/nowa\/wp-content\/uploads\/2026\/03\/IMG-20260316-WA0011-bis-1-600x360.jpg\" alt=\"\" class=\"blog-image\" \/><\/a><span class=\"tx-post-comm\"><span>0<\/span><\/span><\/div><div class=\"tx-post-content\"><h3 class=\"tx-post-title\"><a href=\"https:\/\/powstaniewielkopolskie.pl\/nowa\/?p=11423\">Zlot Dru\u017cyn &#8222;Zdobywc\u00f3w Trefla&#8221;. Porozumienie o wsp\u00f3\u0142pracy z ZHP<\/a><\/h3><div style=\"height: 16px;\"><\/div><div class=\"tx-blog-content\">13 &#8211; 15 marca 2026 r. &#8211; w Wielkopolsce odbywa\u0142 si\u0119 II Zlot Dru\u017cyn \u201eZdobywc\u00f3w Trefla\u201d, zorganizowany przez Chor\u0105giew Wielkopolsk\u0105 Zwi\u0105zku Harcerstwa Polskiego. Propozycja programowa \u201eZdobywcy Trefla\u201d odwo\u0142uje si\u0119 do dziedzictwa patrona<a class=\"moretag\" href=\"https:\/\/powstaniewielkopolskie.pl\/nowa\/?p=11423\">Czytaj wi\u0119cej...<\/a><\/div><div class=\"tx-meta\"><span class=\"tx-author\">By : <a href=\"https:\/\/powstaniewielkopolskie.pl\/nowa\/?author=4\">piotr<\/a><\/span><span class=\"tx-date\"> | mar 21, 2026<\/span><\/div><\/div><\/div><\/div><div class=\"tx-blog-item tx-post-col-1\"><div class=\"tx-border-box\"><div class=\"tx-blog-img\"><a href=\"https:\/\/powstaniewielkopolskie.pl\/nowa\/wp-content\/uploads\/2026\/03\/IMG_9794-bis.jpg\" class=\"tx-colorbox\"><img decoding=\"async\" src=\"https:\/\/powstaniewielkopolskie.pl\/nowa\/wp-content\/uploads\/2026\/03\/IMG_9794-bis-600x360.jpg\" alt=\"\" class=\"blog-image\" \/><\/a><span class=\"tx-post-comm\"><span>0<\/span><\/span><\/div><div class=\"tx-post-content\"><h3 class=\"tx-post-title\"><a href=\"https:\/\/powstaniewielkopolskie.pl\/nowa\/?p=11403\">Prelekcja po\u015bwi\u0119cona pami\u0119ci Gen. Broni Kazimierza Sosnkowskiego w Odwachu<\/a><\/h3><div style=\"height: 16px;\"><\/div><div class=\"tx-blog-content\">3 marca 2026 r. &#8211; Komisja Historyczna Zarz\u0105du G\u0142\u00f3wnego Towarzystwa Pami\u0119ci Powstania Wielkopolskiego 1918\/1919 zorganizowa\u0142a wsp\u00f3lnie z Wielkopolskim Muzeum Niepodleg\u0142o\u015bci w Poznaniu &#8211; Muzeum Powstania Wielkopolskiego spotkanie po\u0142\u0105czone z prelekcj\u0105 pt. \u201eGenera\u0142<a class=\"moretag\" href=\"https:\/\/powstaniewielkopolskie.pl\/nowa\/?p=11403\">Czytaj wi\u0119cej...<\/a><\/div><div class=\"tx-meta\"><span class=\"tx-author\">By : <a href=\"https:\/\/powstaniewielkopolskie.pl\/nowa\/?author=4\">piotr<\/a><\/span><span class=\"tx-date\"> | mar 12, 2026<\/span><\/div><\/div><\/div><\/div><div class=\"tx-blog-item tx-post-col-1\"><div class=\"tx-border-box\"><div class=\"tx-blog-img\"><a href=\"https:\/\/powstaniewielkopolskie.pl\/nowa\/wp-content\/uploads\/2026\/03\/1000022215-bis.jpg\" class=\"tx-colorbox\"><img decoding=\"async\" src=\"https:\/\/powstaniewielkopolskie.pl\/nowa\/wp-content\/uploads\/2026\/03\/1000022215-bis-600x360.jpg\" alt=\"\" class=\"blog-image\" \/><\/a><span class=\"tx-post-comm\"><span>0<\/span><\/span><\/div><div class=\"tx-post-content\"><h3 class=\"tx-post-title\"><a href=\"https:\/\/powstaniewielkopolskie.pl\/nowa\/?p=11393\">XI Powiatowy Konkurs Wiedzy o Powstaniu Wielkopolskim 1918-1919<\/a><\/h3><div style=\"height: 16px;\"><\/div><div class=\"tx-blog-content\">26 lutego 2026 r. &#8211; w Szkole Podstawowej imienia Wandy Dobaczewskiej w G\u0105sawie odby\u0142 si\u0119 fina\u0142 XI Powiatowego Konkursu Wiedzy o Powstaniu Wielkopolskim. Jest to etap powiatowy, podczas kt\u00f3rego wy\u0142onieni ze zg\u0142oszonych<a class=\"moretag\" href=\"https:\/\/powstaniewielkopolskie.pl\/nowa\/?p=11393\">Czytaj wi\u0119cej...<\/a><\/div><div class=\"tx-meta\"><span class=\"tx-author\">By : <a href=\"https:\/\/powstaniewielkopolskie.pl\/nowa\/?author=4\">piotr<\/a><\/span><span class=\"tx-date\"> | mar 12, 2026<\/span><\/div><\/div><\/div><\/div><div class=\"tx-blog-item tx-post-col-1\"><div class=\"tx-border-box\"><div class=\"tx-blog-img\"><a href=\"https:\/\/powstaniewielkopolskie.pl\/nowa\/wp-content\/uploads\/2026\/02\/Wyklad-plakat-990x1400.jpg\" class=\"tx-colorbox\"><img decoding=\"async\" src=\"https:\/\/powstaniewielkopolskie.pl\/nowa\/wp-content\/uploads\/2026\/02\/Wyklad-plakat-600x360.jpg\" alt=\"\" class=\"blog-image\" \/><\/a><span class=\"tx-post-comm\"><span>0<\/span><\/span><\/div><div class=\"tx-post-content\"><h3 class=\"tx-post-title\"><a href=\"https:\/\/powstaniewielkopolskie.pl\/nowa\/?p=11381\">\u015aladami Powsta\u0144c\u00f3w Wielkopolskich w Gorzowie<\/a><\/h3><div style=\"height: 16px;\"><\/div><div class=\"tx-blog-content\">26 lutego 2026 r. &#8211; w Wojew\u00f3dzkiej i Miejskiej Bibliotece Publicznej w Gorzowie Wielkopolskim, jako akcent wie\u0144cz\u0105cy 107 rocznic\u0119 zako\u0144czenia Powstania Wielkopolskiego rozejmem w Trewirze, odby\u0142a si\u0119 prelekcja prezesa Ko\u0142a TPPW 1918\/1919<a class=\"moretag\" href=\"https:\/\/powstaniewielkopolskie.pl\/nowa\/?p=11381\">Czytaj wi\u0119cej...<\/a><\/div><div class=\"tx-meta\"><span class=\"tx-author\">By : <a href=\"https:\/\/powstaniewielkopolskie.pl\/nowa\/?author=4\">piotr<\/a><\/span><span class=\"tx-date\"> | lut 27, 2026<\/span><\/div><\/div><\/div><\/div><div class=\"tx-blog-item tx-post-col-1\"><div class=\"tx-border-box\"><div class=\"tx-blog-imgpad\"><\/div><div class=\"tx-post-content\"><h3 class=\"tx-post-title\"><a href=\"https:\/\/powstaniewielkopolskie.pl\/nowa\/?p=11379\">Powsta\u0144cy Wielkopolscy patronami drogi ekspresowej S5<\/a><\/h3><div style=\"height: 16px;\"><\/div><div class=\"tx-blog-content\">24 lutego 2026 r. &#8211; pod koniec ubieg\u0142ego roku, jeszcze przed obchodami 107 rocznicy Powstania Wielkopolskiego, Minister Infrastruktury podj\u0105\u0142 decyzj\u0119 o nadaniu drodze ekspresowej S5 nazwy \u201eTrasa Powsta\u0144c\u00f3w Wielkopolskich&#8221;. Nazwa ta pe\u0142ni<a class=\"moretag\" href=\"https:\/\/powstaniewielkopolskie.pl\/nowa\/?p=11379\">Czytaj wi\u0119cej...<\/a><\/div><div class=\"tx-meta\"><span class=\"tx-author\">By : <a href=\"https:\/\/powstaniewielkopolskie.pl\/nowa\/?author=4\">piotr<\/a><\/span><span class=\"tx-date\"> | lut 26, 2026<\/span><\/div><\/div><\/div><\/div><div class=\"tx-blog-item tx-post-col-1\"><div class=\"tx-border-box\"><div class=\"tx-blog-img\"><a href=\"https:\/\/powstaniewielkopolskie.pl\/nowa\/wp-content\/uploads\/2026\/02\/20260217_1126121-bis.jpg\" class=\"tx-colorbox\"><img decoding=\"async\" src=\"https:\/\/powstaniewielkopolskie.pl\/nowa\/wp-content\/uploads\/2026\/02\/20260217_1126121-bis-600x360.jpg\" alt=\"\" class=\"blog-image\" \/><\/a><span class=\"tx-post-comm\"><span>0<\/span><\/span><\/div><div class=\"tx-post-content\"><h3 class=\"tx-post-title\"><a href=\"https:\/\/powstaniewielkopolskie.pl\/nowa\/?p=11365\">Posiedzenie Komitetu Ochrony Pami\u0119ci Walk i M\u0119cze\u0144stwa<\/a><\/h3><div style=\"height: 16px;\"><\/div><div class=\"tx-blog-content\">17 lutego 2026 r. \u2013 w Muzeum Fortu VII w Poznaniu odby\u0142o si\u0119 posiedzenie Komitetu Ochrony Pami\u0119ci Walk i M\u0119cze\u0144stwa przy Oddziale IPN w Poznaniu. Spotkanie prowadzi\u0142 naczelnik Oddzia\u0142owego Biura Upami\u0119tniania Walk<a class=\"moretag\" href=\"https:\/\/powstaniewielkopolskie.pl\/nowa\/?p=11365\">Czytaj wi\u0119cej...<\/a><\/div><div class=\"tx-meta\"><span class=\"tx-author\">By : <a href=\"https:\/\/powstaniewielkopolskie.pl\/nowa\/?author=4\">piotr<\/a><\/span><span class=\"tx-date\"> | lut 19, 2026<\/span><\/div><\/div><\/div><\/div><div class=\"tx-blog-item tx-post-col-1\"><div class=\"tx-border-box\"><div class=\"tx-blog-img\"><a href=\"https:\/\/powstaniewielkopolskie.pl\/nowa\/wp-content\/uploads\/2026\/02\/Zrzut-ekranu-2026-02-19-162945.png\" class=\"tx-colorbox\"><img decoding=\"async\" src=\"https:\/\/powstaniewielkopolskie.pl\/nowa\/wp-content\/uploads\/2026\/02\/Zrzut-ekranu-2026-02-19-162945-600x360.png\" alt=\"\" class=\"blog-image\" \/><\/a><span class=\"tx-post-comm\"><span>0<\/span><\/span><\/div><div class=\"tx-post-content\"><h3 class=\"tx-post-title\"><a href=\"https:\/\/powstaniewielkopolskie.pl\/nowa\/?p=11362\">Lubuskie uroczysto\u015bci rocznicowe rozejmu w Trewirze<\/a><\/h3><div style=\"height: 16px;\"><\/div><div class=\"tx-blog-content\">16 lutego 2026 r. &#8211; w Sulechowie upami\u0119tniono rocznic\u0119 rozejmu w Trewirze, kt\u00f3ry formalnie ko\u0144czy\u0142 powstanie wielkopolskie. Organizatorem uroczysto\u015bci by\u0142o sulechowskie ko\u0142o Towarzystwa Pami\u0119ci Powstania Wielkopolskiego. Uczestnicy uroczysto\u015bci zebrali si\u0119 na placu<a class=\"moretag\" href=\"https:\/\/powstaniewielkopolskie.pl\/nowa\/?p=11362\">Czytaj wi\u0119cej...<\/a><\/div><div class=\"tx-meta\"><span class=\"tx-author\">By : <a href=\"https:\/\/powstaniewielkopolskie.pl\/nowa\/?author=4\">piotr<\/a><\/span><span class=\"tx-date\"> | lut 19, 2026<\/span><\/div><\/div><\/div><\/div><div class=\"tx-blog-item tx-post-col-1\"><div class=\"tx-border-box\"><div class=\"tx-blog-img\"><a href=\"https:\/\/powstaniewielkopolskie.pl\/nowa\/wp-content\/uploads\/2026\/03\/1000050506-bis.jpg\" class=\"tx-colorbox\"><img decoding=\"async\" src=\"https:\/\/powstaniewielkopolskie.pl\/nowa\/wp-content\/uploads\/2026\/03\/1000050506-bis-600x360.jpg\" alt=\"\" class=\"blog-image\" \/><\/a><span class=\"tx-post-comm\"><span>0<\/span><\/span><\/div><div class=\"tx-post-content\"><h3 class=\"tx-post-title\"><a href=\"https:\/\/powstaniewielkopolskie.pl\/nowa\/?p=11442\">W Szczecinie pami\u0119taj\u0105 o Powsta\u0144cach Wielkopolskich<\/a><\/h3><div style=\"height: 16px;\"><\/div><div class=\"tx-blog-content\">16 lutego 2016 r. &#8211; w rocznic\u0119 podpisania w Trier rozejmu ko\u0144cz\u0105cego Powstanie Wielkopolskie, na Cmentarzu Centralnym w Szczecinie odby\u0142a si\u0119 uroczysta prezentacja nowego nagrobka wzniesionego celem uhonorowania \u015bp. Wincentego D\u0105browicza &#8211;<a class=\"moretag\" href=\"https:\/\/powstaniewielkopolskie.pl\/nowa\/?p=11442\">Czytaj wi\u0119cej...<\/a><\/div><div class=\"tx-meta\"><span class=\"tx-author\">By : <a href=\"https:\/\/powstaniewielkopolskie.pl\/nowa\/?author=4\">piotr<\/a><\/span><span class=\"tx-date\"> | lut 19, 2026<\/span><\/div><\/div><\/div><\/div><div class=\"tx-blog-item tx-post-col-1\"><div class=\"tx-border-box\"><div class=\"tx-blog-img\"><a href=\"https:\/\/powstaniewielkopolskie.pl\/nowa\/wp-content\/uploads\/2026\/02\/633884469_838688395896225_2245529854531441369_n-bis.jpg\" class=\"tx-colorbox\"><img decoding=\"async\" src=\"https:\/\/powstaniewielkopolskie.pl\/nowa\/wp-content\/uploads\/2026\/02\/633884469_838688395896225_2245529854531441369_n-bis-600x360.jpg\" alt=\"\" class=\"blog-image\" \/><\/a><span class=\"tx-post-comm\"><span>0<\/span><\/span><\/div><div class=\"tx-post-content\"><h3 class=\"tx-post-title\"><a href=\"https:\/\/powstaniewielkopolskie.pl\/nowa\/?p=11335\">Uroczyste ods\u0142oni\u0119cie tablicy pami\u0105tkowej w Nowym Tomy\u015blu<\/a><\/h3><div style=\"height: 16px;\"><\/div><div class=\"tx-blog-content\">16 lutego 2026 r. &#8211; przy ulicy Pi\u0142sudskiego 13 w Nowym Tomy\u015blu uroczy\u015bcie ods\u0142oni\u0119to tablic\u0119 upami\u0119tniaj\u0105c\u0105 Micha\u0142a Preislera &#8211; Powsta\u0144ca Wielkopolskiego, budowniczego powiatowego i wieloletniego prezesa Ochotniczej Stra\u017cy Po\u017carnej w Nowym Tomy\u015blu.<a class=\"moretag\" href=\"https:\/\/powstaniewielkopolskie.pl\/nowa\/?p=11335\">Czytaj wi\u0119cej...<\/a><\/div><div class=\"tx-meta\"><span class=\"tx-author\">By : <a href=\"https:\/\/powstaniewielkopolskie.pl\/nowa\/?author=4\">piotr<\/a><\/span><span class=\"tx-date\"> | lut 17, 2026<\/span><\/div><\/div><\/div><\/div><div class=\"tx-blog-item tx-post-col-1\"><div class=\"tx-border-box\"><div class=\"tx-blog-img\"><a href=\"https:\/\/powstaniewielkopolskie.pl\/nowa\/wp-content\/uploads\/2026\/02\/Lgow-10-bis.jpg\" class=\"tx-colorbox\"><img decoding=\"async\" src=\"https:\/\/powstaniewielkopolskie.pl\/nowa\/wp-content\/uploads\/2026\/02\/Lgow-10-bis-600x360.jpg\" alt=\"\" class=\"blog-image\" \/><\/a><span class=\"tx-post-comm\"><span>0<\/span><\/span><\/div><div class=\"tx-post-content\"><h3 class=\"tx-post-title\"><a href=\"https:\/\/powstaniewielkopolskie.pl\/nowa\/?p=11356\">Uroczysto\u015bci rocznicowe w Lgowie<\/a><\/h3><div style=\"height: 16px;\"><\/div><div class=\"tx-blog-content\">15 lutego 2026 r. &#8211; w ko\u015bciele Narodzenia Naj\u015bwi\u0119tszej Marii Panny w Lgowie odprawiona zosta\u0142a uroczysta msza \u015bw. z ceremonia\u0142em wojskowym z okazji 157. rocznicy urodzin mjr. Zbigniewa Gorze\u0144skiego-Ostroroga, dow\u00f3dcy Frontu Po\u0142udniowego<a class=\"moretag\" href=\"https:\/\/powstaniewielkopolskie.pl\/nowa\/?p=11356\">Czytaj wi\u0119cej...<\/a><\/div><div class=\"tx-meta\"><span class=\"tx-author\">By : <a href=\"https:\/\/powstaniewielkopolskie.pl\/nowa\/?author=4\">piotr<\/a><\/span><span class=\"tx-date\"> | lut 17, 2026<\/span><\/div><\/div><\/div><\/div><div class=\"tx-blog-item tx-post-col-1\"><div class=\"tx-border-box\"><div class=\"tx-blog-img\"><a href=\"https:\/\/powstaniewielkopolskie.pl\/nowa\/wp-content\/uploads\/2026\/02\/IMG-20260215-WA0004-bis.jpg\" class=\"tx-colorbox\"><img decoding=\"async\" src=\"https:\/\/powstaniewielkopolskie.pl\/nowa\/wp-content\/uploads\/2026\/02\/IMG-20260215-WA0004-bis-600x360.jpg\" alt=\"\" class=\"blog-image\" \/><\/a><span class=\"tx-post-comm\"><span>0<\/span><\/span><\/div><div class=\"tx-post-content\"><h3 class=\"tx-post-title\"><a href=\"https:\/\/powstaniewielkopolskie.pl\/nowa\/?p=11306\">W Swarz\u0119dzu uczczono pami\u0119\u0107 bohaterskich Powsta\u0144c\u00f3w<\/a><\/h3><div style=\"height: 16px;\"><\/div><div class=\"tx-blog-content\">15 lutego 2026 r. &#8211; swarz\u0119dzkie ko\u0142o Towarzystwa Pami\u0119ci Powstania Wielkopolskiego zako\u0144czy\u0142o obchody rocznicy Powstania Wielkopolskiego modlitw\u0105 w ko\u015bciele pw. MBWW przy ul Pozna\u0144skiej w intencji poleg\u0142ych i zmar\u0142ych Powsta\u0144c\u00f3w Wielkopolskich z<a class=\"moretag\" href=\"https:\/\/powstaniewielkopolskie.pl\/nowa\/?p=11306\">Czytaj wi\u0119cej...<\/a><\/div><div class=\"tx-meta\"><span class=\"tx-author\">By : <a href=\"https:\/\/powstaniewielkopolskie.pl\/nowa\/?author=4\">piotr<\/a><\/span><span class=\"tx-date\"> | lut 16, 2026<\/span><\/div><\/div><\/div><\/div><div class=\"tx-blog-item tx-post-col-1\"><div class=\"tx-border-box\"><div class=\"tx-blog-img\"><a href=\"https:\/\/powstaniewielkopolskie.pl\/nowa\/wp-content\/uploads\/2026\/02\/635556016_122112207057181565_563575001870013991_n-bis.jpg\" class=\"tx-colorbox\"><img decoding=\"async\" src=\"https:\/\/powstaniewielkopolskie.pl\/nowa\/wp-content\/uploads\/2026\/02\/635556016_122112207057181565_563575001870013991_n-bis-600x360.jpg\" alt=\"\" class=\"blog-image\" \/><\/a><span class=\"tx-post-comm\"><span>0<\/span><\/span><\/div><div class=\"tx-post-content\"><h3 class=\"tx-post-title\"><a href=\"https:\/\/powstaniewielkopolskie.pl\/nowa\/?p=11324\">Uroczysto\u015bci rocznicowe w Brennie<\/a><\/h3><div style=\"height: 16px;\"><\/div><div class=\"tx-blog-content\">13 lutego 2026 r. &#8211; w Brennie obchodzono 107. rocznic\u0119 zwyci\u0119stwa Powstania Wielkopolskiego oraz 22-lecie nadania imienia Zespo\u0142owi Szk\u00f3\u0142 im. Powsta\u0144c\u00f3w Wielkopolskich, po\u0142\u0105czone z uroczystym otwarciem izby pami\u0119ci. Uroczysto\u015bci rozpocz\u0119\u0142y si\u0119 pod<a class=\"moretag\" href=\"https:\/\/powstaniewielkopolskie.pl\/nowa\/?p=11324\">Czytaj wi\u0119cej...<\/a><\/div><div class=\"tx-meta\"><span class=\"tx-author\">By : <a href=\"https:\/\/powstaniewielkopolskie.pl\/nowa\/?author=4\">piotr<\/a><\/span><span class=\"tx-date\"> | lut 16, 2026<\/span><\/div><\/div><\/div><\/div><div class=\"tx-blog-item tx-post-col-1\"><div class=\"tx-border-box\"><div class=\"tx-blog-img\"><a href=\"https:\/\/powstaniewielkopolskie.pl\/nowa\/wp-content\/uploads\/2026\/02\/image000000169-bis.jpg\" class=\"tx-colorbox\"><img decoding=\"async\" src=\"https:\/\/powstaniewielkopolskie.pl\/nowa\/wp-content\/uploads\/2026\/02\/image000000169-bis-600x360.jpg\" alt=\"\" class=\"blog-image\" \/><\/a><span class=\"tx-post-comm\"><span>0<\/span><\/span><\/div><div class=\"tx-post-content\"><h3 class=\"tx-post-title\"><a href=\"https:\/\/powstaniewielkopolskie.pl\/nowa\/?p=11294\">Prochy o\u015bmiu Powsta\u0144c\u00f3w z\u0142o\u017cono w kolumbarium na junikowskim cmentarzu<\/a><\/h3><div style=\"height: 16px;\"><\/div><div class=\"tx-blog-content\">13 lutego 2026 r. &#8211; w 107. rocznic\u0119 zako\u0144czenia Powstania Wielkopolskiego, z inicjatywy Prezydenta Miasta Poznania, Towarzystwa Pami\u0119ci Powstania Wielkopolskiego, Cyfrowego Lapidarium Poznania, Stowarzyszenia Odra \u2013 Niemen oraz Instytutu Pami\u0119ci Narodowej, na<a class=\"moretag\" href=\"https:\/\/powstaniewielkopolskie.pl\/nowa\/?p=11294\">Czytaj wi\u0119cej...<\/a><\/div><div class=\"tx-meta\"><span class=\"tx-author\">By : <a href=\"https:\/\/powstaniewielkopolskie.pl\/nowa\/?author=4\">piotr<\/a><\/span><span class=\"tx-date\"> | lut 15, 2026<\/span><\/div><\/div><\/div><\/div><div class=\"tx-blog-item tx-post-col-1\"><div class=\"tx-border-box\"><div class=\"tx-blog-img\"><a href=\"https:\/\/powstaniewielkopolskie.pl\/nowa\/wp-content\/uploads\/2026\/02\/Zrzut-ekranu-2026-02-12-165852.png\" class=\"tx-colorbox\"><img decoding=\"async\" src=\"https:\/\/powstaniewielkopolskie.pl\/nowa\/wp-content\/uploads\/2026\/02\/Zrzut-ekranu-2026-02-12-165852-600x360.png\" alt=\"\" class=\"blog-image\" \/><\/a><span class=\"tx-post-comm\"><span>0<\/span><\/span><\/div><div class=\"tx-post-content\"><h3 class=\"tx-post-title\"><a href=\"https:\/\/powstaniewielkopolskie.pl\/nowa\/?p=11274\">W Kargowej oddano ho\u0142d Powsta\u0144com Wielkopolskim<\/a><\/h3><div style=\"height: 16px;\"><\/div><div class=\"tx-blog-content\">12 lutego 2026 r. &#8211; upami\u0119tniono 107. rocznic\u0119 bitwy pod Kargow\u0105. To najbardziej znany epizod powstania wielkopolskiego na terenie obecnego wojew\u00f3dztwa lubuskiego. W lutym 1919 roku powsta\u0144cy dotarli w okolice Babimostu, Kargowej<a class=\"moretag\" href=\"https:\/\/powstaniewielkopolskie.pl\/nowa\/?p=11274\">Czytaj wi\u0119cej...<\/a><\/div><div class=\"tx-meta\"><span class=\"tx-author\">By : <a href=\"https:\/\/powstaniewielkopolskie.pl\/nowa\/?author=4\">piotr<\/a><\/span><span class=\"tx-date\"> | lut 12, 2026<\/span><\/div><\/div><\/div><\/div><div class=\"tx-blog-item tx-post-col-1\"><div class=\"tx-border-box\"><div class=\"tx-blog-img\"><a href=\"https:\/\/powstaniewielkopolskie.pl\/nowa\/wp-content\/uploads\/2026\/02\/image000000167-bis.jpg\" class=\"tx-colorbox\"><img decoding=\"async\" src=\"https:\/\/powstaniewielkopolskie.pl\/nowa\/wp-content\/uploads\/2026\/02\/image000000167-bis-600x360.jpg\" alt=\"\" class=\"blog-image\" \/><\/a><span class=\"tx-post-comm\"><span>0<\/span><\/span><\/div><div class=\"tx-post-content\"><h3 class=\"tx-post-title\"><a href=\"https:\/\/powstaniewielkopolskie.pl\/nowa\/?p=11289\">Uroczysto\u015b\u0107 rocznicowa w Ceradzu Ko\u015bcielnym<\/a><\/h3><div style=\"height: 16px;\"><\/div><div class=\"tx-blog-content\">12 lutego 2026 r. &#8211; na cmentarzu w Ceradzu Ko\u015bcielnym odby\u0142a si\u0119 uroczysto\u015b\u0107 zwi\u0105zana ze 107. rocznic\u0105 podpisania traktatu w Trewirze. Na cmentarzu, gdzie r\u00f3wno 107 lat temu odby\u0142 si\u0119 uroczysty pogrzeb<a class=\"moretag\" href=\"https:\/\/powstaniewielkopolskie.pl\/nowa\/?p=11289\">Czytaj wi\u0119cej...<\/a><\/div><div class=\"tx-meta\"><span class=\"tx-author\">By : <a href=\"https:\/\/powstaniewielkopolskie.pl\/nowa\/?author=4\">piotr<\/a><\/span><span class=\"tx-date\"> | lut 11, 2026<\/span><\/div><\/div><\/div><\/div><div class=\"tx-blog-item tx-post-col-1\"><div class=\"tx-border-box\"><div class=\"tx-blog-img\"><a href=\"https:\/\/powstaniewielkopolskie.pl\/nowa\/wp-content\/uploads\/2026\/02\/d799967b-21c5-4a25-a639-933cdb33a560-bis.jpg\" class=\"tx-colorbox\"><img decoding=\"async\" src=\"https:\/\/powstaniewielkopolskie.pl\/nowa\/wp-content\/uploads\/2026\/02\/d799967b-21c5-4a25-a639-933cdb33a560-bis-600x360.jpg\" alt=\"\" class=\"blog-image\" \/><\/a><span class=\"tx-post-comm\"><span>0<\/span><\/span><\/div><div class=\"tx-post-content\"><h3 class=\"tx-post-title\"><a href=\"https:\/\/powstaniewielkopolskie.pl\/nowa\/?p=11282\">Koncert patriotyczny \u201eJasn\u0105 nut\u0105 o Powstaniu Wielkopolskim\u201d<\/a><\/h3><div style=\"height: 16px;\"><\/div><div class=\"tx-blog-content\">11 lutego 2026 r. &#8211; w sali wiejskiej w Urbanowie odby\u0142 si\u0119 koncert patriotyczny \u201eJasn\u0105 nut\u0105 o Powstaniu Wielkopolskim\u201d, kt\u00f3ry zgromadzi\u0142 komplet publiczno\u015bci. Wydarzenie zosta\u0142o przygotowane przez Szko\u0142\u0119 Podstawow\u0105 im. Powsta\u0144c\u00f3w Ziemi<a class=\"moretag\" href=\"https:\/\/powstaniewielkopolskie.pl\/nowa\/?p=11282\">Czytaj wi\u0119cej...<\/a><\/div><div class=\"tx-meta\"><span class=\"tx-author\">By : <a href=\"https:\/\/powstaniewielkopolskie.pl\/nowa\/?author=4\">piotr<\/a><\/span><span class=\"tx-date\"> | lut 11, 2026<\/span><\/div><\/div><\/div><\/div><div class=\"tx-blog-item tx-post-col-1\"><div class=\"tx-border-box\"><div class=\"tx-blog-img\"><a href=\"https:\/\/powstaniewielkopolskie.pl\/nowa\/wp-content\/uploads\/2026\/02\/image000000164-bis.jpg\" class=\"tx-colorbox\"><img decoding=\"async\" src=\"https:\/\/powstaniewielkopolskie.pl\/nowa\/wp-content\/uploads\/2026\/02\/image000000164-bis-600x360.jpg\" alt=\"\" class=\"blog-image\" \/><\/a><span class=\"tx-post-comm\"><span>0<\/span><\/span><\/div><div class=\"tx-post-content\"><h3 class=\"tx-post-title\"><a href=\"https:\/\/powstaniewielkopolskie.pl\/nowa\/?p=11278\">Uroczysto\u015b\u0107 na Skwerze Marsza\u0142ka Ferdynanda Focha w Poznaniu<\/a><\/h3><div style=\"height: 16px;\"><\/div><div class=\"tx-blog-content\">11 lutego 2026 r. &#8211; w Poznaniu uczczono 107. rocznic\u0119 podpisania rozejmu w Trewirze. Na skwerze imienia Marsza\u0142ka Ferdynanda Focha odby\u0142a si\u0119 uroczysto\u015b\u0107 upami\u0119tniaj\u0105ca formalne zako\u0144czenie zwyci\u0119skiego Powstania Wielkopolskiego. Marsza\u0142ek Ferdynand Foch<a class=\"moretag\" href=\"https:\/\/powstaniewielkopolskie.pl\/nowa\/?p=11278\">Czytaj wi\u0119cej...<\/a><\/div><div class=\"tx-meta\"><span class=\"tx-author\">By : <a href=\"https:\/\/powstaniewielkopolskie.pl\/nowa\/?author=4\">piotr<\/a><\/span><span class=\"tx-date\"> | lut 11, 2026<\/span><\/div><\/div><\/div><\/div><div class=\"tx-blog-item tx-post-col-1\"><div class=\"tx-border-box\"><div class=\"tx-blog-img\"><a href=\"https:\/\/powstaniewielkopolskie.pl\/nowa\/wp-content\/uploads\/2026\/03\/IMG-20260212-WA0029-1400x1050.jpg\" class=\"tx-colorbox\"><img decoding=\"async\" src=\"https:\/\/powstaniewielkopolskie.pl\/nowa\/wp-content\/uploads\/2026\/03\/IMG-20260212-WA0029-600x360.jpg\" alt=\"\" class=\"blog-image\" \/><\/a><span class=\"tx-post-comm\"><span>0<\/span><\/span><\/div><div class=\"tx-post-content\"><h3 class=\"tx-post-title\"><a href=\"https:\/\/powstaniewielkopolskie.pl\/nowa\/?p=11385\">Konferencja \u201ePowstanie Wielkopolska 1918-1919. Pami\u0119tamy\u201d<\/a><\/h3><div style=\"height: 16px;\"><\/div><div class=\"tx-blog-content\">11 lutego 2026 r. &#8211; O\u015brodek Doskonalenia Nauczycieli w Poznaniu zorganizowa\u0142 w Collegium Historicum UAM XV Konferencj\u0119 pod has\u0142em \u201eSpo\u0142eczne oblicze Powstania Wielkopolskiego. Od samoorganizacji do wsparcia zaplecza frontu\u201d. Konferencja by\u0142a skierowana<a class=\"moretag\" href=\"https:\/\/powstaniewielkopolskie.pl\/nowa\/?p=11385\">Czytaj wi\u0119cej...<\/a><\/div><div class=\"tx-meta\"><span class=\"tx-author\">By : <a href=\"https:\/\/powstaniewielkopolskie.pl\/nowa\/?author=4\">piotr<\/a><\/span><span class=\"tx-date\"> | lut 11, 2026<\/span><\/div><\/div><\/div><\/div><div class=\"tx-blog-item tx-post-col-1\"><div class=\"tx-border-box\"><div class=\"tx-blog-imgpad\"><\/div><div class=\"tx-post-content\"><h3 class=\"tx-post-title\"><a href=\"https:\/\/powstaniewielkopolskie.pl\/nowa\/?p=11317\">Marsz powsta\u0144czy w Chobienicach<\/a><\/h3><div style=\"height: 16px;\"><\/div><div class=\"tx-blog-content\">8 lutego 2026 r. &#8211; w Chobienicach odby\u0142 si\u0119 Marsz Powsta\u0144czy upami\u0119tniaj\u0105cy rocznic\u0119 Powstania Wielkopolskiego. Wydarzenie rozpocz\u0119\u0142a msza \u015bwi\u0119ta w miejscowym ko\u015bciele. Na cmentarzu pod pomnikiem upami\u0119tniaj\u0105cym powsta\u0144c\u00f3w zosta\u0142y z\u0142o\u017cone kwiaty. Delegacje<a class=\"moretag\" href=\"https:\/\/powstaniewielkopolskie.pl\/nowa\/?p=11317\">Czytaj wi\u0119cej...<\/a><\/div><div class=\"tx-meta\"><span class=\"tx-author\">By : <a href=\"https:\/\/powstaniewielkopolskie.pl\/nowa\/?author=4\">piotr<\/a><\/span><span class=\"tx-date\"> | lut 10, 2026<\/span><\/div><\/div><\/div><\/div><div class=\"tx-blog-item tx-post-col-1\"><div class=\"tx-border-box\"><div class=\"tx-blog-imgpad\"><\/div><div class=\"tx-post-content\"><h3 class=\"tx-post-title\"><a href=\"https:\/\/powstaniewielkopolskie.pl\/nowa\/?p=11313\">Obchody 107. rocznicy wyzwolenia Kaszczoru.<\/a><\/h3><div style=\"height: 16px;\"><\/div><div class=\"tx-blog-content\">7 lutego 2026 r. &#8211; w Kaszczorze obchodzono rocznic\u0119 wyzwolenia miejscowo\u015bci. Organizatorami uroczysto\u015bci byli so\u0142tys oraz Rada So\u0142ecka wsi Kaszczor. Uczestnicz\u0105cy w wydarzeniu mieszka\u0144cy, przedstawiciele w\u0142adz samorz\u0105dowych oraz zaproszeni go\u015bcie udali si\u0119<a class=\"moretag\" href=\"https:\/\/powstaniewielkopolskie.pl\/nowa\/?p=11313\">Czytaj wi\u0119cej...<\/a><\/div><div class=\"tx-meta\"><span class=\"tx-author\">By : <a href=\"https:\/\/powstaniewielkopolskie.pl\/nowa\/?author=4\">piotr<\/a><\/span><span class=\"tx-date\"> | lut 10, 2026<\/span><\/div><\/div><\/div><\/div><div class=\"tx-blog-item tx-post-col-1\"><div class=\"tx-border-box\"><div class=\"tx-blog-img\"><a href=\"https:\/\/powstaniewielkopolskie.pl\/nowa\/wp-content\/uploads\/2026\/02\/2026portretypowstancze3-bis.jpg\" class=\"tx-colorbox\"><img decoding=\"async\" src=\"https:\/\/powstaniewielkopolskie.pl\/nowa\/wp-content\/uploads\/2026\/02\/2026portretypowstancze3-bis-600x360.jpg\" alt=\"\" class=\"blog-image\" \/><\/a><span class=\"tx-post-comm\"><span>0<\/span><\/span><\/div><div class=\"tx-post-content\"><h3 class=\"tx-post-title\"><a href=\"https:\/\/powstaniewielkopolskie.pl\/nowa\/?p=11266\">Wystawa portret\u00f3w Powsta\u0144c\u00f3w Wielkopolskich w Ko\u017aminie Wlkp.<\/a><\/h3><div style=\"height: 16px;\"><\/div><div class=\"tx-blog-content\">5 lutego 2026 r. &#8211; w Bibliotece Publicznej Miasta i Gminy Ko\u017amin Wielkopolski zosta\u0142a otwarta wystawa pt. \u201ePortrety Powsta\u0144c\u00f3w Wielkopolskich w tw\u00f3rczo\u015bci Jakuba Multana\u201d. Na ekspozycj\u0119 sk\u0142adaj\u0105 si\u0119 obecnie 24 prace, kt\u00f3re<a class=\"moretag\" href=\"https:\/\/powstaniewielkopolskie.pl\/nowa\/?p=11266\">Czytaj wi\u0119cej...<\/a><\/div><div class=\"tx-meta\"><span class=\"tx-author\">By : <a href=\"https:\/\/powstaniewielkopolskie.pl\/nowa\/?author=4\">piotr<\/a><\/span><span class=\"tx-date\"> | lut 8, 2026<\/span><\/div><\/div><\/div><\/div><div class=\"tx-blog-item tx-post-col-1\"><div class=\"tx-border-box\"><div class=\"tx-blog-img\"><a href=\"https:\/\/powstaniewielkopolskie.pl\/nowa\/wp-content\/uploads\/2026\/02\/Zdjecie-5-bis.jpg\" class=\"tx-colorbox\"><img decoding=\"async\" src=\"https:\/\/powstaniewielkopolskie.pl\/nowa\/wp-content\/uploads\/2026\/02\/Zdjecie-5-bis-600x360.jpg\" alt=\"\" class=\"blog-image\" \/><\/a><span class=\"tx-post-comm\"><span>0<\/span><\/span><\/div><div class=\"tx-post-content\"><h3 class=\"tx-post-title\"><a href=\"https:\/\/powstaniewielkopolskie.pl\/nowa\/?p=11260\">Pami\u0119\u0107 o Powstaniu Wielkopolskim \u0142\u0105czy pokolenia Gorzowian<\/a><\/h3><div style=\"height: 16px;\"><\/div><div class=\"tx-blog-content\">4 lutego 2026 r. &#8211; w salonie oficyny Willi Muzeum Lubuskiego im. Jana Dekerta w Gorzowie Wielkopolskim przy ul. Warszawskiej 35 odby\u0142o si\u0119 uroczyste otwarcie wystawy \u201ePowstanie Wielkopolskie 1918\u20131919\u201d, przygotowanej przez Instytut<a class=\"moretag\" href=\"https:\/\/powstaniewielkopolskie.pl\/nowa\/?p=11260\">Czytaj wi\u0119cej...<\/a><\/div><div class=\"tx-meta\"><span class=\"tx-author\">By : <a href=\"https:\/\/powstaniewielkopolskie.pl\/nowa\/?author=4\">piotr<\/a><\/span><span class=\"tx-date\"> | lut 5, 2026<\/span><\/div><\/div><\/div><\/div><div class=\"tx-blog-item tx-post-col-1\"><div class=\"tx-border-box\"><div class=\"tx-blog-img\"><a href=\"https:\/\/powstaniewielkopolskie.pl\/nowa\/wp-content\/uploads\/2026\/02\/IMG-20260202-WA0000-bis.jpg\" class=\"tx-colorbox\"><img decoding=\"async\" src=\"https:\/\/powstaniewielkopolskie.pl\/nowa\/wp-content\/uploads\/2026\/02\/IMG-20260202-WA0000-bis-600x360.jpg\" alt=\"\" class=\"blog-image\" \/><\/a><span class=\"tx-post-comm\"><span>0<\/span><\/span><\/div><div class=\"tx-post-content\"><h3 class=\"tx-post-title\"><a href=\"https:\/\/powstaniewielkopolskie.pl\/nowa\/?p=11255\">Koncert Muzyki Polskiej<\/a><\/h3><div style=\"height: 16px;\"><\/div><div class=\"tx-blog-content\">31 stycznia 2026 r. &#8211; w sali koncertowej szko\u0142y muzycznej przy ul. Solnej 12 w Poznaniu odby\u0142o si\u0119 wyj\u0105tkowe wydarzenie muzyczne. Go\u015bcie i Gospodarze stworzyli wielopokoleniowy ch\u00f3r, kt\u00f3ry wsp\u00f3lnie wykonywa\u0142 pie\u015bni patriotyczne,<a class=\"moretag\" href=\"https:\/\/powstaniewielkopolskie.pl\/nowa\/?p=11255\">Czytaj wi\u0119cej...<\/a><\/div><div class=\"tx-meta\"><span class=\"tx-author\">By : <a href=\"https:\/\/powstaniewielkopolskie.pl\/nowa\/?author=4\">piotr<\/a><\/span><span class=\"tx-date\"> | lut 5, 2026<\/span><\/div><\/div><\/div><\/div><div class=\"tx-blog-item tx-post-col-1\"><div class=\"tx-border-box\"><div class=\"tx-blog-img\"><a href=\"https:\/\/powstaniewielkopolskie.pl\/nowa\/wp-content\/uploads\/2026\/01\/Wystawa-na-barce-1400x788.jpg\" class=\"tx-colorbox\"><img decoding=\"async\" src=\"https:\/\/powstaniewielkopolskie.pl\/nowa\/wp-content\/uploads\/2026\/01\/Wystawa-na-barce-600x360.jpg\" alt=\"\" class=\"blog-image\" \/><\/a><span class=\"tx-post-comm\"><span>0<\/span><\/span><\/div><div class=\"tx-post-content\"><h3 class=\"tx-post-title\"><a href=\"https:\/\/powstaniewielkopolskie.pl\/nowa\/?p=11250\">Ciekawa wystawa fotograficzna w Bydgoszczy<\/a><\/h3><div style=\"height: 16px;\"><\/div><div class=\"tx-blog-content\">23 stycznia 2026 r. &#8211; w Bydgoszczy, na zabytkowej barce LEMARA, w ramach miejskich uroczysto\u015bci przy\u0142\u0105czenia Bydgoszczy do Macierzy, mia\u0142o miejsce otwarcie wystawy fotograficznej pt. \u201eHistoria Grobu Nieznanego Powsta\u0144ca Wielkopolskiego w Bydgoszczy&#8221;.<a class=\"moretag\" href=\"https:\/\/powstaniewielkopolskie.pl\/nowa\/?p=11250\">Czytaj wi\u0119cej...<\/a><\/div><div class=\"tx-meta\"><span class=\"tx-author\">By : <a href=\"https:\/\/powstaniewielkopolskie.pl\/nowa\/?author=4\">piotr<\/a><\/span><span class=\"tx-date\"> | sty 27, 2026<\/span><\/div><\/div><\/div><\/div><div class=\"tx-blog-item tx-post-col-1\"><div class=\"tx-border-box\"><div class=\"tx-blog-img\"><a href=\"https:\/\/powstaniewielkopolskie.pl\/nowa\/wp-content\/uploads\/2026\/01\/619590266_122268765962237149_3341301151889159204_n-bis.jpg\" class=\"tx-colorbox\"><img decoding=\"async\" src=\"https:\/\/powstaniewielkopolskie.pl\/nowa\/wp-content\/uploads\/2026\/01\/619590266_122268765962237149_3341301151889159204_n-bis-600x360.jpg\" alt=\"\" class=\"blog-image\" \/><\/a><span class=\"tx-post-comm\"><span>0<\/span><\/span><\/div><div class=\"tx-post-content\"><h3 class=\"tx-post-title\"><a href=\"https:\/\/powstaniewielkopolskie.pl\/nowa\/?p=11237\">\u015awi\u0119to Patrona Szko\u0142y im. Powsta\u0144c\u00f3w Wielkopolskich w Mia\u0142ach<\/a><\/h3><div style=\"height: 16px;\"><\/div><div class=\"tx-blog-content\">23 stycznia 2026 r. &#8211; w Szkole Podstawowej im. Powsta\u0144c\u00f3w Wielkopolskich w Mia\u0142ach (powiat czarnkowsko-trzcianecki) zorganizowano \u015awi\u0119to Patrona. Uroczysto\u015b\u0107 nawi\u0105zywa\u0142a do nast\u0119puj\u0105cych rocznic: 106. rewindykacji po\u0142udniowo-zachodniej cz\u0119\u015bci ziemi wiele\u0144skiej, 107. walk powsta\u0144czych<a class=\"moretag\" href=\"https:\/\/powstaniewielkopolskie.pl\/nowa\/?p=11237\">Czytaj wi\u0119cej...<\/a><\/div><div class=\"tx-meta\"><span class=\"tx-author\">By : <a href=\"https:\/\/powstaniewielkopolskie.pl\/nowa\/?author=4\">piotr<\/a><\/span><span class=\"tx-date\"> | sty 26, 2026<\/span><\/div><\/div><\/div><\/div><div class=\"tx-blog-item tx-post-col-1\"><div class=\"tx-border-box\"><div class=\"tx-blog-img\"><a href=\"https:\/\/powstaniewielkopolskie.pl\/nowa\/wp-content\/uploads\/2026\/01\/13926-bis.jpg\" class=\"tx-colorbox\"><img decoding=\"async\" src=\"https:\/\/powstaniewielkopolskie.pl\/nowa\/wp-content\/uploads\/2026\/01\/13926-bis-600x360.jpg\" alt=\"\" class=\"blog-image\" \/><\/a><span class=\"tx-post-comm\"><span>0<\/span><\/span><\/div><div class=\"tx-post-content\"><h3 class=\"tx-post-title\"><a href=\"https:\/\/powstaniewielkopolskie.pl\/nowa\/?p=11220\">Obchody rocznicowe i konferencja popularnonaukowa w Starym Polichnie<\/a><\/h3><div style=\"height: 16px;\"><\/div><div class=\"tx-blog-content\">22 stycznia 2026 r. &#8211; w Starym Polichnie odby\u0142y si\u0119 III obchody upami\u0119tniaj\u0105ce Zwyci\u0119skie Powstanie Wielkopolskie. Tegoroczne spotkanie by\u0142o po\u015bwi\u0119cone roli kobiet w drodze do niepodleg\u0142o\u015bci. Organizatorami uroczysto\u015bci byli: Towarzystwo Pami\u0119ci Powstania<a class=\"moretag\" href=\"https:\/\/powstaniewielkopolskie.pl\/nowa\/?p=11220\">Czytaj wi\u0119cej...<\/a><\/div><div class=\"tx-meta\"><span class=\"tx-author\">By : <a href=\"https:\/\/powstaniewielkopolskie.pl\/nowa\/?author=4\">piotr<\/a><\/span><span class=\"tx-date\"> | sty 26, 2026<\/span><\/div><\/div><\/div><\/div><div class=\"tx-blog-item tx-post-col-1\"><div class=\"tx-border-box\"><div class=\"tx-blog-img\"><a href=\"https:\/\/powstaniewielkopolskie.pl\/nowa\/wp-content\/uploads\/2026\/01\/Zrzut-ekranu-2026-01-20-131919.png\" class=\"tx-colorbox\"><img decoding=\"async\" src=\"https:\/\/powstaniewielkopolskie.pl\/nowa\/wp-content\/uploads\/2026\/01\/Zrzut-ekranu-2026-01-20-131919-600x360.png\" alt=\"\" class=\"blog-image\" \/><\/a><span class=\"tx-post-comm\"><span>0<\/span><\/span><\/div><div class=\"tx-post-content\"><h3 class=\"tx-post-title\"><a href=\"https:\/\/powstaniewielkopolskie.pl\/nowa\/?p=11197\">W Kro\u015bnie Odrza\u0144skim uczczono pami\u0119\u0107 Powsta\u0144c\u00f3w Wielkopolskich<\/a><\/h3><div style=\"height: 16px;\"><\/div><div class=\"tx-blog-content\">17 stycznia 2026 r. &#8211; w Kro\u015bnie Odrza\u0144skim upami\u0119tniono rocznic\u0119 transportu Powsta\u0144c\u00f3w Wielkopolskich do miejscowego obozu jenieckiego. Przy obelisku na terenie dawnego obozu zapalono znicze. Uroczysto\u015b\u0107 odby\u0142a si\u0119 z inicjatywy ko\u0142a Towarzystwa<a class=\"moretag\" href=\"https:\/\/powstaniewielkopolskie.pl\/nowa\/?p=11197\">Czytaj wi\u0119cej...<\/a><\/div><div class=\"tx-meta\"><span class=\"tx-author\">By : <a href=\"https:\/\/powstaniewielkopolskie.pl\/nowa\/?author=4\">piotr<\/a><\/span><span class=\"tx-date\"> | sty 20, 2026<\/span><\/div><\/div><\/div><\/div><div class=\"tx-blog-item tx-post-col-1\"><div class=\"tx-border-box\"><div class=\"tx-blog-img\"><a href=\"https:\/\/powstaniewielkopolskie.pl\/nowa\/wp-content\/uploads\/2026\/01\/Uczestnicy-strzelania-powstanczego-16-I-2026-bis.jpg\" class=\"tx-colorbox\"><img decoding=\"async\" src=\"https:\/\/powstaniewielkopolskie.pl\/nowa\/wp-content\/uploads\/2026\/01\/Uczestnicy-strzelania-powstanczego-16-I-2026-bis-600x360.jpg\" alt=\"\" class=\"blog-image\" \/><\/a><span class=\"tx-post-comm\"><span>0<\/span><\/span><\/div><div class=\"tx-post-content\"><h3 class=\"tx-post-title\"><a href=\"https:\/\/powstaniewielkopolskie.pl\/nowa\/?p=11181\">Swarz\u0119dzkie obchody 107. rocznicy Powstania Wielkopolskiego<\/a><\/h3><div style=\"height: 16px;\"><\/div><div class=\"tx-blog-content\">16 stycznia 2026 r. &#8211; w 107. rocznic\u0119 wymarszu swarz\u0119dzkiej grupy ochotnik\u00f3w udaj\u0105cych si\u0119 do Poznania cz\u0142onkowie swarz\u0119dzkiego ko\u0142a Towarzystwa Pami\u0119ci Powstania Wielkopolskiego oraz ich go\u015bcie uczcili to wydarzenie udzia\u0142em w rocznicowym<a class=\"moretag\" href=\"https:\/\/powstaniewielkopolskie.pl\/nowa\/?p=11181\">Czytaj wi\u0119cej...<\/a><\/div><div class=\"tx-meta\"><span class=\"tx-author\">By : <a href=\"https:\/\/powstaniewielkopolskie.pl\/nowa\/?author=4\">piotr<\/a><\/span><span class=\"tx-date\"> | sty 19, 2026<\/span><\/div><\/div><\/div><\/div><div class=\"tx-blog-item tx-post-col-1\"><div class=\"tx-border-box\"><div class=\"tx-blog-img\"><a href=\"https:\/\/powstaniewielkopolskie.pl\/nowa\/wp-content\/uploads\/2026\/01\/P1010047-bis.jpg\" class=\"tx-colorbox\"><img decoding=\"async\" src=\"https:\/\/powstaniewielkopolskie.pl\/nowa\/wp-content\/uploads\/2026\/01\/P1010047-bis-600x360.jpg\" alt=\"\" class=\"blog-image\" \/><\/a><span class=\"tx-post-comm\"><span>0<\/span><\/span><\/div><div class=\"tx-post-content\"><h3 class=\"tx-post-title\"><a href=\"https:\/\/powstaniewielkopolskie.pl\/nowa\/?p=11177\">W \u0141omnicy uczczono pami\u0119\u0107 bohaterskich Powsta\u0144c\u00f3w Wielkopolskich<\/a><\/h3><div style=\"height: 16px;\"><\/div><div class=\"tx-blog-content\">16 stycznia 2026 r. &#8211; delegacja k\u00f3rnickiego Ko\u0142a Towarzystwa Pami\u0119ci Powstania Wielkopolskiego na czele z prezes Dorot\u0105 Przybylsk\u0105 oraz burmistrzem Miasta i Gminy Przemys\u0142awem Pacholskim uda\u0142a si\u0119 do \u0141omnicy, aby uczci\u0107 pami\u0119\u0107<a class=\"moretag\" href=\"https:\/\/powstaniewielkopolskie.pl\/nowa\/?p=11177\">Czytaj wi\u0119cej...<\/a><\/div><div class=\"tx-meta\"><span class=\"tx-author\">By : <a href=\"https:\/\/powstaniewielkopolskie.pl\/nowa\/?author=4\">piotr<\/a><\/span><span class=\"tx-date\"> | sty 18, 2026<\/span><\/div><\/div><\/div><\/div><div class=\"tx-blog-item tx-post-col-1\"><div class=\"tx-border-box\"><div class=\"tx-blog-imgpad\"><\/div><div class=\"tx-post-content\"><h3 class=\"tx-post-title\"><a href=\"https:\/\/powstaniewielkopolskie.pl\/nowa\/?p=11175\">\u015awi\u0119to Patrona w lubo\u0144skiej Szkole Podstawowej nr 1<\/a><\/h3><div style=\"height: 16px;\"><\/div><div class=\"tx-blog-content\">14 stycznia 2025 r. &#8211; po raz dziesi\u0105ty cz\u0142onkowie spo\u0142eczno\u015bci Szko\u0142y Podstawowej nr 1 w Luboniu, oraz szkolnego ko\u0142a PTTK, przedstawili wielkopolsk\u0105 drog\u0119 do wolno\u015bci. Spo\u015br\u00f3d zaproszonych go\u015bci na uroczysto\u015b\u0107 przybyli: Wiceprezes<a class=\"moretag\" href=\"https:\/\/powstaniewielkopolskie.pl\/nowa\/?p=11175\">Czytaj wi\u0119cej...<\/a><\/div><div class=\"tx-meta\"><span class=\"tx-author\">By : <a href=\"https:\/\/powstaniewielkopolskie.pl\/nowa\/?author=4\">piotr<\/a><\/span><span class=\"tx-date\"> | sty 18, 2026<\/span><\/div><\/div><\/div><\/div><div class=\"tx-blog-item tx-post-col-1\"><div class=\"tx-border-box\"><div class=\"tx-blog-img\"><a href=\"https:\/\/powstaniewielkopolskie.pl\/nowa\/wp-content\/uploads\/2026\/01\/DSC08862-bis.jpg\" class=\"tx-colorbox\"><img decoding=\"async\" src=\"https:\/\/powstaniewielkopolskie.pl\/nowa\/wp-content\/uploads\/2026\/01\/DSC08862-bis-600x360.jpg\" alt=\"\" class=\"blog-image\" \/><\/a><span class=\"tx-post-comm\"><span>0<\/span><\/span><\/div><div class=\"tx-post-content\"><h3 class=\"tx-post-title\"><a href=\"https:\/\/powstaniewielkopolskie.pl\/nowa\/?p=11190\">Cze\u015b\u0107 i chwa\u0142a bohaterom! Obchody rocznicowe w Szubinie<\/a><\/h3><div style=\"height: 16px;\"><\/div><div class=\"tx-blog-content\">11 stycznia 2026 r. &#8211; w Szubinie tradycyjnie obchodzono 107. rocznic\u0119 zdobycia miasta przez Powsta\u0144c\u00f3w Wielkopolskich. Uroczysto\u015b\u0107 rozpocz\u0119\u0142a si\u0119 pod pomnikiem-mogi\u0142\u0105 na cmentarzu parafialnym. Na warcie przy pomniku stan\u0119li cz\u0142onkowie Towarzystwa Historycznego<a class=\"moretag\" href=\"https:\/\/powstaniewielkopolskie.pl\/nowa\/?p=11190\">Czytaj wi\u0119cej...<\/a><\/div><div class=\"tx-meta\"><span class=\"tx-author\">By : <a href=\"https:\/\/powstaniewielkopolskie.pl\/nowa\/?author=4\">piotr<\/a><\/span><span class=\"tx-date\"> | sty 14, 2026<\/span><\/div><\/div><\/div><\/div><div class=\"tx-blog-item tx-post-col-1\"><div class=\"tx-border-box\"><div class=\"tx-blog-img\"><a href=\"https:\/\/powstaniewielkopolskie.pl\/nowa\/wp-content\/uploads\/2026\/01\/IMG_5893-bis.jpg\" class=\"tx-colorbox\"><img decoding=\"async\" src=\"https:\/\/powstaniewielkopolskie.pl\/nowa\/wp-content\/uploads\/2026\/01\/IMG_5893-bis-600x360.jpg\" alt=\"\" class=\"blog-image\" \/><\/a><span class=\"tx-post-comm\"><span>0<\/span><\/span><\/div><div class=\"tx-post-content\"><h3 class=\"tx-post-title\"><a href=\"https:\/\/powstaniewielkopolskie.pl\/nowa\/?p=11132\">Gminne obchody rocznicowe w Siedlcu<\/a><\/h3><div style=\"height: 16px;\"><\/div><div class=\"tx-blog-content\">11 stycznia 2026 r. &#8211; obchodzono Gminne \u015awi\u0119to Powstania Wielkopolskiego w 107. rocznic\u0119 zdobycia Kopanicy przez Powsta\u0144c\u00f3w. Uroczysto\u015bci rozpocz\u0119\u0142a msza \u015bw. w ko\u015bciele parafialnym w Siedlcu, odprawiona przez ks. proboszcza Dariusza Walkowiaka.<a class=\"moretag\" href=\"https:\/\/powstaniewielkopolskie.pl\/nowa\/?p=11132\">Czytaj wi\u0119cej...<\/a><\/div><div class=\"tx-meta\"><span class=\"tx-author\">By : <a href=\"https:\/\/powstaniewielkopolskie.pl\/nowa\/?author=4\">piotr<\/a><\/span><span class=\"tx-date\"> | sty 13, 2026<\/span><\/div><\/div><\/div><\/div><div class=\"tx-blog-item tx-post-col-1\"><div class=\"tx-border-box\"><div class=\"tx-blog-img\"><a href=\"https:\/\/powstaniewielkopolskie.pl\/nowa\/wp-content\/uploads\/2026\/01\/przemet.pl-img-6207-bis.png\" class=\"tx-colorbox\"><img decoding=\"async\" src=\"https:\/\/powstaniewielkopolskie.pl\/nowa\/wp-content\/uploads\/2026\/01\/przemet.pl-img-6207-bis-600x360.png\" alt=\"\" class=\"blog-image\" \/><\/a><span class=\"tx-post-comm\"><span>0<\/span><\/span><\/div><div class=\"tx-post-content\"><h3 class=\"tx-post-title\"><a href=\"https:\/\/powstaniewielkopolskie.pl\/nowa\/?p=11206\">\u015awi\u0119to Patrona w przem\u0119ckiej Szkole Podstawowej<\/a><\/h3><div style=\"height: 16px;\"><\/div><div class=\"tx-blog-content\">9 stycznia 2026 r. &#8211; w Szkole Podstawowej w Przem\u0119cie obchodzono 22. rocznic\u0119 nadania jej imienia Powsta\u0144c\u00f3w Wielkopolskich, po\u0142\u0105czon\u0105 ze 107. rocznic\u0105 Powstania Wielkopolskiego. Z tej okazji delegacje zaproszonych go\u015bci, dyrekcja szko\u0142y<a class=\"moretag\" href=\"https:\/\/powstaniewielkopolskie.pl\/nowa\/?p=11206\">Czytaj wi\u0119cej...<\/a><\/div><div class=\"tx-meta\"><span class=\"tx-author\">By : <a href=\"https:\/\/powstaniewielkopolskie.pl\/nowa\/?author=4\">piotr<\/a><\/span><span class=\"tx-date\"> | sty 13, 2026<\/span><\/div><\/div><\/div><\/div><div class=\"tx-blog-item tx-post-col-1\"><div class=\"tx-border-box\"><div class=\"tx-blog-img\"><a href=\"https:\/\/powstaniewielkopolskie.pl\/nowa\/wp-content\/uploads\/2026\/01\/141A7900-bis.jpg\" class=\"tx-colorbox\"><img decoding=\"async\" src=\"https:\/\/powstaniewielkopolskie.pl\/nowa\/wp-content\/uploads\/2026\/01\/141A7900-bis-600x360.jpg\" alt=\"\" class=\"blog-image\" \/><\/a><span class=\"tx-post-comm\"><span>0<\/span><\/span><\/div><div class=\"tx-post-content\"><h3 class=\"tx-post-title\"><a href=\"https:\/\/powstaniewielkopolskie.pl\/nowa\/?p=11109\">Cykl Bieg\u00f3w Powstania Wielkopolskiego<\/a><\/h3><div style=\"height: 16px;\"><\/div><div class=\"tx-blog-content\">10 stycznia 2026 r. &#8211; w sali Urz\u0119du Marsza\u0142kowskiego w Poznaniu doby\u0142a si\u0119 trzecia Gala podsumowuj\u0105ca ubieg\u0142oroczne \u201eBiegi Powsta\u0144cze\u201d organizowane w: Wijewie, Go\u0142a\u0144czy, Lw\u00f3wku i \u015arodzie Wlkp. W tych biegach (na dystansach<a class=\"moretag\" href=\"https:\/\/powstaniewielkopolskie.pl\/nowa\/?p=11109\">Czytaj wi\u0119cej...<\/a><\/div><div class=\"tx-meta\"><span class=\"tx-author\">By : <a href=\"https:\/\/powstaniewielkopolskie.pl\/nowa\/?author=4\">piotr<\/a><\/span><span class=\"tx-date\"> | sty 12, 2026<\/span><\/div><\/div><\/div><\/div><div class=\"tx-blog-item tx-post-col-1\"><div class=\"tx-border-box\"><div class=\"tx-blog-img\"><a href=\"https:\/\/powstaniewielkopolskie.pl\/nowa\/wp-content\/uploads\/2026\/01\/JKF_1997-bis.jpg\" class=\"tx-colorbox\"><img decoding=\"async\" src=\"https:\/\/powstaniewielkopolskie.pl\/nowa\/wp-content\/uploads\/2026\/01\/JKF_1997-bis-600x360.jpg\" alt=\"\" class=\"blog-image\" \/><\/a><span class=\"tx-post-comm\"><span>0<\/span><\/span><\/div><div class=\"tx-post-content\"><h3 class=\"tx-post-title\"><a href=\"https:\/\/powstaniewielkopolskie.pl\/nowa\/?p=11152\">Wojew\u00f3dzkie obchody rocznicowe w \u017bninie<\/a><\/h3><div style=\"height: 16px;\"><\/div><div class=\"tx-blog-content\">9 stycznia 2026 r. &#8211; w \u017bninie odby\u0142y si\u0119. wojew\u00f3dzkie obchody 107. rocznicy Powstania Wielkopolskiego. Miasto zosta\u0142o wybrane na gospodarza uroczysto\u015bci ze wzgl\u0119du na swoj\u0105 kluczow\u0105 rol\u0119 w walkach na Pa\u0142ukach. W<a class=\"moretag\" href=\"https:\/\/powstaniewielkopolskie.pl\/nowa\/?p=11152\">Czytaj wi\u0119cej...<\/a><\/div><div class=\"tx-meta\"><span class=\"tx-author\">By : <a href=\"https:\/\/powstaniewielkopolskie.pl\/nowa\/?author=4\">piotr<\/a><\/span><span class=\"tx-date\"> | sty 12, 2026<\/span><\/div><\/div><\/div><\/div><div class=\"tx-blog-item tx-post-col-1\"><div class=\"tx-border-box\"><div class=\"tx-blog-img\"><a href=\"https:\/\/powstaniewielkopolskie.pl\/nowa\/wp-content\/uploads\/2026\/01\/613801023_122266111982237149_731140275200155815_n-bis.jpg\" class=\"tx-colorbox\"><img decoding=\"async\" src=\"https:\/\/powstaniewielkopolskie.pl\/nowa\/wp-content\/uploads\/2026\/01\/613801023_122266111982237149_731140275200155815_n-bis-600x360.jpg\" alt=\"\" class=\"blog-image\" \/><\/a><span class=\"tx-post-comm\"><span>0<\/span><\/span><\/div><div class=\"tx-post-content\"><h3 class=\"tx-post-title\"><a href=\"https:\/\/powstaniewielkopolskie.pl\/nowa\/?p=11119\">VII Powiatowy Konkurs Historyczny w Mia\u0142ach<\/a><\/h3><div style=\"height: 16px;\"><\/div><div class=\"tx-blog-content\">9 stycznia 2026 r. &#8211; dr hab. Arkadiusz S\u0142abig, dzia\u0142acz Towarzystwa Pami\u0119ci Powstania Wielkopolskiego 1918\/1919 i Joanna Ignaszak, dyrektor Szko\u0142y Podstawowej im. Powsta\u0144c\u00f3w Wielkopolskich w Mia\u0142ach, zorganizowali si\u00f3dm\u0105 edycj\u0119 Powiatowego Konkursu Historycznego<a class=\"moretag\" href=\"https:\/\/powstaniewielkopolskie.pl\/nowa\/?p=11119\">Czytaj wi\u0119cej...<\/a><\/div><div class=\"tx-meta\"><span class=\"tx-author\">By : <a href=\"https:\/\/powstaniewielkopolskie.pl\/nowa\/?author=4\">piotr<\/a><\/span><span class=\"tx-date\"> | sty 12, 2026<\/span><\/div><\/div><\/div><\/div><div class=\"tx-blog-item tx-post-col-1\"><div class=\"tx-border-box\"><div class=\"tx-blog-img\"><a href=\"https:\/\/powstaniewielkopolskie.pl\/nowa\/wp-content\/uploads\/2026\/01\/P1010025-bis.jpg\" class=\"tx-colorbox\"><img decoding=\"async\" src=\"https:\/\/powstaniewielkopolskie.pl\/nowa\/wp-content\/uploads\/2026\/01\/P1010025-bis-600x360.jpg\" alt=\"\" class=\"blog-image\" \/><\/a><span class=\"tx-post-comm\"><span>0<\/span><\/span><\/div><div class=\"tx-post-content\"><h3 class=\"tx-post-title\"><a href=\"https:\/\/powstaniewielkopolskie.pl\/nowa\/?p=11100\">IX Turniej Powsta\u0144czy 2026 w K\u00f3rniku-Bninie<\/a><\/h3><div style=\"height: 16px;\"><\/div><div class=\"tx-blog-content\">6 stycznia 2026 r. &#8211; w rocznic\u0119 wymarszu Kompanii K\u00f3rnickiej do \u0141omnicy, na front pod Zb\u0105szy\u0144 zorganizowany zosta\u0142 po raz kolejny Turniej Powsta\u0144czy K\u00f3rnicko-Bni\u0144skiego Bractwa Kurkowego im. ks. Szczepana Janasika (KBBK). Z<a class=\"moretag\" href=\"https:\/\/powstaniewielkopolskie.pl\/nowa\/?p=11100\">Czytaj wi\u0119cej...<\/a><\/div><div class=\"tx-meta\"><span class=\"tx-author\">By : <a href=\"https:\/\/powstaniewielkopolskie.pl\/nowa\/?author=4\">piotr<\/a><\/span><span class=\"tx-date\"> | sty 10, 2026<\/span><\/div><\/div><\/div><\/div><div class=\"tx-blog-item tx-post-col-1\"><div class=\"tx-border-box\"><div class=\"tx-blog-img\"><a href=\"https:\/\/powstaniewielkopolskie.pl\/nowa\/wp-content\/uploads\/2026\/01\/image0000001-26.jpg\" class=\"tx-colorbox\"><img decoding=\"async\" src=\"https:\/\/powstaniewielkopolskie.pl\/nowa\/wp-content\/uploads\/2026\/01\/image0000001-26-600x360.jpg\" alt=\"\" class=\"blog-image\" \/><\/a><span class=\"tx-post-comm\"><span>0<\/span><\/span><\/div><div class=\"tx-post-content\"><h3 class=\"tx-post-title\"><a href=\"https:\/\/powstaniewielkopolskie.pl\/nowa\/?p=11092\">Obchody 107. rocznicy zdobycia \u0141awicy<\/a><\/h3><div style=\"height: 16px;\"><\/div><div class=\"tx-blog-content\">6 stycznia 2026 r. &#8211; jak co roku, przed pomnikiem Zdobywc\u00f3w \u0141awicy przypomniano o ostatniej bitwie Powstania Wielkopolskiego w bezpo\u015brednim s\u0105siedztwie Poznania. Zdobycie \u0141awicy by\u0142o ukoronowaniem dzia\u0142a\u0144 powsta\u0144czych w Poznaniu i \u2013<a class=\"moretag\" href=\"https:\/\/powstaniewielkopolskie.pl\/nowa\/?p=11092\">Czytaj wi\u0119cej...<\/a><\/div><div class=\"tx-meta\"><span class=\"tx-author\">By : <a href=\"https:\/\/powstaniewielkopolskie.pl\/nowa\/?author=4\">piotr<\/a><\/span><span class=\"tx-date\"> | sty 8, 2026<\/span><\/div><\/div><\/div><\/div><div class=\"tx-blog-item tx-post-col-1\"><div class=\"tx-border-box\"><div class=\"tx-blog-img\"><a href=\"https:\/\/powstaniewielkopolskie.pl\/nowa\/wp-content\/uploads\/2026\/01\/przemet.pl-img-5388-bis.jpg\" class=\"tx-colorbox\"><img decoding=\"async\" src=\"https:\/\/powstaniewielkopolskie.pl\/nowa\/wp-content\/uploads\/2026\/01\/przemet.pl-img-5388-bis-600x360.jpg\" alt=\"\" class=\"blog-image\" \/><\/a><span class=\"tx-post-comm\"><span>0<\/span><\/span><\/div><div class=\"tx-post-content\"><h3 class=\"tx-post-title\"><a href=\"https:\/\/powstaniewielkopolskie.pl\/nowa\/?p=11166\">107. rocznica Powstania Wielkopolskiego i Dzie\u0144 Wyzwolenia Przem\u0119tu<\/a><\/h3><div style=\"height: 16px;\"><\/div><div class=\"tx-blog-content\">6 stycznia 2026 r. &#8211; w Przem\u0119cie odby\u0142y si\u0119 gminne obchody upami\u0119tniaj\u0105ce 107. rocznic\u0119 Powstania Wielkopolskiego. Rozpocz\u0119\u0142y si\u0119 one od uroczystej mszy \u015bwi\u0119tej w ko\u015bciele pw. \u015bw. Jana Chrzciciela w Przem\u0119cie w<a class=\"moretag\" href=\"https:\/\/powstaniewielkopolskie.pl\/nowa\/?p=11166\">Czytaj wi\u0119cej...<\/a><\/div><div class=\"tx-meta\"><span class=\"tx-author\">By : <a href=\"https:\/\/powstaniewielkopolskie.pl\/nowa\/?author=4\">piotr<\/a><\/span><span class=\"tx-date\"> | sty 8, 2026<\/span><\/div><\/div><\/div><\/div><div class=\"tx-blog-item tx-post-col-1\"><div class=\"tx-border-box\"><div class=\"tx-blog-imgpad\"><\/div><div class=\"tx-post-content\"><h3 class=\"tx-post-title\"><a href=\"https:\/\/powstaniewielkopolskie.pl\/nowa\/?p=11369\">Obchody rocznicowe w Pako\u015bci<\/a><\/h3><div style=\"height: 16px;\"><\/div><div class=\"tx-blog-content\">5 stycznia 2026 r. &#8211; w Szkole Podstawowej im. Powsta\u0144c\u00f3w Wielkopolskich w Pako\u015bci obchodzono \u015awi\u0119to Patrona Szko\u0142y oraz kolejn\u0105 rocznic\u0119 wybuchu Powstania Wielkopolskiego. Uroczysto\u015bci odby\u0142y si\u0119 w formie dw\u00f3ch apeli \u2013 pierwszy<a class=\"moretag\" href=\"https:\/\/powstaniewielkopolskie.pl\/nowa\/?p=11369\">Czytaj wi\u0119cej...<\/a><\/div><div class=\"tx-meta\"><span class=\"tx-author\">By : <a href=\"https:\/\/powstaniewielkopolskie.pl\/nowa\/?author=4\">piotr<\/a><\/span><span class=\"tx-date\"> | sty 8, 2026<\/span><\/div><\/div><\/div><\/div><div class=\"tx-blog-item tx-post-col-1\"><div class=\"tx-border-box\"><div class=\"tx-blog-img\"><a href=\"https:\/\/powstaniewielkopolskie.pl\/nowa\/wp-content\/uploads\/2026\/01\/612512190_1303425218475637_7114818581687050534_n-bis.jpg\" class=\"tx-colorbox\"><img decoding=\"async\" src=\"https:\/\/powstaniewielkopolskie.pl\/nowa\/wp-content\/uploads\/2026\/01\/612512190_1303425218475637_7114818581687050534_n-bis-600x360.jpg\" alt=\"\" class=\"blog-image\" \/><\/a><span class=\"tx-post-comm\"><span>0<\/span><\/span><\/div><div class=\"tx-post-content\"><h3 class=\"tx-post-title\"><a href=\"https:\/\/powstaniewielkopolskie.pl\/nowa\/?p=11164\">Uroczysto\u015bci rocznicowe w Wolsztynie<\/a><\/h3><div style=\"height: 16px;\"><\/div><div class=\"tx-blog-content\">5 stycznia 2026 r. &#8211; w Wolsztynie obchodzono w 107. rocznic\u0119 wyzwolenia miasta. Samorz\u0105dowcy Powiatu Wolszty\u0144skiego i Gminy Wolsztyn oraz przedstawiciele organizacji spo\u0142ecznych z\u0142o\u017cyli z tej okazji kwiaty w miejscach pami\u0119ci. Asyst\u0119<a class=\"moretag\" href=\"https:\/\/powstaniewielkopolskie.pl\/nowa\/?p=11164\">Czytaj wi\u0119cej...<\/a><\/div><div class=\"tx-meta\"><span class=\"tx-author\">By : <a href=\"https:\/\/powstaniewielkopolskie.pl\/nowa\/?author=4\">piotr<\/a><\/span><span class=\"tx-date\"> | sty 8, 2026<\/span><\/div><\/div><\/div><\/div><div class=\"tx-blog-item tx-post-col-1\"><div class=\"tx-border-box\"><div class=\"tx-blog-img\"><a href=\"https:\/\/powstaniewielkopolskie.pl\/nowa\/wp-content\/uploads\/2026\/01\/IMG_4608-bis.jpg\" class=\"tx-colorbox\"><img decoding=\"async\" src=\"https:\/\/powstaniewielkopolskie.pl\/nowa\/wp-content\/uploads\/2026\/01\/IMG_4608-bis-600x360.jpg\" alt=\"\" class=\"blog-image\" \/><\/a><span class=\"tx-post-comm\"><span>0<\/span><\/span><\/div><div class=\"tx-post-content\"><h3 class=\"tx-post-title\"><a href=\"https:\/\/powstaniewielkopolskie.pl\/nowa\/?p=11074\">Konferencja naukowa w Chobienicach<\/a><\/h3><div style=\"height: 16px;\"><\/div><div class=\"tx-blog-content\">3 stycznia 2026 r. &#8211; w Chobienicach odby\u0142a si\u0119 konferencja naukowa po\u015bwi\u0119cona Dow\u00f3dcom Frontu Zachodniego Powstania Wielkopolskiego. Jej organizatorami byli: zb\u0105szy\u0144skie ko\u0142o Towarzystwa Pami\u0119ci Powstania Wielkopolskiego we wsp\u00f3\u0142pracy z Gminami Zb\u0105szy\u0144 i<a class=\"moretag\" href=\"https:\/\/powstaniewielkopolskie.pl\/nowa\/?p=11074\">Czytaj wi\u0119cej...<\/a><\/div><div class=\"tx-meta\"><span class=\"tx-author\">By : <a href=\"https:\/\/powstaniewielkopolskie.pl\/nowa\/?author=4\">piotr<\/a><\/span><span class=\"tx-date\"> | sty 7, 2026<\/span><\/div><\/div><\/div><\/div><div class=\"tx-blog-item tx-post-col-1\"><div class=\"tx-border-box\"><div class=\"tx-blog-imgpad\"><\/div><div class=\"tx-post-content\"><h3 class=\"tx-post-title\"><a href=\"https:\/\/powstaniewielkopolskie.pl\/nowa\/?p=11173\">Gminne Obchody Wybuchu Powstania Wielkopolskiego<\/a><\/h3><div style=\"height: 16px;\"><\/div><div class=\"tx-blog-content\">30 grudnia 2025 r. &#8211; msz\u0105 \u015bwi\u0119t\u0105 w intencji powsta\u0144c\u00f3w odprawion\u0105 przez ks. Krzysztofa Idczaka w ko\u015bciele pw. \u015bw. Ap. Piotra i Paw\u0142a rozpocz\u0119\u0142y si\u0119 gminne obchody 107. rocznicy wybuchu Powstania Wielkopolskiego<a class=\"moretag\" href=\"https:\/\/powstaniewielkopolskie.pl\/nowa\/?p=11173\">Czytaj wi\u0119cej...<\/a><\/div><div class=\"tx-meta\"><span class=\"tx-author\">By : <a href=\"https:\/\/powstaniewielkopolskie.pl\/nowa\/?author=4\">piotr<\/a><\/span><span class=\"tx-date\"> | sty 6, 2026<\/span><\/div><\/div><\/div><\/div><div class=\"tx-blog-item tx-post-col-1\"><div class=\"tx-border-box\"><div class=\"tx-blog-img\"><a href=\"https:\/\/powstaniewielkopolskie.pl\/nowa\/wp-content\/uploads\/2026\/01\/IMG-20251229-WA0019-bis.jpg\" class=\"tx-colorbox\"><img decoding=\"async\" src=\"https:\/\/powstaniewielkopolskie.pl\/nowa\/wp-content\/uploads\/2026\/01\/IMG-20251229-WA0019-bis-600x360.jpg\" alt=\"\" class=\"blog-image\" \/><\/a><span class=\"tx-post-comm\"><span>0<\/span><\/span><\/div><div class=\"tx-post-content\"><h3 class=\"tx-post-title\"><a href=\"https:\/\/powstaniewielkopolskie.pl\/nowa\/?p=11145\">Koszali\u0144skie obchody 107. rocznicy Powstania Wielkopolskiego<\/a><\/h3><div style=\"height: 16px;\"><\/div><div class=\"tx-blog-content\">29 grudnia 2025 r. &#8211; przed Pomnikiem Martyrologii Narodu Polskiego, na cmentarzu w Koszalinie uczczono 107. rocznic\u0119 Powstania Wielkopolskiego. Na koszali\u0144skim cmentarzu pochowanych jest 57 Powsta\u0144c\u00f3w Wielkopolskich, kt\u00f3rzy po drugiej wojnie \u015bwiatowej<a class=\"moretag\" href=\"https:\/\/powstaniewielkopolskie.pl\/nowa\/?p=11145\">Czytaj wi\u0119cej...<\/a><\/div><div class=\"tx-meta\"><span class=\"tx-author\">By : <a href=\"https:\/\/powstaniewielkopolskie.pl\/nowa\/?author=4\">piotr<\/a><\/span><span class=\"tx-date\"> | sty 1, 2026<\/span><\/div><\/div><\/div><\/div><div class=\"tx-blog-item tx-post-col-1\"><div class=\"tx-border-box\"><div class=\"tx-blog-imgpad\"><\/div><div class=\"tx-post-content\"><h3 class=\"tx-post-title\"><a href=\"https:\/\/powstaniewielkopolskie.pl\/nowa\/?p=11143\">Uroczysto\u015bci rocznicowe w K\u0142ecku<\/a><\/h3><div style=\"height: 16px;\"><\/div><div class=\"tx-blog-content\">28 grudnia 2025 r. \u2013 w K\u0142ecku odby\u0142y si\u0119 uroczysto\u015b\u0107 107. rocznicy Powstania Wielkopolskiego i powo\u0142ania Kompanii K\u0142eckiej. Obchody rozpocz\u0119\u0142a msza \u015bw. w intencji Ojczyzny i poleg\u0142ych Powsta\u0144c\u00f3w. Po mszy z\u0142o\u017cono kwiaty<a class=\"moretag\" href=\"https:\/\/powstaniewielkopolskie.pl\/nowa\/?p=11143\">Czytaj wi\u0119cej...<\/a><\/div><div class=\"tx-meta\"><span class=\"tx-author\">By : <a href=\"https:\/\/powstaniewielkopolskie.pl\/nowa\/?author=4\">piotr<\/a><\/span><span class=\"tx-date\"> | sty 1, 2026<\/span><\/div><\/div><\/div><\/div><div class=\"tx-blog-item tx-post-col-1\"><div class=\"tx-border-box\"><div class=\"tx-blog-img\"><a href=\"https:\/\/powstaniewielkopolskie.pl\/nowa\/wp-content\/uploads\/2025\/12\/20251228155546_20251228umww2000px11085730-bis.jpg\" class=\"tx-colorbox\"><img decoding=\"async\" src=\"https:\/\/powstaniewielkopolskie.pl\/nowa\/wp-content\/uploads\/2025\/12\/20251228155546_20251228umww2000px11085730-bis-600x360.jpg\" alt=\"\" class=\"blog-image\" \/><\/a><span class=\"tx-post-comm\"><span>0<\/span><\/span><\/div><div class=\"tx-post-content\"><h3 class=\"tx-post-title\"><a href=\"https:\/\/powstaniewielkopolskie.pl\/nowa\/?p=11051\">Warszawskie obchody 107. rocznicy Powstania Wielkopolskiego<\/a><\/h3><div style=\"height: 16px;\"><\/div><div class=\"tx-blog-content\">28 grudnia 2025 r. &#8211; tradycyjnie od wielu ju\u017c lat, z inicjatywy Marka Wo\u017aniaka Marsza\u0142ka Wojew\u00f3dztwa Wielkopolskiego odby\u0142y si\u0119 w Warszawie uroczysto\u015bci upami\u0119tniaj\u0105ce Powstanie Wielkopolskie. Rozpocz\u0119\u0142a je msza \u015bw. w intencji Powsta\u0144c\u00f3w<a class=\"moretag\" href=\"https:\/\/powstaniewielkopolskie.pl\/nowa\/?p=11051\">Czytaj wi\u0119cej...<\/a><\/div><div class=\"tx-meta\"><span class=\"tx-author\">By : <a href=\"https:\/\/powstaniewielkopolskie.pl\/nowa\/?author=4\">piotr<\/a><\/span><span class=\"tx-date\"> | gru 30, 2025<\/span><\/div><\/div><\/div><\/div><div class=\"tx-blog-item tx-post-col-1\"><div class=\"tx-border-box\"><div class=\"tx-blog-img\"><a href=\"https:\/\/powstaniewielkopolskie.pl\/nowa\/wp-content\/uploads\/2025\/12\/20251227_101249-bis-rotated.jpg\" class=\"tx-colorbox\"><img decoding=\"async\" src=\"https:\/\/powstaniewielkopolskie.pl\/nowa\/wp-content\/uploads\/2025\/12\/20251227_101249-bis-rotated-600x360.jpg\" alt=\"\" class=\"blog-image\" \/><\/a><span class=\"tx-post-comm\"><span>0<\/span><\/span><\/div><div class=\"tx-post-content\"><h3 class=\"tx-post-title\"><a href=\"https:\/\/powstaniewielkopolskie.pl\/nowa\/?p=11028\">Gorzowskie obchody Narodowego Zwyci\u0119skiego Powstania Wielkopolskiego<\/a><\/h3><div style=\"height: 16px;\"><\/div><div class=\"tx-blog-content\">27 grudnia 2025 r. &#8211; odby\u0142y si\u0119 w Gorzowie Wielkopolskim uroczyste obchody 107 rocznicy wybuchu Powstania Wielkopolskiego. Uroczysto\u015b\u0107 zorganizowa\u0142 Wojewoda Lubuski we wsp\u00f3\u0142pracy z Ko\u0142em Towarzystwa Pami\u0119ci Powstania Wielkopolskiego. Zgodnie z tradycj\u0105<a class=\"moretag\" href=\"https:\/\/powstaniewielkopolskie.pl\/nowa\/?p=11028\">Czytaj wi\u0119cej...<\/a><\/div><div class=\"tx-meta\"><span class=\"tx-author\">By : <a href=\"https:\/\/powstaniewielkopolskie.pl\/nowa\/?author=4\">piotr<\/a><\/span><span class=\"tx-date\"> | gru 29, 2025<\/span><\/div><\/div><\/div><\/div><div class=\"tx-blog-item tx-post-col-1\"><div class=\"tx-border-box\"><div class=\"tx-blog-img\"><a href=\"https:\/\/powstaniewielkopolskie.pl\/nowa\/wp-content\/uploads\/2025\/12\/image2-bis.jpg\" class=\"tx-colorbox\"><img decoding=\"async\" src=\"https:\/\/powstaniewielkopolskie.pl\/nowa\/wp-content\/uploads\/2025\/12\/image2-bis-600x360.jpg\" alt=\"\" class=\"blog-image\" \/><\/a><span class=\"tx-post-comm\"><span>0<\/span><\/span><\/div><div class=\"tx-post-content\"><h3 class=\"tx-post-title\"><a href=\"https:\/\/powstaniewielkopolskie.pl\/nowa\/?p=11023\">Obchody rocznicowe Powstania Wielkopolskiego w Zielonej G\u00f3rze<\/a><\/h3><div style=\"height: 16px;\"><\/div><div class=\"tx-blog-content\">27 grudnia 2025 r. &#8211; w wojew\u00f3dztwie lubuskim g\u0142\u00f3wne uroczysto\u015bci Narodowego Dnia Zwyci\u0119skiego Powstania Wielkopolskiego odby\u0142y si\u0119 w tym roku w Zielonej G\u00f3rze. Gospodarzami byli Oddzia\u0142 Lubuski Towarzystwa Pami\u0119ci Powstania Wielkopolskiego oraz<a class=\"moretag\" href=\"https:\/\/powstaniewielkopolskie.pl\/nowa\/?p=11023\">Czytaj wi\u0119cej...<\/a><\/div><div class=\"tx-meta\"><span class=\"tx-author\">By : <a href=\"https:\/\/powstaniewielkopolskie.pl\/nowa\/?author=4\">piotr<\/a><\/span><span class=\"tx-date\"> | gru 29, 2025<\/span><\/div><\/div><\/div><\/div><div class=\"tx-blog-item tx-post-col-1\"><div class=\"tx-border-box\"><div class=\"tx-blog-img\"><a href=\"https:\/\/powstaniewielkopolskie.pl\/nowa\/wp-content\/uploads\/2025\/12\/18umi-14-bis.jpg\" class=\"tx-colorbox\"><img decoding=\"async\" src=\"https:\/\/powstaniewielkopolskie.pl\/nowa\/wp-content\/uploads\/2025\/12\/18umi-14-bis-600x360.jpg\" alt=\"\" class=\"blog-image\" \/><\/a><span class=\"tx-post-comm\"><span>0<\/span><\/span><\/div><div class=\"tx-post-content\"><h3 class=\"tx-post-title\"><a href=\"https:\/\/powstaniewielkopolskie.pl\/nowa\/?p=11020\">Wielkopolskie obchody Narodowego Dnia Zwyci\u0119skiego Powstania Wielkopolskiego<\/a><\/h3><div style=\"height: 16px;\"><\/div><div class=\"tx-blog-content\">27 grudnia 2025 r. \u2013 w wielu miastach i gminach Wielkopolski obchodzono uroczy\u015bcie Narodowy Dzie\u0144 Zwyci\u0119skiego Powstania Wielkopolskiego, m.in.: w \u015arodzie Wielkopolskiej tradycyjnie uroczysto\u015bci rozpocz\u0119\u0142y si\u0119 w Bazylice, gdzie ks. kanonik Janusz<a class=\"moretag\" href=\"https:\/\/powstaniewielkopolskie.pl\/nowa\/?p=11020\">Czytaj wi\u0119cej...<\/a><\/div><div class=\"tx-meta\"><span class=\"tx-author\">By : <a href=\"https:\/\/powstaniewielkopolskie.pl\/nowa\/?author=4\">piotr<\/a><\/span><span class=\"tx-date\"> | gru 29, 2025<\/span><\/div><\/div><\/div><\/div><div class=\"tx-blog-item tx-post-col-1\"><div class=\"tx-border-box\"><div class=\"tx-blog-img\"><a href=\"https:\/\/powstaniewielkopolskie.pl\/nowa\/wp-content\/uploads\/2025\/12\/Szubin-27.12.2025-IMG_6174-1400x1050.jpeg\" class=\"tx-colorbox\"><img decoding=\"async\" src=\"https:\/\/powstaniewielkopolskie.pl\/nowa\/wp-content\/uploads\/2025\/12\/Szubin-27.12.2025-IMG_6174-600x360.jpeg\" alt=\"\" class=\"blog-image\" \/><\/a><span class=\"tx-post-comm\"><span>0<\/span><\/span><\/div><div class=\"tx-post-content\"><h3 class=\"tx-post-title\"><a href=\"https:\/\/powstaniewielkopolskie.pl\/nowa\/?p=11043\">Szubi\u0144skie obchody rocznicy Powstania Wielkopolskiego<\/a><\/h3><div style=\"height: 16px;\"><\/div><div class=\"tx-blog-content\">27 grudnia 2025 r. &#8211; w Narodowy Dzie\u0144 Zwyci\u0119skiego Powstania Wielkopolskiego oddano cze\u015b\u0107 Bohaterskim Powsta\u0144com na terenie miasta i gminy Szubin. Z tej okazji delegacja &#8211; na czele z Burmistrzem Szubina Mariuszem<a class=\"moretag\" href=\"https:\/\/powstaniewielkopolskie.pl\/nowa\/?p=11043\">Czytaj wi\u0119cej...<\/a><\/div><div class=\"tx-meta\"><span class=\"tx-author\">By : <a href=\"https:\/\/powstaniewielkopolskie.pl\/nowa\/?author=4\">piotr<\/a><\/span><span class=\"tx-date\"> | gru 29, 2025<\/span><\/div><\/div><\/div><\/div><div class=\"tx-blog-item tx-post-col-1\"><div class=\"tx-border-box\"><div class=\"tx-blog-img\"><a href=\"https:\/\/powstaniewielkopolskie.pl\/nowa\/wp-content\/uploads\/2025\/12\/27.12.25-1-bis.jpg\" class=\"tx-colorbox\"><img decoding=\"async\" src=\"https:\/\/powstaniewielkopolskie.pl\/nowa\/wp-content\/uploads\/2025\/12\/27.12.25-1-bis-600x360.jpg\" alt=\"\" class=\"blog-image\" \/><\/a><span class=\"tx-post-comm\"><span>0<\/span><\/span><\/div><div class=\"tx-post-content\"><h3 class=\"tx-post-title\"><a href=\"https:\/\/powstaniewielkopolskie.pl\/nowa\/?p=10997\">Obchody rocznicowe w Bydgoszczy<\/a><\/h3><div style=\"height: 16px;\"><\/div><div class=\"tx-blog-content\">27 grudnia 2025 r. &#8211; w Bydgoszczy, obchody 107. rocznicy wybuchu Powstania Wielkopolskiego rozpocz\u0119\u0142y si\u0119 msz\u0105 \u015bw, w Ko\u015bciele Garnizonowym. Dalsza cz\u0119\u015b\u0107 mia\u0142a miejsce przy Grobie Nieznanego Powsta\u0144ca Wielkopolskiego. Tradycyjnie w tym<a class=\"moretag\" href=\"https:\/\/powstaniewielkopolskie.pl\/nowa\/?p=10997\">Czytaj wi\u0119cej...<\/a><\/div><div class=\"tx-meta\"><span class=\"tx-author\">By : <a href=\"https:\/\/powstaniewielkopolskie.pl\/nowa\/?author=4\">piotr<\/a><\/span><span class=\"tx-date\"> | gru 29, 2025<\/span><\/div><\/div><\/div><\/div><div class=\"tx-blog-item tx-post-col-1\"><div class=\"tx-border-box\"><div class=\"tx-blog-img\"><a href=\"https:\/\/powstaniewielkopolskie.pl\/nowa\/wp-content\/uploads\/2025\/12\/Narodowy-Dzien-Zwycieskiego-Powstania-Wielkopolskiego-27.12.2025-1-na-strone.jpg\" class=\"tx-colorbox\"><img decoding=\"async\" src=\"https:\/\/powstaniewielkopolskie.pl\/nowa\/wp-content\/uploads\/2025\/12\/Narodowy-Dzien-Zwycieskiego-Powstania-Wielkopolskiego-27.12.2025-1-na-strone-600x360.jpg\" alt=\"\" class=\"blog-image\" \/><\/a><span class=\"tx-post-comm\"><span>0<\/span><\/span><\/div><div class=\"tx-post-content\"><h3 class=\"tx-post-title\"><a href=\"https:\/\/powstaniewielkopolskie.pl\/nowa\/?p=10978\">Centralne obchody 107. rocznicy Powstania Wielkopolskiego<\/a><\/h3><div style=\"height: 16px;\"><\/div><div class=\"tx-blog-content\">27 grudnia 2025 r. \u2013 tradycyjnie, w Narodowym Dniu Zwyci\u0119skiego Powstania Wielkopolskiego, Samorz\u0105d Wojew\u00f3dztwa Wielkopolskiego wraz z Towarzystwem Pami\u0119ci Powstania Wielkopolskiego 1918\/1919 zorganizowa\u0142 w Poznaniu centralne obchody 107. rocznicy wybuchu Powstania Wielkopolskiego.Uroczysto\u015bci<a class=\"moretag\" href=\"https:\/\/powstaniewielkopolskie.pl\/nowa\/?p=10978\">Czytaj wi\u0119cej...<\/a><\/div><div class=\"tx-meta\"><span class=\"tx-author\">By : <a href=\"https:\/\/powstaniewielkopolskie.pl\/nowa\/?author=4\">piotr<\/a><\/span><span class=\"tx-date\"> | gru 29, 2025<\/span><\/div><\/div><\/div><\/div><div class=\"tx-blog-item tx-post-col-1\"><div class=\"tx-border-box\"><div class=\"tx-blog-img\"><a href=\"https:\/\/powstaniewielkopolskie.pl\/nowa\/wp-content\/uploads\/2025\/12\/Paderewski-26.12.2025-7-bis.jpg\" class=\"tx-colorbox\"><img decoding=\"async\" src=\"https:\/\/powstaniewielkopolskie.pl\/nowa\/wp-content\/uploads\/2025\/12\/Paderewski-26.12.2025-7-bis-600x360.jpg\" alt=\"\" class=\"blog-image\" \/><\/a><span class=\"tx-post-comm\"><span>0<\/span><\/span><\/div><div class=\"tx-post-content\"><h3 class=\"tx-post-title\"><a href=\"https:\/\/powstaniewielkopolskie.pl\/nowa\/?p=10972\">Inscenizacja przyjazdu Ignacego Jana Paderewskiego do Poznania.<\/a><\/h3><div style=\"height: 16px;\"><\/div><div class=\"tx-blog-content\">26 grudnia 2025 r. &#8211; tradycyjnie ju\u017c, zabytkowy peron na pozna\u0144skim Dworcu Letnim zamieni\u0142 si\u0119 w \u017cyw\u0105 scen\u0119, na kt\u00f3rej odby\u0142a si\u0119 inscenizacja przyjazdu Ignacego Jana Paderewskiego do Poznania. Wybitnemu kompozytorowi (w<a class=\"moretag\" href=\"https:\/\/powstaniewielkopolskie.pl\/nowa\/?p=10972\">Czytaj wi\u0119cej...<\/a><\/div><div class=\"tx-meta\"><span class=\"tx-author\">By : <a href=\"https:\/\/powstaniewielkopolskie.pl\/nowa\/?author=4\">piotr<\/a><\/span><span class=\"tx-date\"> | gru 28, 2025<\/span><\/div><\/div><\/div><\/div><div class=\"tx-blog-item tx-post-col-1\"><div class=\"tx-border-box\"><div class=\"tx-blog-img\"><a href=\"https:\/\/powstaniewielkopolskie.pl\/nowa\/wp-content\/uploads\/2025\/12\/18541-bis.jpg\" class=\"tx-colorbox\"><img decoding=\"async\" src=\"https:\/\/powstaniewielkopolskie.pl\/nowa\/wp-content\/uploads\/2025\/12\/18541-bis-600x360.jpg\" alt=\"\" class=\"blog-image\" \/><\/a><span class=\"tx-post-comm\"><span>0<\/span><\/span><\/div><div class=\"tx-post-content\"><h3 class=\"tx-post-title\"><a href=\"https:\/\/powstaniewielkopolskie.pl\/nowa\/?p=11001\">Szko\u0142a Podstawowa nr 16 w Kaliszu wyr\u00f3\u017cniona Z\u0142otym Medalem TPPW \u201eWierni Tradycji&#8221;<\/a><\/h3><div style=\"height: 16px;\"><\/div><div class=\"tx-blog-content\">19 grudnia 2025 r. &#8211; w szkole obchodzono Dzie\u0144 Patrona \u2013 Powsta\u0144c\u00f3w Wielkopolskich 1918\u20131919. Uroczysto\u015b\u0107 rozpocz\u0119\u0142a Dyrektor Agnieszka Wa\u0144ka, witaj\u0105c zgromadzonych go\u015bci, nauczycieli, uczni\u00f3w oraz pracownik\u00f3w szko\u0142y. Uczniowie zaprezentowali monta\u017c s\u0142owno-muzyczny, kt\u00f3ry<a class=\"moretag\" href=\"https:\/\/powstaniewielkopolskie.pl\/nowa\/?p=11001\">Czytaj wi\u0119cej...<\/a><\/div><div class=\"tx-meta\"><span class=\"tx-author\">By : <a href=\"https:\/\/powstaniewielkopolskie.pl\/nowa\/?author=4\">piotr<\/a><\/span><span class=\"tx-date\"> | gru 26, 2025<\/span><\/div><\/div><\/div><\/div><div class=\"tx-blog-item tx-post-col-1\"><div class=\"tx-border-box\"><div class=\"tx-blog-imgpad\"><\/div><div class=\"tx-post-content\"><h3 class=\"tx-post-title\"><a href=\"https:\/\/powstaniewielkopolskie.pl\/nowa\/?p=10947\">W Pniewach o Powstaniu Wielkopolskim<\/a><\/h3><div style=\"height: 16px;\"><\/div><div class=\"tx-blog-content\">16 grudnia 2025 r. &#8211; w Bibliotece Publicznej Centrum Kultury Pniewy mia\u0142o miejsce wydarzenie patriotyczne \u201ePowiew Wolno\u015bci\u201d po\u015bwi\u0119cone historii, pami\u0119ci i narodowym warto\u015bciom. W spotkaniu wzi\u0119li udzia\u0142 m.in. Przewodnicz\u0105cy Rady Powiatu Szamotulskiego<a class=\"moretag\" href=\"https:\/\/powstaniewielkopolskie.pl\/nowa\/?p=10947\">Czytaj wi\u0119cej...<\/a><\/div><div class=\"tx-meta\"><span class=\"tx-author\">By : <a href=\"https:\/\/powstaniewielkopolskie.pl\/nowa\/?author=4\">piotr<\/a><\/span><span class=\"tx-date\"> | gru 18, 2025<\/span><\/div><\/div><\/div><\/div><div class=\"tx-blog-item tx-post-col-1\"><div class=\"tx-border-box\"><div class=\"tx-blog-img\"><a href=\"https:\/\/powstaniewielkopolskie.pl\/nowa\/wp-content\/uploads\/2025\/12\/IMG-20251213-WA0016-bis.jpg\" class=\"tx-colorbox\"><img decoding=\"async\" src=\"https:\/\/powstaniewielkopolskie.pl\/nowa\/wp-content\/uploads\/2025\/12\/IMG-20251213-WA0016-bis-600x360.jpg\" alt=\"\" class=\"blog-image\" \/><\/a><span class=\"tx-post-comm\"><span>0<\/span><\/span><\/div><div class=\"tx-post-content\"><h3 class=\"tx-post-title\"><a href=\"https:\/\/powstaniewielkopolskie.pl\/nowa\/?p=10993\">Spotkanie w Lubuskim Muzeum Wojskowym<\/a><\/h3><div style=\"height: 16px;\"><\/div><div class=\"tx-blog-content\">13 grudnia 2025 r. &#8211; w ramach cyklu \u201eMuzealna Akademia Wiedzy\u201d zorganizowane zosta\u0142o w sali rycerskiej Lubuskiego Muzeum Wojskowego w Zielonej G\u00f3rze spotkanie edukacyjne po\u015bwi\u0119cone historii i dokonaniom gen. broni Kazimierza Sosnkowskiego.<a class=\"moretag\" href=\"https:\/\/powstaniewielkopolskie.pl\/nowa\/?p=10993\">Czytaj wi\u0119cej...<\/a><\/div><div class=\"tx-meta\"><span class=\"tx-author\">By : <a href=\"https:\/\/powstaniewielkopolskie.pl\/nowa\/?author=4\">piotr<\/a><\/span><span class=\"tx-date\"> | gru 17, 2025<\/span><\/div><\/div><\/div><\/div><div class=\"tx-blog-item tx-post-col-1\"><div class=\"tx-border-box\"><div class=\"tx-blog-img\"><a href=\"https:\/\/powstaniewielkopolskie.pl\/nowa\/wp-content\/uploads\/2025\/12\/image000000158-bis.jpg\" class=\"tx-colorbox\"><img decoding=\"async\" src=\"https:\/\/powstaniewielkopolskie.pl\/nowa\/wp-content\/uploads\/2025\/12\/image000000158-bis-600x360.jpg\" alt=\"\" class=\"blog-image\" \/><\/a><span class=\"tx-post-comm\"><span>0<\/span><\/span><\/div><div class=\"tx-post-content\"><h3 class=\"tx-post-title\"><a href=\"https:\/\/powstaniewielkopolskie.pl\/nowa\/?p=10937\">Gala Fina\u0142owa konkursu \u201e\u017bywe Powstanie 2025\u201d<\/a><\/h3><div style=\"height: 16px;\"><\/div><div class=\"tx-blog-content\">13 grudnia 2025 r. &#8211; w Akademii Lubra\u0144skiego, na Ostrowie Tumskim w Poznaniu odby\u0142a si\u0119 uroczysta Gala Fina\u0142owa VII edycji konkursu \u201e\u017bywe Powstanie 2025\u201d, kt\u00f3rego organizatorem jest Instytut Pozna\u0144ski. Wzi\u0119li w nim<a class=\"moretag\" href=\"https:\/\/powstaniewielkopolskie.pl\/nowa\/?p=10937\">Czytaj wi\u0119cej...<\/a><\/div><div class=\"tx-meta\"><span class=\"tx-author\">By : <a href=\"https:\/\/powstaniewielkopolskie.pl\/nowa\/?author=4\">piotr<\/a><\/span><span class=\"tx-date\"> | gru 17, 2025<\/span><\/div><\/div><\/div><\/div><div class=\"tx-blog-item tx-post-col-1\"><div class=\"tx-border-box\"><div class=\"tx-blog-img\"><a href=\"https:\/\/powstaniewielkopolskie.pl\/nowa\/wp-content\/uploads\/2025\/12\/Zrzut-ekranu-2025-12-16-112630.png\" class=\"tx-colorbox\"><img decoding=\"async\" src=\"https:\/\/powstaniewielkopolskie.pl\/nowa\/wp-content\/uploads\/2025\/12\/Zrzut-ekranu-2025-12-16-112630-600x360.png\" alt=\"\" class=\"blog-image\" \/><\/a><span class=\"tx-post-comm\"><span>0<\/span><\/span><\/div><div class=\"tx-post-content\"><h3 class=\"tx-post-title\"><a href=\"https:\/\/powstaniewielkopolskie.pl\/nowa\/?p=10928\">Jubileusz sulechowskiego ko\u0142a TPPW<\/a><\/h3><div style=\"height: 16px;\"><\/div><div class=\"tx-blog-content\">12 grudnia 2025 r. &#8211; w Sulechowie odby\u0142y si\u0119 uroczysto\u015bci zwi\u0105zane z 25-leciem miejscowego ko\u0142a Towarzystwa Pami\u0119ci Powstania Wielkopolskiego. Obchody rozpocz\u0119\u0142y si\u0119 w Parku Powsta\u0144c\u00f3w, gdzie ods\u0142oni\u0119to tablic\u0119 informacyjn\u0105 po\u015bwi\u0119con\u0105 Powstaniu. Harcerze<a class=\"moretag\" href=\"https:\/\/powstaniewielkopolskie.pl\/nowa\/?p=10928\">Czytaj wi\u0119cej...<\/a><\/div><div class=\"tx-meta\"><span class=\"tx-author\">By : <a href=\"https:\/\/powstaniewielkopolskie.pl\/nowa\/?author=4\">piotr<\/a><\/span><span class=\"tx-date\"> | gru 16, 2025<\/span><\/div><\/div><\/div><\/div><div class=\"tx-blog-item tx-post-col-1\"><div class=\"tx-border-box\"><div class=\"tx-blog-img\"><a href=\"https:\/\/powstaniewielkopolskie.pl\/nowa\/wp-content\/uploads\/2025\/12\/577062065_1170044558584144_3630178456800421350_n-bis.jpg\" class=\"tx-colorbox\"><img decoding=\"async\" src=\"https:\/\/powstaniewielkopolskie.pl\/nowa\/wp-content\/uploads\/2025\/12\/577062065_1170044558584144_3630178456800421350_n-bis-600x360.jpg\" alt=\"\" class=\"blog-image\" \/><\/a><span class=\"tx-post-comm\"><span>0<\/span><\/span><\/div><div class=\"tx-post-content\"><h3 class=\"tx-post-title\"><a href=\"https:\/\/powstaniewielkopolskie.pl\/nowa\/?p=10917\">Prawdy i legendy Powstania Wielkopolskiego 1918\/1919<\/a><\/h3><div style=\"height: 16px;\"><\/div><div class=\"tx-blog-content\">9 grudnia 2025 r. &#8211; Miejska Biblioteka Publiczna w Lesznie zorganizowa\u0142a dyskusj\u0119 panelow\u0105 \u201ePrawdy i legendy Powstania Wielkopolskiego 1918\/1919\u201d, podczas kt\u00f3rej badacze i regionali\u015bci wypowiadali si\u0119 nt. genezy, przebiegu i znaczenia tego<a class=\"moretag\" href=\"https:\/\/powstaniewielkopolskie.pl\/nowa\/?p=10917\">Czytaj wi\u0119cej...<\/a><\/div><div class=\"tx-meta\"><span class=\"tx-author\">By : <a href=\"https:\/\/powstaniewielkopolskie.pl\/nowa\/?author=4\">piotr<\/a><\/span><span class=\"tx-date\"> | gru 11, 2025<\/span><\/div><\/div><\/div><\/div><div class=\"tx-blog-item tx-post-col-1\"><div class=\"tx-border-box\"><div class=\"tx-blog-img\"><a href=\"https:\/\/powstaniewielkopolskie.pl\/nowa\/wp-content\/uploads\/2025\/12\/0698ae3f-b7c3-4f3b-bec8-b11a8281f8d9-bis.jpg\" class=\"tx-colorbox\"><img decoding=\"async\" src=\"https:\/\/powstaniewielkopolskie.pl\/nowa\/wp-content\/uploads\/2025\/12\/0698ae3f-b7c3-4f3b-bec8-b11a8281f8d9-bis-600x360.jpg\" alt=\"\" class=\"blog-image\" \/><\/a><span class=\"tx-post-comm\"><span>0<\/span><\/span><\/div><div class=\"tx-post-content\"><h3 class=\"tx-post-title\"><a href=\"https:\/\/powstaniewielkopolskie.pl\/nowa\/?p=10911\">IV Powiatowy Konkurs Wiedzy o Powstaniu Wielkopolskim w Goraju<\/a><\/h3><div style=\"height: 16px;\"><\/div><div class=\"tx-blog-content\">9 grudnia 2025 r. &#8211; odby\u0142 si\u0119 w Zespole Szk\u00f3\u0142 Le\u015bnych im. in\u017c Jana Kloski w Goraju IV Powiatowy Konkurs Historyczny pn. \u201e\u0141uny gorej\u0105 u brzeg\u00f3w Noteci\u201d. Pomys\u0142odawc\u0105 i organizatorem konkursu by\u0142<a class=\"moretag\" href=\"https:\/\/powstaniewielkopolskie.pl\/nowa\/?p=10911\">Czytaj wi\u0119cej...<\/a><\/div><div class=\"tx-meta\"><span class=\"tx-author\">By : <a href=\"https:\/\/powstaniewielkopolskie.pl\/nowa\/?author=4\">piotr<\/a><\/span><span class=\"tx-date\"> | gru 10, 2025<\/span><\/div><\/div><\/div><\/div><div class=\"tx-blog-item tx-post-col-1\"><div class=\"tx-border-box\"><div class=\"tx-blog-img\"><a href=\"https:\/\/powstaniewielkopolskie.pl\/nowa\/wp-content\/uploads\/2025\/12\/DSC09366_wm-bis.jpg\" class=\"tx-colorbox\"><img decoding=\"async\" src=\"https:\/\/powstaniewielkopolskie.pl\/nowa\/wp-content\/uploads\/2025\/12\/DSC09366_wm-bis-600x360.jpg\" alt=\"\" class=\"blog-image\" \/><\/a><span class=\"tx-post-comm\"><span>0<\/span><\/span><\/div><div class=\"tx-post-content\"><h3 class=\"tx-post-title\"><a href=\"https:\/\/powstaniewielkopolskie.pl\/nowa\/?p=10884\">Poznali\u015bmy tegorocznych laureat\u00f3w statuetek \u201eDobosz Powstania Wielkopolskiego&#8221;<\/a><\/h3><div style=\"height: 16px;\"><\/div><div class=\"tx-blog-content\">8 grudnia 2025 r. \u2013 w sali Czerwonej Pa\u0142acu Dzia\u0142y\u0144skich w Poznaniu odby\u0142a Jubileuszowa XXX edycja wr\u0119czenia nagr\u00f3d honorowych Towarzystwa Pami\u0119ci Powstania Wielkopolskiego 1918\/1919 \u2013 \u201eDobosz Powstania Wielkopolskiego\u201d. Tradycyjnie ju\u017c patronat honorowy<a class=\"moretag\" href=\"https:\/\/powstaniewielkopolskie.pl\/nowa\/?p=10884\">Czytaj wi\u0119cej...<\/a><\/div><div class=\"tx-meta\"><span class=\"tx-author\">By : <a href=\"https:\/\/powstaniewielkopolskie.pl\/nowa\/?author=4\">piotr<\/a><\/span><span class=\"tx-date\"> | gru 9, 2025<\/span><\/div><\/div><\/div><\/div><div class=\"tx-blog-item tx-post-col-1\"><div class=\"tx-border-box\"><div class=\"tx-blog-img\"><a href=\"https:\/\/powstaniewielkopolskie.pl\/nowa\/wp-content\/uploads\/2025\/12\/muzewm-bis.jpg\" class=\"tx-colorbox\"><img decoding=\"async\" src=\"https:\/\/powstaniewielkopolskie.pl\/nowa\/wp-content\/uploads\/2025\/12\/muzewm-bis-600x360.jpg\" alt=\"\" class=\"blog-image\" \/><\/a><span class=\"tx-post-comm\"><span>0<\/span><\/span><\/div><div class=\"tx-post-content\"><h3 class=\"tx-post-title\"><a href=\"https:\/\/powstaniewielkopolskie.pl\/nowa\/?p=10879\">Pami\u0119tamy o Powsta\u0144cach Wielkopolskich<\/a><\/h3><div style=\"height: 16px;\"><\/div><div class=\"tx-blog-content\">5 grudnia 2025 r. &#8211; w Muzeum Okr\u0119gowym w Bydgoszczy mia\u0142o miejsce mi\u0119dzypokoleniowe wydarzenie, \u0142\u0105cz\u0105ce histori\u0119 z muzyk\u0105 i zwi\u0105zane z obchodami 107. rocznicy wybuchu Powstania Wielkopolskiego. Program obejmowa\u0142 wyst\u0119py artystyczne w<a class=\"moretag\" href=\"https:\/\/powstaniewielkopolskie.pl\/nowa\/?p=10879\">Czytaj wi\u0119cej...<\/a><\/div><div class=\"tx-meta\"><span class=\"tx-author\">By : <a href=\"https:\/\/powstaniewielkopolskie.pl\/nowa\/?author=4\">piotr<\/a><\/span><span class=\"tx-date\"> | gru 9, 2025<\/span><\/div><\/div><\/div><\/div><div class=\"tx-blog-item tx-post-col-1\"><div class=\"tx-border-box\"><div class=\"tx-blog-img\"><a href=\"https:\/\/powstaniewielkopolskie.pl\/nowa\/wp-content\/uploads\/2025\/11\/TPPW-SRP-22_11_25_1025-bis.jpg\" class=\"tx-colorbox\"><img decoding=\"async\" src=\"https:\/\/powstaniewielkopolskie.pl\/nowa\/wp-content\/uploads\/2025\/11\/TPPW-SRP-22_11_25_1025-bis-600x360.jpg\" alt=\"\" class=\"blog-image\" \/><\/a><span class=\"tx-post-comm\"><span>0<\/span><\/span><\/div><div class=\"tx-post-content\"><h3 class=\"tx-post-title\"><a href=\"https:\/\/powstaniewielkopolskie.pl\/nowa\/?p=10851\">\u201ePolski Jeste\u015bmy Warci\u201d. IV Spotkanie Rodzin Powsta\u0144czych w K\u00f3rniku.<\/a><\/h3><div style=\"height: 16px;\"><\/div><div class=\"tx-blog-content\">22 listopada 2025 r. &#8211; po raz czwarty K\u00f3rnickie Ko\u0142o TPPW 1918\/1919 zorganizowa\u0142o Spotkanie Rodzin Powsta\u0144czych pod wsp\u00f3lnym has\u0142em \u201ePolski Jeste\u015bmy Warci\u201d. Tegoroczne spotkanie zorganizowane by\u0142o wsp\u00f3lnie ze Stowarzyszeniem Teatralnym Legion. Spotkanie<a class=\"moretag\" href=\"https:\/\/powstaniewielkopolskie.pl\/nowa\/?p=10851\">Czytaj wi\u0119cej...<\/a><\/div><div class=\"tx-meta\"><span class=\"tx-author\">By : <a href=\"https:\/\/powstaniewielkopolskie.pl\/nowa\/?author=4\">piotr<\/a><\/span><span class=\"tx-date\"> | lis 25, 2025<\/span><\/div><\/div><\/div><\/div><div class=\"tx-blog-item tx-post-col-1\"><div class=\"tx-border-box\"><div class=\"tx-blog-img\"><a href=\"https:\/\/powstaniewielkopolskie.pl\/nowa\/wp-content\/uploads\/2025\/11\/584587597_1249605947198994_5869845069261154520_n-bis.jpg\" class=\"tx-colorbox\"><img decoding=\"async\" src=\"https:\/\/powstaniewielkopolskie.pl\/nowa\/wp-content\/uploads\/2025\/11\/584587597_1249605947198994_5869845069261154520_n-bis-600x360.jpg\" alt=\"\" class=\"blog-image\" \/><\/a><span class=\"tx-post-comm\"><span>0<\/span><\/span><\/div><div class=\"tx-post-content\"><h3 class=\"tx-post-title\"><a href=\"https:\/\/powstaniewielkopolskie.pl\/nowa\/?p=10867\">W Pora\u017cynie upami\u0119tniono gen. broni Kazimierza Sosnkowskiego<\/a><\/h3><div style=\"height: 16px;\"><\/div><div class=\"tx-blog-content\">19 listopada 2025 r. &#8211; w O\u015brodku Szkoleniowo &#8211; Wypoczynkowym w Pora\u017cynie odby\u0142a si\u0119 podnios\u0142a uroczysto\u015b\u0107 po\u015bwi\u0119cona pami\u0119ci genera\u0142a broni Kazimierza Sosnkowskiego &#8211; wsp\u00f3\u0142tw\u00f3rcy Wojska Polskiego, Naczelnego Wodza Polskich Si\u0142 Zbrojnych i<a class=\"moretag\" href=\"https:\/\/powstaniewielkopolskie.pl\/nowa\/?p=10867\">Czytaj wi\u0119cej...<\/a><\/div><div class=\"tx-meta\"><span class=\"tx-author\">By : <a href=\"https:\/\/powstaniewielkopolskie.pl\/nowa\/?author=4\">piotr<\/a><\/span><span class=\"tx-date\"> | lis 24, 2025<\/span><\/div><\/div><\/div><\/div><div class=\"tx-blog-item tx-post-col-1\"><div class=\"tx-border-box\"><div class=\"tx-blog-img\"><a href=\"https:\/\/powstaniewielkopolskie.pl\/nowa\/wp-content\/uploads\/2025\/11\/11060-bis.jpg\" class=\"tx-colorbox\"><img decoding=\"async\" src=\"https:\/\/powstaniewielkopolskie.pl\/nowa\/wp-content\/uploads\/2025\/11\/11060-bis-600x360.jpg\" alt=\"\" class=\"blog-image\" \/><\/a><span class=\"tx-post-comm\"><span>0<\/span><\/span><\/div><div class=\"tx-post-content\"><h3 class=\"tx-post-title\"><a href=\"https:\/\/powstaniewielkopolskie.pl\/nowa\/?p=10845\">Wystawa w Muzeum Miasta Ostrowa Wielkopolskiego<\/a><\/h3><div style=\"height: 16px;\"><\/div><div class=\"tx-blog-content\">18 listopada 2025 r. &#8211; w ostrowskim Muzeum prezentowana jest czasowa wystawa: Powsta\u0144cy \u2026 Portrety Powsta\u0144c\u00f3w Wielkopolskich w tw\u00f3rczo\u015bci Jakuba Multana. G\u0142\u00f3wnym jej celem jest z\u0142o\u017cenie ho\u0142du bohaterskim Powsta\u0144com, dzi\u0119ki kt\u00f3rym Wielkopolska<a class=\"moretag\" href=\"https:\/\/powstaniewielkopolskie.pl\/nowa\/?p=10845\">Czytaj wi\u0119cej...<\/a><\/div><div class=\"tx-meta\"><span class=\"tx-author\">By : <a href=\"https:\/\/powstaniewielkopolskie.pl\/nowa\/?author=4\">piotr<\/a><\/span><span class=\"tx-date\"> | lis 20, 2025<\/span><\/div><\/div><\/div><\/div><div class=\"tx-blog-item tx-post-col-1\"><div class=\"tx-border-box\"><div class=\"tx-blog-img\"><a href=\"https:\/\/powstaniewielkopolskie.pl\/nowa\/wp-content\/uploads\/2025\/11\/10-listopada-2-bis.jpg\" class=\"tx-colorbox\"><img decoding=\"async\" src=\"https:\/\/powstaniewielkopolskie.pl\/nowa\/wp-content\/uploads\/2025\/11\/10-listopada-2-bis-600x360.jpg\" alt=\"\" class=\"blog-image\" \/><\/a><span class=\"tx-post-comm\"><span>0<\/span><\/span><\/div><div class=\"tx-post-content\"><h3 class=\"tx-post-title\"><a href=\"https:\/\/powstaniewielkopolskie.pl\/nowa\/?p=10839\">Bydgoskie obchody \u015awi\u0119ta Niepodleg\u0142o\u015bci<\/a><\/h3><div style=\"height: 16px;\"><\/div><div class=\"tx-blog-content\">10\/11 listopada 2025 r. &#8211; w Bydgoszczy, tegoroczne obchody \u015awi\u0119ta Niepodleg\u0142o\u015bci rozpocz\u0119\u0142y si\u0119 wieczorem 10 listopada przy pomniku Nieznanego Powsta\u0144ca Wielkopolskiego uroczystym \u015blubowaniem kadet\u00f3w klasy mundurowej Liceum Og\u00f3lnokszta\u0142c\u0105cego w Bydgoszczy.Natomiast 11 listopada<a class=\"moretag\" href=\"https:\/\/powstaniewielkopolskie.pl\/nowa\/?p=10839\">Czytaj wi\u0119cej...<\/a><\/div><div class=\"tx-meta\"><span class=\"tx-author\">By : <a href=\"https:\/\/powstaniewielkopolskie.pl\/nowa\/?author=4\">piotr<\/a><\/span><span class=\"tx-date\"> | lis 12, 2025<\/span><\/div><\/div><\/div><\/div><div class=\"tx-blog-item tx-post-col-1\"><div class=\"tx-border-box\"><div class=\"tx-blog-img\"><a href=\"https:\/\/powstaniewielkopolskie.pl\/nowa\/wp-content\/uploads\/2026\/01\/1-bis.jpg\" class=\"tx-colorbox\"><img decoding=\"async\" src=\"https:\/\/powstaniewielkopolskie.pl\/nowa\/wp-content\/uploads\/2026\/01\/1-bis-600x360.jpg\" alt=\"\" class=\"blog-image\" \/><\/a><span class=\"tx-post-comm\"><span>0<\/span><\/span><\/div><div class=\"tx-post-content\"><h3 class=\"tx-post-title\"><a href=\"https:\/\/powstaniewielkopolskie.pl\/nowa\/?p=11125\">Ko\u0142o TPPW w Rydzynie otrzyma\u0142o sztandar<\/a><\/h3><div style=\"height: 16px;\"><\/div><div class=\"tx-blog-content\">9 listopada 2025 r. &#8211; odby\u0142a si\u0119 uroczysto\u015b\u0107 nadania sztandaru dla Ko\u0142a TPPW w Rydzynie. Cz\u0119\u015b\u0107 oficjaln\u0105 poprzedzi\u0142a msza \u015bw. koncelebrowana przez ks. proboszcza Mariusza Mateckiego oraz ks. seniora Wies\u0142awa Wittiga. Sztandar<a class=\"moretag\" href=\"https:\/\/powstaniewielkopolskie.pl\/nowa\/?p=11125\">Czytaj wi\u0119cej...<\/a><\/div><div class=\"tx-meta\"><span class=\"tx-author\">By : <a href=\"https:\/\/powstaniewielkopolskie.pl\/nowa\/?author=4\">piotr<\/a><\/span><span class=\"tx-date\"> | lis 12, 2025<\/span><\/div><\/div><\/div><\/div><div class=\"tx-blog-item tx-post-col-1\"><div class=\"tx-border-box\"><div class=\"tx-blog-img\"><a href=\"https:\/\/powstaniewielkopolskie.pl\/nowa\/wp-content\/uploads\/2025\/11\/ZS-nr-2-7-listopada-2025-bis.jpg\" class=\"tx-colorbox\"><img decoding=\"async\" src=\"https:\/\/powstaniewielkopolskie.pl\/nowa\/wp-content\/uploads\/2025\/11\/ZS-nr-2-7-listopada-2025-bis-600x360.jpg\" alt=\"\" class=\"blog-image\" \/><\/a><span class=\"tx-post-comm\"><span>0<\/span><\/span><\/div><div class=\"tx-post-content\"><h3 class=\"tx-post-title\"><a href=\"https:\/\/powstaniewielkopolskie.pl\/nowa\/?p=10829\">Spotkanie niepodleg\u0142o\u015bciowe w nowotomyskim Zespole Szk\u00f3\u0142 nr 2<\/a><\/h3><div style=\"height: 16px;\"><\/div><div class=\"tx-blog-content\">7 listopada 2025 r. &#8211; w Zespole Szk\u00f3\u0142 nr 2 im. dr. Kazimierza Ho\u0142ogi w Nowym Tomy\u015blu cz\u0142onkowie Stowarzyszenia Mi\u0142o\u015bnik\u00f3w Historii Wojskowo\u015bci przy Lubuskim Muzeum Wojskowym w Drzonowie zaprezentowali wyk\u0142ad i inscenizacj\u0119<a class=\"moretag\" href=\"https:\/\/powstaniewielkopolskie.pl\/nowa\/?p=10829\">Czytaj wi\u0119cej...<\/a><\/div><div class=\"tx-meta\"><span class=\"tx-author\">By : <a href=\"https:\/\/powstaniewielkopolskie.pl\/nowa\/?author=4\">piotr<\/a><\/span><span class=\"tx-date\"> | lis 11, 2025<\/span><\/div><\/div><\/div><\/div><div class=\"tx-blog-item tx-post-col-1\"><div class=\"tx-border-box\"><div class=\"tx-blog-img\"><a href=\"https:\/\/powstaniewielkopolskie.pl\/nowa\/wp-content\/uploads\/2025\/11\/Zrzut-ekranu-2025-11-10-002433.png\" class=\"tx-colorbox\"><img decoding=\"async\" src=\"https:\/\/powstaniewielkopolskie.pl\/nowa\/wp-content\/uploads\/2025\/11\/Zrzut-ekranu-2025-11-10-002433-600x360.png\" alt=\"\" class=\"blog-image\" \/><\/a><span class=\"tx-post-comm\"><span>0<\/span><\/span><\/div><div class=\"tx-post-content\"><h3 class=\"tx-post-title\"><a href=\"https:\/\/powstaniewielkopolskie.pl\/nowa\/?p=10825\">Audycja w Radiu Zach\u00f3d<\/a><\/h3><div style=\"height: 16px;\"><\/div><div class=\"tx-blog-content\">7 listopada 2025 r. &#8211; go\u015bciem Radia Zach\u00f3d by\u0142 B\u0142a\u017cej Mo\u015bcipan, wiceprezes oddzia\u0142u Lubuskiego Towarzystwa Pami\u0119ci Powstania Wielkopolskiego. Audycja dotyczy\u0142a zbli\u017caj\u0105cego si\u0119 Narodowego \u015awi\u0119ta Niepodleg\u0142o\u015bci oraz Narodowego Dnia Zwyci\u0119skiego Powstania Wielkopolskiego. Audycj\u0119<a class=\"moretag\" href=\"https:\/\/powstaniewielkopolskie.pl\/nowa\/?p=10825\">Czytaj wi\u0119cej...<\/a><\/div><div class=\"tx-meta\"><span class=\"tx-author\">By : <a href=\"https:\/\/powstaniewielkopolskie.pl\/nowa\/?author=4\">piotr<\/a><\/span><span class=\"tx-date\"> | lis 10, 2025<\/span><\/div><\/div><\/div><\/div><div class=\"tx-blog-item tx-post-col-1\"><div class=\"tx-border-box\"><div class=\"tx-blog-img\"><a href=\"https:\/\/powstaniewielkopolskie.pl\/nowa\/wp-content\/uploads\/2025\/11\/1.11.2025-Slubice.jpeg\" class=\"tx-colorbox\"><img decoding=\"async\" src=\"https:\/\/powstaniewielkopolskie.pl\/nowa\/wp-content\/uploads\/2025\/11\/1.11.2025-Slubice-600x360.jpeg\" alt=\"\" class=\"blog-image\" \/><\/a><span class=\"tx-post-comm\"><span>0<\/span><\/span><\/div><div class=\"tx-post-content\"><h3 class=\"tx-post-title\"><a href=\"https:\/\/powstaniewielkopolskie.pl\/nowa\/?p=10809\">Spacer Pami\u0119ci w S\u0142ubicach<\/a><\/h3><div style=\"height: 16px;\"><\/div><div class=\"tx-blog-content\">1 listopada 2025 r. &#8211; w S\u0142ubicach odby\u0142 si\u0119 \u201eSpacer Pami\u0119ci\u201d. Zorganizowany zosta\u0142 ju\u017c po raz 12. To doroczne wydarzenie, podczas kt\u00f3rego przybli\u017cana jest historia S\u0142ubic i s\u0105siedniego Frankfurtu nad Odr\u0105 oraz<a class=\"moretag\" href=\"https:\/\/powstaniewielkopolskie.pl\/nowa\/?p=10809\">Czytaj wi\u0119cej...<\/a><\/div><div class=\"tx-meta\"><span class=\"tx-author\">By : <a href=\"https:\/\/powstaniewielkopolskie.pl\/nowa\/?author=4\">piotr<\/a><\/span><span class=\"tx-date\"> | lis 3, 2025<\/span><\/div><\/div><\/div><\/div><div class=\"tx-blog-item tx-post-col-1\"><div class=\"tx-border-box\"><div class=\"tx-blog-img\"><a href=\"https:\/\/powstaniewielkopolskie.pl\/nowa\/wp-content\/uploads\/2025\/11\/20251104_095424-bis.jpg\" class=\"tx-colorbox\"><img decoding=\"async\" src=\"https:\/\/powstaniewielkopolskie.pl\/nowa\/wp-content\/uploads\/2025\/11\/20251104_095424-bis-600x360.jpg\" alt=\"\" class=\"blog-image\" \/><\/a><span class=\"tx-post-comm\"><span>0<\/span><\/span><\/div><div class=\"tx-post-content\"><h3 class=\"tx-post-title\"><a href=\"https:\/\/powstaniewielkopolskie.pl\/nowa\/?p=10816\">Zako\u0144czenie projektu z kodami QR na kwaterze Powsta\u0144c\u00f3w w \u015arodzie Wlkp.<\/a><\/h3><div style=\"height: 16px;\"><\/div><div class=\"tx-blog-content\">29 pa\u017adziernika 2025 r. &#8211; na Kwaterze Powsta\u0144c\u00f3w Wielkopolskich na Cmentarzu Parafialnym w \u015arodzie Wielkopolskiej uroczy\u015bcie zako\u0144czono realizacj\u0119 projektu \u201eWieczny Kod: Upami\u0119tnienie Powsta\u0144c\u00f3w Wielkopolskich w \u015arodzie Wielkopolskiej\u201d, kt\u00f3ry ma na celu zachowanie<a class=\"moretag\" href=\"https:\/\/powstaniewielkopolskie.pl\/nowa\/?p=10816\">Czytaj wi\u0119cej...<\/a><\/div><div class=\"tx-meta\"><span class=\"tx-author\">By : <a href=\"https:\/\/powstaniewielkopolskie.pl\/nowa\/?author=4\">piotr<\/a><\/span><span class=\"tx-date\"> | lis 2, 2025<\/span><\/div><\/div><\/div><\/div><div class=\"tx-blog-item tx-post-col-1\"><div class=\"tx-border-box\"><div class=\"tx-blog-img\"><a href=\"https:\/\/powstaniewielkopolskie.pl\/nowa\/wp-content\/uploads\/2025\/10\/image0000001-20-bis.jpg\" class=\"tx-colorbox\"><img decoding=\"async\" src=\"https:\/\/powstaniewielkopolskie.pl\/nowa\/wp-content\/uploads\/2025\/10\/image0000001-20-bis-600x360.jpg\" alt=\"\" class=\"blog-image\" \/><\/a><span class=\"tx-post-comm\"><span>0<\/span><\/span><\/div><div class=\"tx-post-content\"><h3 class=\"tx-post-title\"><a href=\"https:\/\/powstaniewielkopolskie.pl\/nowa\/?p=10799\">Uroczysto\u015b\u0107 w podpozna\u0144skim Lusowie<\/a><\/h3><div style=\"height: 16px;\"><\/div><div class=\"tx-blog-content\">28 pa\u017adziernika 2025 r. &#8211; w podpozna\u0144skim Lusowie odby\u0142y si\u0119 uroczysto\u015bci z okazji 156. rocznicy urodzin i 86. rocznicy \u015bmierci genera\u0142a J\u00f3zefa Dowbora Mu\u015bnickiego, drugiego dow\u00f3dcy Powstania Wielkopolskiego i Armii Wielkopolskiej. Genera\u0142<a class=\"moretag\" href=\"https:\/\/powstaniewielkopolskie.pl\/nowa\/?p=10799\">Czytaj wi\u0119cej...<\/a><\/div><div class=\"tx-meta\"><span class=\"tx-author\">By : <a href=\"https:\/\/powstaniewielkopolskie.pl\/nowa\/?author=4\">piotr<\/a><\/span><span class=\"tx-date\"> | pa\u017a 29, 2025<\/span><\/div><\/div><\/div><\/div><div class=\"tx-blog-item tx-post-col-1\"><div class=\"tx-border-box\"><div class=\"tx-blog-img\"><a href=\"https:\/\/powstaniewielkopolskie.pl\/nowa\/wp-content\/uploads\/2025\/10\/IMG_0602-x-bis.jpg\" class=\"tx-colorbox\"><img decoding=\"async\" src=\"https:\/\/powstaniewielkopolskie.pl\/nowa\/wp-content\/uploads\/2025\/10\/IMG_0602-x-bis-600x360.jpg\" alt=\"\" class=\"blog-image\" \/><\/a><span class=\"tx-post-comm\"><span>0<\/span><\/span><\/div><div class=\"tx-post-content\"><h3 class=\"tx-post-title\"><a href=\"https:\/\/powstaniewielkopolskie.pl\/nowa\/?p=10786\">Uroczysto\u015b\u0107  przy grobach Powsta\u0144c\u00f3w Wielkopolskich na k\u00f3rnickim cmentarzu<\/a><\/h3><div style=\"height: 16px;\"><\/div><div class=\"tx-blog-content\">25 pa\u017adziernika 2025 r. &#8211; w K\u00f3rniku odby\u0142y si\u0119 uroczysto\u015bci upami\u0119tniaj\u0105ce k\u00f3rnickich Powsta\u0144c\u00f3w Wielkopolskich, kt\u00f3rych groby zosta\u0142y wpisane do rejestru grob\u00f3w weteran\u00f3w w Biurze Upami\u0119tniania Walki i M\u0119cze\u0144stwa, w Instytucie Pami\u0119ci Narodowej<a class=\"moretag\" href=\"https:\/\/powstaniewielkopolskie.pl\/nowa\/?p=10786\">Czytaj wi\u0119cej...<\/a><\/div><div class=\"tx-meta\"><span class=\"tx-author\">By : <a href=\"https:\/\/powstaniewielkopolskie.pl\/nowa\/?author=4\">piotr<\/a><\/span><span class=\"tx-date\"> | pa\u017a 28, 2025<\/span><\/div><\/div><\/div><\/div><div class=\"tx-blog-item tx-post-col-1\"><div class=\"tx-border-box\"><div class=\"tx-blog-img\"><a href=\"https:\/\/powstaniewielkopolskie.pl\/nowa\/wp-content\/uploads\/2025\/10\/20251025_101946-bis-rotated.jpg\" class=\"tx-colorbox\"><img decoding=\"async\" src=\"https:\/\/powstaniewielkopolskie.pl\/nowa\/wp-content\/uploads\/2025\/10\/20251025_101946-bis-rotated-600x360.jpg\" alt=\"\" class=\"blog-image\" \/><\/a><span class=\"tx-post-comm\"><span>0<\/span><\/span><\/div><div class=\"tx-post-content\"><h3 class=\"tx-post-title\"><a href=\"https:\/\/powstaniewielkopolskie.pl\/nowa\/?p=10774\">V edycja Gry Terenowej \u015aladem Powsta\u0144c\u00f3w &#8211;  Pionier\u00f3w Gorzowa Wlkp.<\/a><\/h3><div style=\"height: 16px;\"><\/div><div class=\"tx-blog-content\">25 pa\u017adziernika 2024 r. &#8211; jubileuszowa edycja tego wydarzenia wpisa\u0142a si\u0119 w obchodzon\u0105 w bie\u017c\u0105cym roku 80 rocznic\u0119 ustanowienia polskiej administracji w Gorzowie Wielkopolskim, a du\u017cy wk\u0142ad w ten proces wnie\u015bli Powsta\u0144cy<a class=\"moretag\" href=\"https:\/\/powstaniewielkopolskie.pl\/nowa\/?p=10774\">Czytaj wi\u0119cej...<\/a><\/div><div class=\"tx-meta\"><span class=\"tx-author\">By : <a href=\"https:\/\/powstaniewielkopolskie.pl\/nowa\/?author=4\">piotr<\/a><\/span><span class=\"tx-date\"> | pa\u017a 27, 2025<\/span><\/div><\/div><\/div><\/div><div class=\"tx-blog-item tx-post-col-1\"><div class=\"tx-border-box\"><div class=\"tx-blog-img\"><a href=\"https:\/\/powstaniewielkopolskie.pl\/nowa\/wp-content\/uploads\/2025\/10\/IMG_20251017_101508635_HDR_AE-bis.jpg\" class=\"tx-colorbox\"><img decoding=\"async\" src=\"https:\/\/powstaniewielkopolskie.pl\/nowa\/wp-content\/uploads\/2025\/10\/IMG_20251017_101508635_HDR_AE-bis-600x360.jpg\" alt=\"\" class=\"blog-image\" \/><\/a><span class=\"tx-post-comm\"><span>0<\/span><\/span><\/div><div class=\"tx-post-content\"><h3 class=\"tx-post-title\"><a href=\"https:\/\/powstaniewielkopolskie.pl\/nowa\/?p=10812\">Wycieczka uczni\u00f3w warszawskiej Szko\u0142y Podstawowej szlakiem powsta\u0144czym<\/a><\/h3><div style=\"height: 16px;\"><\/div><div class=\"tx-blog-content\">16 i 17 pa\u017adziernika 2025 r. &#8211; uczniowie klas \u00f3smych Szko\u0142y Podstawowej nr 263 im. Powsta\u0144c\u00f3w Wielkopolskich z Warszawy, odwiedzili Wielkopolsk\u0119. W drodze ze stolicy m\u0142odzie\u017c zatrzymali si\u0119 w Muzeum Dzieci Wrzesi\u0144skich<a class=\"moretag\" href=\"https:\/\/powstaniewielkopolskie.pl\/nowa\/?p=10812\">Czytaj wi\u0119cej...<\/a><\/div><div class=\"tx-meta\"><span class=\"tx-author\">By : <a href=\"https:\/\/powstaniewielkopolskie.pl\/nowa\/?author=4\">piotr<\/a><\/span><span class=\"tx-date\"> | pa\u017a 22, 2025<\/span><\/div><\/div><\/div><\/div><div class=\"tx-blog-item tx-post-col-1\"><div class=\"tx-border-box\"><div class=\"tx-blog-img\"><a href=\"https:\/\/powstaniewielkopolskie.pl\/nowa\/wp-content\/uploads\/2025\/10\/20251017_1514491-bis.jpg\" class=\"tx-colorbox\"><img decoding=\"async\" src=\"https:\/\/powstaniewielkopolskie.pl\/nowa\/wp-content\/uploads\/2025\/10\/20251017_1514491-bis-600x360.jpg\" alt=\"\" class=\"blog-image\" \/><\/a><span class=\"tx-post-comm\"><span>0<\/span><\/span><\/div><div class=\"tx-post-content\"><h3 class=\"tx-post-title\"><a href=\"https:\/\/powstaniewielkopolskie.pl\/nowa\/?p=10749\">Ods\u0142oni\u0119cie tablicy pami\u0105tkowej w Rudnikach<\/a><\/h3><div style=\"height: 16px;\"><\/div><div class=\"tx-blog-content\">17 pa\u017adziernika 2025 r. &#8211; w Rudnikach ko\u0142o Opalenicy mia\u0142o miejsce donios\u0142e wydarzenie. W asy\u015bcie wojskowej dokonano ods\u0142oni\u0119cia tablicy, kt\u00f3ra upami\u0119tnia bohater\u00f3w Ziemi Rudnickiej. Z lewej strony wymieni s\u0105 na niej mieszka\u0144cy<a class=\"moretag\" href=\"https:\/\/powstaniewielkopolskie.pl\/nowa\/?p=10749\">Czytaj wi\u0119cej...<\/a><\/div><div class=\"tx-meta\"><span class=\"tx-author\">By : <a href=\"https:\/\/powstaniewielkopolskie.pl\/nowa\/?author=4\">piotr<\/a><\/span><span class=\"tx-date\"> | pa\u017a 18, 2025<\/span><\/div><\/div><\/div><\/div><div class=\"tx-blog-item tx-post-col-1\"><div class=\"tx-border-box\"><div class=\"tx-blog-img\"><a href=\"https:\/\/powstaniewielkopolskie.pl\/nowa\/wp-content\/uploads\/2025\/10\/5c308540-d782-44e2-b184-5d84a6645916-bis.jpg\" class=\"tx-colorbox\"><img decoding=\"async\" src=\"https:\/\/powstaniewielkopolskie.pl\/nowa\/wp-content\/uploads\/2025\/10\/5c308540-d782-44e2-b184-5d84a6645916-bis-600x360.jpg\" alt=\"\" class=\"blog-image\" \/><\/a><span class=\"tx-post-comm\"><span>0<\/span><\/span><\/div><div class=\"tx-post-content\"><h3 class=\"tx-post-title\"><a href=\"https:\/\/powstaniewielkopolskie.pl\/nowa\/?p=10739\">Uczniowie z Urbanowa na rajdzie szlakiem Powstania Wielkopolskiego<\/a><\/h3><div style=\"height: 16px;\"><\/div><div class=\"tx-blog-content\">12 pa\u017adziernika 2025 r. &#8211; 19-osobowa grupa reprezentuj\u0105ca Szko\u0142\u0119 Podstawow\u0105 im. Powsta\u0144c\u00f3w Ziemi Opalenickiej w Urbanowie \u2014 z\u0142o\u017cona z uczni\u00f3w, rodzic\u00f3w oraz nauczyciela \u2014 wzi\u0119\u0142a udzia\u0142 w XXXVIII Og\u00f3lnopolskim Rajdzie Szlakiem Powstania<a class=\"moretag\" href=\"https:\/\/powstaniewielkopolskie.pl\/nowa\/?p=10739\">Czytaj wi\u0119cej...<\/a><\/div><div class=\"tx-meta\"><span class=\"tx-author\">By : <a href=\"https:\/\/powstaniewielkopolskie.pl\/nowa\/?author=4\">piotr<\/a><\/span><span class=\"tx-date\"> | pa\u017a 14, 2025<\/span><\/div><\/div><\/div><\/div><div class=\"tx-blog-item tx-post-col-1\"><div class=\"tx-border-box\"><div class=\"tx-blog-imgpad\"><\/div><div class=\"tx-post-content\"><h3 class=\"tx-post-title\"><a href=\"https:\/\/powstaniewielkopolskie.pl\/nowa\/?p=10747\">Zlot szk\u00f3\u0142 posiadaj\u0105cych imiona bohater\u00f3w Powstania Wielkopolskiego<\/a><\/h3><div style=\"height: 16px;\"><\/div><div class=\"tx-blog-content\">8 pa\u017adziernika 2025 r. &#8211; ponad 30 szk\u00f3\u0142 podstawowych, kt\u00f3rym patronuj\u0105 bohaterowie Powstania Wielkopolskiego, spotka\u0142o si\u0119 w Poznaniu. Organizatorem zlotu by\u0142o Wielkopolskie Muzeum Niepodleg\u0142o\u015bci (WMN) przy wsp\u00f3\u0142pracy Towarzystwa Pami\u0119ci Powstania Wielkopolskiego 1918\/1919.<a class=\"moretag\" href=\"https:\/\/powstaniewielkopolskie.pl\/nowa\/?p=10747\">Czytaj wi\u0119cej...<\/a><\/div><div class=\"tx-meta\"><span class=\"tx-author\">By : <a href=\"https:\/\/powstaniewielkopolskie.pl\/nowa\/?author=4\">piotr<\/a><\/span><span class=\"tx-date\"> | pa\u017a 13, 2025<\/span><\/div><\/div><\/div><\/div><div class=\"tx-blog-item tx-post-col-1\"><div class=\"tx-border-box\"><div class=\"tx-blog-img\"><a href=\"https:\/\/powstaniewielkopolskie.pl\/nowa\/wp-content\/uploads\/2025\/10\/P1010204-bis.jpg\" class=\"tx-colorbox\"><img decoding=\"async\" src=\"https:\/\/powstaniewielkopolskie.pl\/nowa\/wp-content\/uploads\/2025\/10\/P1010204-bis-600x360.jpg\" alt=\"\" class=\"blog-image\" \/><\/a><span class=\"tx-post-comm\"><span>0<\/span><\/span><\/div><div class=\"tx-post-content\"><h3 class=\"tx-post-title\"><a href=\"https:\/\/powstaniewielkopolskie.pl\/nowa\/?p=10697\">Wycieczka edukacyjna k\u00f3rnickiego Ko\u0142a TPPW do Rynarzewa<\/a><\/h3><div style=\"height: 16px;\"><\/div><div class=\"tx-blog-content\">7 pa\u017adziernika 2025 r. &#8211; odby\u0142a si\u0119 kolejna wyprawa edukacyjna cz\u0142onk\u00f3w k\u00f3rnickiego Ko\u0142a Towarzystwa Pami\u0119ci Powstania Wielkopolskiego z udzia\u0142em uczni\u00f3w Zespo\u0142u Szk\u00f3\u0142 w K\u00f3rniku. Trasa wiod\u0142a tym razem do Rynarzewa. O przebiegu<a class=\"moretag\" href=\"https:\/\/powstaniewielkopolskie.pl\/nowa\/?p=10697\">Czytaj wi\u0119cej...<\/a><\/div><div class=\"tx-meta\"><span class=\"tx-author\">By : <a href=\"https:\/\/powstaniewielkopolskie.pl\/nowa\/?author=4\">piotr<\/a><\/span><span class=\"tx-date\"> | pa\u017a 9, 2025<\/span><\/div><\/div><\/div><\/div><div class=\"tx-blog-item tx-post-col-1\"><div class=\"tx-border-box\"><div class=\"tx-blog-img\"><a href=\"https:\/\/powstaniewielkopolskie.pl\/nowa\/wp-content\/uploads\/2025\/10\/image0000051.jpg\" class=\"tx-colorbox\"><img decoding=\"async\" src=\"https:\/\/powstaniewielkopolskie.pl\/nowa\/wp-content\/uploads\/2025\/10\/image0000051-600x360.jpg\" alt=\"\" class=\"blog-image\" \/><\/a><span class=\"tx-post-comm\"><span>0<\/span><\/span><\/div><div class=\"tx-post-content\"><h3 class=\"tx-post-title\"><a href=\"https:\/\/powstaniewielkopolskie.pl\/nowa\/?p=10719\">\u201ePozna\u0144ska Pyra\u201d w Szreniawie<\/a><\/h3><div style=\"height: 16px;\"><\/div><div class=\"tx-blog-content\">5 pa\u017adziernika 2025 r. \u2013 w Muzeum Narodowym Rolnictwa i Przemys\u0142u Rolno-Spo\u017cywczego w Szreniawie odby\u0142a si\u0119 impreza plenerowa pt. \u201ePozna\u0144ska Pyra\u201d. To by\u0142a wyj\u0105tkowa okazja, by poczu\u0107 atmosfer\u0119 dawnych gospodarstw i posmakowa\u0107<a class=\"moretag\" href=\"https:\/\/powstaniewielkopolskie.pl\/nowa\/?p=10719\">Czytaj wi\u0119cej...<\/a><\/div><div class=\"tx-meta\"><span class=\"tx-author\">By : <a href=\"https:\/\/powstaniewielkopolskie.pl\/nowa\/?author=4\">piotr<\/a><\/span><span class=\"tx-date\"> | pa\u017a 8, 2025<\/span><\/div><\/div><\/div><\/div><div class=\"tx-blog-item tx-post-col-1\"><div class=\"tx-border-box\"><div class=\"tx-blog-img\"><a href=\"https:\/\/powstaniewielkopolskie.pl\/nowa\/wp-content\/uploads\/2025\/10\/20251004_090421-bis-rotated.jpg\" class=\"tx-colorbox\"><img decoding=\"async\" src=\"https:\/\/powstaniewielkopolskie.pl\/nowa\/wp-content\/uploads\/2025\/10\/20251004_090421-bis-rotated-600x360.jpg\" alt=\"\" class=\"blog-image\" \/><\/a><span class=\"tx-post-comm\"><span>0<\/span><\/span><\/div><div class=\"tx-post-content\"><h3 class=\"tx-post-title\"><a href=\"https:\/\/powstaniewielkopolskie.pl\/nowa\/?p=10680\">Wycieczka szlakami Powstania Wielkopolskiego<\/a><\/h3><div style=\"height: 16px;\"><\/div><div class=\"tx-blog-content\">4 pa\u017adziernika 2025 r. &#8211; ju\u017c po raz czwarty Ko\u0142o Towarzystwo Pami\u0119ci Powstania Wielkopolskiego 1918\/1919 w Gorzowie zorganizowa\u0142o wycieczk\u0119 do miejsc zwi\u0105zanych z Powstaniem Wielkopolskim. Na szlak wyruszy\u0142o ponad 50 pasjonat\u00f3w historii,<a class=\"moretag\" href=\"https:\/\/powstaniewielkopolskie.pl\/nowa\/?p=10680\">Czytaj wi\u0119cej...<\/a><\/div><div class=\"tx-meta\"><span class=\"tx-author\">By : <a href=\"https:\/\/powstaniewielkopolskie.pl\/nowa\/?author=4\">piotr<\/a><\/span><span class=\"tx-date\"> | pa\u017a 6, 2025<\/span><\/div><\/div><\/div><\/div><div class=\"tx-blog-item tx-post-col-1\"><div class=\"tx-border-box\"><div class=\"tx-blog-img\"><a href=\"https:\/\/powstaniewielkopolskie.pl\/nowa\/wp-content\/uploads\/2025\/10\/przemet.pl-att.pepdgnut7p1up4jltfp9lqkqzglbxbsergj1tnihqlg-bis.png\" class=\"tx-colorbox\"><img decoding=\"async\" src=\"https:\/\/powstaniewielkopolskie.pl\/nowa\/wp-content\/uploads\/2025\/10\/przemet.pl-att.pepdgnut7p1up4jltfp9lqkqzglbxbsergj1tnihqlg-bis-600x360.png\" alt=\"\" class=\"blog-image\" \/><\/a><span class=\"tx-post-comm\"><span>0<\/span><\/span><\/div><div class=\"tx-post-content\"><h3 class=\"tx-post-title\"><a href=\"https:\/\/powstaniewielkopolskie.pl\/nowa\/?p=10758\">VIII Rajd Rowerowy \u201eSzlakiem Powsta\u0144czej Kompanii Przem\u0119ckiej\u201d<\/a><\/h3><div style=\"height: 16px;\"><\/div><div class=\"tx-blog-content\">29 &#8211; 30 wrze\u015bnia 2025 r. &#8211; historia regionu, patriotyzm i aktywno\u015b\u0107 na \u015bwie\u017cym powietrzu \u2013 te trzy warto\u015bci po\u0142\u0105czy\u0142a ju\u017c po raz \u00f3smy inicjatywa nauczycieli i uczni\u00f3w z Przem\u0119tu, kt\u00f3rzy wzi\u0119li<a class=\"moretag\" href=\"https:\/\/powstaniewielkopolskie.pl\/nowa\/?p=10758\">Czytaj wi\u0119cej...<\/a><\/div><div class=\"tx-meta\"><span class=\"tx-author\">By : <a href=\"https:\/\/powstaniewielkopolskie.pl\/nowa\/?author=4\">piotr<\/a><\/span><span class=\"tx-date\"> | pa\u017a 6, 2025<\/span><\/div><\/div><\/div><\/div><div class=\"tx-blog-item tx-post-col-1\"><div class=\"tx-border-box\"><div class=\"tx-blog-img\"><a href=\"https:\/\/powstaniewielkopolskie.pl\/nowa\/wp-content\/uploads\/2025\/10\/image0000001-19bis.jpg\" class=\"tx-colorbox\"><img decoding=\"async\" src=\"https:\/\/powstaniewielkopolskie.pl\/nowa\/wp-content\/uploads\/2025\/10\/image0000001-19bis-600x360.jpg\" alt=\"\" class=\"blog-image\" \/><\/a><span class=\"tx-post-comm\"><span>0<\/span><\/span><\/div><div class=\"tx-post-content\"><h3 class=\"tx-post-title\"><a href=\"https:\/\/powstaniewielkopolskie.pl\/nowa\/?p=10715\">107 rozet powsta\u0144czych na 107. rocznic\u0119.<\/a><\/h3><div style=\"height: 16px;\"><\/div><div class=\"tx-blog-content\">30 wrze\u015bnia 2025 r. &#8211; Oddzia\u0142 PTTK w Szamotu\u0142ach rozpocz\u0105\u0142 projekt pod has\u0142em: \u201e107 Rychtuj si\u0119!&#8221;, kt\u00f3rego celem jest upami\u0119tnienie 107. rocznicy wybuchu Zwyci\u0119skiego Powstania Wielkopolskiego. Przedsi\u0119wzi\u0119cie organizowane jest pod honorowym patronatem<a class=\"moretag\" href=\"https:\/\/powstaniewielkopolskie.pl\/nowa\/?p=10715\">Czytaj wi\u0119cej...<\/a><\/div><div class=\"tx-meta\"><span class=\"tx-author\">By : <a href=\"https:\/\/powstaniewielkopolskie.pl\/nowa\/?author=4\">piotr<\/a><\/span><span class=\"tx-date\"> | pa\u017a 6, 2025<\/span><\/div><\/div><\/div><\/div><div class=\"tx-blog-item tx-post-col-1\"><div class=\"tx-border-box\"><div class=\"tx-blog-img\"><a href=\"https:\/\/powstaniewielkopolskie.pl\/nowa\/wp-content\/uploads\/2025\/09\/Stare-Powazki-26.09.2025.Gen_.-Stanislaw-Dubiski-bis-rotated.jpg\" class=\"tx-colorbox\"><img decoding=\"async\" src=\"https:\/\/powstaniewielkopolskie.pl\/nowa\/wp-content\/uploads\/2025\/09\/Stare-Powazki-26.09.2025.Gen_.-Stanislaw-Dubiski-bis-rotated-600x360.jpg\" alt=\"\" class=\"blog-image\" \/><\/a><span class=\"tx-post-comm\"><span>0<\/span><\/span><\/div><div class=\"tx-post-content\"><h3 class=\"tx-post-title\"><a href=\"https:\/\/powstaniewielkopolskie.pl\/nowa\/?p=10675\">Na Starych Pow\u0105zkach oddano ho\u0142d Powsta\u0144com Wielkopolskim<\/a><\/h3><div style=\"height: 16px;\"><\/div><div class=\"tx-blog-content\">26 wrze\u015bnia 2025 r. &#8211; na cmentarzu Stare Pow\u0105zki w Warszawie delegacja Warszawskiego Klubu Wielkopolan EKA z prezesem Zygmuntem Porolniczakiem oraz nauczyciele i uczniowie Szko\u0142y Podstawowej nr 263 im. Powsta\u0144c\u00f3w Wielkopolskich oddali,<a class=\"moretag\" href=\"https:\/\/powstaniewielkopolskie.pl\/nowa\/?p=10675\">Czytaj wi\u0119cej...<\/a><\/div><div class=\"tx-meta\"><span class=\"tx-author\">By : <a href=\"https:\/\/powstaniewielkopolskie.pl\/nowa\/?author=4\">piotr<\/a><\/span><span class=\"tx-date\"> | wrz 30, 2025<\/span><\/div><\/div><\/div><\/div><div class=\"tx-blog-item tx-post-col-1\"><div class=\"tx-border-box\"><div class=\"tx-blog-img\"><a href=\"https:\/\/powstaniewielkopolskie.pl\/nowa\/wp-content\/uploads\/2025\/09\/Messenger_creation_C1882FBB-28E9-4525-8153-7EE46596C2CA-bis.jpg\" class=\"tx-colorbox\"><img decoding=\"async\" src=\"https:\/\/powstaniewielkopolskie.pl\/nowa\/wp-content\/uploads\/2025\/09\/Messenger_creation_C1882FBB-28E9-4525-8153-7EE46596C2CA-bis-600x360.jpg\" alt=\"\" class=\"blog-image\" \/><\/a><span class=\"tx-post-comm\"><span>0<\/span><\/span><\/div><div class=\"tx-post-content\"><h3 class=\"tx-post-title\"><a href=\"https:\/\/powstaniewielkopolskie.pl\/nowa\/?p=10666\">V edycja gry terenowej w Starym Polichnie \u201e\u015aladami Powstania Wielkopolskiego&#8221;<\/a><\/h3><div style=\"height: 16px;\"><\/div><div class=\"tx-blog-content\">21 wrze\u015bnia 2025 r. &#8211; mia\u0142a miejsce pi\u0105ta edycja wydarzenia \u0142\u0105cz\u0105cego pami\u0119\u0107 historyczn\u0105 i integracj\u0119 lokalnej spo\u0142eczno\u015bci Gminy Santok z rekreacj\u0105 i promocj\u0105 zdrowego stylu \u017cycia. W niedzielne ciep\u0142e popo\u0142udnie przed udekorowan\u0105<a class=\"moretag\" href=\"https:\/\/powstaniewielkopolskie.pl\/nowa\/?p=10666\">Czytaj wi\u0119cej...<\/a><\/div><div class=\"tx-meta\"><span class=\"tx-author\">By : <a href=\"https:\/\/powstaniewielkopolskie.pl\/nowa\/?author=4\">piotr<\/a><\/span><span class=\"tx-date\"> | wrz 22, 2025<\/span><\/div><\/div><\/div><\/div><div class=\"tx-blog-item tx-post-col-1\"><div class=\"tx-border-box\"><div class=\"tx-blog-img\"><a href=\"https:\/\/powstaniewielkopolskie.pl\/nowa\/wp-content\/uploads\/2025\/09\/IMG_20250919_0908233-bis.jpg\" class=\"tx-colorbox\"><img decoding=\"async\" src=\"https:\/\/powstaniewielkopolskie.pl\/nowa\/wp-content\/uploads\/2025\/09\/IMG_20250919_0908233-bis-600x360.jpg\" alt=\"\" class=\"blog-image\" \/><\/a><span class=\"tx-post-comm\"><span>0<\/span><\/span><\/div><div class=\"tx-post-content\"><h3 class=\"tx-post-title\"><a href=\"https:\/\/powstaniewielkopolskie.pl\/nowa\/?p=10656\">II Rajd Szlakiem Pami\u0119ci Weteran\u00f3w Walk o Wolno\u015b\u0107 i Niepodleg\u0142o\u015b\u0107<\/a><\/h3><div style=\"height: 16px;\"><\/div><div class=\"tx-blog-content\">19 wrze\u015bnia 2025 r. &#8211; podczas K\u00f3rnickich Dni Nauki trwaj\u0105cych od 18 do 20 wrze\u015bnia po raz kolejny sw\u00f3j udzia\u0142 zaznaczy\u0142o K\u00f3rnickie Ko\u0142o Towarzystwa Pami\u0119ci Powstania Wielkopolskiego 1918\/1919, organizuj\u0105c II Rajd Szlakiem<a class=\"moretag\" href=\"https:\/\/powstaniewielkopolskie.pl\/nowa\/?p=10656\">Czytaj wi\u0119cej...<\/a><\/div><div class=\"tx-meta\"><span class=\"tx-author\">By : <a href=\"https:\/\/powstaniewielkopolskie.pl\/nowa\/?author=4\">piotr<\/a><\/span><span class=\"tx-date\"> | wrz 20, 2025<\/span><\/div><\/div><\/div><\/div><div class=\"tx-blog-item tx-post-col-1\"><div class=\"tx-border-box\"><div class=\"tx-blog-img\"><a href=\"https:\/\/powstaniewielkopolskie.pl\/nowa\/wp-content\/uploads\/2025\/09\/DSC03228-bis.jpg\" class=\"tx-colorbox\"><img decoding=\"async\" src=\"https:\/\/powstaniewielkopolskie.pl\/nowa\/wp-content\/uploads\/2025\/09\/DSC03228-bis-600x360.jpg\" alt=\"\" class=\"blog-image\" \/><\/a><span class=\"tx-post-comm\"><span>0<\/span><\/span><\/div><div class=\"tx-post-content\"><h3 class=\"tx-post-title\"><a href=\"https:\/\/powstaniewielkopolskie.pl\/nowa\/?p=10637\">Oznaczenie grobu kpt. Adama Bia\u0142oszy\u0144skiego<\/a><\/h3><div style=\"height: 16px;\"><\/div><div class=\"tx-blog-content\">9 wrze\u015bnia 2025 r. &#8211; na cmentarzu przy ul. Chojnickiej w Poznaniu (Kiekrz) odby\u0142a si\u0119 uroczysto\u015b\u0107 oznakowania grobu kpt. Adama Bia\u0142oszy\u0144skiego \u2013 Powsta\u0144ca Wielkopolskiego, organizatora i dow\u00f3dcy IV Kompanii Marynarzy, uczestnika wojny<a class=\"moretag\" href=\"https:\/\/powstaniewielkopolskie.pl\/nowa\/?p=10637\">Czytaj wi\u0119cej...<\/a><\/div><div class=\"tx-meta\"><span class=\"tx-author\">By : <a href=\"https:\/\/powstaniewielkopolskie.pl\/nowa\/?author=4\">piotr<\/a><\/span><span class=\"tx-date\"> | wrz 11, 2025<\/span><\/div><\/div><\/div><\/div><div class=\"tx-blog-item tx-post-col-1\"><div class=\"tx-border-box\"><div class=\"tx-blog-img\"><a href=\"https:\/\/powstaniewielkopolskie.pl\/nowa\/wp-content\/uploads\/2025\/09\/DSCN19922-bis.jpg\" class=\"tx-colorbox\"><img decoding=\"async\" src=\"https:\/\/powstaniewielkopolskie.pl\/nowa\/wp-content\/uploads\/2025\/09\/DSCN19922-bis-600x360.jpg\" alt=\"\" class=\"blog-image\" \/><\/a><span class=\"tx-post-comm\"><span>0<\/span><\/span><\/div><div class=\"tx-post-content\"><h3 class=\"tx-post-title\"><a href=\"https:\/\/powstaniewielkopolskie.pl\/nowa\/?p=10633\">Inscenizacja szar\u017cy pod Krojantami<\/a><\/h3><div style=\"height: 16px;\"><\/div><div class=\"tx-blog-content\">7 wrze\u015bnia 2025 r. &#8211; w Krojantach mia\u0142a miejsce kolejna edycja widowiska historyczno- militarnego \u201eSzar\u017ca pod Krojantami &#8222;. Bydgoskie ko\u0142o TPPW przygotowa\u0142o sw\u00f3j namiot historyczny, w kt\u00f3rym prezentowano mi\u0119dzy innymi zdj\u0119cia Powsta\u0144c\u00f3w<a class=\"moretag\" href=\"https:\/\/powstaniewielkopolskie.pl\/nowa\/?p=10633\">Czytaj wi\u0119cej...<\/a><\/div><div class=\"tx-meta\"><span class=\"tx-author\">By : <a href=\"https:\/\/powstaniewielkopolskie.pl\/nowa\/?author=4\">piotr<\/a><\/span><span class=\"tx-date\"> | wrz 11, 2025<\/span><\/div><\/div><\/div><\/div><div class=\"tx-blog-item tx-post-col-1\"><div class=\"tx-border-box\"><div class=\"tx-blog-img\"><a href=\"https:\/\/powstaniewielkopolskie.pl\/nowa\/wp-content\/uploads\/2025\/09\/543547644_122243259734237149_9156925810903865048_n-bis.jpg\" class=\"tx-colorbox\"><img decoding=\"async\" src=\"https:\/\/powstaniewielkopolskie.pl\/nowa\/wp-content\/uploads\/2025\/09\/543547644_122243259734237149_9156925810903865048_n-bis-600x360.jpg\" alt=\"\" class=\"blog-image\" \/><\/a><span class=\"tx-post-comm\"><span>0<\/span><\/span><\/div><div class=\"tx-post-content\"><h3 class=\"tx-post-title\"><a href=\"https:\/\/powstaniewielkopolskie.pl\/nowa\/?p=10646\">Wycieczka szlakiem Powstania Wielkopolskiego<\/a><\/h3><div style=\"height: 16px;\"><\/div><div class=\"tx-blog-content\">5 wrze\u015bnia 2025 r. &#8211; uczniowie Szko\u0142y Podstawowej im. Powsta\u0144c\u00f3w Wielkopolskich w Mia\u0142ach wraz z opiekunami odwiedzili Goraj-Zamek, Czarnk\u00f3w i Lubasz. W trakcie wycieczki zapoznali si\u0119 z dorobkiem wybitnych postaci, zwi\u0105zanych z<a class=\"moretag\" href=\"https:\/\/powstaniewielkopolskie.pl\/nowa\/?p=10646\">Czytaj wi\u0119cej...<\/a><\/div><div class=\"tx-meta\"><span class=\"tx-author\">By : <a href=\"https:\/\/powstaniewielkopolskie.pl\/nowa\/?author=4\">piotr<\/a><\/span><span class=\"tx-date\"> | wrz 10, 2025<\/span><\/div><\/div><\/div><\/div><div class=\"tx-blog-item tx-post-col-1\"><div class=\"tx-border-box\"><div class=\"tx-blog-img\"><a href=\"https:\/\/powstaniewielkopolskie.pl\/nowa\/wp-content\/uploads\/2025\/09\/IMG-20250901-WA0051-bis.jpg\" class=\"tx-colorbox\"><img decoding=\"async\" src=\"https:\/\/powstaniewielkopolskie.pl\/nowa\/wp-content\/uploads\/2025\/09\/IMG-20250901-WA0051-bis-600x360.jpg\" alt=\"\" class=\"blog-image\" \/><\/a><span class=\"tx-post-comm\"><span>0<\/span><\/span><\/div><div class=\"tx-post-content\"><h3 class=\"tx-post-title\"><a href=\"https:\/\/powstaniewielkopolskie.pl\/nowa\/?p=10620\">86. rocznica wybuchu drugiej wojny \u015bwiatowej<\/a><\/h3><div style=\"height: 16px;\"><\/div><div class=\"tx-blog-content\">1 wrze\u015bnia 2025 r. &#8211; w Poznaniu upami\u0119tniono 86. rocznic\u0119 napa\u015bci Niemiec na Polsk\u0119 i wybuchu II wojny \u015bwiatowej. Uroczysto\u015bci rozpocz\u0119\u0142y si\u0119 od mszy w bazylice pw. \u015bw. J\u00f3zefa, a nast\u0119pnie przenios\u0142y<a class=\"moretag\" href=\"https:\/\/powstaniewielkopolskie.pl\/nowa\/?p=10620\">Czytaj wi\u0119cej...<\/a><\/div><div class=\"tx-meta\"><span class=\"tx-author\">By : <a href=\"https:\/\/powstaniewielkopolskie.pl\/nowa\/?author=4\">piotr<\/a><\/span><span class=\"tx-date\"> | wrz 5, 2025<\/span><\/div><\/div><\/div><\/div><div class=\"tx-blog-item tx-post-col-1\"><div class=\"tx-border-box\"><div class=\"tx-blog-img\"><a href=\"https:\/\/powstaniewielkopolskie.pl\/nowa\/wp-content\/uploads\/2025\/09\/IMG_20250830_154219818_HDR-bis.jpg\" class=\"tx-colorbox\"><img decoding=\"async\" src=\"https:\/\/powstaniewielkopolskie.pl\/nowa\/wp-content\/uploads\/2025\/09\/IMG_20250830_154219818_HDR-bis-600x360.jpg\" alt=\"\" class=\"blog-image\" \/><\/a><span class=\"tx-post-comm\"><span>0<\/span><\/span><\/div><div class=\"tx-post-content\"><h3 class=\"tx-post-title\"><a href=\"https:\/\/powstaniewielkopolskie.pl\/nowa\/?p=10626\">Rekonstrukcja historyczna w Zbarzewie<\/a><\/h3><div style=\"height: 16px;\"><\/div><div class=\"tx-blog-content\">30 sierpnia 2025 r. &#8211; w Zbarzewie mia\u0142a miejsce uroczysto\u015b\u0107 upami\u0119tniaj\u0105ca wydarzenia sprzed ponad stu lat. Miejscowa jednostka Ochotniczej Stra\u017cy Po\u017carnej, przy wsparciu finansowym Gminy W\u0142oszakowice oraz Starostwa Powiatowego w Lesznie, zorganizowa\u0142a<a class=\"moretag\" href=\"https:\/\/powstaniewielkopolskie.pl\/nowa\/?p=10626\">Czytaj wi\u0119cej...<\/a><\/div><div class=\"tx-meta\"><span class=\"tx-author\">By : <a href=\"https:\/\/powstaniewielkopolskie.pl\/nowa\/?author=4\">piotr<\/a><\/span><span class=\"tx-date\"> | wrz 5, 2025<\/span><\/div><\/div><\/div><\/div><div class=\"tx-blog-item tx-post-col-1\"><div class=\"tx-border-box\"><div class=\"tx-blog-img\"><a href=\"https:\/\/powstaniewielkopolskie.pl\/nowa\/wp-content\/uploads\/2025\/08\/20250823_154657-bis.jpg\" class=\"tx-colorbox\"><img decoding=\"async\" src=\"https:\/\/powstaniewielkopolskie.pl\/nowa\/wp-content\/uploads\/2025\/08\/20250823_154657-bis-600x360.jpg\" alt=\"\" class=\"blog-image\" \/><\/a><span class=\"tx-post-comm\"><span>0<\/span><\/span><\/div><div class=\"tx-post-content\"><h3 class=\"tx-post-title\"><a href=\"https:\/\/powstaniewielkopolskie.pl\/nowa\/?p=10613\">Zjazd Kawalerzyst\u00f3w i Rodzin Kawaleryjskich w Grudzi\u0105dzu<\/a><\/h3><div style=\"height: 16px;\"><\/div><div class=\"tx-blog-content\">23-24 sierpnia 2025 r. &#8211; w Grudzi\u0105dzu mia\u0142o miejsce wyj\u0105tkowe wydarzenie &#8211; XXXVI Zjazd Kawalerzyst\u00f3w i Rodzin Kawaleryjskich. Towarzyszy\u0142y mu kawaleryjskie mistrzostwa Polski, w kt\u00f3rych udzia\u0142 bra\u0142o 100 kawalerzyst\u00f3w. Na zjazd przyjechali<a class=\"moretag\" href=\"https:\/\/powstaniewielkopolskie.pl\/nowa\/?p=10613\">Czytaj wi\u0119cej...<\/a><\/div><div class=\"tx-meta\"><span class=\"tx-author\">By : <a href=\"https:\/\/powstaniewielkopolskie.pl\/nowa\/?author=4\">piotr<\/a><\/span><span class=\"tx-date\"> | sie 30, 2025<\/span><\/div><\/div><\/div><\/div><div class=\"tx-blog-item tx-post-col-1\"><div class=\"tx-border-box\"><div class=\"tx-blog-img\"><a href=\"https:\/\/powstaniewielkopolskie.pl\/nowa\/wp-content\/uploads\/2025\/08\/IMG_8077-bis.jpg\" class=\"tx-colorbox\"><img decoding=\"async\" src=\"https:\/\/powstaniewielkopolskie.pl\/nowa\/wp-content\/uploads\/2025\/08\/IMG_8077-bis-600x360.jpg\" alt=\"\" class=\"blog-image\" \/><\/a><span class=\"tx-post-comm\"><span>0<\/span><\/span><\/div><div class=\"tx-post-content\"><h3 class=\"tx-post-title\"><a href=\"https:\/\/powstaniewielkopolskie.pl\/nowa\/?p=10602\">Lubuskie obchody \u015awi\u0119ta Wojska Polskiego<\/a><\/h3><div style=\"height: 16px;\"><\/div><div class=\"tx-blog-content\">15 sierpnia 2025 r. &#8211; lubuskie uroczysto\u015bci \u015awi\u0119ta Wojska Polskiego odby\u0142y si\u0119 w tym roku w Bytomiu Odrza\u0144skim i Zielonej G\u00f3rze. By\u0142a to okazja do podzi\u0119kowania \u017co\u0142nierzom za ich obecn\u0105 s\u0142u\u017cb\u0119, ale<a class=\"moretag\" href=\"https:\/\/powstaniewielkopolskie.pl\/nowa\/?p=10602\">Czytaj wi\u0119cej...<\/a><\/div><div class=\"tx-meta\"><span class=\"tx-author\">By : <a href=\"https:\/\/powstaniewielkopolskie.pl\/nowa\/?author=4\">piotr<\/a><\/span><span class=\"tx-date\"> | sie 19, 2025<\/span><\/div><\/div><\/div><\/div><div class=\"tx-blog-item tx-post-col-1\"><div class=\"tx-border-box\"><div class=\"tx-blog-img\"><a href=\"https:\/\/powstaniewielkopolskie.pl\/nowa\/wp-content\/uploads\/2025\/08\/20250811_130326-bis.jpg\" class=\"tx-colorbox\"><img decoding=\"async\" src=\"https:\/\/powstaniewielkopolskie.pl\/nowa\/wp-content\/uploads\/2025\/08\/20250811_130326-bis-600x360.jpg\" alt=\"\" class=\"blog-image\" \/><\/a><span class=\"tx-post-comm\"><span>0<\/span><\/span><\/div><div class=\"tx-post-content\"><h3 class=\"tx-post-title\"><a href=\"https:\/\/powstaniewielkopolskie.pl\/nowa\/?p=10608\">Podnios\u0142a uroczysto\u015b\u0107 na Kwaterze Powsta\u0144c\u00f3w w \u015arodzie Wielkopolskiej<\/a><\/h3><div style=\"height: 16px;\"><\/div><div class=\"tx-blog-content\">11 sierpnia 2025 r. &#8211; na Kwaterze Powsta\u0144c\u00f3w w \u015arodzie Wielkopolskiej odby\u0142a si\u0119 uroczysto\u015b\u0107 dla uczczenia 90. rocznicy ods\u0142oni\u0119cia pomnika po\u015bwi\u0119conego \u015bredzkim Powsta\u0144com Wielkopolskim 1918\/1919 roku. Cz\u0142onkowie lokalnego Stowarzyszenia Rodzin Powsta\u0144c\u00f3w Wielkopolskich<a class=\"moretag\" href=\"https:\/\/powstaniewielkopolskie.pl\/nowa\/?p=10608\">Czytaj wi\u0119cej...<\/a><\/div><div class=\"tx-meta\"><span class=\"tx-author\">By : <a href=\"https:\/\/powstaniewielkopolskie.pl\/nowa\/?author=4\">piotr<\/a><\/span><span class=\"tx-date\"> | sie 18, 2025<\/span><\/div><\/div><\/div><\/div><div class=\"tx-blog-item tx-post-col-1\"><div class=\"tx-border-box\"><div class=\"tx-blog-img\"><a href=\"https:\/\/powstaniewielkopolskie.pl\/nowa\/wp-content\/uploads\/2025\/08\/Lwowek-Wielkopolski-III-spotkanie-rodzin-powstanczych-2025-bis.jpg\" class=\"tx-colorbox\"><img decoding=\"async\" src=\"https:\/\/powstaniewielkopolskie.pl\/nowa\/wp-content\/uploads\/2025\/08\/Lwowek-Wielkopolski-III-spotkanie-rodzin-powstanczych-2025-bis-600x360.jpg\" alt=\"\" class=\"blog-image\" \/><\/a><span class=\"tx-post-comm\"><span>0<\/span><\/span><\/div><div class=\"tx-post-content\"><h3 class=\"tx-post-title\"><a href=\"https:\/\/powstaniewielkopolskie.pl\/nowa\/?p=10595\">III Spotkanie Rodzin Powsta\u0144czych i Sympatyk\u00f3w w Lw\u00f3wku Wielkopolskim<\/a><\/h3><div style=\"height: 16px;\"><\/div><div class=\"tx-blog-content\">10 sierpnia 2025 r. &#8211; by\u0142 to dzie\u0144, w kt\u00f3rym spotka\u0142y si\u0119 w Lw\u00f3wku rodziny i sympatycy Powstania Wielkopolskiego 1918\/19. Pocz\u0105tek mia\u0142 miejsce rano na strzelnicy Stowarzyszenia Proporzec, gdzie odby\u0142 si\u0119 turniej<a class=\"moretag\" href=\"https:\/\/powstaniewielkopolskie.pl\/nowa\/?p=10595\">Czytaj wi\u0119cej...<\/a><\/div><div class=\"tx-meta\"><span class=\"tx-author\">By : <a href=\"https:\/\/powstaniewielkopolskie.pl\/nowa\/?author=4\">piotr<\/a><\/span><span class=\"tx-date\"> | sie 14, 2025<\/span><\/div><\/div><\/div><\/div><div class=\"tx-blog-item tx-post-col-1\"><div class=\"tx-border-box\"><div class=\"tx-blog-img\"><a href=\"https:\/\/powstaniewielkopolskie.pl\/nowa\/wp-content\/uploads\/2025\/08\/IMG-20250805-WA0005-bis.jpg\" class=\"tx-colorbox\"><img decoding=\"async\" src=\"https:\/\/powstaniewielkopolskie.pl\/nowa\/wp-content\/uploads\/2025\/08\/IMG-20250805-WA0005-bis-600x360.jpg\" alt=\"\" class=\"blog-image\" \/><\/a><span class=\"tx-post-comm\"><span>0<\/span><\/span><\/div><div class=\"tx-post-content\"><h3 class=\"tx-post-title\"><a href=\"https:\/\/powstaniewielkopolskie.pl\/nowa\/?p=10587\">Ho\u0142d dla Powsta\u0144c\u00f3w Warszawskich<\/a><\/h3><div style=\"height: 16px;\"><\/div><div class=\"tx-blog-content\">1 sierpnia 2025 r. &#8211; o godz. 17.00 w ca\u0142ym kraju zawy\u0142y syreny upami\u0119tniaj\u0105ce 81. rocznic\u0119 wybuchu Powstania Warszawskiego. W Poznaniu uroczysto\u015bci odby\u0142y si\u0119 pod Pomnikiem Polskiego Pa\u0144stwa Podziemnego i Armii Krajowej.<a class=\"moretag\" href=\"https:\/\/powstaniewielkopolskie.pl\/nowa\/?p=10587\">Czytaj wi\u0119cej...<\/a><\/div><div class=\"tx-meta\"><span class=\"tx-author\">By : <a href=\"https:\/\/powstaniewielkopolskie.pl\/nowa\/?author=4\">piotr<\/a><\/span><span class=\"tx-date\"> | sie 7, 2025<\/span><\/div><\/div><\/div><\/div><div class=\"tx-blog-item tx-post-col-1\"><div class=\"tx-border-box\"><div class=\"tx-blog-img\"><a href=\"https:\/\/powstaniewielkopolskie.pl\/nowa\/wp-content\/uploads\/2025\/08\/IMG_0287-bis.jpg\" class=\"tx-colorbox\"><img decoding=\"async\" src=\"https:\/\/powstaniewielkopolskie.pl\/nowa\/wp-content\/uploads\/2025\/08\/IMG_0287-bis-600x360.jpg\" alt=\"\" class=\"blog-image\" \/><\/a><span class=\"tx-post-comm\"><span>0<\/span><\/span><\/div><div class=\"tx-post-content\"><h3 class=\"tx-post-title\"><a href=\"https:\/\/powstaniewielkopolskie.pl\/nowa\/?p=10579\">W Lw\u00f3wku ods\u0142oni\u0119to pami\u0105tkow\u0105 tablic\u0119<\/a><\/h3><div style=\"height: 16px;\"><\/div><div class=\"tx-blog-content\">26 lipca 2025 r. &#8211; w ko\u015bciele parafialnym w Lw\u00f3wku odby\u0142a si\u0119 uroczysto\u015b\u0107 ponownego ods\u0142oni\u0119cie tablicy upami\u0119tniaj\u0105cej 2\/16 Pu\u0142k U\u0142an\u00f3w Wielkopolskich. Po mszy \u015bw. odprawionej w intencji Bia\u0142ych U\u0142an\u00f3w tablic\u0119 ods\u0142oni\u0142 dr<a class=\"moretag\" href=\"https:\/\/powstaniewielkopolskie.pl\/nowa\/?p=10579\">Czytaj wi\u0119cej...<\/a><\/div><div class=\"tx-meta\"><span class=\"tx-author\">By : <a href=\"https:\/\/powstaniewielkopolskie.pl\/nowa\/?author=4\">piotr<\/a><\/span><span class=\"tx-date\"> | sie 1, 2025<\/span><\/div><\/div><\/div><\/div><div class=\"tx-blog-item tx-post-col-1\"><div class=\"tx-border-box\"><div class=\"tx-blog-img\"><a href=\"https:\/\/powstaniewielkopolskie.pl\/nowa\/wp-content\/uploads\/2025\/08\/swieto-pulkowe-bis.jpg\" class=\"tx-colorbox\"><img decoding=\"async\" src=\"https:\/\/powstaniewielkopolskie.pl\/nowa\/wp-content\/uploads\/2025\/08\/swieto-pulkowe-bis-600x360.jpg\" alt=\"\" class=\"blog-image\" \/><\/a><span class=\"tx-post-comm\"><span>0<\/span><\/span><\/div><div class=\"tx-post-content\"><h3 class=\"tx-post-title\"><a href=\"https:\/\/powstaniewielkopolskie.pl\/nowa\/?p=10573\">Uroczysto\u015b\u0107 na B\u0142oniu w Bydgoszczy<\/a><\/h3><div style=\"height: 16px;\"><\/div><div class=\"tx-blog-content\">26 lipca 2025 r. &#8211; na bydgoskim B\u0142oniu 16\/2 Pu\u0142k U\u0142an\u00f3w Wielkopolskich obchodzi\u0142 swoje \u015bwi\u0119to pu\u0142kowe, w rocznic\u0119 zwyci\u0119skiej bitwy pod Szczurowicami w 1920 r. Uczestnicy mogli podziwia\u0107 przemarsz koni, liczne poczty<a class=\"moretag\" href=\"https:\/\/powstaniewielkopolskie.pl\/nowa\/?p=10573\">Czytaj wi\u0119cej...<\/a><\/div><div class=\"tx-meta\"><span class=\"tx-author\">By : <a href=\"https:\/\/powstaniewielkopolskie.pl\/nowa\/?author=4\">piotr<\/a><\/span><span class=\"tx-date\"> | sie 1, 2025<\/span><\/div><\/div><\/div><\/div><div class=\"tx-blog-item tx-post-col-1\"><div class=\"tx-border-box\"><div class=\"tx-blog-img\"><a href=\"https:\/\/powstaniewielkopolskie.pl\/nowa\/wp-content\/uploads\/2025\/07\/DSC_2690-bis.jpg\" class=\"tx-colorbox\"><img decoding=\"async\" src=\"https:\/\/powstaniewielkopolskie.pl\/nowa\/wp-content\/uploads\/2025\/07\/DSC_2690-bis-600x360.jpg\" alt=\"\" class=\"blog-image\" \/><\/a><span class=\"tx-post-comm\"><span>0<\/span><\/span><\/div><div class=\"tx-post-content\"><h3 class=\"tx-post-title\"><a href=\"https:\/\/powstaniewielkopolskie.pl\/nowa\/?p=10565\">Szubi\u0144skie spotkanie integracyjne<\/a><\/h3><div style=\"height: 16px;\"><\/div><div class=\"tx-blog-content\">18 lipca 2025 r. &#8211; odby\u0142o si\u0119 pierwsze plenerowe spotkanie integracyjne Szubi\u0144skiego Ko\u0142a Genealogicznego oraz Towarzystwa Pami\u0119ci Powstania Wielkopolskiego 1918\/1919 im. Ks. Radcy Ludwika So\u0142tysi\u0144skiego w Szubinie. Dzi\u0119ki uprzejmo\u015bci Ko\u0142a \u0141owieckiego nr<a class=\"moretag\" href=\"https:\/\/powstaniewielkopolskie.pl\/nowa\/?p=10565\">Czytaj wi\u0119cej...<\/a><\/div><div class=\"tx-meta\"><span class=\"tx-author\">By : <a href=\"https:\/\/powstaniewielkopolskie.pl\/nowa\/?author=4\">piotr<\/a><\/span><span class=\"tx-date\"> | lip 25, 2025<\/span><\/div><\/div><\/div><\/div><div class=\"tx-blog-item tx-post-col-1\"><div class=\"tx-border-box\"><div class=\"tx-blog-img\"><a href=\"https:\/\/powstaniewielkopolskie.pl\/nowa\/wp-content\/uploads\/2025\/07\/IMG_7017-bis.jpg\" class=\"tx-colorbox\"><img decoding=\"async\" src=\"https:\/\/powstaniewielkopolskie.pl\/nowa\/wp-content\/uploads\/2025\/07\/IMG_7017-bis-600x360.jpg\" alt=\"\" class=\"blog-image\" \/><\/a><span class=\"tx-post-comm\"><span>0<\/span><\/span><\/div><div class=\"tx-post-content\"><h3 class=\"tx-post-title\"><a href=\"https:\/\/powstaniewielkopolskie.pl\/nowa\/?p=10549\">Uczniowie z szubi\u0144skiej SP Nr 2 uczcili pami\u0119\u0107 bohaterskich powsta\u0144c\u00f3w<\/a><\/h3><div style=\"height: 16px;\"><\/div><div class=\"tx-blog-content\">27 czerwca 2025 r. &#8211; uczniowie ze Szko\u0142y Podstawowej nr 2 w Szubinie, cz\u0142onkowie M\u0142odzie\u017cowego Ko\u0142a Pami\u0119ci Powstania Wielkopolskiego, ko\u0144cz\u0105c rok szkolny 2024\/2025, odwiedzili cmentarz parafialny w Szubinie i zapalili znicze pami\u0119ci<a class=\"moretag\" href=\"https:\/\/powstaniewielkopolskie.pl\/nowa\/?p=10549\">Czytaj wi\u0119cej...<\/a><\/div><div class=\"tx-meta\"><span class=\"tx-author\">By : <a href=\"https:\/\/powstaniewielkopolskie.pl\/nowa\/?author=4\">piotr<\/a><\/span><span class=\"tx-date\"> | lip 1, 2025<\/span><\/div><\/div><\/div><\/div><div class=\"tx-blog-item tx-post-col-1\"><div class=\"tx-border-box\"><div class=\"tx-blog-img\"><a href=\"https:\/\/powstaniewielkopolskie.pl\/nowa\/wp-content\/uploads\/2025\/06\/Murowaniec-2-bis.jpg\" class=\"tx-colorbox\"><img decoding=\"async\" src=\"https:\/\/powstaniewielkopolskie.pl\/nowa\/wp-content\/uploads\/2025\/06\/Murowaniec-2-bis-600x360.jpg\" alt=\"\" class=\"blog-image\" \/><\/a><span class=\"tx-post-comm\"><span>0<\/span><\/span><\/div><div class=\"tx-post-content\"><h3 class=\"tx-post-title\"><a href=\"https:\/\/powstaniewielkopolskie.pl\/nowa\/?p=10543\">Obchody 106. rocznicy bitwy pod Murowa\u0144cem<\/a><\/h3><div style=\"height: 16px;\"><\/div><div class=\"tx-blog-content\">18 czerwca 2025 r. &#8211; w Murowa\u0144cu uczczono 106. rocznic\u0119 bitwy, kt\u00f3ra mia\u0142a tam miejsce w nocy z 18\/19 czerwca 1919 roku.. Uroczysto\u015b\u0107 rozpocz\u0119\u0142a si\u0119 msz\u0105 \u015bw. w miejscowym ko\u015bciele. Po jej<a class=\"moretag\" href=\"https:\/\/powstaniewielkopolskie.pl\/nowa\/?p=10543\">Czytaj wi\u0119cej...<\/a><\/div><div class=\"tx-meta\"><span class=\"tx-author\">By : <a href=\"https:\/\/powstaniewielkopolskie.pl\/nowa\/?author=4\">piotr<\/a><\/span><span class=\"tx-date\"> | cze 23, 2025<\/span><\/div><\/div><\/div><\/div><div class=\"tx-blog-item tx-post-col-1\"><div class=\"tx-border-box\"><div class=\"tx-blog-img\"><a href=\"https:\/\/powstaniewielkopolskie.pl\/nowa\/wp-content\/uploads\/2025\/06\/20250612_1024231-bis.jpg\" class=\"tx-colorbox\"><img decoding=\"async\" src=\"https:\/\/powstaniewielkopolskie.pl\/nowa\/wp-content\/uploads\/2025\/06\/20250612_1024231-bis-600x360.jpg\" alt=\"\" class=\"blog-image\" \/><\/a><span class=\"tx-post-comm\"><span>0<\/span><\/span><\/div><div class=\"tx-post-content\"><h3 class=\"tx-post-title\"><a href=\"https:\/\/powstaniewielkopolskie.pl\/nowa\/?p=10528\">Nowotomyskie spotkanie w ramach cyklu \u201eAkademia Niepodleg\u0142o\u015bci\u201d<\/a><\/h3><div style=\"height: 16px;\"><\/div><div class=\"tx-blog-content\">12 czerwca 2025 r. &#8211; w Auli Pozna\u0144skiej Akademii Medycznej NS im. Ksi\u0119cia Mieszka I \u2013 Filia w Nowym Tomy\u015blu odby\u0142o si\u0119 kolejne spotkanie z cyklu Akademia Niepodleg\u0142o\u015bci. Prof. UAM dr hab.<a class=\"moretag\" href=\"https:\/\/powstaniewielkopolskie.pl\/nowa\/?p=10528\">Czytaj wi\u0119cej...<\/a><\/div><div class=\"tx-meta\"><span class=\"tx-author\">By : <a href=\"https:\/\/powstaniewielkopolskie.pl\/nowa\/?author=4\">piotr<\/a><\/span><span class=\"tx-date\"> | cze 18, 2025<\/span><\/div><\/div><\/div><\/div><div class=\"tx-blog-item tx-post-col-1\"><div class=\"tx-border-box\"><div class=\"tx-blog-img\"><a href=\"https:\/\/powstaniewielkopolskie.pl\/nowa\/wp-content\/uploads\/2025\/06\/image000000-po-edycji-bis.jpg\" class=\"tx-colorbox\"><img decoding=\"async\" src=\"https:\/\/powstaniewielkopolskie.pl\/nowa\/wp-content\/uploads\/2025\/06\/image000000-po-edycji-bis-600x360.jpg\" alt=\"\" class=\"blog-image\" \/><\/a><span class=\"tx-post-comm\"><span>0<\/span><\/span><\/div><div class=\"tx-post-content\"><h3 class=\"tx-post-title\"><a href=\"https:\/\/powstaniewielkopolskie.pl\/nowa\/?p=10523\">Technikum w Mroczy przyj\u0119\u0142o imi\u0119 Powstania Wielkopolskiego<\/a><\/h3><div style=\"height: 16px;\"><\/div><div class=\"tx-blog-content\">12 czerwca 2025 r. &#8211; w Mroczy odby\u0142a si\u0119 uroczysto\u015b\u0107 nadania imienia \u201ePowstania Wielkopolskiego\u201d Technikum Bydgoskiego Zak\u0142adu Doskonalenia Zawodowego. Szko\u0142a ta nale\u017cy do tzw. szk\u00f3\u0142 \u201emundurowych\u201d o profilach profilach: wojskowym; policyjnym; stra\u017cackim;<a class=\"moretag\" href=\"https:\/\/powstaniewielkopolskie.pl\/nowa\/?p=10523\">Czytaj wi\u0119cej...<\/a><\/div><div class=\"tx-meta\"><span class=\"tx-author\">By : <a href=\"https:\/\/powstaniewielkopolskie.pl\/nowa\/?author=4\">piotr<\/a><\/span><span class=\"tx-date\"> | cze 17, 2025<\/span><\/div><\/div><\/div><\/div><div class=\"tx-blog-item tx-post-col-1\"><div class=\"tx-border-box\"><div class=\"tx-blog-img\"><a href=\"https:\/\/powstaniewielkopolskie.pl\/nowa\/wp-content\/uploads\/2025\/06\/20250612_132739_0981-bis.jpg\" class=\"tx-colorbox\"><img decoding=\"async\" src=\"https:\/\/powstaniewielkopolskie.pl\/nowa\/wp-content\/uploads\/2025\/06\/20250612_132739_0981-bis-600x360.jpg\" alt=\"\" class=\"blog-image\" \/><\/a><span class=\"tx-post-comm\"><span>0<\/span><\/span><\/div><div class=\"tx-post-content\"><h3 class=\"tx-post-title\"><a href=\"https:\/\/powstaniewielkopolskie.pl\/nowa\/?p=10532\">Posiedzenie Komitetu Ochrony Pami\u0119ci Walk i M\u0119cze\u0144stwa<\/a><\/h3><div style=\"height: 16px;\"><\/div><div class=\"tx-blog-content\">12 czerwca 2025 r. &#8211; w Centrum Edukacyjnym IPN \u201ePrzystanek Historia\u201d w Poznaniu odby\u0142o si\u0119 posiedzenie Komitetu Ochrony Pami\u0119ci Walk i M\u0119cze\u0144stwa przy Oddziale IPN w Poznaniu. Spotkanie prowadzili dyrektorzy dr hab.<a class=\"moretag\" href=\"https:\/\/powstaniewielkopolskie.pl\/nowa\/?p=10532\">Czytaj wi\u0119cej...<\/a><\/div><div class=\"tx-meta\"><span class=\"tx-author\">By : <a href=\"https:\/\/powstaniewielkopolskie.pl\/nowa\/?author=4\">piotr<\/a><\/span><span class=\"tx-date\"> | cze 16, 2025<\/span><\/div><\/div><\/div><\/div><div class=\"tx-blog-item tx-post-col-1\"><div class=\"tx-border-box\"><div class=\"tx-blog-img\"><a href=\"https:\/\/powstaniewielkopolskie.pl\/nowa\/wp-content\/uploads\/2025\/06\/Bydgoszcz-Tabliczka-bis.jpg\" class=\"tx-colorbox\"><img decoding=\"async\" src=\"https:\/\/powstaniewielkopolskie.pl\/nowa\/wp-content\/uploads\/2025\/06\/Bydgoszcz-Tabliczka-bis-600x360.jpg\" alt=\"\" class=\"blog-image\" \/><\/a><span class=\"tx-post-comm\"><span>0<\/span><\/span><\/div><div class=\"tx-post-content\"><h3 class=\"tx-post-title\"><a href=\"https:\/\/powstaniewielkopolskie.pl\/nowa\/?p=10511\">W Bydgoszczy oznaczono kolejny gr\u00f3b Powsta\u0144ca Wielkopolskiego<\/a><\/h3><div style=\"height: 16px;\"><\/div><div class=\"tx-blog-content\">11 czerwca 2025 r. &#8211; m\u0142odzie\u017c ze Szko\u0142y Bran\u017cowej nr 6 w Bydgoszczy im. Powsta\u0144c\u00f3w Wielkopolskich oznaczy\u0142a kolejny gr\u00f3b Powsta\u0144ca Wielkopolskiego &#8211; Jana Cie\u015blaka na Cmentarzu Starofarnym w Bydgoszczy. Tabliczk\u0119 przygotowa\u0142 Oddzia\u0142<a class=\"moretag\" href=\"https:\/\/powstaniewielkopolskie.pl\/nowa\/?p=10511\">Czytaj wi\u0119cej...<\/a><\/div><div class=\"tx-meta\"><span class=\"tx-author\">By : <a href=\"https:\/\/powstaniewielkopolskie.pl\/nowa\/?author=4\">piotr<\/a><\/span><span class=\"tx-date\"> | cze 14, 2025<\/span><\/div><\/div><\/div><\/div><div class=\"tx-blog-item tx-post-col-1\"><div class=\"tx-border-box\"><div class=\"tx-blog-img\"><a href=\"https:\/\/powstaniewielkopolskie.pl\/nowa\/wp-content\/uploads\/2025\/06\/Zrzut-ekranu-2025-06-10-192118.png\" class=\"tx-colorbox\"><img decoding=\"async\" src=\"https:\/\/powstaniewielkopolskie.pl\/nowa\/wp-content\/uploads\/2025\/06\/Zrzut-ekranu-2025-06-10-192118-600x360.png\" alt=\"\" class=\"blog-image\" \/><\/a><span class=\"tx-post-comm\"><span>0<\/span><\/span><\/div><div class=\"tx-post-content\"><h3 class=\"tx-post-title\"><a href=\"https:\/\/powstaniewielkopolskie.pl\/nowa\/?p=10492\">W S\u0142ubicach upami\u0119tniono powsta\u0144c\u00f3w<\/a><\/h3><div style=\"height: 16px;\"><\/div><div class=\"tx-blog-content\">10 czerwca 2025 r. &#8211; w S\u0142ubicach upami\u0119tniono Stanis\u0142awa Brzozowskiego i Franciszka Zandera &#8211; powsta\u0144c\u00f3w wielkopolskich i \u015bl\u0105skich. Obaj po drugiej wojnie \u015bwiatowej zamieszkali w S\u0142ubicach. Uroczysto\u015b\u0107 zorganizowano w ramach akcji \u201eTobie<a class=\"moretag\" href=\"https:\/\/powstaniewielkopolskie.pl\/nowa\/?p=10492\">Czytaj wi\u0119cej...<\/a><\/div><div class=\"tx-meta\"><span class=\"tx-author\">By : <a href=\"https:\/\/powstaniewielkopolskie.pl\/nowa\/?author=4\">piotr<\/a><\/span><span class=\"tx-date\"> | cze 11, 2025<\/span><\/div><\/div><\/div><\/div><div class=\"tx-blog-item tx-post-col-1\"><div class=\"tx-border-box\"><div class=\"tx-blog-img\"><a href=\"https:\/\/powstaniewielkopolskie.pl\/nowa\/wp-content\/uploads\/2025\/06\/Lidia-Szwechlowicz-otwarcie-uroczystosci-bis.jpg\" class=\"tx-colorbox\"><img decoding=\"async\" src=\"https:\/\/powstaniewielkopolskie.pl\/nowa\/wp-content\/uploads\/2025\/06\/Lidia-Szwechlowicz-otwarcie-uroczystosci-bis-600x360.jpg\" alt=\"\" class=\"blog-image\" \/><\/a><span class=\"tx-post-comm\"><span>0<\/span><\/span><\/div><div class=\"tx-post-content\"><h3 class=\"tx-post-title\"><a href=\"https:\/\/powstaniewielkopolskie.pl\/nowa\/?p=10514\">W Opalenicy ods\u0142oni\u0119to tablic\u0119 po\u015bwi\u0119con\u0105 bohaterskim powsta\u0144com<\/a><\/h3><div style=\"height: 16px;\"><\/div><div class=\"tx-blog-content\">8 czerwca 2025 r. &#8211; w Opalenicy, przy ul. Wyzwolenia 69 ods\u0142oni\u0119to uroczy\u015bcie tablic\u0119 pami\u0105tkow\u0105 po\u015bwi\u0119con\u0105 Powsta\u0144com Wielkopolskim &#8211; braciom Kazimierzowi i Ludwikowi Baranieckim, kt\u00f3rzy oddali swoje \u017cycie w walce o wolno\u015b\u0107<a class=\"moretag\" href=\"https:\/\/powstaniewielkopolskie.pl\/nowa\/?p=10514\">Czytaj wi\u0119cej...<\/a><\/div><div class=\"tx-meta\"><span class=\"tx-author\">By : <a href=\"https:\/\/powstaniewielkopolskie.pl\/nowa\/?author=4\">piotr<\/a><\/span><span class=\"tx-date\"> | cze 11, 2025<\/span><\/div><\/div><\/div><\/div><div class=\"tx-blog-item tx-post-col-1\"><div class=\"tx-border-box\"><div class=\"tx-blog-img\"><a href=\"https:\/\/powstaniewielkopolskie.pl\/nowa\/wp-content\/uploads\/2025\/06\/foto-9-bis.jpg\" class=\"tx-colorbox\"><img decoding=\"async\" src=\"https:\/\/powstaniewielkopolskie.pl\/nowa\/wp-content\/uploads\/2025\/06\/foto-9-bis-600x360.jpg\" alt=\"\" class=\"blog-image\" \/><\/a><span class=\"tx-post-comm\"><span>0<\/span><\/span><\/div><div class=\"tx-post-content\"><h3 class=\"tx-post-title\"><a href=\"https:\/\/powstaniewielkopolskie.pl\/nowa\/?p=10485\">Uroczysto\u015b\u0107 rocznicowa w Lgowie<\/a><\/h3><div style=\"height: 16px;\"><\/div><div class=\"tx-blog-content\">8 czerwca 2025 r. &#8211; w ko\u015bciele Narodzenia Naj\u015bwi\u0119tszej Marii Panny w Lgowie, odprawiona zosta\u0142a msza \u015bw. z ceremonia\u0142em wojskowym w 99. rocznic\u0119 \u015bmierci mjr Zbigniewa Gorze\u0144skiego-Ostroroga i za jego podkomendnych. Nabo\u017ce\u0144stwo<a class=\"moretag\" href=\"https:\/\/powstaniewielkopolskie.pl\/nowa\/?p=10485\">Czytaj wi\u0119cej...<\/a><\/div><div class=\"tx-meta\"><span class=\"tx-author\">By : <a href=\"https:\/\/powstaniewielkopolskie.pl\/nowa\/?author=4\">piotr<\/a><\/span><span class=\"tx-date\"> | cze 11, 2025<\/span><\/div><\/div><\/div><\/div><div class=\"tx-blog-item tx-post-col-1\"><div class=\"tx-border-box\"><div class=\"tx-blog-img\"><a href=\"https:\/\/powstaniewielkopolskie.pl\/nowa\/wp-content\/uploads\/2025\/06\/IMG_0957-bis.jpg\" class=\"tx-colorbox\"><img decoding=\"async\" src=\"https:\/\/powstaniewielkopolskie.pl\/nowa\/wp-content\/uploads\/2025\/06\/IMG_0957-bis-600x360.jpg\" alt=\"\" class=\"blog-image\" \/><\/a><span class=\"tx-post-comm\"><span>0<\/span><\/span><\/div><div class=\"tx-post-content\"><h3 class=\"tx-post-title\"><a href=\"https:\/\/powstaniewielkopolskie.pl\/nowa\/?p=10503\">Dzie\u0144 Patrona w SP im. Powsta\u0144c\u00f3w Wielkopolskich w Kucharach<\/a><\/h3><div style=\"height: 16px;\"><\/div><div class=\"tx-blog-content\">6 czerwca 2025 r. &#8211; w Szkole Podstawowej im. Powsta\u0144c\u00f3w Wielkopolskich w Kucharach obchodzono Dzie\u0144 Patrona. Z tej okazji odby\u0142o si\u0119 uroczyste ods\u0142oni\u0119cie portretu powsta\u0144ca Stanis\u0142awa \u0141yskawki, namalowanego przez kaliskiego artyst\u0119 Jakuba<a class=\"moretag\" href=\"https:\/\/powstaniewielkopolskie.pl\/nowa\/?p=10503\">Czytaj wi\u0119cej...<\/a><\/div><div class=\"tx-meta\"><span class=\"tx-author\">By : <a href=\"https:\/\/powstaniewielkopolskie.pl\/nowa\/?author=4\">piotr<\/a><\/span><span class=\"tx-date\"> | cze 10, 2025<\/span><\/div><\/div><\/div><\/div><div class=\"tx-blog-item tx-post-col-1\"><div class=\"tx-border-box\"><div class=\"tx-blog-img\"><a href=\"https:\/\/powstaniewielkopolskie.pl\/nowa\/wp-content\/uploads\/2025\/05\/Wiktoria-Stepczak-bis.jpg\" class=\"tx-colorbox\"><img decoding=\"async\" src=\"https:\/\/powstaniewielkopolskie.pl\/nowa\/wp-content\/uploads\/2025\/05\/Wiktoria-Stepczak-bis-600x360.jpg\" alt=\"\" class=\"blog-image\" \/><\/a><span class=\"tx-post-comm\"><span>0<\/span><\/span><\/div><div class=\"tx-post-content\"><h3 class=\"tx-post-title\"><a href=\"https:\/\/powstaniewielkopolskie.pl\/nowa\/?p=10478\">Uroczyste obchody w Wijewie<\/a><\/h3><div style=\"height: 16px;\"><\/div><div class=\"tx-blog-content\">24 maja 2025 r. &#8211; odby\u0142y si\u0119 uroczyste obchody 105. rocznicy przy\u0142\u0105czenia Wijewa, Radomy\u015bla i Potrzebowa do Polski decyzj\u0105 Mi\u0119dzysojuszniczej Komisji Granicznej. Wydarzenie to upami\u0119tniono poprzez ods\u0142oni\u0119cie tablicy pami\u0105tkowej w miejscu, gdzie<a class=\"moretag\" href=\"https:\/\/powstaniewielkopolskie.pl\/nowa\/?p=10478\">Czytaj wi\u0119cej...<\/a><\/div><div class=\"tx-meta\"><span class=\"tx-author\">By : <a href=\"https:\/\/powstaniewielkopolskie.pl\/nowa\/?author=4\">piotr<\/a><\/span><span class=\"tx-date\"> | maj 28, 2025<\/span><\/div><\/div><\/div><\/div><div class=\"tx-blog-item tx-post-col-1\"><div class=\"tx-border-box\"><div class=\"tx-blog-img\"><a href=\"https:\/\/powstaniewielkopolskie.pl\/nowa\/wp-content\/uploads\/2025\/06\/B.-Wojcieszak-22.jpg\" class=\"tx-colorbox\"><img decoding=\"async\" src=\"https:\/\/powstaniewielkopolskie.pl\/nowa\/wp-content\/uploads\/2025\/06\/B.-Wojcieszak-22-600x360.jpg\" alt=\"\" class=\"blog-image\" \/><\/a><span class=\"tx-post-comm\"><span>0<\/span><\/span><\/div><div class=\"tx-post-content\"><h3 class=\"tx-post-title\"><a href=\"https:\/\/powstaniewielkopolskie.pl\/nowa\/?p=10498\">Bogumi\u0142 Wojcieszak Honorowym Obywatelem Opalenicy<\/a><\/h3><div style=\"height: 16px;\"><\/div><div class=\"tx-blog-content\">22 maja 2025 r. &#8211; Rada Miejska w Opalenicy podj\u0119\u0142a jednog\u0142o\u015bnie uchwa\u0142\u0119 o nadaniu dr. Bogumi\u0142owi Wojcieszakowi Tytu\u0142u Honorowego Obywatela Opalenicy. Wniosek w tej sprawie z\u0142o\u017cy\u0142 Zarz\u0105d Ko\u0142a TPPW im. Edmunda Klemczaka<a class=\"moretag\" href=\"https:\/\/powstaniewielkopolskie.pl\/nowa\/?p=10498\">Czytaj wi\u0119cej...<\/a><\/div><div class=\"tx-meta\"><span class=\"tx-author\">By : <a href=\"https:\/\/powstaniewielkopolskie.pl\/nowa\/?author=4\">piotr<\/a><\/span><span class=\"tx-date\"> | maj 28, 2025<\/span><\/div><\/div><\/div><\/div><div class=\"tx-blog-item tx-post-col-1\"><div class=\"tx-border-box\"><div class=\"tx-blog-img\"><a href=\"https:\/\/powstaniewielkopolskie.pl\/nowa\/wp-content\/uploads\/2025\/05\/20250522_113816-bis.jpg\" class=\"tx-colorbox\"><img decoding=\"async\" src=\"https:\/\/powstaniewielkopolskie.pl\/nowa\/wp-content\/uploads\/2025\/05\/20250522_113816-bis-600x360.jpg\" alt=\"\" class=\"blog-image\" \/><\/a><span class=\"tx-post-comm\"><span>0<\/span><\/span><\/div><div class=\"tx-post-content\"><h3 class=\"tx-post-title\"><a href=\"https:\/\/powstaniewielkopolskie.pl\/nowa\/?p=10470\">Podsumowanie konkursu w nowotomyskim Zespole Szk\u00f3\u0142<\/a><\/h3><div style=\"height: 16px;\"><\/div><div class=\"tx-blog-content\">22 maja 2025 r. &#8211; w budynku Zespo\u0142u Szk\u00f3\u0142 nr 2 w Nowym Tomy\u015blu im. dra Kazimierza Ho\u0142ogi odby\u0142o si\u0119 uroczyste podsumowanie konkursu plastycznego pt. \u201eBarwa i bro\u0144 \u017co\u0142nierza polskiego w czasie<a class=\"moretag\" href=\"https:\/\/powstaniewielkopolskie.pl\/nowa\/?p=10470\">Czytaj wi\u0119cej...<\/a><\/div><div class=\"tx-meta\"><span class=\"tx-author\">By : <a href=\"https:\/\/powstaniewielkopolskie.pl\/nowa\/?author=4\">piotr<\/a><\/span><span class=\"tx-date\"> | maj 27, 2025<\/span><\/div><\/div><\/div><\/div><div class=\"tx-blog-item tx-post-col-1\"><div class=\"tx-border-box\"><div class=\"tx-blog-img\"><a href=\"https:\/\/powstaniewielkopolskie.pl\/nowa\/wp-content\/uploads\/2025\/05\/IMG_7540-bis.jpg\" class=\"tx-colorbox\"><img decoding=\"async\" src=\"https:\/\/powstaniewielkopolskie.pl\/nowa\/wp-content\/uploads\/2025\/05\/IMG_7540-bis-600x360.jpg\" alt=\"\" class=\"blog-image\" \/><\/a><span class=\"tx-post-comm\"><span>0<\/span><\/span><\/div><div class=\"tx-post-content\"><h3 class=\"tx-post-title\"><a href=\"https:\/\/powstaniewielkopolskie.pl\/nowa\/?p=10457\">Jubileusz Sulechowskiego Towarzystwa Historycznego<\/a><\/h3><div style=\"height: 16px;\"><\/div><div class=\"tx-blog-content\">21 maja 2025 r. &#8211; w Sulechowie zorganizowano obchody 20-lecia Sulechowskiego Towarzystwa Historycznego. Stowarzyszenie zrzesza historyk\u00f3w i regionalist\u00f3w, kt\u00f3rzy zajmuj\u0105 si\u0119 dokumentowaniem i popularyzacj\u0105 dziej\u00f3w Sulechowa i okolic. Organizacja od lat wsp\u00f3\u0142pracuje<a class=\"moretag\" href=\"https:\/\/powstaniewielkopolskie.pl\/nowa\/?p=10457\">Czytaj wi\u0119cej...<\/a><\/div><div class=\"tx-meta\"><span class=\"tx-author\">By : <a href=\"https:\/\/powstaniewielkopolskie.pl\/nowa\/?author=4\">piotr<\/a><\/span><span class=\"tx-date\"> | maj 23, 2025<\/span><\/div><\/div><\/div><\/div><div class=\"tx-blog-item tx-post-col-1\"><div class=\"tx-border-box\"><div class=\"tx-blog-img\"><a href=\"https:\/\/powstaniewielkopolskie.pl\/nowa\/wp-content\/uploads\/2025\/05\/wyklad-prof-Chalupki-4-bis.jpg\" class=\"tx-colorbox\"><img decoding=\"async\" src=\"https:\/\/powstaniewielkopolskie.pl\/nowa\/wp-content\/uploads\/2025\/05\/wyklad-prof-Chalupki-4-bis-600x360.jpg\" alt=\"\" class=\"blog-image\" \/><\/a><span class=\"tx-post-comm\"><span>0<\/span><\/span><\/div><div class=\"tx-post-content\"><h3 class=\"tx-post-title\"><a href=\"https:\/\/powstaniewielkopolskie.pl\/nowa\/?p=10462\">Prelekcja w Muzeum Powstania Wielkopolskiego<\/a><\/h3><div style=\"height: 16px;\"><\/div><div class=\"tx-blog-content\">20 maja 2025 r. &#8211; Komisja Historyczna Zarz\u0105du G\u0142\u00f3wnego Towarzystwa Pami\u0119ci Powstania Wielkopolskiego 1918\/1919 wraz z Muzeum Powstania Wielkopolskiego w Poznaniu zorganizowa\u0142a, w ramach cyklu \u201eHistoria w Muzeum\u201d, wyk\u0142ad profesora W\u0142adys\u0142awa Cha\u0142upki<a class=\"moretag\" href=\"https:\/\/powstaniewielkopolskie.pl\/nowa\/?p=10462\">Czytaj wi\u0119cej...<\/a><\/div><div class=\"tx-meta\"><span class=\"tx-author\">By : <a href=\"https:\/\/powstaniewielkopolskie.pl\/nowa\/?author=4\">piotr<\/a><\/span><span class=\"tx-date\"> | maj 22, 2025<\/span><\/div><\/div><\/div><\/div><div class=\"tx-blog-item tx-post-col-1\"><div class=\"tx-border-box\"><div class=\"tx-blog-img\"><a href=\"https:\/\/powstaniewielkopolskie.pl\/nowa\/wp-content\/uploads\/2025\/05\/1029-bis.jpg\" class=\"tx-colorbox\"><img decoding=\"async\" src=\"https:\/\/powstaniewielkopolskie.pl\/nowa\/wp-content\/uploads\/2025\/05\/1029-bis-600x360.jpg\" alt=\"\" class=\"blog-image\" \/><\/a><span class=\"tx-post-comm\"><span>0<\/span><\/span><\/div><div class=\"tx-post-content\"><h3 class=\"tx-post-title\"><a href=\"https:\/\/powstaniewielkopolskie.pl\/nowa\/?p=10437\">Marsz szlakiem Powstania Wielkopolskiego<\/a><\/h3><div style=\"height: 16px;\"><\/div><div class=\"tx-blog-content\">10 maja 2025 r. &#8211; odby\u0142 si\u0119 Marsz szlakiem Powstania Wielkopolskiego. Szubi\u0144skie Towarzystwo Kulturalne wraz z partnerami w projekcie zaprosi\u0142o na marsz na trasie Szubin-Rynarzewo. Do przej\u015bcia by\u0142o 11 kilometr\u00f3w, a trasa<a class=\"moretag\" href=\"https:\/\/powstaniewielkopolskie.pl\/nowa\/?p=10437\">Czytaj wi\u0119cej...<\/a><\/div><div class=\"tx-meta\"><span class=\"tx-author\">By : <a href=\"https:\/\/powstaniewielkopolskie.pl\/nowa\/?author=4\">piotr<\/a><\/span><span class=\"tx-date\"> | maj 16, 2025<\/span><\/div><\/div><\/div><\/div><div class=\"tx-blog-item tx-post-col-1\"><div class=\"tx-border-box\"><div class=\"tx-blog-img\"><a href=\"https:\/\/powstaniewielkopolskie.pl\/nowa\/wp-content\/uploads\/2025\/05\/IMG-20250510-WA00005B15D-bis.jpg\" class=\"tx-colorbox\"><img decoding=\"async\" src=\"https:\/\/powstaniewielkopolskie.pl\/nowa\/wp-content\/uploads\/2025\/05\/IMG-20250510-WA00005B15D-bis-600x360.jpg\" alt=\"\" class=\"blog-image\" \/><\/a><span class=\"tx-post-comm\"><span>0<\/span><\/span><\/div><div class=\"tx-post-content\"><h3 class=\"tx-post-title\"><a href=\"https:\/\/powstaniewielkopolskie.pl\/nowa\/?p=10429\">W Wielichowie ods\u0142oni\u0119to pami\u0105tkow\u0105 tablic\u0119<\/a><\/h3><div style=\"height: 16px;\"><\/div><div class=\"tx-blog-content\">10 maja\u00a0 2025 r. &#8211; w Wielichowie odby\u0142a si\u0119 uroczysto\u015b\u0107 ods\u0142oni\u0119cia tablicy upami\u0119tniaj\u0105cej zas\u0142u\u017conych mieszka\u0144c\u00f3w tego miasta. Zas\u0142u\u017ceni Wielichowianie zostali uhonorowani tak\u017ce czerwonymi r\u00f3\u017cami, kt\u00f3re zosta\u0142y z\u0142o\u017cone przez uczni\u00f3w szk\u00f3\u0142 podstawowych z\u00a0\u0141ubnicy,<a class=\"moretag\" href=\"https:\/\/powstaniewielkopolskie.pl\/nowa\/?p=10429\">Czytaj wi\u0119cej...<\/a><\/div><div class=\"tx-meta\"><span class=\"tx-author\">By : <a href=\"https:\/\/powstaniewielkopolskie.pl\/nowa\/?author=4\">piotr<\/a><\/span><span class=\"tx-date\"> | maj 13, 2025<\/span><\/div><\/div><\/div><\/div><div class=\"tx-blog-item tx-post-col-1\"><div class=\"tx-border-box\"><div class=\"tx-blog-img\"><a href=\"https:\/\/powstaniewielkopolskie.pl\/nowa\/wp-content\/uploads\/2025\/07\/img_8269-1400x785.jpg\" class=\"tx-colorbox\"><img decoding=\"async\" src=\"https:\/\/powstaniewielkopolskie.pl\/nowa\/wp-content\/uploads\/2025\/07\/img_8269-600x360.jpg\" alt=\"\" class=\"blog-image\" \/><\/a><span class=\"tx-post-comm\"><span>0<\/span><\/span><\/div><div class=\"tx-post-content\"><h3 class=\"tx-post-title\"><a href=\"https:\/\/powstaniewielkopolskie.pl\/nowa\/?p=10558\">Gerard G\u00f3rnicki patronem Biblioteki Publicznej w K\u0142ecku<\/a><\/h3><div style=\"height: 16px;\"><\/div><div class=\"tx-blog-content\">8 maja 2025 r. \u2013 Biblioteka Publiczna Miasta i Gminy K\u0142ecko przyj\u0119\u0142a imi\u0119 Gerarda G\u00f3rnickiego, wybitnego pisarza, felietonisty i publicysty. Autora sztuk scenicznych. Piewc\u0119 Powstania Wielkopolskiego. Autora licznych ksi\u0105\u017cek a w\u015br\u00f3d nich<a class=\"moretag\" href=\"https:\/\/powstaniewielkopolskie.pl\/nowa\/?p=10558\">Czytaj wi\u0119cej...<\/a><\/div><div class=\"tx-meta\"><span class=\"tx-author\">By : <a href=\"https:\/\/powstaniewielkopolskie.pl\/nowa\/?author=4\">piotr<\/a><\/span><span class=\"tx-date\"> | maj 12, 2025<\/span><\/div><\/div><\/div><\/div><div class=\"tx-blog-item tx-post-col-1\"><div class=\"tx-border-box\"><div class=\"tx-blog-img\"><a href=\"https:\/\/powstaniewielkopolskie.pl\/nowa\/wp-content\/uploads\/2025\/05\/20250507_165617_0251-bis.jpg\" class=\"tx-colorbox\"><img decoding=\"async\" src=\"https:\/\/powstaniewielkopolskie.pl\/nowa\/wp-content\/uploads\/2025\/05\/20250507_165617_0251-bis-600x360.jpg\" alt=\"\" class=\"blog-image\" \/><\/a><span class=\"tx-post-comm\"><span>0<\/span><\/span><\/div><div class=\"tx-post-content\"><h3 class=\"tx-post-title\"><a href=\"https:\/\/powstaniewielkopolskie.pl\/nowa\/?p=10422\">Obchody \u015awi\u0119ta 17 Pu\u0142ku U\u0142an\u00f3w w Lesznie<\/a><\/h3><div style=\"height: 16px;\"><\/div><div class=\"tx-blog-content\">7 maja 2025 r. &#8211; w leszczy\u0144skich koszarach zorganizowana zosta\u0142a zbi\u00f3rka z okazji \u015bwi\u0119ta 17 Pu\u0142ku U\u0142an\u00f3w im. Kr\u00f3la Boles\u0142awa Chrobrego \u2013 jednego z dw\u00f3ch pu\u0142k\u00f3w stacjonuj\u0105cych w Lesznie w 20-leciu mi\u0119dzywojennym.<a class=\"moretag\" href=\"https:\/\/powstaniewielkopolskie.pl\/nowa\/?p=10422\">Czytaj wi\u0119cej...<\/a><\/div><div class=\"tx-meta\"><span class=\"tx-author\">By : <a href=\"https:\/\/powstaniewielkopolskie.pl\/nowa\/?author=4\">piotr<\/a><\/span><span class=\"tx-date\"> | maj 10, 2025<\/span><\/div><\/div><\/div><\/div><div class=\"tx-blog-item tx-post-col-1\"><div class=\"tx-border-box\"><div class=\"tx-blog-img\"><a href=\"https:\/\/powstaniewielkopolskie.pl\/nowa\/wp-content\/uploads\/2025\/05\/DSC_4710-Copy-bis.jpg\" class=\"tx-colorbox\"><img decoding=\"async\" src=\"https:\/\/powstaniewielkopolskie.pl\/nowa\/wp-content\/uploads\/2025\/05\/DSC_4710-Copy-bis-600x360.jpg\" alt=\"\" class=\"blog-image\" \/><\/a><span class=\"tx-post-comm\"><span>0<\/span><\/span><\/div><div class=\"tx-post-content\"><h3 class=\"tx-post-title\"><a href=\"https:\/\/powstaniewielkopolskie.pl\/nowa\/?p=10411\">Powt\u00f3rny poch\u00f3wek mjr. J\u00f3zefa B. P. Garczy\u0144skiego<\/a><\/h3><div style=\"height: 16px;\"><\/div><div class=\"tx-blog-content\">2 maja 2025 r. &#8211; w miejscowo\u015bci Sadki odby\u0142y si\u0119 uroczysto\u015bci powt\u00f3rnego poch\u00f3wku mjr. J\u00f3zefa Bonawentury Patrycego Garczy\u0144skiego( 1805 &#8211; 1861 ), Powsta\u0144ca Listopadowego z 1830 r. i Powsta\u0144ca Wielkopolskiego z 1848<a class=\"moretag\" href=\"https:\/\/powstaniewielkopolskie.pl\/nowa\/?p=10411\">Czytaj wi\u0119cej...<\/a><\/div><div class=\"tx-meta\"><span class=\"tx-author\">By : <a href=\"https:\/\/powstaniewielkopolskie.pl\/nowa\/?author=4\">piotr<\/a><\/span><span class=\"tx-date\"> | maj 6, 2025<\/span><\/div><\/div><\/div><\/div><div class=\"tx-blog-item tx-post-col-1\"><div class=\"tx-border-box\"><div class=\"tx-blog-img\"><a href=\"https:\/\/powstaniewielkopolskie.pl\/nowa\/wp-content\/uploads\/2025\/05\/Uczestnicy-gminnego-konkursu-z-opiekunami-bis.jpg\" class=\"tx-colorbox\"><img decoding=\"async\" src=\"https:\/\/powstaniewielkopolskie.pl\/nowa\/wp-content\/uploads\/2025\/05\/Uczestnicy-gminnego-konkursu-z-opiekunami-bis-600x360.jpg\" alt=\"\" class=\"blog-image\" \/><\/a><span class=\"tx-post-comm\"><span>0<\/span><\/span><\/div><div class=\"tx-post-content\"><h3 class=\"tx-post-title\"><a href=\"https:\/\/powstaniewielkopolskie.pl\/nowa\/?p=10404\">Konkurs wiedzy o Powstaniu Wielkopolskim w Szkole Podstawowej w Urbanowie<\/a><\/h3><div style=\"height: 16px;\"><\/div><div class=\"tx-blog-content\">30 kwietnia 2025 r. &#8211; w ramach obchod\u00f3w \u015awi\u0119ta Szko\u0142y Podstawow\u0105 im. Powsta\u0144c\u00f3w Ziemi Opalenickiej zorganizowany zosta\u0142 Gminny Konkurs Wiedzy o Powstaniu Wielkopolskim. Inicjatywa ta realizowana jest przez Szko\u0142\u0119 od 2002 roku.<a class=\"moretag\" href=\"https:\/\/powstaniewielkopolskie.pl\/nowa\/?p=10404\">Czytaj wi\u0119cej...<\/a><\/div><div class=\"tx-meta\"><span class=\"tx-author\">By : <a href=\"https:\/\/powstaniewielkopolskie.pl\/nowa\/?author=4\">piotr<\/a><\/span><span class=\"tx-date\"> | maj 4, 2025<\/span><\/div><\/div><\/div><\/div><div class=\"tx-blog-item tx-post-col-1\"><div class=\"tx-border-box\"><div class=\"tx-blog-img\"><a href=\"https:\/\/powstaniewielkopolskie.pl\/nowa\/wp-content\/uploads\/2025\/05\/493591084_1127378286093788_7332310758942535699_n-bis.jpg\" class=\"tx-colorbox\"><img decoding=\"async\" src=\"https:\/\/powstaniewielkopolskie.pl\/nowa\/wp-content\/uploads\/2025\/05\/493591084_1127378286093788_7332310758942535699_n-bis-600x360.jpg\" alt=\"\" class=\"blog-image\" \/><\/a><span class=\"tx-post-comm\"><span>0<\/span><\/span><\/div><div class=\"tx-post-content\"><h3 class=\"tx-post-title\"><a href=\"https:\/\/powstaniewielkopolskie.pl\/nowa\/?p=10392\">Uroczysty jubileusz w Jarocinie<\/a><\/h3><div style=\"height: 16px;\"><\/div><div class=\"tx-blog-content\">29 kwietnia 2025 r. &#8211; w Jarocinie \u015bwi\u0119towano 80-lecie sformowania 16. Jaroci\u0144skiego Batalionu Remontu Lotnisk, kt\u00f3ry od 15 lat nosi imi\u0119 gen Stanis\u0142awa Taczaka. Jubileuszowy apel odby\u0142 si\u0119 na jaroci\u0144skim rynku. Wzi\u0119li<a class=\"moretag\" href=\"https:\/\/powstaniewielkopolskie.pl\/nowa\/?p=10392\">Czytaj wi\u0119cej...<\/a><\/div><div class=\"tx-meta\"><span class=\"tx-author\">By : <a href=\"https:\/\/powstaniewielkopolskie.pl\/nowa\/?author=4\">piotr<\/a><\/span><span class=\"tx-date\"> | maj 2, 2025<\/span><\/div><\/div><\/div><\/div><div class=\"tx-blog-item tx-post-col-1\"><div class=\"tx-border-box\"><div class=\"tx-blog-img\"><a href=\"https:\/\/powstaniewielkopolskie.pl\/nowa\/wp-content\/uploads\/2025\/04\/Zrzut-ekranu-2025-04-18-155106-bis.png\" class=\"tx-colorbox\"><img decoding=\"async\" src=\"https:\/\/powstaniewielkopolskie.pl\/nowa\/wp-content\/uploads\/2025\/04\/Zrzut-ekranu-2025-04-18-155106-bis-600x360.png\" alt=\"\" class=\"blog-image\" \/><\/a><span class=\"tx-post-comm\"><span>0<\/span><\/span><\/div><div class=\"tx-post-content\"><h3 class=\"tx-post-title\"><a href=\"https:\/\/powstaniewielkopolskie.pl\/nowa\/?p=10357\">Podsumowanie konkursu fotograficznego w bydgoskiej Szkole Bran\u017cowej<\/a><\/h3><div style=\"height: 16px;\"><\/div><div class=\"tx-blog-content\">16 kwietnia 2025 r. &#8211; w Szkole Bran\u017cowej im. Powsta\u0144c\u00f3w Wielkopolskich w Bydgoszczy og\u0142oszono wyniki konkursu fotograficznego ,,Miejsca Pami\u0119ci Powstania Wielkopolskiego w Bydgoszczy i okolicy&#8221;. Podsumowanie konkursu zosta\u0142o poprzedzone \u015bwi\u0105tecznym apelem, w<a class=\"moretag\" href=\"https:\/\/powstaniewielkopolskie.pl\/nowa\/?p=10357\">Czytaj wi\u0119cej...<\/a><\/div><div class=\"tx-meta\"><span class=\"tx-author\">By : <a href=\"https:\/\/powstaniewielkopolskie.pl\/nowa\/?author=4\">piotr<\/a><\/span><span class=\"tx-date\"> | kwi 18, 2025<\/span><\/div><\/div><\/div><\/div><div class=\"tx-blog-item tx-post-col-1\"><div class=\"tx-border-box\"><div class=\"tx-blog-img\"><a href=\"https:\/\/powstaniewielkopolskie.pl\/nowa\/wp-content\/uploads\/2025\/04\/IMG-20250429-WA0011-bis.jpg\" class=\"tx-colorbox\"><img decoding=\"async\" src=\"https:\/\/powstaniewielkopolskie.pl\/nowa\/wp-content\/uploads\/2025\/04\/IMG-20250429-WA0011-bis-600x360.jpg\" alt=\"\" class=\"blog-image\" \/><\/a><span class=\"tx-post-comm\"><span>0<\/span><\/span><\/div><div class=\"tx-post-content\"><h3 class=\"tx-post-title\"><a href=\"https:\/\/powstaniewielkopolskie.pl\/nowa\/?p=10386\">Wystawa portret\u00f3w Powsta\u0144c\u00f3w Wielkopolskich<\/a><\/h3><div style=\"height: 16px;\"><\/div><div class=\"tx-blog-content\">15 kwietnia 2025 r. &#8211; w holu Wielkopolskiego Urz\u0119du Wojew\u00f3dzkiego w Poznaniu odby\u0142 si\u0119 wernisa\u017c wystawy portret\u00f3w Powsta\u0144c\u00f3w Wielkopolskich autorstwa Jakuba Multana. Ukazuj\u0105 one zar\u00f3wno dow\u00f3dc\u00f3w jak i lokalnych bohater\u00f3w. W zamy\u015ble<a class=\"moretag\" href=\"https:\/\/powstaniewielkopolskie.pl\/nowa\/?p=10386\">Czytaj wi\u0119cej...<\/a><\/div><div class=\"tx-meta\"><span class=\"tx-author\">By : <a href=\"https:\/\/powstaniewielkopolskie.pl\/nowa\/?author=4\">piotr<\/a><\/span><span class=\"tx-date\"> | kwi 17, 2025<\/span><\/div><\/div><\/div><\/div><div class=\"tx-blog-item tx-post-col-1\"><div class=\"tx-border-box\"><div class=\"tx-blog-img\"><a href=\"https:\/\/powstaniewielkopolskie.pl\/nowa\/wp-content\/uploads\/2025\/05\/20250414_090329-bis.jpg\" class=\"tx-colorbox\"><img decoding=\"async\" src=\"https:\/\/powstaniewielkopolskie.pl\/nowa\/wp-content\/uploads\/2025\/05\/20250414_090329-bis-600x360.jpg\" alt=\"\" class=\"blog-image\" \/><\/a><span class=\"tx-post-comm\"><span>0<\/span><\/span><\/div><div class=\"tx-post-content\"><h3 class=\"tx-post-title\"><a href=\"https:\/\/powstaniewielkopolskie.pl\/nowa\/?p=10449\">Lekcja historii o Powstaniu Wielkopolskim w Szkole Podstawowej nr 2 w Rogo\u017anie<\/a><\/h3><div style=\"height: 16px;\"><\/div><div class=\"tx-blog-content\">14 kwietnia 2025 r. &#8211; w ramach kszta\u0142towania postaw spo\u0142ecznych i patriotycznych odby\u0142o si\u0119 w Szkole Podstawowej nr 2 im. Olimpijczyk\u00f3w Polskich w Rogo\u017anie spotkanie z Januszem Sa\u0142at\u0105 &#8211; wiceprezesem i skarbnikiem<a class=\"moretag\" href=\"https:\/\/powstaniewielkopolskie.pl\/nowa\/?p=10449\">Czytaj wi\u0119cej...<\/a><\/div><div class=\"tx-meta\"><span class=\"tx-author\">By : <a href=\"https:\/\/powstaniewielkopolskie.pl\/nowa\/?author=4\">piotr<\/a><\/span><span class=\"tx-date\"> | kwi 16, 2025<\/span><\/div><\/div><\/div><\/div><div class=\"tx-blog-item tx-post-col-1\"><div class=\"tx-border-box\"><div class=\"tx-blog-img\"><a href=\"https:\/\/powstaniewielkopolskie.pl\/nowa\/wp-content\/uploads\/2025\/04\/image000000137-bis.jpg\" class=\"tx-colorbox\"><img decoding=\"async\" src=\"https:\/\/powstaniewielkopolskie.pl\/nowa\/wp-content\/uploads\/2025\/04\/image000000137-bis-600x360.jpg\" alt=\"\" class=\"blog-image\" \/><\/a><span class=\"tx-post-comm\"><span>0<\/span><\/span><\/div><div class=\"tx-post-content\"><h3 class=\"tx-post-title\"><a href=\"https:\/\/powstaniewielkopolskie.pl\/nowa\/?p=10351\">W Lusowie oddano ho\u0142d pomordowanym w Katyniu<\/a><\/h3><div style=\"height: 16px;\"><\/div><div class=\"tx-blog-content\">12 kwietnia 2025 r. &#8211; w Lusowie, gmina Tarnowo Podg\u00f3rne obchodzono 85. rocznic\u0119 mordu katy\u0144skiego. Inicjatorami uroczysto\u015bci byli Violeta Ciesielska &#8211; wiceprezes Towarzystwa Pami\u0119ci Genera\u0142a J\u00f3zefa Dowbora Mu\u015bnickiego oraz Micha\u0142 Krzy\u017caniak &#8211;<a class=\"moretag\" href=\"https:\/\/powstaniewielkopolskie.pl\/nowa\/?p=10351\">Czytaj wi\u0119cej...<\/a><\/div><div class=\"tx-meta\"><span class=\"tx-author\">By : <a href=\"https:\/\/powstaniewielkopolskie.pl\/nowa\/?author=4\">piotr<\/a><\/span><span class=\"tx-date\"> | kwi 16, 2025<\/span><\/div><\/div><\/div><\/div><div class=\"tx-blog-item tx-post-col-1\"><div class=\"tx-border-box\"><div class=\"tx-blog-img\"><a href=\"https:\/\/powstaniewielkopolskie.pl\/nowa\/wp-content\/uploads\/2025\/04\/Swieto-Patrona-bis.jpg\" class=\"tx-colorbox\"><img decoding=\"async\" src=\"https:\/\/powstaniewielkopolskie.pl\/nowa\/wp-content\/uploads\/2025\/04\/Swieto-Patrona-bis-600x360.jpg\" alt=\"\" class=\"blog-image\" \/><\/a><span class=\"tx-post-comm\"><span>0<\/span><\/span><\/div><div class=\"tx-post-content\"><h3 class=\"tx-post-title\"><a href=\"https:\/\/powstaniewielkopolskie.pl\/nowa\/?p=10346\">\u015awi\u0119to Patrona w Bran\u017cowej Szkole I Stopnia Nr 6 w Bydgoszczy<\/a><\/h3><div style=\"height: 16px;\"><\/div><div class=\"tx-blog-content\">8 kwietnia 2025 r. &#8211; Bran\u017cowa Szko\u0142a I Stopnia Nr 6 w Bydgoszczy im. Powsta\u0144c\u00f3w Wielkopolskich obchodzi\u0142a \u015awi\u0119to Patrona Szko\u0142y, w rocznic\u0119 nadania imienia szkole. \u015awi\u0119towano w gronie zaproszonych go\u015bci, m.in. przedstawicieli<a class=\"moretag\" href=\"https:\/\/powstaniewielkopolskie.pl\/nowa\/?p=10346\">Czytaj wi\u0119cej...<\/a><\/div><div class=\"tx-meta\"><span class=\"tx-author\">By : <a href=\"https:\/\/powstaniewielkopolskie.pl\/nowa\/?author=4\">piotr<\/a><\/span><span class=\"tx-date\"> | kwi 9, 2025<\/span><\/div><\/div><\/div><\/div><div class=\"tx-blog-item tx-post-col-1\"><div class=\"tx-border-box\"><div class=\"tx-blog-img\"><a href=\"https:\/\/powstaniewielkopolskie.pl\/nowa\/wp-content\/uploads\/2025\/04\/ZK-powstanie-wielkopolskie-forum-we-Lwowku-bis.jpg\" class=\"tx-colorbox\"><img decoding=\"async\" src=\"https:\/\/powstaniewielkopolskie.pl\/nowa\/wp-content\/uploads\/2025\/04\/ZK-powstanie-wielkopolskie-forum-we-Lwowku-bis-600x360.jpg\" alt=\"\" class=\"blog-image\" \/><\/a><span class=\"tx-post-comm\"><span>0<\/span><\/span><\/div><div class=\"tx-post-content\"><h3 class=\"tx-post-title\"><a href=\"https:\/\/powstaniewielkopolskie.pl\/nowa\/?p=10361\">I Forum Regionalist\u00f3w Powiatu Nowotomyskiego<\/a><\/h3><div style=\"height: 16px;\"><\/div><div class=\"tx-blog-content\">4 kwietnia 2025 r. &#8211; w Miejsko &#8211; Gminnym O\u015brodku Kultury w Lw\u00f3wku odby\u0142o si\u0119 I Forum Regionalist\u00f3w Powiatu Nowotomyskiego. Organizatorami tego spotkania byli: Powiat Nowotomyski, Gmina Lw\u00f3wek, O\u015brodek Wiedzy o Regionie<a class=\"moretag\" href=\"https:\/\/powstaniewielkopolskie.pl\/nowa\/?p=10361\">Czytaj wi\u0119cej...<\/a><\/div><div class=\"tx-meta\"><span class=\"tx-author\">By : <a href=\"https:\/\/powstaniewielkopolskie.pl\/nowa\/?author=4\">piotr<\/a><\/span><span class=\"tx-date\"> | kwi 8, 2025<\/span><\/div><\/div><\/div><\/div><div class=\"tx-blog-item tx-post-col-1\"><div class=\"tx-border-box\"><div class=\"tx-blog-img\"><a href=\"https:\/\/powstaniewielkopolskie.pl\/nowa\/wp-content\/uploads\/2025\/04\/487361084_1420089516038225_6704986178181970524_n-1-bis.jpg\" class=\"tx-colorbox\"><img decoding=\"async\" src=\"https:\/\/powstaniewielkopolskie.pl\/nowa\/wp-content\/uploads\/2025\/04\/487361084_1420089516038225_6704986178181970524_n-1-bis-600x360.jpg\" alt=\"\" class=\"blog-image\" \/><\/a><span class=\"tx-post-comm\"><span>0<\/span><\/span><\/div><div class=\"tx-post-content\"><h3 class=\"tx-post-title\"><a href=\"https:\/\/powstaniewielkopolskie.pl\/nowa\/?p=10341\">Spotkanie autorskie w Wieleniu<\/a><\/h3><div style=\"height: 16px;\"><\/div><div class=\"tx-blog-content\">31 marca 2025 r. &#8211; w Nadnoteckim Centrum Kultury w Wieleniu odby\u0142o si\u0119 spotkanie autorskie z dr. hab. Arkadiuszem S\u0142abigiem, profesorem Uniwersytetu Pomorskiego w S\u0142upsku, cz\u0142onkiem Zarz\u0105du G\u0142\u00f3wnego Towarzystwa Pami\u0119ci Powstania Wielkopolskiego<a class=\"moretag\" href=\"https:\/\/powstaniewielkopolskie.pl\/nowa\/?p=10341\">Czytaj wi\u0119cej...<\/a><\/div><div class=\"tx-meta\"><span class=\"tx-author\">By : <a href=\"https:\/\/powstaniewielkopolskie.pl\/nowa\/?author=4\">piotr<\/a><\/span><span class=\"tx-date\"> | kwi 6, 2025<\/span><\/div><\/div><\/div><\/div><div class=\"tx-blog-item tx-post-col-1\"><div class=\"tx-border-box\"><div class=\"tx-blog-img\"><a href=\"https:\/\/powstaniewielkopolskie.pl\/nowa\/wp-content\/uploads\/2025\/04\/Znin-31.03.2025-IMG_20250406_2313101-1050x1400.jpg\" class=\"tx-colorbox\"><img decoding=\"async\" src=\"https:\/\/powstaniewielkopolskie.pl\/nowa\/wp-content\/uploads\/2025\/04\/Znin-31.03.2025-IMG_20250406_2313101-600x360.jpg\" alt=\"\" class=\"blog-image\" \/><\/a><span class=\"tx-post-comm\"><span>0<\/span><\/span><\/div><div class=\"tx-post-content\"><h3 class=\"tx-post-title\"><a href=\"https:\/\/powstaniewielkopolskie.pl\/nowa\/?p=10337\">Drugi \u017bni\u0144ski Marsz Terenowy<\/a><\/h3><div style=\"height: 16px;\"><\/div><div class=\"tx-blog-content\">31 marca 2025 r. &#8211; w \u017bninie odby\u0142 si\u0119 drugi marsz terenowy dla upami\u0119tnienia Powsta\u0144c\u00f3w Wielkopolskich. Organizatorami by\u0142o Stowarzyszenie Browarowa Wielki Format, reprezentowane przez prezes Wiolett\u0119 Olesiak oraz Mariol\u0119 Chojnack\u0105 oraz \u017cni\u0144skie<a class=\"moretag\" href=\"https:\/\/powstaniewielkopolskie.pl\/nowa\/?p=10337\">Czytaj wi\u0119cej...<\/a><\/div><div class=\"tx-meta\"><span class=\"tx-author\">By : <a href=\"https:\/\/powstaniewielkopolskie.pl\/nowa\/?author=4\">piotr<\/a><\/span><span class=\"tx-date\"> | kwi 6, 2025<\/span><\/div><\/div><\/div><\/div><div class=\"tx-blog-item tx-post-col-1\"><div class=\"tx-border-box\"><div class=\"tx-blog-img\"><a href=\"https:\/\/powstaniewielkopolskie.pl\/nowa\/wp-content\/uploads\/2025\/03\/20250322_173939-bis.jpg\" class=\"tx-colorbox\"><img decoding=\"async\" src=\"https:\/\/powstaniewielkopolskie.pl\/nowa\/wp-content\/uploads\/2025\/03\/20250322_173939-bis-600x360.jpg\" alt=\"\" class=\"blog-image\" \/><\/a><span class=\"tx-post-comm\"><span>0<\/span><\/span><\/div><div class=\"tx-post-content\"><h3 class=\"tx-post-title\"><a href=\"https:\/\/powstaniewielkopolskie.pl\/nowa\/?p=10317\">Na powsta\u0144czym szlaku w powiecie czarnkowsko-trzcianeckim\u00a0<\/a><\/h3><div style=\"height: 16px;\"><\/div><div class=\"tx-blog-content\">22 marca 2025 r. &#8211; uczniowie Szko\u0142y Podstawowej im. Powsta\u0144c\u00f3w Wielkopolskich w Mia\u0142ach zrealizowali drugi etap projektu \u201eSilni Polsk\u0105!\u201d, organizowanego przez Instytut Pami\u0119ci Narodowej. Liderem grupy projektowej jest dr hab. Arkadiusz S\u0142abig,<a class=\"moretag\" href=\"https:\/\/powstaniewielkopolskie.pl\/nowa\/?p=10317\">Czytaj wi\u0119cej...<\/a><\/div><div class=\"tx-meta\"><span class=\"tx-author\">By : <a href=\"https:\/\/powstaniewielkopolskie.pl\/nowa\/?author=4\">piotr<\/a><\/span><span class=\"tx-date\"> | mar 28, 2025<\/span><\/div><\/div><\/div><\/div><div class=\"tx-blog-item tx-post-col-1\"><div class=\"tx-border-box\"><div class=\"tx-blog-img\"><a href=\"https:\/\/powstaniewielkopolskie.pl\/nowa\/wp-content\/uploads\/2025\/03\/20250320_142836-bis1.jpg\" class=\"tx-colorbox\"><img decoding=\"async\" src=\"https:\/\/powstaniewielkopolskie.pl\/nowa\/wp-content\/uploads\/2025\/03\/20250320_142836-bis1-600x360.jpg\" alt=\"\" class=\"blog-image\" \/><\/a><span class=\"tx-post-comm\"><span>0<\/span><\/span><\/div><div class=\"tx-post-content\"><h3 class=\"tx-post-title\"><a href=\"https:\/\/powstaniewielkopolskie.pl\/nowa\/?p=10310\">Spotkanie z dyrektorem Wielkopolskiego Muzeum Niepodleg\u0142o\u015bci<\/a><\/h3><div style=\"height: 16px;\"><\/div><div class=\"tx-blog-content\">20 marca 2025 r. &#8211; odby\u0142o si\u0119 spotkanie prezesa Zarz\u0105du G\u0142\u00f3wnego TPPW T. Musia\u0142a oraz wiceprezes\u00f3w Z. Ko\u015bcia\u0144skiego oraz W. Wierzejewskiego z dyrektorem Wielkopolskiego Muzeum Niepodleg\u0142o\u015bci Przemys\u0142awem Terleckim, podczas kt\u00f3rego rozmawiano na<a class=\"moretag\" href=\"https:\/\/powstaniewielkopolskie.pl\/nowa\/?p=10310\">Czytaj wi\u0119cej...<\/a><\/div><div class=\"tx-meta\"><span class=\"tx-author\">By : <a href=\"https:\/\/powstaniewielkopolskie.pl\/nowa\/?author=4\">piotr<\/a><\/span><span class=\"tx-date\"> | mar 22, 2025<\/span><\/div><\/div><\/div><\/div><div class=\"tx-blog-item tx-post-col-1\"><div class=\"tx-border-box\"><div class=\"tx-blog-img\"><a href=\"https:\/\/powstaniewielkopolskie.pl\/nowa\/wp-content\/uploads\/2025\/03\/IMG-20250316-WA0006.jpg\" class=\"tx-colorbox\"><img decoding=\"async\" src=\"https:\/\/powstaniewielkopolskie.pl\/nowa\/wp-content\/uploads\/2025\/03\/IMG-20250316-WA0006-600x360.jpg\" alt=\"\" class=\"blog-image\" \/><\/a><span class=\"tx-post-comm\"><span>0<\/span><\/span><\/div><div class=\"tx-post-content\"><h3 class=\"tx-post-title\"><a href=\"https:\/\/powstaniewielkopolskie.pl\/nowa\/?p=10294\">Uporz\u0105dkowano groby powsta\u0144cze na cmentarzu komunalnym w Gorzowie Wlkp.<\/a><\/h3><div style=\"height: 16px;\"><\/div><div class=\"tx-blog-content\">17 marca 2025 r. &#8211; cz\u0142onkowie gorzowskiego Ko\u0142a TPPW kontynuuj\u0105 opiek\u0119 nad grobami Powsta\u0144c\u00f3w Wielkopolskich. Troska o powsta\u0144cze mogi\u0142y to jeden z kluczy do zachowania dziedzictwa zwyci\u0119skiego Powstania w kolejnych pokoleniach. Takie<a class=\"moretag\" href=\"https:\/\/powstaniewielkopolskie.pl\/nowa\/?p=10294\">Czytaj wi\u0119cej...<\/a><\/div><div class=\"tx-meta\"><span class=\"tx-author\">By : <a href=\"https:\/\/powstaniewielkopolskie.pl\/nowa\/?author=4\">piotr<\/a><\/span><span class=\"tx-date\"> | mar 17, 2025<\/span><\/div><\/div><\/div><\/div><div class=\"tx-blog-item tx-post-col-1\"><div class=\"tx-border-box\"><div class=\"tx-blog-img\"><a href=\"https:\/\/powstaniewielkopolskie.pl\/nowa\/wp-content\/uploads\/2025\/02\/IMG_20250221_161734-1-bis-1400x788.jpg\" class=\"tx-colorbox\"><img decoding=\"async\" src=\"https:\/\/powstaniewielkopolskie.pl\/nowa\/wp-content\/uploads\/2025\/02\/IMG_20250221_161734-1-bis-scaled-600x360.jpg\" alt=\"\" class=\"blog-image\" \/><\/a><span class=\"tx-post-comm\"><span>0<\/span><\/span><\/div><div class=\"tx-post-content\"><h3 class=\"tx-post-title\"><a href=\"https:\/\/powstaniewielkopolskie.pl\/nowa\/?p=10270\">Uroczyste spotkanie w Zb\u0105szyniu<\/a><\/h3><div style=\"height: 16px;\"><\/div><div class=\"tx-blog-content\">21 lutego 2025 r. &#8211; w Domu Katolickim w Zb\u0105szyniu odby\u0142o si\u0119 uroczyste zebranie cz\u0142onk\u00f3w Towarzystwa Pami\u0119ci Powstania Wielkopolskiego. Na zaproszenie Ko\u0142a przybyli m.in. starosta nowotomyski Andrzej Wilko\u0144ski, dr Zdzis\u0142aw Ko\u015bcia\u0144ski &#8211;<a class=\"moretag\" href=\"https:\/\/powstaniewielkopolskie.pl\/nowa\/?p=10270\">Czytaj wi\u0119cej...<\/a><\/div><div class=\"tx-meta\"><span class=\"tx-author\">By : <a href=\"https:\/\/powstaniewielkopolskie.pl\/nowa\/?author=4\">piotr<\/a><\/span><span class=\"tx-date\"> | lut 26, 2025<\/span><\/div><\/div><\/div><\/div><div class=\"tx-blog-item tx-post-col-1\"><div class=\"tx-border-box\"><div class=\"tx-blog-img\"><a href=\"https:\/\/powstaniewielkopolskie.pl\/nowa\/wp-content\/uploads\/2025\/02\/Zrzut-ekranu-2025-02-24-175344.png\" class=\"tx-colorbox\"><img decoding=\"async\" src=\"https:\/\/powstaniewielkopolskie.pl\/nowa\/wp-content\/uploads\/2025\/02\/Zrzut-ekranu-2025-02-24-175344-600x360.png\" alt=\"\" class=\"blog-image\" \/><\/a><span class=\"tx-post-comm\"><span>0<\/span><\/span><\/div><div class=\"tx-post-content\"><h3 class=\"tx-post-title\"><a href=\"https:\/\/powstaniewielkopolskie.pl\/nowa\/?p=10265\">O Powstaniu Wielkopolskim na spotkaniu w Jarocinie<\/a><\/h3><div style=\"height: 16px;\"><\/div><div class=\"tx-blog-content\">20 lutego 2025 r. &#8211; Towarzystwo Pami\u0119ci Powstania Wielkopolskiego ko\u0142o w Jarocinie, wsp\u00f3lnie z Klubem Regionalist\u00f3w Ziemi Jaroci\u0144skiej, zorganizowa\u0142o spotkanie z prezesem Oddzia\u0142u Wielkopolskiego TPPW Wawrzy\u0144cem Wierzejewskim i wiceprezesem Piotrem Stacheckim. Okazj\u0105<a class=\"moretag\" href=\"https:\/\/powstaniewielkopolskie.pl\/nowa\/?p=10265\">Czytaj wi\u0119cej...<\/a><\/div><div class=\"tx-meta\"><span class=\"tx-author\">By : <a href=\"https:\/\/powstaniewielkopolskie.pl\/nowa\/?author=4\">piotr<\/a><\/span><span class=\"tx-date\"> | lut 24, 2025<\/span><\/div><\/div><\/div><\/div><\/div>\n<div data-animation=\"pulse\" data-icons-animation=\"no-animation\" data-overlay=\"on\" data-change-size=\"\" data-button-size=\"0.7\" style=\"font-size:0.7em;display:none;\" class=\"supsystic-social-sharing supsystic-social-sharing-package-flat supsystic-social-sharing-hide-on-homepage supsystic-social-sharing-content supsystic-social-sharing-content-align-center\" data-text=\"\"><a class=\"social-sharing-button sharer-flat sharer-flat-2 counter-standard digg\" target=\"_blank\" title=\"Digg\" href=\"http:\/\/digg.com\/submit?url=https%3A%2F%2Fpowstaniewielkopolskie.pl%2Fnowa%2F%3Fpage_id%3D374&title=Kronika\" data-nid=\"8\" data-name=\"\" data-pid=\"1\" data-post-id=\"374\" data-url=\"https:\/\/powstaniewielkopolskie.pl\/nowa\/wp-admin\/admin-ajax.php\" data-url=\"https:\/\/powstaniewielkopolskie.pl\/nowa\/wp-admin\/admin-ajax.php\" data-description=\"Kronika\" rel=\"nofollow\"><i class=\"fa fa-fw fa-digg\"><\/i><div class=\"counter-wrap standard\"><span class=\"counter\">2<\/span><\/div><\/a><a class=\"social-sharing-button sharer-flat sharer-flat-2 counter-standard mail\" target=\"_blank\" title=\"Mail\" href=\"#\" data-nid=\"16\" data-name=\"\" data-pid=\"1\" data-post-id=\"374\" data-url=\"https:\/\/powstaniewielkopolskie.pl\/nowa\/wp-admin\/admin-ajax.php\" data-url=\"https:\/\/powstaniewielkopolskie.pl\/nowa\/wp-admin\/admin-ajax.php\" data-description=\"Kronika\" rel=\"nofollow\"><i class=\"fa fa-fw fa-envelope-o\"><\/i><div class=\"counter-wrap standard\"><span class=\"counter\">3<\/span><\/div><\/a><a class=\"social-sharing-button sharer-flat sharer-flat-2 counter-standard facebook\" target=\"_blank\" title=\"Facebook\" href=\"http:\/\/www.facebook.com\/sharer.php?u=https%3A%2F%2Fpowstaniewielkopolskie.pl%2Fnowa%2F%3Fpage_id%3D374\" data-nid=\"1\" data-name=\"\" data-pid=\"1\" data-post-id=\"374\" data-url=\"https:\/\/powstaniewielkopolskie.pl\/nowa\/wp-admin\/admin-ajax.php\" data-url=\"https:\/\/powstaniewielkopolskie.pl\/nowa\/wp-admin\/admin-ajax.php\" data-description=\"Kronika\" rel=\"nofollow\"><i class=\"fa fa-fw fa-facebook\"><\/i><div class=\"counter-wrap standard\"><span class=\"counter\">2<\/span><\/div><\/a><a class=\"social-sharing-button sharer-flat sharer-flat-2 counter-standard whatsapp\" target=\"_blank\" title=\"WhatsApp\" href=\"whatsapp:\/\/send?text=https%3A%2F%2Fpowstaniewielkopolskie.pl%2Fnowa%2F%3Fpage_id%3D374\" data-nid=\"18\" data-name=\"\" data-pid=\"1\" data-post-id=\"374\" data-url=\"https:\/\/powstaniewielkopolskie.pl\/nowa\/wp-admin\/admin-ajax.php\" data-url=\"https:\/\/powstaniewielkopolskie.pl\/nowa\/wp-admin\/admin-ajax.php\" data-description=\"Kronika\" rel=\"nofollow\"><i class=\"fa fa-fw fa-whatsapp\"><\/i><div class=\"counter-wrap standard\"><span class=\"counter\">1<\/span><\/div><\/a><a class=\"social-sharing-button sharer-flat sharer-flat-2 counter-standard twitter\" target=\"_blank\" title=\"Twitter\" href=\"https:\/\/twitter.com\/share?url=https%3A%2F%2Fpowstaniewielkopolskie.pl%2Fnowa%2F%3Fpage_id%3D374&text=Kronika\" data-nid=\"2\" data-name=\"\" data-pid=\"1\" data-post-id=\"374\" data-url=\"https:\/\/powstaniewielkopolskie.pl\/nowa\/wp-admin\/admin-ajax.php\" data-url=\"https:\/\/powstaniewielkopolskie.pl\/nowa\/wp-admin\/admin-ajax.php\" data-description=\"Kronika\" rel=\"nofollow\"><i class=\"fa fa-fw fa-twitter\"><\/i><div class=\"counter-wrap standard\"><span class=\"counter\">1<\/span><\/div><\/a><a class=\"social-sharing-button sharer-flat sharer-flat-2 counter-standard googleplus\" target=\"_blank\" title=\"Google+\" href=\"https:\/\/plus.google.com\/share?url=https%3A%2F%2Fpowstaniewielkopolskie.pl%2Fnowa%2F%3Fpage_id%3D374\" data-nid=\"3\" data-name=\"\" data-pid=\"1\" data-post-id=\"374\" data-url=\"https:\/\/powstaniewielkopolskie.pl\/nowa\/wp-admin\/admin-ajax.php\" data-url=\"https:\/\/powstaniewielkopolskie.pl\/nowa\/wp-admin\/admin-ajax.php\" data-description=\"Kronika\" rel=\"nofollow\"><i class=\"fa fa-fw fa-google-plus\"><\/i><div class=\"counter-wrap standard\"><span class=\"counter\">1<\/span><\/div><\/a><\/div>","protected":false},"excerpt":{"rendered":"<p>20 lutego 2025 r. &#8211; Towarzystwo Pami\u0119ci Powstania Wielkopolskiego ko\u0142o w Jarocinie, wsp\u00f3lnie z Klubem Regionalist\u00f3w Ziemi Jaroci\u0144skiej, zorganizowa\u0142o spotkanie z prezesem Oddzia\u0142u Wielkopolskiego TPPW Wawrzy\u0144cem Wierzejewskim i wiceprezesem Piotrem Stacheckim. Okazj\u0105<a class=\"moretag\" href=\"https:\/\/powstaniewielkopolskie.pl\/nowa\/?p=10265\">Czytaj wi\u0119cej&#8230;<\/a><\/p>\n<div data-animation=\"pulse\" data-icons-animation=\"no-animation\" data-overlay=\"on\" data-change-size=\"\" data-button-size=\"0.7\" style=\"font-size:0.7em;display:none;\" class=\"supsystic-social-sharing supsystic-social-sharing-package-flat supsystic-social-sharing-hide-on-homepage supsystic-social-sharing-content supsystic-social-sharing-content-align-center\" data-text=\"\"><a class=\"social-sharing-button sharer-flat sharer-flat-2 counter-standard digg\" target=\"_blank\" title=\"Digg\" href=\"http:\/\/digg.com\/submit?url=https%3A%2F%2Fpowstaniewielkopolskie.pl%2Fnowa%2F%3Fp%3D10265&title=O+Powstaniu+Wielkopolskim+na+spotkaniu+w+Jarocinie\" data-nid=\"8\" data-name=\"\" data-pid=\"1\" data-post-id=\"10265\" data-url=\"https:\/\/powstaniewielkopolskie.pl\/nowa\/wp-admin\/admin-ajax.php\" data-url=\"https:\/\/powstaniewielkopolskie.pl\/nowa\/wp-admin\/admin-ajax.php\" data-description=\"O Powstaniu Wielkopolskim na spotkaniu w Jarocinie\" rel=\"nofollow\"><i class=\"fa fa-fw fa-digg\"><\/i><div class=\"counter-wrap standard\"><span class=\"counter\">0<\/span><\/div><\/a><a class=\"social-sharing-button sharer-flat sharer-flat-2 counter-standard mail\" target=\"_blank\" title=\"Mail\" href=\"#\" data-nid=\"16\" data-name=\"\" data-pid=\"1\" data-post-id=\"10265\" data-url=\"https:\/\/powstaniewielkopolskie.pl\/nowa\/wp-admin\/admin-ajax.php\" data-url=\"https:\/\/powstaniewielkopolskie.pl\/nowa\/wp-admin\/admin-ajax.php\" data-description=\"O Powstaniu Wielkopolskim na spotkaniu w Jarocinie\" rel=\"nofollow\"><i class=\"fa fa-fw fa-envelope-o\"><\/i><div class=\"counter-wrap standard\"><span class=\"counter\">0<\/span><\/div><\/a><a class=\"social-sharing-button sharer-flat sharer-flat-2 counter-standard facebook\" target=\"_blank\" title=\"Facebook\" href=\"http:\/\/www.facebook.com\/sharer.php?u=https%3A%2F%2Fpowstaniewielkopolskie.pl%2Fnowa%2F%3Fp%3D10265\" data-nid=\"1\" data-name=\"\" data-pid=\"1\" data-post-id=\"10265\" data-url=\"https:\/\/powstaniewielkopolskie.pl\/nowa\/wp-admin\/admin-ajax.php\" data-url=\"https:\/\/powstaniewielkopolskie.pl\/nowa\/wp-admin\/admin-ajax.php\" data-description=\"O Powstaniu Wielkopolskim na spotkaniu w Jarocinie\" rel=\"nofollow\"><i class=\"fa fa-fw fa-facebook\"><\/i><div class=\"counter-wrap standard\"><span class=\"counter\">0<\/span><\/div><\/a><a class=\"social-sharing-button sharer-flat sharer-flat-2 counter-standard whatsapp\" target=\"_blank\" title=\"WhatsApp\" href=\"whatsapp:\/\/send?text=https%3A%2F%2Fpowstaniewielkopolskie.pl%2Fnowa%2F%3Fp%3D10265\" data-nid=\"18\" data-name=\"\" data-pid=\"1\" data-post-id=\"10265\" data-url=\"https:\/\/powstaniewielkopolskie.pl\/nowa\/wp-admin\/admin-ajax.php\" data-url=\"https:\/\/powstaniewielkopolskie.pl\/nowa\/wp-admin\/admin-ajax.php\" data-description=\"O Powstaniu Wielkopolskim na spotkaniu w Jarocinie\" rel=\"nofollow\"><i class=\"fa fa-fw fa-whatsapp\"><\/i><div class=\"counter-wrap standard\"><span class=\"counter\">0<\/span><\/div><\/a><a class=\"social-sharing-button sharer-flat sharer-flat-2 counter-standard twitter\" target=\"_blank\" title=\"Twitter\" href=\"https:\/\/twitter.com\/share?url=https%3A%2F%2Fpowstaniewielkopolskie.pl%2Fnowa%2F%3Fp%3D10265&text=O+Powstaniu+Wielkopolskim+na+spotkaniu+w+Jarocinie\" data-nid=\"2\" data-name=\"\" data-pid=\"1\" data-post-id=\"10265\" data-url=\"https:\/\/powstaniewielkopolskie.pl\/nowa\/wp-admin\/admin-ajax.php\" data-url=\"https:\/\/powstaniewielkopolskie.pl\/nowa\/wp-admin\/admin-ajax.php\" data-description=\"O Powstaniu Wielkopolskim na spotkaniu w Jarocinie\" rel=\"nofollow\"><i class=\"fa fa-fw fa-twitter\"><\/i><div class=\"counter-wrap standard\"><span class=\"counter\">0<\/span><\/div><\/a><a class=\"social-sharing-button sharer-flat sharer-flat-2 counter-standard googleplus\" target=\"_blank\" title=\"Google+\" href=\"https:\/\/plus.google.com\/share?url=https%3A%2F%2Fpowstaniewielkopolskie.pl%2Fnowa%2F%3Fp%3D10265\" data-nid=\"3\" data-name=\"\" data-pid=\"1\" data-post-id=\"10265\" data-url=\"https:\/\/powstaniewielkopolskie.pl\/nowa\/wp-admin\/admin-ajax.php\" data-url=\"https:\/\/powstaniewielkopolskie.pl\/nowa\/wp-admin\/admin-ajax.php\" data-description=\"O Powstaniu Wielkopolskim na spotkaniu w Jarocinie\" rel=\"nofollow\"><i class=\"fa fa-fw fa-google-plus\"><\/i><div class=\"counter-wrap standard\"><span class=\"counter\">0<\/span><\/div><\/a><\/div>","protected":false},"author":1,"featured_media":0,"parent":27,"menu_order":0,"comment_status":"closed","ping_status":"closed","template":"","meta":{"footnotes":""},"_links":{"self":[{"href":"https:\/\/powstaniewielkopolskie.pl\/nowa\/index.php?rest_route=\/wp\/v2\/pages\/374"}],"collection":[{"href":"https:\/\/powstaniewielkopolskie.pl\/nowa\/index.php?rest_route=\/wp\/v2\/pages"}],"about":[{"href":"https:\/\/powstaniewielkopolskie.pl\/nowa\/index.php?rest_route=\/wp\/v2\/types\/page"}],"author":[{"embeddable":true,"href":"https:\/\/powstaniewielkopolskie.pl\/nowa\/index.php?rest_route=\/wp\/v2\/users\/1"}],"replies":[{"embeddable":true,"href":"https:\/\/powstaniewielkopolskie.pl\/nowa\/index.php?rest_route=%2Fwp%2Fv2%2Fcomments&post=374"}],"version-history":[{"count":3,"href":"https:\/\/powstaniewielkopolskie.pl\/nowa\/index.php?rest_route=\/wp\/v2\/pages\/374\/revisions"}],"predecessor-version":[{"id":539,"href":"https:\/\/powstaniewielkopolskie.pl\/nowa\/index.php?rest_route=\/wp\/v2\/pages\/374\/revisions\/539"}],"up":[{"embeddable":true,"href":"https:\/\/powstaniewielkopolskie.pl\/nowa\/index.php?rest_route=\/wp\/v2\/pages\/27"}],"wp:attachment":[{"href":"https:\/\/powstaniewielkopolskie.pl\/nowa\/index.php?rest_route=%2Fwp%2Fv2%2Fmedia&parent=374"}],"curies":[{"name":"wp","href":"https:\/\/api.w.org\/{rel}","templated":true}]}}